{"id":5050,"date":"2019-12-23T19:50:02","date_gmt":"2019-12-23T19:50:02","guid":{"rendered":"https:\/\/www.yoga-federation.eu\/?page_id=5050"},"modified":"2020-06-01T06:38:14","modified_gmt":"2020-06-01T06:38:14","slug":"dulezita-data-v-roce-2020","status":"publish","type":"page","link":"https:\/\/www.yoga-federation.eu\/cz\/dulezita-data-v-roce-2020\/","title":{"rendered":"D\u016fle\u017eit\u00e1 data v roce 2020"},"content":{"rendered":"<div class=\"fusion-fullwidth fullwidth-box fusion-builder-row-1 nonhundred-percent-fullwidth non-hundred-percent-height-scrolling\" style=\"background-color: rgba(255,255,255,0);background-position: center center;background-repeat: no-repeat;padding-top:0px;padding-right:0px;padding-bottom:0px;padding-left:0px;margin-bottom: 0px;margin-top: 0px;border-width: 0px 0px 0px 0px;border-color:#eae9e9;border-style:solid;\" ><div class=\"fusion-builder-row fusion-row\"><div class=\"fusion-layout-column fusion_builder_column fusion-builder-column-0 fusion_builder_column_1_1 1_1 fusion-one-full fusion-column-first fusion-column-last\" style=\"margin-top:0px;margin-bottom:20px;\"><div class=\"fusion-column-wrapper fusion-flex-column-wrapper-legacy\" style=\"background-position:left top;background-repeat:no-repeat;-webkit-background-size:cover;-moz-background-size:cover;-o-background-size:cover;background-size:cover;padding: 0px 0px 0px 0px;\"><div class=\"fusion-text fusion-text-1\"><p style=\"text-align: left;\"><span style=\"color: #000080;\">LEDEN<\/span><\/p>\n<div style=\"text-align: left;\">\n<p><span style=\"color: #000080;\">10. 1. 2020\u00a0 \u2013 Sv\u011btov\u00e1 medita\u010dn\u00ed s\u00ed\u0165, spole\u010dn\u00e1 meditace v 22.30 h<\/span><\/p>\n<p><span style=\"color: #000080;\">\u00daNOR<\/span><\/p>\n<div>\n<p><span style=\"color: #000080;\">9. 2. 2020\u00a0 \u2013 Sv\u011btov\u00e1 medita\u010dn\u00ed s\u00ed\u0165, spole\u010dn\u00e1 meditace v 22.30 h<\/span><\/p>\n<div>\n<p><span style=\"color: #000080;\">14.2. \u2013 21.2.2020 \u2013 <a href=\"https:\/\/www.yoga-federation.eu\/cz\/skalarni-joga-retreat-na-maledivach\/\" target=\"_blank\" rel=\"noopener noreferrer\">Skal\u00e1rn\u00ed j\u00f3ga retreat &#8211; J\u00f3ga dovolen\u00e1 na Malediv\u00e1ch<\/a><\/span><\/p>\n<p><span style=\"color: #000080;\">B\u0158EZEN<\/span><\/p>\n<\/div>\n<div><span style=\"color: #000080;\">9. 3. 2020 \u2013 Sv\u011btov\u00e1 j\u00f3gov\u00e1 medita\u010dn\u00ed s\u00ed\u0165, spole\u010dn\u00e1 meditace v 22.30 h<\/span><br \/>\n<span style=\"color: #000080;\">21.3.2020 \u2013 <a href=\"https:\/\/www.yoga-federation.eu\/cz\/kurz-instruktor-jogy\/\" target=\"_blank\" rel=\"noopener noreferrer\">Program v\u00fduky pro instruktory j\u00f3gy\u00a0\u00a0<\/a><\/span><\/div>\n<\/div>\n<div><\/div>\n<div><span style=\"color: #000080;\">DUBEN\u00a0<\/span><\/div>\n<div><\/div>\n<div>\n<div><span style=\"color: #000080;\">8. 4. 2020\u00a0 \u2013 Sv\u011btov\u00e1 medita\u010dn\u00ed s\u00ed\u0165, spole\u010dn\u00e1 meditace v 22.30 h<\/span><\/div>\n<div>\n<p><span style=\"color: #000080;\">Odborn\u00fd semin\u00e1\u0159 \u201eJ\u00f3ga pro zam\u011bstnan\u00e9 \u2013 korporativn\u00ed j\u00f3ga\u201c\u00a0 \u00a0<\/span><\/p>\n<p><span style=\"color: #000080;\">KV\u011aTEN<\/span><\/p>\n<p><span style=\"color: #000080;\">7. 5. 2020\u00a0 \u2013 Sv\u011btov\u00e1 medita\u010dn\u00ed s\u00ed\u0165, spole\u010dn\u00e1 meditace v 22.30 h<\/span><\/p>\n<p><span style=\"color: #000080;\">23.5.2020 \u2013 <a href=\"https:\/\/www.yoga-federation.eu\/cz\/kurz-instruktor-jogy\/\" target=\"_blank\" rel=\"noopener noreferrer\">Program v\u00fduky pro instruktory j\u00f3gy\u00a0\u00a0<\/a><\/span><\/p>\n<\/div>\n<div><span style=\"color: #000080;\">\u010cERVEN\u00a0<\/span><\/div>\n<div><\/div>\n<div><span style=\"color: #000080;\">5.6.2020\u00a0 \u2013 Sv\u011btov\u00e1 medita\u010dn\u00ed s\u00ed\u0165, spole\u010dn\u00e1 meditace v 22.30 h\u00a0\u00a0<\/span><br \/>\n<span style=\"color: #000080;\">7. 6. \u2013 6. 9. 2020 \u2013 Cvi\u010dte j\u00f3gu s n\u00e1mi, 2020<\/span><br \/>\n<span style=\"color: #000080;\">21.6.2020 \u2013 Oslava mezin\u00e1rodn\u00edho dne j\u00f3gy, po\u0159\u00e1d\u00e1 Evropsk\u00e1 federace j\u00f3gy<\/span><br \/>\n<span style=\"color: #000080;\">J\u00f3ga retreat u mo\u0159e, po\u0159\u00e1d\u00e1 Evropsk\u00e1 federace j\u00f3gy\u00a0 \u00a0<\/span><\/div>\n<div><span style=\"color: #000080;\">27.6.2020 \u2013 <a href=\"https:\/\/www.yoga-federation.eu\/cz\/kurz-instruktor-jogy\/\" target=\"_blank\" rel=\"noopener noreferrer\">Program v\u00fduky pro instruktory j\u00f3gy\u00a0\u00a0<\/a><\/span><\/div>\n<div>\n<p><span style=\"color: #000080;\">\u010cERVENEC<\/span><\/p>\n<p><span style=\"color: #000080;\">5. 7. 2020 \u2013 Sv\u011btov\u00e1 medita\u010dn\u00ed s\u00ed\u0165, spole\u010dn\u00e1 meditace v 22.30 h<\/span><\/p>\n<\/div>\n<div><span style=\"color: #000080;\">Odborn\u00fd semin\u00e1\u0159 &#8211; SIDDHI &amp; SIDDHA JOGA<\/span><\/div>\n<div><\/div>\n<div><span style=\"color: #000080;\">Velk\u00e9 evropsk\u00e9 j\u00f3gov\u00e9 p\u0159edstaven\u00ed v Praze, 2020\u00a0\u00a0<\/span><\/div>\n<div>\n<p><span style=\"color: #000080;\">SRPEN<\/span><\/p>\n<p><span style=\"color: #000080;\">3. 8. 2020 \u2013 Sv\u011btov\u00e1 medita\u010dn\u00ed s\u00ed\u0165, spole\u010dn\u00e1 meditace v 22.30 h<\/span><\/p>\n<\/div>\n<div><span style=\"color: #000080;\">18.8. \u2013 24.8. 2020 \u2013 Mezin\u00e1rodn\u00ed t\u00e1bor j\u00f3gy, K\u00fcstendorf<\/span><\/div>\n<div><\/div>\n<div>\n<p><span style=\"color: #000080;\">Z\u00c1\u0158\u00cd<\/span><\/p>\n<p><span style=\"color: #000080;\">14. 9. 2020 \u2013 Sv\u011btov\u00e1 medita\u010dn\u00ed s\u00ed\u0165, spole\u010dn\u00e1 meditace v 22.30 h<\/span><br \/>\n<span style=\"color: #000080;\">Mezin\u00e1rodn\u00ed festival j\u00f3gy, pod z\u00e1\u0161titou Evropsk\u00e9 federace j\u00f3gy\u00a0<\/span><\/p>\n<\/div>\n<div><span style=\"color: #000080;\">Odborn\u00fd semin\u00e1\u0159 &#8211; J\u00f3ga meditace (\u00farove\u0148 1)<\/span><\/div>\n<div><\/div>\n<div>\n<p><span style=\"color: #000080;\">\u0158\u00cdJEN<\/span><\/p>\n<p><span style=\"color: #000080;\">Program v\u00fduky pro instruktory j\u00f3gy<\/span><br \/>\n<span style=\"color: #000080;\">10. 10. 2020 \u2013 Sv\u011btov\u00e1 medita\u010dn\u00ed s\u00ed\u0165, spole\u010dn\u00e1 meditace v 22.30 h<\/span><\/p>\n<p><span style=\"color: #000080;\">LISTOPAD\u00a0<\/span><\/p>\n<\/div>\n<div><span style=\"color: #000080;\">12. 11. 2020 \u2013 Sv\u011btov\u00e1 medita\u010dn\u00ed s\u00ed\u0165, spole\u010dn\u00e1 meditace v 22.30 h<\/span><\/div>\n<div><\/div>\n<div><span style=\"color: #000080;\">PROSINEC\u00a0<\/span><\/div>\n<div><\/div>\n<div><span style=\"color: #000080;\">1. 12. 2020 \u2013 Sv\u011btov\u00e1 medita\u010dn\u00ed s\u00ed\u0165, spole\u010dn\u00e1 meditace v 22.30 h<\/span><\/div>\n<\/div>\n<\/div>\n<div style=\"text-align: left;\"><span style=\"color: #000080;\">V\u00e1no\u010dn\u00ed j\u00f3ga oslava<\/span><\/div>\n<\/div><div class=\"fusion-clearfix\"><\/div><\/div><\/div><\/div><\/div>\n","protected":false},"excerpt":{"rendered":"","protected":false},"author":6,"featured_media":0,"parent":0,"menu_order":0,"comment_status":"closed","ping_status":"closed","template":"","meta":{"footnotes":""},"class_list":["post-5050","page","type-page","status-publish","hentry"],"yoast_head":"<!-- This site is optimized with the Yoast SEO plugin v27.4 - https:\/\/yoast.com\/product\/yoast-seo-wordpress\/ -->\n<title>D\u016fle\u017eit\u00e1 data v roce 2020 - Yoga Federation of Europe<\/title>\n<meta name=\"robots\" content=\"index, follow, max-snippet:-1, max-image-preview:large, max-video-preview:-1\" \/>\n<link rel=\"canonical\" href=\"https:\/\/www.yoga-federation.eu\/cz\/dulezita-data-v-roce-2020\/\" \/>\n<meta property=\"og:locale\" content=\"en_US\" \/>\n<meta property=\"og:type\" content=\"article\" \/>\n<meta property=\"og:title\" content=\"D\u016fle\u017eit\u00e1 data v roce 2020 - Yoga Federation of Europe\" \/>\n<meta property=\"og:url\" content=\"https:\/\/www.yoga-federation.eu\/cz\/dulezita-data-v-roce-2020\/\" \/>\n<meta property=\"og:site_name\" content=\"Yoga Federation of Europe\" \/>\n<meta property=\"article:modified_time\" content=\"2020-06-01T06:38:14+00:00\" \/>\n<meta property=\"og:image\" content=\"https:\/\/www.yoga-federation.eu\/wp-content\/uploads\/2017\/03\/yoga-federation-of-europe.jpg\" \/>\n\t<meta property=\"og:image:width\" content=\"1600\" \/>\n\t<meta property=\"og:image:height\" content=\"1052\" \/>\n\t<meta property=\"og:image:type\" content=\"image\/jpeg\" \/>\n<meta name=\"twitter:card\" content=\"summary_large_image\" \/>\n<meta name=\"twitter:label1\" content=\"Est. reading time\" \/>\n\t<meta name=\"twitter:data1\" content=\"2 minutes\" \/>\n<script type=\"application\/ld+json\" class=\"yoast-schema-graph\">{\"@context\":\"https:\\\/\\\/schema.org\",\"@graph\":[{\"@type\":\"WebPage\",\"@id\":\"https:\\\/\\\/www.yoga-federation.eu\\\/cz\\\/dulezita-data-v-roce-2020\\\/\",\"url\":\"https:\\\/\\\/www.yoga-federation.eu\\\/cz\\\/dulezita-data-v-roce-2020\\\/\",\"name\":\"D\u016fle\u017eit\u00e1 data v roce 2020 - Yoga Federation of Europe\",\"isPartOf\":{\"@id\":\"https:\\\/\\\/www.yoga-federation.eu\\\/#website\"},\"datePublished\":\"2019-12-23T19:50:02+00:00\",\"dateModified\":\"2020-06-01T06:38:14+00:00\",\"breadcrumb\":{\"@id\":\"https:\\\/\\\/www.yoga-federation.eu\\\/cz\\\/dulezita-data-v-roce-2020\\\/#breadcrumb\"},\"inLanguage\":\"cz-CZ\",\"potentialAction\":[{\"@type\":\"ReadAction\",\"target\":[\"https:\\\/\\\/www.yoga-federation.eu\\\/cz\\\/dulezita-data-v-roce-2020\\\/\"]}]},{\"@type\":\"BreadcrumbList\",\"@id\":\"https:\\\/\\\/www.yoga-federation.eu\\\/cz\\\/dulezita-data-v-roce-2020\\\/#breadcrumb\",\"itemListElement\":[{\"@type\":\"ListItem\",\"position\":1,\"name\":\"Home\",\"item\":\"https:\\\/\\\/www.yoga-federation.eu\\\/cz\\\/\"},{\"@type\":\"ListItem\",\"position\":2,\"name\":\"D\u016fle\u017eit\u00e1 data v roce 2020\"}]},{\"@type\":\"WebSite\",\"@id\":\"https:\\\/\\\/www.yoga-federation.eu\\\/#website\",\"url\":\"https:\\\/\\\/www.yoga-federation.eu\\\/\",\"name\":\"Yoga Federation of Europe\",\"description\":\"Yoga in Europe\",\"potentialAction\":[{\"@type\":\"SearchAction\",\"target\":{\"@type\":\"EntryPoint\",\"urlTemplate\":\"https:\\\/\\\/www.yoga-federation.eu\\\/?s={search_term_string}\"},\"query-input\":{\"@type\":\"PropertyValueSpecification\",\"valueRequired\":true,\"valueName\":\"search_term_string\"}}],\"inLanguage\":\"cz-CZ\"}]}<\/script>\n<!-- \/ Yoast SEO plugin. -->","yoast_head_json":{"title":"D\u016fle\u017eit\u00e1 data v roce 2020 - Yoga Federation of Europe","robots":{"index":"index","follow":"follow","max-snippet":"max-snippet:-1","max-image-preview":"max-image-preview:large","max-video-preview":"max-video-preview:-1"},"canonical":"https:\/\/www.yoga-federation.eu\/cz\/dulezita-data-v-roce-2020\/","og_locale":"en_US","og_type":"article","og_title":"D\u016fle\u017eit\u00e1 data v roce 2020 - Yoga Federation of Europe","og_url":"https:\/\/www.yoga-federation.eu\/cz\/dulezita-data-v-roce-2020\/","og_site_name":"Yoga Federation of Europe","article_modified_time":"2020-06-01T06:38:14+00:00","og_image":[{"width":1600,"height":1052,"url":"https:\/\/www.yoga-federation.eu\/wp-content\/uploads\/2017\/03\/yoga-federation-of-europe.jpg","type":"image\/jpeg"}],"twitter_card":"summary_large_image","twitter_misc":{"Est. reading time":"2 minutes"},"schema":{"@context":"https:\/\/schema.org","@graph":[{"@type":"WebPage","@id":"https:\/\/www.yoga-federation.eu\/cz\/dulezita-data-v-roce-2020\/","url":"https:\/\/www.yoga-federation.eu\/cz\/dulezita-data-v-roce-2020\/","name":"D\u016fle\u017eit\u00e1 data v roce 2020 - Yoga Federation of Europe","isPartOf":{"@id":"https:\/\/www.yoga-federation.eu\/#website"},"datePublished":"2019-12-23T19:50:02+00:00","dateModified":"2020-06-01T06:38:14+00:00","breadcrumb":{"@id":"https:\/\/www.yoga-federation.eu\/cz\/dulezita-data-v-roce-2020\/#breadcrumb"},"inLanguage":"cz-CZ","potentialAction":[{"@type":"ReadAction","target":["https:\/\/www.yoga-federation.eu\/cz\/dulezita-data-v-roce-2020\/"]}]},{"@type":"BreadcrumbList","@id":"https:\/\/www.yoga-federation.eu\/cz\/dulezita-data-v-roce-2020\/#breadcrumb","itemListElement":[{"@type":"ListItem","position":1,"name":"Home","item":"https:\/\/www.yoga-federation.eu\/cz\/"},{"@type":"ListItem","position":2,"name":"D\u016fle\u017eit\u00e1 data v roce 2020"}]},{"@type":"WebSite","@id":"https:\/\/www.yoga-federation.eu\/#website","url":"https:\/\/www.yoga-federation.eu\/","name":"Yoga Federation of Europe","description":"Yoga in Europe","potentialAction":[{"@type":"SearchAction","target":{"@type":"EntryPoint","urlTemplate":"https:\/\/www.yoga-federation.eu\/?s={search_term_string}"},"query-input":{"@type":"PropertyValueSpecification","valueRequired":true,"valueName":"search_term_string"}}],"inLanguage":"cz-CZ"}]}},"_links":{"self":[{"href":"https:\/\/www.yoga-federation.eu\/cz\/wp-json\/wp\/v2\/pages\/5050","targetHints":{"allow":["GET"]}}],"collection":[{"href":"https:\/\/www.yoga-federation.eu\/cz\/wp-json\/wp\/v2\/pages"}],"about":[{"href":"https:\/\/www.yoga-federation.eu\/cz\/wp-json\/wp\/v2\/types\/page"}],"author":[{"embeddable":true,"href":"https:\/\/www.yoga-federation.eu\/cz\/wp-json\/wp\/v2\/users\/6"}],"replies":[{"embeddable":true,"href":"https:\/\/www.yoga-federation.eu\/cz\/wp-json\/wp\/v2\/comments?post=5050"}],"version-history":[{"count":0,"href":"https:\/\/www.yoga-federation.eu\/cz\/wp-json\/wp\/v2\/pages\/5050\/revisions"}],"wp:attachment":[{"href":"https:\/\/www.yoga-federation.eu\/cz\/wp-json\/wp\/v2\/media?parent=5050"}],"curies":[{"name":"wp","href":"https:\/\/api.w.org\/{rel}","templated":true}]}}