{"id":3860,"date":"2018-10-16T15:00:12","date_gmt":"2018-10-16T15:00:12","guid":{"rendered":"https:\/\/www.yoga-federation.eu\/?page_id=3860"},"modified":"2024-03-06T18:03:49","modified_gmt":"2024-03-06T18:03:49","slug":"joga-50-plus","status":"publish","type":"page","link":"https:\/\/www.yoga-federation.eu\/cz\/joga-50-plus\/","title":{"rendered":"J\u00f3ga \u2013 50 plus"},"content":{"rendered":"<div class=\"fusion-fullwidth fullwidth-box fusion-builder-row-1 nonhundred-percent-fullwidth non-hundred-percent-height-scrolling\" style=\"background-color: rgba(255,255,255,0);background-position: center center;background-repeat: no-repeat;padding-top:0px;padding-right:0px;padding-bottom:0px;padding-left:0px;margin-bottom: 0px;margin-top: 0px;border-width: 0px 0px 0px 0px;border-color:#eae9e9;border-style:solid;\" ><div class=\"fusion-builder-row fusion-row\"><div class=\"fusion-layout-column fusion_builder_column fusion-builder-column-0 fusion_builder_column_1_1 1_1 fusion-one-full fusion-column-first fusion-column-last\" style=\"margin-top:0px;margin-bottom:20px;\"><div class=\"fusion-column-wrapper fusion-flex-column-wrapper-legacy\" style=\"background-position:left top;background-repeat:no-repeat;-webkit-background-size:cover;-moz-background-size:cover;-o-background-size:cover;background-size:cover;padding: 0px 0px 0px 0px;\"><div class=\"fusion-text fusion-text-1\"><h2 class=\"entry-title fusion-post-title fusion-responsive-typography-calculated\" data-fontsize=\"18\" style=\"--fontSize: 18; line-height: 1.5; --minFontSize: 18;\" data-lineheight=\"27px\">J\u00f3gou ke zdrav\u00e9mu st\u00e1rnut\u00ed<\/h2>\n<div class=\"post-content\">\n<div class=\"fusion-fullwidth fullwidth-box nonhundred-percent-fullwidth non-hundred-percent-height-scrolling\">\n<div class=\"fusion-builder-row fusion-row \">\n<div class=\"fusion-layout-column fusion_builder_column fusion_builder_column_1_1 fusion-one-full fusion-column-first fusion-column-last 1_1\">\n<div class=\"fusion-column-wrapper\" data-bg-url=\"\">\n<div class=\"fusion-text\">\n<p><span class=\" _50f4\">Evropsk\u00e1 federace j\u00f3gy ve spolupr\u00e1ci s M\u010c Praha 1, St\u0159ediskem soci\u00e1ln\u00edch slu\u017eeb Praha 1 a International Yoga Academy, <\/span>pokra\u010duje ve \u00fasp\u011b\u0161n\u00e9m projektu \u201eJ\u00f3ga \u2013 50 plus\u201c v pohybov\u00e9m centru T\u011blocvi\u010dna, Praha 1.<\/p>\n<p><span class=\" _50f4\">\u00da\u010dast je zdarma.<\/span><\/p>\n<p><span class=\" _50f4\">Pros\u00edme v\u0161echny seniory (nad 50 let), kte\u0159\u00ed by m\u011bli z\u00e1jem, aby se n\u00e1m ozvali na na\u0161i e-mailovou adresu: yoga.yfe@gmail.com nebo zavolali na \u010d\u00edslo: 608 212 949<\/span><\/p>\n<\/div>\n<\/div>\n<\/div>\n<\/div>\n<\/div>\n<\/div>\n<\/div><div class=\"fusion-blog-shortcode fusion-blog-shortcode-1 fusion-blog-archive fusion-blog-layout-medium fusion-blog-pagination\"><div class=\"fusion-posts-container fusion-posts-container-pagination fusion-blog-rollover\" data-pages=\"1\"><article id=\"blog-1-post-5902\" class=\"fusion-post-medium post-5902 post type-post status-publish format-standard has-post-thumbnail hentry category-aktivity-v-roce-2023 category-aktivity-v-roce-2024 category-joga-50-plus category-projekty\">\n\t<style type=\"text\/css\">\n\t\t\n\t\t\n\t\t\n\t\t\n\t\t\t<\/style>\n\n\n\t\t\t<div class=\"fusion-flexslider flexslider fusion-flexslider-loading fusion-post-slideshow\" style=\"\">\n\t\t<ul class=\"slides\">\n\t\t\t\n\t\t\t\t\t\t\t\t\t\t\t\t\t\t<li>\n\n<div  class=\"fusion-image-wrapper fusion-image-size-fixed\" aria-haspopup=\"true\">\n\t\n\t\n\t\t\n\t\t\t\t\t<img loading=\"lazy\" decoding=\"async\" width=\"320\" height=\"202\" src=\"https:\/\/www.yoga-federation.eu\/wp-content\/uploads\/2022\/10\/Joga-pro-zdrave-starnuti-2022-320x202.jpg\" class=\"attachment-blog-medium size-blog-medium lazyload wp-post-image\" alt=\"ZDARMA: Jogou vstric zdravemu stari \u2013 2022\" srcset=\"data:image\/svg+xml,%3Csvg%20xmlns%3D%27http%3A%2F%2Fwww.w3.org%2F2000%2Fsvg%27%20width%3D%271200%27%20height%3D%271600%27%20viewBox%3D%270%200%201200%201600%27%3E%3Crect%20width%3D%271200%27%20height%3D%2731600%27%20fill-opacity%3D%220%22%2F%3E%3C%2Fsvg%3E\" data-orig-src=\"https:\/\/www.yoga-federation.eu\/wp-content\/uploads\/2022\/10\/Joga-pro-zdrave-starnuti-2022-320x202.jpg\" data-srcset=\"https:\/\/www.yoga-federation.eu\/wp-content\/uploads\/2022\/10\/Joga-pro-zdrave-starnuti-2022-320x202.jpg 320w, https:\/\/www.yoga-federation.eu\/wp-content\/uploads\/2022\/10\/Joga-pro-zdrave-starnuti-2022-700x441.jpg 700w\" data-sizes=\"auto\" \/>\n\t\n\n\t\t<div class=\"fusion-rollover\">\n\t<div class=\"fusion-rollover-content\">\n\n\t\t\t\t\t\t\t\t\t\t\t\t\t\t<a class=\"fusion-rollover-link\" href=\"https:\/\/www.yoga-federation.eu\/cz\/zdarma-jogou-vstric-zdravemu-stari-2022\/\">ZDARMA: J\u00f3gou vst\u0159\u00edc zdrav\u00e9mu st\u00e1\u0159\u00ed<\/a>\n\t\t\t\n\t\t\t\t\t\t\t\t\n\t\t\t\t\n\t\t\t\t\t\t\t\t\t\t\t\t<h4 class=\"fusion-rollover-title\">\n\t\t\t\t\t<a class=\"fusion-rollover-title-link\" href=\"https:\/\/www.yoga-federation.eu\/cz\/zdarma-jogou-vstric-zdravemu-stari-2022\/\">\n\t\t\t\t\t\tZDARMA: J\u00f3gou vst\u0159\u00edc zdrav\u00e9mu st\u00e1\u0159\u00ed\t\t\t\t\t<\/a>\n\t\t\t\t<\/h4>\n\t\t\t\n\t\t\t\t\t\t\t\t\t\t\t\t\t\t<div class=\"fusion-rollover-categories\"><a href=\"https:\/\/www.yoga-federation.eu\/cz\/category\/aktivity-v-roce-2023\/\" rel=\"tag\">Aktivity v roce 2023<\/a>, <a href=\"https:\/\/www.yoga-federation.eu\/cz\/category\/aktivity-v-roce-2024\/\" rel=\"tag\">Aktivity v roce 2024<\/a>, <a href=\"https:\/\/www.yoga-federation.eu\/cz\/category\/joga-50-plus\/\" rel=\"tag\">J\u00f3ga - 50 plus<\/a>, <a href=\"https:\/\/www.yoga-federation.eu\/cz\/category\/projekty\/\" rel=\"tag\">Projekty<\/a><\/div>\t\t\t\t\t\n\t\t\n\t\t\t\t<a class=\"fusion-link-wrapper\" href=\"https:\/\/www.yoga-federation.eu\/cz\/zdarma-jogou-vstric-zdravemu-stari-2022\/\" aria-label=\"ZDARMA: J\u00f3gou vst\u0159\u00edc zdrav\u00e9mu st\u00e1\u0159\u00ed\"><\/a>\n\t<\/div>\n<\/div>\n\n\t\n<\/div>\n<\/li>\n\t\t\t\n\t\t\t\n\t\t\t\t\t\t\t\t\t\t\t\t\t\t\t\t\t\t\t\t\t\t\t\t\t\t\t\t\t\t\t\t\t\t\t\t\t\t\t\t\t\t\t\t\t\t\t\t\t\t\t\t\t\t\t\t\t\t\t\t\t\t\t\t\t\t\t\t<\/ul>\n\t<\/div>\n\t<div class=\"fusion-post-content post-content\"><h2 class=\"blog-shortcode-post-title entry-title\"><a href=\"https:\/\/www.yoga-federation.eu\/cz\/zdarma-jogou-vstric-zdravemu-stari-2022\/\">ZDARMA: J\u00f3gou vst\u0159\u00edc zdrav\u00e9mu st\u00e1\u0159\u00ed<\/a><\/h2><div class=\"fusion-post-content-container\"><p> Projekt J\u00f3ga 50 plus - lekce j\u00f3gy zdarma -\u00a0 <a href=\"https:\/\/www.yoga-federation.eu\/cz\/zdarma-jogou-vstric-zdravemu-stari-2022\/\"> [...]<\/a><\/p><\/div><\/div><div class=\"fusion-clearfix\"><\/div><div class=\"fusion-meta-info\"><div class=\"fusion-alignleft\">By <span class=\"vcard\"><span class=\"fn\"><a href=\"https:\/\/www.yoga-federation.eu\/cz\/author\/ana\/\" title=\"Posts by YFE\" rel=\"author\">YFE<\/a><\/span><\/span><span class=\"fusion-inline-sep\">|<\/span><span class=\"updated\" style=\"display:none;\">2024-01-13T17:54:00+00:00<\/span><span>December 12th, 2023<\/span><span class=\"fusion-inline-sep\">|<\/span>Categories: <a href=\"https:\/\/www.yoga-federation.eu\/cz\/category\/aktivity-v-roce-2023\/\" rel=\"category tag\">Aktivity v roce 2023<\/a>, <a href=\"https:\/\/www.yoga-federation.eu\/cz\/category\/aktivity-v-roce-2024\/\" rel=\"category tag\">Aktivity v roce 2024<\/a>, <a href=\"https:\/\/www.yoga-federation.eu\/cz\/category\/joga-50-plus\/\" rel=\"category tag\">J\u00f3ga - 50 plus<\/a>, <a href=\"https:\/\/www.yoga-federation.eu\/cz\/category\/projekty\/\" rel=\"category tag\">Projekty<\/a><span class=\"fusion-inline-sep\">|<\/span><span class=\"fusion-comments\"><a href=\"https:\/\/www.yoga-federation.eu\/cz\/zdarma-jogou-vstric-zdravemu-stari-2022\/#respond\">0 Comments<\/a><\/span><\/div><div class=\"fusion-alignright\"><a class=\"fusion-read-more\" href=\"https:\/\/www.yoga-federation.eu\/cz\/zdarma-jogou-vstric-zdravemu-stari-2022\/\">Read More<\/a><\/div><\/div><\/article>\n<article id=\"blog-1-post-5357\" class=\"fusion-post-medium post-5357 post type-post status-publish format-standard has-post-thumbnail hentry category-aktivity-v-roce-2020 category-joga-50-plus category-projekty\">\n\t<style type=\"text\/css\">\n\t\t\n\t\t\n\t\t\n\t\t\n\t\t\t<\/style>\n\n\n\t\t\t<div class=\"fusion-flexslider flexslider fusion-flexslider-loading fusion-post-slideshow\" style=\"\">\n\t\t<ul class=\"slides\">\n\t\t\t\n\t\t\t\t\t\t\t\t\t\t\t\t\t\t<li>\n\n<div  class=\"fusion-image-wrapper fusion-image-size-fixed\" aria-haspopup=\"true\">\n\t\n\t\n\t\t\n\t\t\t\t\t<img loading=\"lazy\" decoding=\"async\" width=\"320\" height=\"202\" src=\"https:\/\/www.yoga-federation.eu\/wp-content\/uploads\/2020\/06\/Joga-50-plus-lekce-jogy-zdarma-Praha-1-320x202.jpg\" class=\"attachment-blog-medium size-blog-medium lazyload wp-post-image\" alt=\"Joga 50 plus - lekce jogy zdarma - Praha 1\" srcset=\"data:image\/svg+xml,%3Csvg%20xmlns%3D%27http%3A%2F%2Fwww.w3.org%2F2000%2Fsvg%27%20width%3D%271180%27%20height%3D%271600%27%20viewBox%3D%270%200%201180%201600%27%3E%3Crect%20width%3D%271180%27%20height%3D%2731600%27%20fill-opacity%3D%220%22%2F%3E%3C%2Fsvg%3E\" data-orig-src=\"https:\/\/www.yoga-federation.eu\/wp-content\/uploads\/2020\/06\/Joga-50-plus-lekce-jogy-zdarma-Praha-1-320x202.jpg\" data-srcset=\"https:\/\/www.yoga-federation.eu\/wp-content\/uploads\/2020\/06\/Joga-50-plus-lekce-jogy-zdarma-Praha-1-320x202.jpg 320w, https:\/\/www.yoga-federation.eu\/wp-content\/uploads\/2020\/06\/Joga-50-plus-lekce-jogy-zdarma-Praha-1-700x441.jpg 700w\" data-sizes=\"auto\" \/>\n\t\n\n\t\t<div class=\"fusion-rollover\">\n\t<div class=\"fusion-rollover-content\">\n\n\t\t\t\t\t\t\t\t\t\t\t\t\t\t<a class=\"fusion-rollover-link\" href=\"https:\/\/www.yoga-federation.eu\/cz\/zdarma-joga-50-plus-vstric-zdravemu-stari-2020\/\">ZDARMA: J\u00f3ga \u2013 50 plus &#8211; Vst\u0159\u00edc zdrav\u00e9mu st\u00e1\u0159\u00ed \u2013 2020<\/a>\n\t\t\t\n\t\t\t\t\t\t\t\t\n\t\t\t\t\n\t\t\t\t\t\t\t\t\t\t\t\t<h4 class=\"fusion-rollover-title\">\n\t\t\t\t\t<a class=\"fusion-rollover-title-link\" href=\"https:\/\/www.yoga-federation.eu\/cz\/zdarma-joga-50-plus-vstric-zdravemu-stari-2020\/\">\n\t\t\t\t\t\tZDARMA: J\u00f3ga \u2013 50 plus &#8211; Vst\u0159\u00edc zdrav\u00e9mu st\u00e1\u0159\u00ed \u2013 2020\t\t\t\t\t<\/a>\n\t\t\t\t<\/h4>\n\t\t\t\n\t\t\t\t\t\t\t\t\t\t\t\t\t\t<div class=\"fusion-rollover-categories\"><a href=\"https:\/\/www.yoga-federation.eu\/cz\/category\/aktivity-v-roce-2020\/\" rel=\"tag\">Aktivity v roce 2020<\/a>, <a href=\"https:\/\/www.yoga-federation.eu\/cz\/category\/joga-50-plus\/\" rel=\"tag\">J\u00f3ga - 50 plus<\/a>, <a href=\"https:\/\/www.yoga-federation.eu\/cz\/category\/projekty\/\" rel=\"tag\">Projekty<\/a><\/div>\t\t\t\t\t\n\t\t\n\t\t\t\t<a class=\"fusion-link-wrapper\" href=\"https:\/\/www.yoga-federation.eu\/cz\/zdarma-joga-50-plus-vstric-zdravemu-stari-2020\/\" aria-label=\"ZDARMA: J\u00f3ga \u2013 50 plus &#8211; Vst\u0159\u00edc zdrav\u00e9mu st\u00e1\u0159\u00ed \u2013 2020\"><\/a>\n\t<\/div>\n<\/div>\n\n\t\n<\/div>\n<\/li>\n\t\t\t\n\t\t\t\n\t\t\t\t\t\t\t\t\t\t\t\t\t\t\t\t\t\t\t\t\t\t\t\t\t\t\t\t\t\t\t\t\t\t\t\t\t\t\t\t\t\t\t\t\t\t\t\t\t\t\t\t\t\t\t\t\t\t\t\t\t\t\t\t\t\t\t\t<\/ul>\n\t<\/div>\n\t<div class=\"fusion-post-content post-content\"><h2 class=\"blog-shortcode-post-title entry-title\"><a href=\"https:\/\/www.yoga-federation.eu\/cz\/zdarma-joga-50-plus-vstric-zdravemu-stari-2020\/\">ZDARMA: J\u00f3ga \u2013 50 plus &#8211; Vst\u0159\u00edc zdrav\u00e9mu st\u00e1\u0159\u00ed \u2013 2020<\/a><\/h2><div class=\"fusion-post-content-container\"><p> Pokra\u010dujeme v \u00fasp\u011b\u0161n\u00e9m projektu\u00a0\u201eJ\u00f3ga \u2013 50 plus\u201c\u00a0v pohybov\u00e9m centru <a href=\"https:\/\/www.yoga-federation.eu\/cz\/zdarma-joga-50-plus-vstric-zdravemu-stari-2020\/\"> [...]<\/a><\/p><\/div><\/div><div class=\"fusion-clearfix\"><\/div><div class=\"fusion-meta-info\"><div class=\"fusion-alignleft\">By <span class=\"vcard\"><span class=\"fn\"><a href=\"https:\/\/www.yoga-federation.eu\/cz\/author\/ana\/\" title=\"Posts by YFE\" rel=\"author\">YFE<\/a><\/span><\/span><span class=\"fusion-inline-sep\">|<\/span><span class=\"updated\" style=\"display:none;\">2020-06-19T08:20:58+00:00<\/span><span>June 10th, 2020<\/span><span class=\"fusion-inline-sep\">|<\/span>Categories: <a href=\"https:\/\/www.yoga-federation.eu\/cz\/category\/aktivity-v-roce-2020\/\" rel=\"category tag\">Aktivity v roce 2020<\/a>, <a href=\"https:\/\/www.yoga-federation.eu\/cz\/category\/joga-50-plus\/\" rel=\"category tag\">J\u00f3ga - 50 plus<\/a>, <a href=\"https:\/\/www.yoga-federation.eu\/cz\/category\/projekty\/\" rel=\"category tag\">Projekty<\/a><span class=\"fusion-inline-sep\">|<\/span><span class=\"fusion-comments\"><a href=\"https:\/\/www.yoga-federation.eu\/cz\/zdarma-joga-50-plus-vstric-zdravemu-stari-2020\/#respond\">0 Comments<\/a><\/span><\/div><div class=\"fusion-alignright\"><a class=\"fusion-read-more\" href=\"https:\/\/www.yoga-federation.eu\/cz\/zdarma-joga-50-plus-vstric-zdravemu-stari-2020\/\">Read More<\/a><\/div><\/div><\/article>\n<article id=\"blog-1-post-3841\" class=\"fusion-post-medium post-3841 post type-post status-publish format-standard has-post-thumbnail hentry category-aktivity-v-roce-2018 category-joga-50-plus category-projekty\">\n\t<style type=\"text\/css\">\n\t\t\n\t\t\n\t\t\n\t\t\n\t\t\t<\/style>\n\n\n\t\t\t<div class=\"fusion-flexslider flexslider fusion-flexslider-loading fusion-post-slideshow\" style=\"\">\n\t\t<ul class=\"slides\">\n\t\t\t\n\t\t\t\t\t\t\t\t\t\t\t\t\t\t<li>\n\n<div  class=\"fusion-image-wrapper fusion-image-size-fixed\" aria-haspopup=\"true\">\n\t\n\t\n\t\t\n\t\t\t\t\t<img loading=\"lazy\" decoding=\"async\" width=\"320\" height=\"202\" src=\"https:\/\/www.yoga-federation.eu\/wp-content\/uploads\/2018\/10\/Yoga-for-Healthy-Aging-320x202.jpg\" class=\"attachment-blog-medium size-blog-medium lazyload wp-post-image\" alt=\"Joga \u2013 50 plus\" srcset=\"data:image\/svg+xml,%3Csvg%20xmlns%3D%27http%3A%2F%2Fwww.w3.org%2F2000%2Fsvg%27%20width%3D%271600%27%20height%3D%27820%27%20viewBox%3D%270%200%201600%20820%27%3E%3Crect%20width%3D%271600%27%20height%3D%273820%27%20fill-opacity%3D%220%22%2F%3E%3C%2Fsvg%3E\" data-orig-src=\"https:\/\/www.yoga-federation.eu\/wp-content\/uploads\/2018\/10\/Yoga-for-Healthy-Aging-320x202.jpg\" data-srcset=\"https:\/\/www.yoga-federation.eu\/wp-content\/uploads\/2018\/10\/Yoga-for-Healthy-Aging-320x202.jpg 320w, https:\/\/www.yoga-federation.eu\/wp-content\/uploads\/2018\/10\/Yoga-for-Healthy-Aging-700x441.jpg 700w\" data-sizes=\"auto\" \/>\n\t\n\n\t\t<div class=\"fusion-rollover\">\n\t<div class=\"fusion-rollover-content\">\n\n\t\t\t\t\t\t\t\t\t\t\t\t\t\t<a class=\"fusion-rollover-link\" href=\"https:\/\/www.yoga-federation.eu\/cz\/vstric-zdravemu-stari-2018-19\/\">ZDARMA: Vst\u0159\u00edc zdrav\u00e9mu st\u00e1\u0159\u00ed &#8211; 2018\/19<\/a>\n\t\t\t\n\t\t\t\t\t\t\t\t\n\t\t\t\t\n\t\t\t\t\t\t\t\t\t\t\t\t<h4 class=\"fusion-rollover-title\">\n\t\t\t\t\t<a class=\"fusion-rollover-title-link\" href=\"https:\/\/www.yoga-federation.eu\/cz\/vstric-zdravemu-stari-2018-19\/\">\n\t\t\t\t\t\tZDARMA: Vst\u0159\u00edc zdrav\u00e9mu st\u00e1\u0159\u00ed &#8211; 2018\/19\t\t\t\t\t<\/a>\n\t\t\t\t<\/h4>\n\t\t\t\n\t\t\t\t\t\t\t\t\t\t\t\t\t\t<div class=\"fusion-rollover-categories\"><a href=\"https:\/\/www.yoga-federation.eu\/cz\/category\/aktivity-v-roce-2018\/\" rel=\"tag\">Aktivity v roce 2018<\/a>, <a href=\"https:\/\/www.yoga-federation.eu\/cz\/category\/joga-50-plus\/\" rel=\"tag\">J\u00f3ga - 50 plus<\/a>, <a href=\"https:\/\/www.yoga-federation.eu\/cz\/category\/projekty\/\" rel=\"tag\">Projekty<\/a><\/div>\t\t\t\t\t\n\t\t\n\t\t\t\t<a class=\"fusion-link-wrapper\" href=\"https:\/\/www.yoga-federation.eu\/cz\/vstric-zdravemu-stari-2018-19\/\" aria-label=\"ZDARMA: Vst\u0159\u00edc zdrav\u00e9mu st\u00e1\u0159\u00ed &#8211; 2018\/19\"><\/a>\n\t<\/div>\n<\/div>\n\n\t\n<\/div>\n<\/li>\n\t\t\t\n\t\t\t\n\t\t\t\t\t\t\t\t\t\t\t\t\t\t\t\t\t\t\t\t\t\t\t\t\t\t\t\t\t\t\t\t\t\t\t\t\t\t\t\t\t\t\t\t\t\t\t\t\t\t\t\t\t\t\t\t\t\t\t\t\t\t\t\t\t\t\t\t<\/ul>\n\t<\/div>\n\t<div class=\"fusion-post-content post-content\"><h2 class=\"blog-shortcode-post-title entry-title\"><a href=\"https:\/\/www.yoga-federation.eu\/cz\/vstric-zdravemu-stari-2018-19\/\">ZDARMA: Vst\u0159\u00edc zdrav\u00e9mu st\u00e1\u0159\u00ed &#8211; 2018\/19<\/a><\/h2><div class=\"fusion-post-content-container\"><p> ZDARMA: J\u00f3ga \u2013 50 plus Nep\u0159est\u00e1v\u00e1me cvi\u010dit proto, \u017ee <a href=\"https:\/\/www.yoga-federation.eu\/cz\/vstric-zdravemu-stari-2018-19\/\"> [...]<\/a><\/p><\/div><\/div><div class=\"fusion-clearfix\"><\/div><div class=\"fusion-meta-info\"><div class=\"fusion-alignleft\">By <span class=\"vcard\"><span class=\"fn\"><a href=\"https:\/\/www.yoga-federation.eu\/cz\/author\/ana\/\" title=\"Posts by YFE\" rel=\"author\">YFE<\/a><\/span><\/span><span class=\"fusion-inline-sep\">|<\/span><span class=\"updated\" style=\"display:none;\">2019-06-25T13:33:48+00:00<\/span><span>October 16th, 2018<\/span><span class=\"fusion-inline-sep\">|<\/span>Categories: <a href=\"https:\/\/www.yoga-federation.eu\/cz\/category\/aktivity-v-roce-2018\/\" rel=\"category tag\">Aktivity v roce 2018<\/a>, <a href=\"https:\/\/www.yoga-federation.eu\/cz\/category\/joga-50-plus\/\" rel=\"category tag\">J\u00f3ga - 50 plus<\/a>, <a href=\"https:\/\/www.yoga-federation.eu\/cz\/category\/projekty\/\" rel=\"category tag\">Projekty<\/a><span class=\"fusion-inline-sep\">|<\/span><span class=\"fusion-comments\"><a href=\"https:\/\/www.yoga-federation.eu\/cz\/vstric-zdravemu-stari-2018-19\/#respond\">0 Comments<\/a><\/span><\/div><div class=\"fusion-alignright\"><a class=\"fusion-read-more\" href=\"https:\/\/www.yoga-federation.eu\/cz\/vstric-zdravemu-stari-2018-19\/\">Read More<\/a><\/div><\/div><\/article>\n<article id=\"blog-1-post-2701\" class=\"fusion-post-medium post-2701 post type-post status-publish format-standard has-post-thumbnail hentry category-activity category-aktivity-v-roce-2017 category-joga-50-plus category-projekty\">\n\t<style type=\"text\/css\">\n\t\t\n\t\t\n\t\t\n\t\t\n\t\t\t<\/style>\n\n\n\t\t\t<div class=\"fusion-flexslider flexslider fusion-flexslider-loading fusion-post-slideshow\" style=\"\">\n\t\t<ul class=\"slides\">\n\t\t\t\n\t\t\t\t\t\t\t\t\t\t\t\t\t\t<li>\n\n<div  class=\"fusion-image-wrapper fusion-image-size-fixed\" aria-haspopup=\"true\">\n\t\n\t\n\t\t\n\t\t\t\t\t<img loading=\"lazy\" decoding=\"async\" width=\"320\" height=\"202\" src=\"https:\/\/www.yoga-federation.eu\/wp-content\/uploads\/2017\/10\/joga50plusPraha1-2-320x202.jpg\" class=\"attachment-blog-medium size-blog-medium lazyload wp-post-image\" alt=\"J\u00f3gou ke zdrav\u00e9mu st\u00e1rnut\u00ed\" srcset=\"data:image\/svg+xml,%3Csvg%20xmlns%3D%27http%3A%2F%2Fwww.w3.org%2F2000%2Fsvg%27%20width%3D%271600%27%20height%3D%27711%27%20viewBox%3D%270%200%201600%20711%27%3E%3Crect%20width%3D%271600%27%20height%3D%273711%27%20fill-opacity%3D%220%22%2F%3E%3C%2Fsvg%3E\" data-orig-src=\"https:\/\/www.yoga-federation.eu\/wp-content\/uploads\/2017\/10\/joga50plusPraha1-2-320x202.jpg\" data-srcset=\"https:\/\/www.yoga-federation.eu\/wp-content\/uploads\/2017\/10\/joga50plusPraha1-2-320x202.jpg 320w, https:\/\/www.yoga-federation.eu\/wp-content\/uploads\/2017\/10\/joga50plusPraha1-2-700x441.jpg 700w\" data-sizes=\"auto\" \/>\n\t\n\n\t\t<div class=\"fusion-rollover\">\n\t<div class=\"fusion-rollover-content\">\n\n\t\t\t\t\t\t\t\t\t\t\t\t\t\t<a class=\"fusion-rollover-link\" href=\"https:\/\/www.yoga-federation.eu\/cz\/jogou-ke-zdravemu-starnuti\/\">J\u00f3gou ke zdrav\u00e9mu st\u00e1rnut\u00ed<\/a>\n\t\t\t\n\t\t\t\t\t\t\t\t\n\t\t\t\t\n\t\t\t\t\t\t\t\t\t\t\t\t<h4 class=\"fusion-rollover-title\">\n\t\t\t\t\t<a class=\"fusion-rollover-title-link\" href=\"https:\/\/www.yoga-federation.eu\/cz\/jogou-ke-zdravemu-starnuti\/\">\n\t\t\t\t\t\tJ\u00f3gou ke zdrav\u00e9mu st\u00e1rnut\u00ed\t\t\t\t\t<\/a>\n\t\t\t\t<\/h4>\n\t\t\t\n\t\t\t\t\t\t\t\t\t\t\t\t\t\t<div class=\"fusion-rollover-categories\"><a href=\"https:\/\/www.yoga-federation.eu\/cz\/category\/activity\/\" rel=\"tag\">Activity<\/a>, <a href=\"https:\/\/www.yoga-federation.eu\/cz\/category\/aktivity-v-roce-2017\/\" rel=\"tag\">Aktivity v roce 2017<\/a>, <a href=\"https:\/\/www.yoga-federation.eu\/cz\/category\/joga-50-plus\/\" rel=\"tag\">J\u00f3ga - 50 plus<\/a>, <a href=\"https:\/\/www.yoga-federation.eu\/cz\/category\/projekty\/\" rel=\"tag\">Projekty<\/a><\/div>\t\t\t\t\t\n\t\t\n\t\t\t\t<a class=\"fusion-link-wrapper\" href=\"https:\/\/www.yoga-federation.eu\/cz\/jogou-ke-zdravemu-starnuti\/\" aria-label=\"J\u00f3gou ke zdrav\u00e9mu st\u00e1rnut\u00ed\"><\/a>\n\t<\/div>\n<\/div>\n\n\t\n<\/div>\n<\/li>\n\t\t\t\n\t\t\t\n\t\t\t\t\t\t\t\t\t\t\t\t\t\t\t\t\t\t\t\t\t\t\t\t\t\t\t\t\t\t\t\t\t\t\t\t\t\t\t\t\t\t\t\t\t\t\t\t\t\t\t\t\t\t\t\t\t\t\t\t\t\t\t\t\t\t\t\t<\/ul>\n\t<\/div>\n\t<div class=\"fusion-post-content post-content\"><h2 class=\"blog-shortcode-post-title entry-title\"><a href=\"https:\/\/www.yoga-federation.eu\/cz\/jogou-ke-zdravemu-starnuti\/\">J\u00f3gou ke zdrav\u00e9mu st\u00e1rnut\u00ed<\/a><\/h2><div class=\"fusion-post-content-container\"><p> J\u00f3gou ke zdrav\u00e9mu st\u00e1rnut\u00ed! V pohybov\u00e9m centru T\u011blocvi\u010dna prob\u00edh\u00e1 <a href=\"https:\/\/www.yoga-federation.eu\/cz\/jogou-ke-zdravemu-starnuti\/\"> [...]<\/a><\/p><\/div><\/div><div class=\"fusion-clearfix\"><\/div><div class=\"fusion-meta-info\"><div class=\"fusion-alignleft\">By <span class=\"vcard\"><span class=\"fn\"><a href=\"https:\/\/www.yoga-federation.eu\/cz\/author\/ana\/\" title=\"Posts by YFE\" rel=\"author\">YFE<\/a><\/span><\/span><span class=\"fusion-inline-sep\">|<\/span><span class=\"updated\" style=\"display:none;\">2018-10-23T18:53:07+00:00<\/span><span>October 29th, 2017<\/span><span class=\"fusion-inline-sep\">|<\/span>Categories: <a href=\"https:\/\/www.yoga-federation.eu\/cz\/category\/activity\/\" rel=\"category tag\">Activity<\/a>, <a href=\"https:\/\/www.yoga-federation.eu\/cz\/category\/aktivity-v-roce-2017\/\" rel=\"category tag\">Aktivity v roce 2017<\/a>, <a href=\"https:\/\/www.yoga-federation.eu\/cz\/category\/joga-50-plus\/\" rel=\"category tag\">J\u00f3ga - 50 plus<\/a>, <a href=\"https:\/\/www.yoga-federation.eu\/cz\/category\/projekty\/\" rel=\"category tag\">Projekty<\/a><span class=\"fusion-inline-sep\">|<\/span><span class=\"fusion-comments\"><a href=\"https:\/\/www.yoga-federation.eu\/cz\/jogou-ke-zdravemu-starnuti\/#respond\">0 Comments<\/a><\/span><\/div><div class=\"fusion-alignright\"><a class=\"fusion-read-more\" href=\"https:\/\/www.yoga-federation.eu\/cz\/jogou-ke-zdravemu-starnuti\/\">Read More<\/a><\/div><\/div><\/article>\n<article id=\"blog-1-post-2564\" class=\"fusion-post-medium post-2564 post type-post status-publish format-standard has-post-thumbnail hentry category-activity category-aktivity-v-roce-2017 category-joga-50-plus\">\n\t<style type=\"text\/css\">\n\t\t\n\t\t\n\t\t\n\t\t\n\t\t\t<\/style>\n\n\n\t\t\t<div class=\"fusion-flexslider flexslider fusion-flexslider-loading fusion-post-slideshow\" style=\"\">\n\t\t<ul class=\"slides\">\n\t\t\t\n\t\t\t\t\t\t\t\t\t\t\t\t\t\t<li>\n\n<div  class=\"fusion-image-wrapper fusion-image-size-fixed\" aria-haspopup=\"true\">\n\t\n\t\n\t\t\n\t\t\t\t\t<img loading=\"lazy\" decoding=\"async\" width=\"320\" height=\"202\" src=\"https:\/\/www.yoga-federation.eu\/wp-content\/uploads\/2017\/10\/joga50plusPraha8-320x202.jpg\" class=\"attachment-blog-medium size-blog-medium lazyload wp-post-image\" alt=\"joga50plusPraha\" srcset=\"data:image\/svg+xml,%3Csvg%20xmlns%3D%27http%3A%2F%2Fwww.w3.org%2F2000%2Fsvg%27%20width%3D%271600%27%20height%3D%271248%27%20viewBox%3D%270%200%201600%201248%27%3E%3Crect%20width%3D%271600%27%20height%3D%2731248%27%20fill-opacity%3D%220%22%2F%3E%3C%2Fsvg%3E\" data-orig-src=\"https:\/\/www.yoga-federation.eu\/wp-content\/uploads\/2017\/10\/joga50plusPraha8-320x202.jpg\" data-srcset=\"https:\/\/www.yoga-federation.eu\/wp-content\/uploads\/2017\/10\/joga50plusPraha8-320x202.jpg 320w, https:\/\/www.yoga-federation.eu\/wp-content\/uploads\/2017\/10\/joga50plusPraha8-700x441.jpg 700w\" data-sizes=\"auto\" \/>\n\t\n\n\t\t<div class=\"fusion-rollover\">\n\t<div class=\"fusion-rollover-content\">\n\n\t\t\t\t\t\t\t\t\t\t\t\t\t\t<a class=\"fusion-rollover-link\" href=\"https:\/\/www.yoga-federation.eu\/cz\/slavnostni-zahajeni-projektu-joga-50-plus\/\">Slavnostn\u00ed zah\u00e1jen\u00ed projektu J\u00f3ga 50 plus<\/a>\n\t\t\t\n\t\t\t\t\t\t\t\t\n\t\t\t\t\n\t\t\t\t\t\t\t\t\t\t\t\t<h4 class=\"fusion-rollover-title\">\n\t\t\t\t\t<a class=\"fusion-rollover-title-link\" href=\"https:\/\/www.yoga-federation.eu\/cz\/slavnostni-zahajeni-projektu-joga-50-plus\/\">\n\t\t\t\t\t\tSlavnostn\u00ed zah\u00e1jen\u00ed projektu J\u00f3ga 50 plus\t\t\t\t\t<\/a>\n\t\t\t\t<\/h4>\n\t\t\t\n\t\t\t\t\t\t\t\t\t\t\t\t\t\t<div class=\"fusion-rollover-categories\"><a href=\"https:\/\/www.yoga-federation.eu\/cz\/category\/activity\/\" rel=\"tag\">Activity<\/a>, <a href=\"https:\/\/www.yoga-federation.eu\/cz\/category\/aktivity-v-roce-2017\/\" rel=\"tag\">Aktivity v roce 2017<\/a>, <a href=\"https:\/\/www.yoga-federation.eu\/cz\/category\/joga-50-plus\/\" rel=\"tag\">J\u00f3ga - 50 plus<\/a><\/div>\t\t\t\t\t\n\t\t\n\t\t\t\t<a class=\"fusion-link-wrapper\" href=\"https:\/\/www.yoga-federation.eu\/cz\/slavnostni-zahajeni-projektu-joga-50-plus\/\" aria-label=\"Slavnostn\u00ed zah\u00e1jen\u00ed projektu J\u00f3ga 50 plus\"><\/a>\n\t<\/div>\n<\/div>\n\n\t\n<\/div>\n<\/li>\n\t\t\t\n\t\t\t\n\t\t\t\t\t\t\t\t\t\t\t\t\t\t\t\t\t\t\t\t\t\t\t\t\t\t\t\t\t\t\t\t\t\t\t\t\t\t\t\t\t\t\t\t\t\t\t\t\t\t\t\t\t\t\t\t\t\t\t\t\t\t\t\t\t\t\t\t<\/ul>\n\t<\/div>\n\t<div class=\"fusion-post-content post-content\"><h2 class=\"blog-shortcode-post-title entry-title\"><a href=\"https:\/\/www.yoga-federation.eu\/cz\/slavnostni-zahajeni-projektu-joga-50-plus\/\">Slavnostn\u00ed zah\u00e1jen\u00ed projektu J\u00f3ga 50 plus<\/a><\/h2><div class=\"fusion-post-content-container\"><p> Evropsk\u00e1 federace j\u00f3gy ve spolupr\u00e1ci s M\u010c Praha 1 <a href=\"https:\/\/www.yoga-federation.eu\/cz\/slavnostni-zahajeni-projektu-joga-50-plus\/\"> [...]<\/a><\/p><\/div><\/div><div class=\"fusion-clearfix\"><\/div><div class=\"fusion-meta-info\"><div class=\"fusion-alignleft\">By <span class=\"vcard\"><span class=\"fn\"><a href=\"https:\/\/www.yoga-federation.eu\/cz\/author\/ana\/\" title=\"Posts by YFE\" rel=\"author\">YFE<\/a><\/span><\/span><span class=\"fusion-inline-sep\">|<\/span><span class=\"updated\" style=\"display:none;\">2019-01-19T10:55:04+00:00<\/span><span>October 27th, 2017<\/span><span class=\"fusion-inline-sep\">|<\/span>Categories: <a href=\"https:\/\/www.yoga-federation.eu\/cz\/category\/activity\/\" rel=\"category tag\">Activity<\/a>, <a href=\"https:\/\/www.yoga-federation.eu\/cz\/category\/aktivity-v-roce-2017\/\" rel=\"category tag\">Aktivity v roce 2017<\/a>, <a href=\"https:\/\/www.yoga-federation.eu\/cz\/category\/joga-50-plus\/\" rel=\"category tag\">J\u00f3ga - 50 plus<\/a><span class=\"fusion-inline-sep\">|<\/span><span class=\"fusion-comments\"><a href=\"https:\/\/www.yoga-federation.eu\/cz\/slavnostni-zahajeni-projektu-joga-50-plus\/#respond\">0 Comments<\/a><\/span><\/div><div class=\"fusion-alignright\"><a class=\"fusion-read-more\" href=\"https:\/\/www.yoga-federation.eu\/cz\/slavnostni-zahajeni-projektu-joga-50-plus\/\">Read More<\/a><\/div><\/div><\/article>\n<article id=\"blog-1-post-2734\" class=\"fusion-post-medium post-2734 post type-post status-publish format-standard has-post-thumbnail hentry category-activity category-aktivity-v-roce-2017 category-joga-50-plus\">\n\t<style type=\"text\/css\">\n\t\t\n\t\t\n\t\t\n\t\t\n\t\t\t<\/style>\n\n\n\t\t\t<div class=\"fusion-flexslider flexslider fusion-flexslider-loading fusion-post-slideshow\" style=\"\">\n\t\t<ul class=\"slides\">\n\t\t\t\n\t\t\t\t\t\t\t\t\t\t\t\t\t\t<li>\n\n<div  class=\"fusion-image-wrapper fusion-image-size-fixed\" aria-haspopup=\"true\">\n\t\n\t\n\t\t\n\t\t\t\t\t<img loading=\"lazy\" decoding=\"async\" width=\"320\" height=\"202\" src=\"https:\/\/www.yoga-federation.eu\/wp-content\/uploads\/2017\/10\/Joga-50-Plus-zdravotni-aspekty-320x202.jpg\" class=\"attachment-blog-medium size-blog-medium lazyload wp-post-image\" alt=\"Joga 50 plus \u2013 zdravotni rozmer\" srcset=\"data:image\/svg+xml,%3Csvg%20xmlns%3D%27http%3A%2F%2Fwww.w3.org%2F2000%2Fsvg%27%20width%3D%27960%27%20height%3D%27720%27%20viewBox%3D%270%200%20960%20720%27%3E%3Crect%20width%3D%27960%27%20height%3D%273720%27%20fill-opacity%3D%220%22%2F%3E%3C%2Fsvg%3E\" data-orig-src=\"https:\/\/www.yoga-federation.eu\/wp-content\/uploads\/2017\/10\/Joga-50-Plus-zdravotni-aspekty-320x202.jpg\" data-srcset=\"https:\/\/www.yoga-federation.eu\/wp-content\/uploads\/2017\/10\/Joga-50-Plus-zdravotni-aspekty-320x202.jpg 320w, https:\/\/www.yoga-federation.eu\/wp-content\/uploads\/2017\/10\/Joga-50-Plus-zdravotni-aspekty-700x441.jpg 700w\" data-sizes=\"auto\" \/>\n\t\n\n\t\t<div class=\"fusion-rollover\">\n\t<div class=\"fusion-rollover-content\">\n\n\t\t\t\t\t\t\t\t\t\t\t\t\t\t<a class=\"fusion-rollover-link\" href=\"https:\/\/www.yoga-federation.eu\/cz\/joga-50-plus-zdravotni-rozmer\/\">J\u00f3ga 50 plus \u2013 zdravotn\u00ed rozm\u011br<\/a>\n\t\t\t\n\t\t\t\t\t\t\t\t\n\t\t\t\t\n\t\t\t\t\t\t\t\t\t\t\t\t<h4 class=\"fusion-rollover-title\">\n\t\t\t\t\t<a class=\"fusion-rollover-title-link\" href=\"https:\/\/www.yoga-federation.eu\/cz\/joga-50-plus-zdravotni-rozmer\/\">\n\t\t\t\t\t\tJ\u00f3ga 50 plus \u2013 zdravotn\u00ed rozm\u011br\t\t\t\t\t<\/a>\n\t\t\t\t<\/h4>\n\t\t\t\n\t\t\t\t\t\t\t\t\t\t\t\t\t\t<div class=\"fusion-rollover-categories\"><a href=\"https:\/\/www.yoga-federation.eu\/cz\/category\/activity\/\" rel=\"tag\">Activity<\/a>, <a href=\"https:\/\/www.yoga-federation.eu\/cz\/category\/aktivity-v-roce-2017\/\" rel=\"tag\">Aktivity v roce 2017<\/a>, <a href=\"https:\/\/www.yoga-federation.eu\/cz\/category\/joga-50-plus\/\" rel=\"tag\">J\u00f3ga - 50 plus<\/a><\/div>\t\t\t\t\t\n\t\t\n\t\t\t\t<a class=\"fusion-link-wrapper\" href=\"https:\/\/www.yoga-federation.eu\/cz\/joga-50-plus-zdravotni-rozmer\/\" aria-label=\"J\u00f3ga 50 plus \u2013 zdravotn\u00ed rozm\u011br\"><\/a>\n\t<\/div>\n<\/div>\n\n\t\n<\/div>\n<\/li>\n\t\t\t\n\t\t\t\n\t\t\t\t\t\t\t\t\t\t\t\t\t\t\t\t\t\t\t\t\t\t\t\t\t\t\t\t\t\t\t\t\t\t\t\t\t\t\t\t\t\t\t\t\t\t\t\t\t\t\t\t\t\t\t\t\t\t\t\t\t\t\t\t\t\t\t\t<\/ul>\n\t<\/div>\n\t<div class=\"fusion-post-content post-content\"><h2 class=\"blog-shortcode-post-title entry-title\"><a href=\"https:\/\/www.yoga-federation.eu\/cz\/joga-50-plus-zdravotni-rozmer\/\">J\u00f3ga 50 plus \u2013 zdravotn\u00ed rozm\u011br<\/a><\/h2><div class=\"fusion-post-content-container\"><p> \u00a0\u00a0 \u00a0 \u00a0 \u00a0 \u00a0 \u00a0Zdravotn\u00ed rozm\u011br projektu \u201eJ\u00f3ga <a href=\"https:\/\/www.yoga-federation.eu\/cz\/joga-50-plus-zdravotni-rozmer\/\"> [...]<\/a><\/p><\/div><\/div><div class=\"fusion-clearfix\"><\/div><div class=\"fusion-meta-info\"><div class=\"fusion-alignleft\">By <span class=\"vcard\"><span class=\"fn\"><a href=\"https:\/\/www.yoga-federation.eu\/cz\/author\/ana\/\" title=\"Posts by YFE\" rel=\"author\">YFE<\/a><\/span><\/span><span class=\"fusion-inline-sep\">|<\/span><span class=\"updated\" style=\"display:none;\">2018-10-23T19:10:32+00:00<\/span><span>October 27th, 2017<\/span><span class=\"fusion-inline-sep\">|<\/span>Categories: <a href=\"https:\/\/www.yoga-federation.eu\/cz\/category\/activity\/\" rel=\"category tag\">Activity<\/a>, <a href=\"https:\/\/www.yoga-federation.eu\/cz\/category\/aktivity-v-roce-2017\/\" rel=\"category tag\">Aktivity v roce 2017<\/a>, <a href=\"https:\/\/www.yoga-federation.eu\/cz\/category\/joga-50-plus\/\" rel=\"category tag\">J\u00f3ga - 50 plus<\/a><span class=\"fusion-inline-sep\">|<\/span><span class=\"fusion-comments\"><a href=\"https:\/\/www.yoga-federation.eu\/cz\/joga-50-plus-zdravotni-rozmer\/#respond\">0 Comments<\/a><\/span><\/div><div class=\"fusion-alignright\"><a class=\"fusion-read-more\" href=\"https:\/\/www.yoga-federation.eu\/cz\/joga-50-plus-zdravotni-rozmer\/\">Read More<\/a><\/div><\/div><\/article>\n<article id=\"blog-1-post-2724\" class=\"fusion-post-medium post-2724 post type-post status-publish format-standard has-post-thumbnail hentry category-activity category-aktivity-v-roce-2017 category-joga-50-plus\">\n\t<style type=\"text\/css\">\n\t\t\n\t\t\n\t\t\n\t\t\n\t\t\t<\/style>\n\n\n\t\t\t<div class=\"fusion-flexslider flexslider fusion-flexslider-loading fusion-post-slideshow\" style=\"\">\n\t\t<ul class=\"slides\">\n\t\t\t\n\t\t\t\t\t\t\t\t\t\t\t\t\t\t<li>\n\n<div  class=\"fusion-image-wrapper fusion-image-size-fixed\" aria-haspopup=\"true\">\n\t\n\t\n\t\t\n\t\t\t\t\t<img loading=\"lazy\" decoding=\"async\" width=\"320\" height=\"202\" src=\"https:\/\/www.yoga-federation.eu\/wp-content\/uploads\/2017\/10\/Joga-50-Plus-prezentace-320x202.jpg\" class=\"attachment-blog-medium size-blog-medium lazyload wp-post-image\" alt=\"\" srcset=\"data:image\/svg+xml,%3Csvg%20xmlns%3D%27http%3A%2F%2Fwww.w3.org%2F2000%2Fsvg%27%20width%3D%27960%27%20height%3D%27720%27%20viewBox%3D%270%200%20960%20720%27%3E%3Crect%20width%3D%27960%27%20height%3D%273720%27%20fill-opacity%3D%220%22%2F%3E%3C%2Fsvg%3E\" data-orig-src=\"https:\/\/www.yoga-federation.eu\/wp-content\/uploads\/2017\/10\/Joga-50-Plus-prezentace-320x202.jpg\" data-srcset=\"https:\/\/www.yoga-federation.eu\/wp-content\/uploads\/2017\/10\/Joga-50-Plus-prezentace-320x202.jpg 320w, https:\/\/www.yoga-federation.eu\/wp-content\/uploads\/2017\/10\/Joga-50-Plus-prezentace-700x441.jpg 700w\" data-sizes=\"auto\" \/>\n\t\n\n\t\t<div class=\"fusion-rollover\">\n\t<div class=\"fusion-rollover-content\">\n\n\t\t\t\t\t\t\t\t\t\t\t\t\t\t<a class=\"fusion-rollover-link\" href=\"https:\/\/www.yoga-federation.eu\/cz\/joga-50-plus-prezentace-projektu\/\">J\u00f3ga 50 plus \u2013 prezentace projektu<\/a>\n\t\t\t\n\t\t\t\t\t\t\t\t\n\t\t\t\t\n\t\t\t\t\t\t\t\t\t\t\t\t<h4 class=\"fusion-rollover-title\">\n\t\t\t\t\t<a class=\"fusion-rollover-title-link\" href=\"https:\/\/www.yoga-federation.eu\/cz\/joga-50-plus-prezentace-projektu\/\">\n\t\t\t\t\t\tJ\u00f3ga 50 plus \u2013 prezentace projektu\t\t\t\t\t<\/a>\n\t\t\t\t<\/h4>\n\t\t\t\n\t\t\t\t\t\t\t\t\t\t\t\t\t\t<div class=\"fusion-rollover-categories\"><a href=\"https:\/\/www.yoga-federation.eu\/cz\/category\/activity\/\" rel=\"tag\">Activity<\/a>, <a href=\"https:\/\/www.yoga-federation.eu\/cz\/category\/aktivity-v-roce-2017\/\" rel=\"tag\">Aktivity v roce 2017<\/a>, <a href=\"https:\/\/www.yoga-federation.eu\/cz\/category\/joga-50-plus\/\" rel=\"tag\">J\u00f3ga - 50 plus<\/a><\/div>\t\t\t\t\t\n\t\t\n\t\t\t\t<a class=\"fusion-link-wrapper\" href=\"https:\/\/www.yoga-federation.eu\/cz\/joga-50-plus-prezentace-projektu\/\" aria-label=\"J\u00f3ga 50 plus \u2013 prezentace projektu\"><\/a>\n\t<\/div>\n<\/div>\n\n\t\n<\/div>\n<\/li>\n\t\t\t\n\t\t\t\n\t\t\t\t\t\t\t\t\t\t\t\t\t\t\t\t\t\t\t\t\t\t\t\t\t\t\t\t\t\t\t\t\t\t\t\t\t\t\t\t\t\t\t\t\t\t\t\t\t\t\t\t\t\t\t\t\t\t\t\t\t\t\t\t\t\t\t\t<\/ul>\n\t<\/div>\n\t<div class=\"fusion-post-content post-content\"><h2 class=\"blog-shortcode-post-title entry-title\"><a href=\"https:\/\/www.yoga-federation.eu\/cz\/joga-50-plus-prezentace-projektu\/\">J\u00f3ga 50 plus \u2013 prezentace projektu<\/a><\/h2><div class=\"fusion-post-content-container\"><p> Psychologick\u00e9 rozm\u011bry projektu \u201eJ\u00f3ga 50 plus\u201c Na slavnostn\u00edm zah\u00e1jen\u00ed <a href=\"https:\/\/www.yoga-federation.eu\/cz\/joga-50-plus-prezentace-projektu\/\"> [...]<\/a><\/p><\/div><\/div><div class=\"fusion-clearfix\"><\/div><div class=\"fusion-meta-info\"><div class=\"fusion-alignleft\">By <span class=\"vcard\"><span class=\"fn\"><a href=\"https:\/\/www.yoga-federation.eu\/cz\/author\/ana\/\" title=\"Posts by YFE\" rel=\"author\">YFE<\/a><\/span><\/span><span class=\"fusion-inline-sep\">|<\/span><span class=\"updated\" style=\"display:none;\">2018-10-23T19:13:14+00:00<\/span><span>October 27th, 2017<\/span><span class=\"fusion-inline-sep\">|<\/span>Categories: <a href=\"https:\/\/www.yoga-federation.eu\/cz\/category\/activity\/\" rel=\"category tag\">Activity<\/a>, <a href=\"https:\/\/www.yoga-federation.eu\/cz\/category\/aktivity-v-roce-2017\/\" rel=\"category tag\">Aktivity v roce 2017<\/a>, <a href=\"https:\/\/www.yoga-federation.eu\/cz\/category\/joga-50-plus\/\" rel=\"category tag\">J\u00f3ga - 50 plus<\/a><span class=\"fusion-inline-sep\">|<\/span><span class=\"fusion-comments\"><a href=\"https:\/\/www.yoga-federation.eu\/cz\/joga-50-plus-prezentace-projektu\/#respond\">0 Comments<\/a><\/span><\/div><div class=\"fusion-alignright\"><a class=\"fusion-read-more\" href=\"https:\/\/www.yoga-federation.eu\/cz\/joga-50-plus-prezentace-projektu\/\">Read More<\/a><\/div><\/div><\/article>\n<article id=\"blog-1-post-2749\" class=\"fusion-post-medium post-2749 post type-post status-publish format-standard has-post-thumbnail hentry category-activity category-aktivity-v-roce-2017 category-joga-50-plus\">\n\t<style type=\"text\/css\">\n\t\t\n\t\t\n\t\t\n\t\t\n\t\t\t<\/style>\n\n\n\t\t\t<div class=\"fusion-flexslider flexslider fusion-flexslider-loading fusion-post-slideshow\" style=\"\">\n\t\t<ul class=\"slides\">\n\t\t\t\n\t\t\t\t\t\t\t\t\t\t\t\t\t\t<li>\n\n<div  class=\"fusion-image-wrapper fusion-image-size-fixed\" aria-haspopup=\"true\">\n\t\n\t\n\t\t\n\t\t\t\t\t<img loading=\"lazy\" decoding=\"async\" width=\"320\" height=\"202\" src=\"https:\/\/www.yoga-federation.eu\/wp-content\/uploads\/2017\/10\/joga50plusPraha9-320x202.jpg\" class=\"attachment-blog-medium size-blog-medium lazyload wp-post-image\" alt=\"\" srcset=\"data:image\/svg+xml,%3Csvg%20xmlns%3D%27http%3A%2F%2Fwww.w3.org%2F2000%2Fsvg%27%20width%3D%271600%27%20height%3D%271004%27%20viewBox%3D%270%200%201600%201004%27%3E%3Crect%20width%3D%271600%27%20height%3D%2731004%27%20fill-opacity%3D%220%22%2F%3E%3C%2Fsvg%3E\" data-orig-src=\"https:\/\/www.yoga-federation.eu\/wp-content\/uploads\/2017\/10\/joga50plusPraha9-320x202.jpg\" data-srcset=\"https:\/\/www.yoga-federation.eu\/wp-content\/uploads\/2017\/10\/joga50plusPraha9-200x126.jpg 200w, https:\/\/www.yoga-federation.eu\/wp-content\/uploads\/2017\/10\/joga50plusPraha9-300x188.jpg 300w, https:\/\/www.yoga-federation.eu\/wp-content\/uploads\/2017\/10\/joga50plusPraha9-320x202.jpg 320w, https:\/\/www.yoga-federation.eu\/wp-content\/uploads\/2017\/10\/joga50plusPraha9-400x251.jpg 400w, https:\/\/www.yoga-federation.eu\/wp-content\/uploads\/2017\/10\/joga50plusPraha9-600x377.jpg 600w, https:\/\/www.yoga-federation.eu\/wp-content\/uploads\/2017\/10\/joga50plusPraha9-700x441.jpg 700w, https:\/\/www.yoga-federation.eu\/wp-content\/uploads\/2017\/10\/joga50plusPraha9-768x482.jpg 768w, https:\/\/www.yoga-federation.eu\/wp-content\/uploads\/2017\/10\/joga50plusPraha9-800x502.jpg 800w, https:\/\/www.yoga-federation.eu\/wp-content\/uploads\/2017\/10\/joga50plusPraha9-1024x643.jpg 1024w, https:\/\/www.yoga-federation.eu\/wp-content\/uploads\/2017\/10\/joga50plusPraha9-1200x753.jpg 1200w, https:\/\/www.yoga-federation.eu\/wp-content\/uploads\/2017\/10\/joga50plusPraha9.jpg 1600w\" data-sizes=\"auto\" \/>\n\t\n\n\t\t<div class=\"fusion-rollover\">\n\t<div class=\"fusion-rollover-content\">\n\n\t\t\t\t\t\t\t\t\t\t\t\t\t\t<a class=\"fusion-rollover-link\" href=\"https:\/\/www.yoga-federation.eu\/cz\/joga-50-plus-ukazka-vybranych-technik\/\">J\u00f3ga 50 plus \u2013 uk\u00e1zka vybran\u00fdch technik<\/a>\n\t\t\t\n\t\t\t\t\t\t\t\t\n\t\t\t\t\n\t\t\t\t\t\t\t\t\t\t\t\t<h4 class=\"fusion-rollover-title\">\n\t\t\t\t\t<a class=\"fusion-rollover-title-link\" href=\"https:\/\/www.yoga-federation.eu\/cz\/joga-50-plus-ukazka-vybranych-technik\/\">\n\t\t\t\t\t\tJ\u00f3ga 50 plus \u2013 uk\u00e1zka vybran\u00fdch technik\t\t\t\t\t<\/a>\n\t\t\t\t<\/h4>\n\t\t\t\n\t\t\t\t\t\t\t\t\t\t\t\t\t\t<div class=\"fusion-rollover-categories\"><a href=\"https:\/\/www.yoga-federation.eu\/cz\/category\/activity\/\" rel=\"tag\">Activity<\/a>, <a href=\"https:\/\/www.yoga-federation.eu\/cz\/category\/aktivity-v-roce-2017\/\" rel=\"tag\">Aktivity v roce 2017<\/a>, <a href=\"https:\/\/www.yoga-federation.eu\/cz\/category\/joga-50-plus\/\" rel=\"tag\">J\u00f3ga - 50 plus<\/a><\/div>\t\t\t\t\t\n\t\t\n\t\t\t\t<a class=\"fusion-link-wrapper\" href=\"https:\/\/www.yoga-federation.eu\/cz\/joga-50-plus-ukazka-vybranych-technik\/\" aria-label=\"J\u00f3ga 50 plus \u2013 uk\u00e1zka vybran\u00fdch technik\"><\/a>\n\t<\/div>\n<\/div>\n\n\t\n<\/div>\n<\/li>\n\t\t\t\n\t\t\t\n\t\t\t\t\t\t\t\t\t\t\t\t\t\t\t\t\t\t\t\t\t\t\t\t\t\t\t\t\t\t\t\t\t\t\t\t\t\t\t\t\t\t\t\t\t\t\t\t\t\t\t\t\t\t\t\t\t\t\t\t\t\t\t\t\t\t\t\t<\/ul>\n\t<\/div>\n\t<div class=\"fusion-post-content post-content\"><h2 class=\"blog-shortcode-post-title entry-title\"><a href=\"https:\/\/www.yoga-federation.eu\/cz\/joga-50-plus-ukazka-vybranych-technik\/\">J\u00f3ga 50 plus \u2013 uk\u00e1zka vybran\u00fdch technik<\/a><\/h2><div class=\"fusion-post-content-container\"><p> \u00a0 \u00a0 Uk\u00e1zka vybran\u00fdch technik\u00a0 -\u00a0 pod veden\u00edm certifikovan\u00e9 <a href=\"https:\/\/www.yoga-federation.eu\/cz\/joga-50-plus-ukazka-vybranych-technik\/\"> [...]<\/a><\/p><\/div><\/div><div class=\"fusion-clearfix\"><\/div><div class=\"fusion-meta-info\"><div class=\"fusion-alignleft\">By <span class=\"vcard\"><span class=\"fn\"><a href=\"https:\/\/www.yoga-federation.eu\/cz\/author\/ana\/\" title=\"Posts by YFE\" rel=\"author\">YFE<\/a><\/span><\/span><span class=\"fusion-inline-sep\">|<\/span><span class=\"updated\" style=\"display:none;\">2018-10-23T19:16:15+00:00<\/span><span>October 27th, 2017<\/span><span class=\"fusion-inline-sep\">|<\/span>Categories: <a href=\"https:\/\/www.yoga-federation.eu\/cz\/category\/activity\/\" rel=\"category tag\">Activity<\/a>, <a href=\"https:\/\/www.yoga-federation.eu\/cz\/category\/aktivity-v-roce-2017\/\" rel=\"category tag\">Aktivity v roce 2017<\/a>, <a href=\"https:\/\/www.yoga-federation.eu\/cz\/category\/joga-50-plus\/\" rel=\"category tag\">J\u00f3ga - 50 plus<\/a><span class=\"fusion-inline-sep\">|<\/span><span class=\"fusion-comments\"><a href=\"https:\/\/www.yoga-federation.eu\/cz\/joga-50-plus-ukazka-vybranych-technik\/#respond\">0 Comments<\/a><\/span><\/div><div class=\"fusion-alignright\"><a class=\"fusion-read-more\" href=\"https:\/\/www.yoga-federation.eu\/cz\/joga-50-plus-ukazka-vybranych-technik\/\">Read More<\/a><\/div><\/div><\/article>\n<article id=\"blog-1-post-2746\" class=\"fusion-post-medium post-2746 post type-post status-publish format-standard has-post-thumbnail hentry category-activity category-aktivity-v-roce-2017 category-joga-50-plus\">\n\t<style type=\"text\/css\">\n\t\t\n\t\t\n\t\t\n\t\t\n\t\t\t<\/style>\n\n\n\t\t\t<div class=\"fusion-flexslider flexslider fusion-flexslider-loading fusion-post-slideshow\" style=\"\">\n\t\t<ul class=\"slides\">\n\t\t\t\n\t\t\t\t\t\t\t\t\t\t\t\t\t\t<li>\n\n<div  class=\"fusion-image-wrapper fusion-image-size-fixed\" aria-haspopup=\"true\">\n\t\n\t\n\t\t\n\t\t\t\t\t<img loading=\"lazy\" decoding=\"async\" width=\"320\" height=\"202\" src=\"https:\/\/www.yoga-federation.eu\/wp-content\/uploads\/2017\/10\/joga50plusPraha3-1-320x202.jpg\" class=\"attachment-blog-medium size-blog-medium lazyload wp-post-image\" alt=\"joga50plusPraha\" srcset=\"data:image\/svg+xml,%3Csvg%20xmlns%3D%27http%3A%2F%2Fwww.w3.org%2F2000%2Fsvg%27%20width%3D%271268%27%20height%3D%271600%27%20viewBox%3D%270%200%201268%201600%27%3E%3Crect%20width%3D%271268%27%20height%3D%2731600%27%20fill-opacity%3D%220%22%2F%3E%3C%2Fsvg%3E\" data-orig-src=\"https:\/\/www.yoga-federation.eu\/wp-content\/uploads\/2017\/10\/joga50plusPraha3-1-320x202.jpg\" data-srcset=\"https:\/\/www.yoga-federation.eu\/wp-content\/uploads\/2017\/10\/joga50plusPraha3-1-320x202.jpg 320w, https:\/\/www.yoga-federation.eu\/wp-content\/uploads\/2017\/10\/joga50plusPraha3-1-700x441.jpg 700w\" data-sizes=\"auto\" \/>\n\t\n\n\t\t<div class=\"fusion-rollover\">\n\t<div class=\"fusion-rollover-content\">\n\n\t\t\t\t\t\t\t\t\t\t\t\t\t\t<a class=\"fusion-rollover-link\" href=\"https:\/\/www.yoga-federation.eu\/cz\/diva-videnskeho-operniho-studia-na-slavnostnim-zahajeni-projektu-joga-50-plus\/\">D\u00edva v\u00edde\u0148sk\u00e9ho op\u00e9rn\u00edho studia na slavnostn\u00edm zah\u00e1jen\u00ed projektu \u201eJ\u00f3ga 50 plus\u201c<\/a>\n\t\t\t\n\t\t\t\t\t\t\t\t\n\t\t\t\t\n\t\t\t\t\t\t\t\t\t\t\t\t<h4 class=\"fusion-rollover-title\">\n\t\t\t\t\t<a class=\"fusion-rollover-title-link\" href=\"https:\/\/www.yoga-federation.eu\/cz\/diva-videnskeho-operniho-studia-na-slavnostnim-zahajeni-projektu-joga-50-plus\/\">\n\t\t\t\t\t\tD\u00edva v\u00edde\u0148sk\u00e9ho op\u00e9rn\u00edho studia na slavnostn\u00edm zah\u00e1jen\u00ed projektu \u201eJ\u00f3ga 50 plus\u201c\t\t\t\t\t<\/a>\n\t\t\t\t<\/h4>\n\t\t\t\n\t\t\t\t\t\t\t\t\t\t\t\t\t\t<div class=\"fusion-rollover-categories\"><a href=\"https:\/\/www.yoga-federation.eu\/cz\/category\/activity\/\" rel=\"tag\">Activity<\/a>, <a href=\"https:\/\/www.yoga-federation.eu\/cz\/category\/aktivity-v-roce-2017\/\" rel=\"tag\">Aktivity v roce 2017<\/a>, <a href=\"https:\/\/www.yoga-federation.eu\/cz\/category\/joga-50-plus\/\" rel=\"tag\">J\u00f3ga - 50 plus<\/a><\/div>\t\t\t\t\t\n\t\t\n\t\t\t\t<a class=\"fusion-link-wrapper\" href=\"https:\/\/www.yoga-federation.eu\/cz\/diva-videnskeho-operniho-studia-na-slavnostnim-zahajeni-projektu-joga-50-plus\/\" aria-label=\"D\u00edva v\u00edde\u0148sk\u00e9ho op\u00e9rn\u00edho studia na slavnostn\u00edm zah\u00e1jen\u00ed projektu \u201eJ\u00f3ga 50 plus\u201c\"><\/a>\n\t<\/div>\n<\/div>\n\n\t\n<\/div>\n<\/li>\n\t\t\t\n\t\t\t\n\t\t\t\t\t\t\t\t\t\t\t\t\t\t\t\t\t\t\t\t\t\t\t\t\t\t\t\t\t\t\t\t\t\t\t\t\t\t\t\t\t\t\t\t\t\t\t\t\t\t\t\t\t\t\t\t\t\t\t\t\t\t\t\t\t\t\t\t<\/ul>\n\t<\/div>\n\t<div class=\"fusion-post-content post-content\"><h2 class=\"blog-shortcode-post-title entry-title\"><a href=\"https:\/\/www.yoga-federation.eu\/cz\/diva-videnskeho-operniho-studia-na-slavnostnim-zahajeni-projektu-joga-50-plus\/\">D\u00edva v\u00edde\u0148sk\u00e9ho op\u00e9rn\u00edho studia na slavnostn\u00edm zah\u00e1jen\u00ed projektu \u201eJ\u00f3ga 50 plus\u201c<\/a><\/h2><div class=\"fusion-post-content-container\"><p> \u00a0 \u00a0 \u00a0 \u00a0 \u00a0 Ivana Jano\u0161evi\u0107, opern\u00ed zp\u011bva\u010dka <a href=\"https:\/\/www.yoga-federation.eu\/cz\/diva-videnskeho-operniho-studia-na-slavnostnim-zahajeni-projektu-joga-50-plus\/\"> [...]<\/a><\/p><\/div><\/div><div class=\"fusion-clearfix\"><\/div><div class=\"fusion-meta-info\"><div class=\"fusion-alignleft\">By <span class=\"vcard\"><span class=\"fn\"><a href=\"https:\/\/www.yoga-federation.eu\/cz\/author\/ana\/\" title=\"Posts by YFE\" rel=\"author\">YFE<\/a><\/span><\/span><span class=\"fusion-inline-sep\">|<\/span><span class=\"updated\" style=\"display:none;\">2018-10-23T19:20:48+00:00<\/span><span>October 27th, 2017<\/span><span class=\"fusion-inline-sep\">|<\/span>Categories: <a href=\"https:\/\/www.yoga-federation.eu\/cz\/category\/activity\/\" rel=\"category tag\">Activity<\/a>, <a href=\"https:\/\/www.yoga-federation.eu\/cz\/category\/aktivity-v-roce-2017\/\" rel=\"category tag\">Aktivity v roce 2017<\/a>, <a href=\"https:\/\/www.yoga-federation.eu\/cz\/category\/joga-50-plus\/\" rel=\"category tag\">J\u00f3ga - 50 plus<\/a><span class=\"fusion-inline-sep\">|<\/span><span class=\"fusion-comments\"><a href=\"https:\/\/www.yoga-federation.eu\/cz\/diva-videnskeho-operniho-studia-na-slavnostnim-zahajeni-projektu-joga-50-plus\/#respond\">0 Comments<\/a><\/span><\/div><div class=\"fusion-alignright\"><a class=\"fusion-read-more\" href=\"https:\/\/www.yoga-federation.eu\/cz\/diva-videnskeho-operniho-studia-na-slavnostnim-zahajeni-projektu-joga-50-plus\/\">Read More<\/a><\/div><\/div><\/article>\n<article id=\"blog-1-post-2359\" class=\"fusion-post-medium post-2359 post type-post status-publish format-standard has-post-thumbnail hentry category-activity category-aktivity-v-roce-2017 category-joga-50-plus category-projekty\">\n\t<style type=\"text\/css\">\n\t\t\n\t\t\n\t\t\n\t\t\n\t\t\t<\/style>\n\n\n\t\t\t<div class=\"fusion-flexslider flexslider fusion-flexslider-loading fusion-post-slideshow\" style=\"\">\n\t\t<ul class=\"slides\">\n\t\t\t\n\t\t\t\t\t\t\t\t\t\t\t\t\t\t<li>\n\n<div  class=\"fusion-image-wrapper fusion-image-size-fixed\" aria-haspopup=\"true\">\n\t\n\t\n\t\t\n\t\t\t\t\t<img loading=\"lazy\" decoding=\"async\" width=\"320\" height=\"202\" src=\"https:\/\/www.yoga-federation.eu\/wp-content\/uploads\/2017\/09\/Joga-50-plus-1-320x202.jpg\" class=\"attachment-blog-medium size-blog-medium lazyload wp-post-image\" alt=\"joga 50 plus praha\" srcset=\"data:image\/svg+xml,%3Csvg%20xmlns%3D%27http%3A%2F%2Fwww.w3.org%2F2000%2Fsvg%27%20width%3D%271600%27%20height%3D%271328%27%20viewBox%3D%270%200%201600%201328%27%3E%3Crect%20width%3D%271600%27%20height%3D%2731328%27%20fill-opacity%3D%220%22%2F%3E%3C%2Fsvg%3E\" data-orig-src=\"https:\/\/www.yoga-federation.eu\/wp-content\/uploads\/2017\/09\/Joga-50-plus-1-320x202.jpg\" data-srcset=\"https:\/\/www.yoga-federation.eu\/wp-content\/uploads\/2017\/09\/Joga-50-plus-1-320x202.jpg 320w, https:\/\/www.yoga-federation.eu\/wp-content\/uploads\/2017\/09\/Joga-50-plus-1-700x441.jpg 700w\" data-sizes=\"auto\" \/>\n\t\n\n\t\t<div class=\"fusion-rollover\">\n\t<div class=\"fusion-rollover-content\">\n\n\t\t\t\t\t\t\t\t\t\t\t\t\t\t<a class=\"fusion-rollover-link\" href=\"https:\/\/www.yoga-federation.eu\/cz\/projekt-joga-50-plus\/\">Projekt \u201eJ\u00f3ga \u2013 50 plus\u201c<\/a>\n\t\t\t\n\t\t\t\t\t\t\t\t\n\t\t\t\t\n\t\t\t\t\t\t\t\t\t\t\t\t<h4 class=\"fusion-rollover-title\">\n\t\t\t\t\t<a class=\"fusion-rollover-title-link\" href=\"https:\/\/www.yoga-federation.eu\/cz\/projekt-joga-50-plus\/\">\n\t\t\t\t\t\tProjekt \u201eJ\u00f3ga \u2013 50 plus\u201c\t\t\t\t\t<\/a>\n\t\t\t\t<\/h4>\n\t\t\t\n\t\t\t\t\t\t\t\t\t\t\t\t\t\t<div class=\"fusion-rollover-categories\"><a href=\"https:\/\/www.yoga-federation.eu\/cz\/category\/activity\/\" rel=\"tag\">Activity<\/a>, <a href=\"https:\/\/www.yoga-federation.eu\/cz\/category\/aktivity-v-roce-2017\/\" rel=\"tag\">Aktivity v roce 2017<\/a>, <a href=\"https:\/\/www.yoga-federation.eu\/cz\/category\/joga-50-plus\/\" rel=\"tag\">J\u00f3ga - 50 plus<\/a>, <a href=\"https:\/\/www.yoga-federation.eu\/cz\/category\/projekty\/\" rel=\"tag\">Projekty<\/a><\/div>\t\t\t\t\t\n\t\t\n\t\t\t\t<a class=\"fusion-link-wrapper\" href=\"https:\/\/www.yoga-federation.eu\/cz\/projekt-joga-50-plus\/\" aria-label=\"Projekt \u201eJ\u00f3ga \u2013 50 plus\u201c\"><\/a>\n\t<\/div>\n<\/div>\n\n\t\n<\/div>\n<\/li>\n\t\t\t\n\t\t\t\n\t\t\t\t\t\t\t\t\t\t\t\t\t\t\t\t\t\t\t\t\t\t\t\t\t\t\t\t\t\t\t\t\t\t\t\t\t\t\t\t\t\t\t\t\t\t\t\t\t\t\t\t\t\t\t\t\t\t\t\t\t\t\t\t\t\t\t\t<\/ul>\n\t<\/div>\n\t<div class=\"fusion-post-content post-content\"><h2 class=\"blog-shortcode-post-title entry-title\"><a href=\"https:\/\/www.yoga-federation.eu\/cz\/projekt-joga-50-plus\/\">Projekt \u201eJ\u00f3ga \u2013 50 plus\u201c<\/a><\/h2><div class=\"fusion-post-content-container\"><p> Evropsk\u00e1 federace j\u00f3gy zahajuje 15. 10. 2017 ve spolupr\u00e1ci <a href=\"https:\/\/www.yoga-federation.eu\/cz\/projekt-joga-50-plus\/\"> [...]<\/a><\/p><\/div><\/div><div class=\"fusion-clearfix\"><\/div><div class=\"fusion-meta-info\"><div class=\"fusion-alignleft\">By <span class=\"vcard\"><span class=\"fn\"><a href=\"https:\/\/www.yoga-federation.eu\/cz\/author\/ana\/\" title=\"Posts by YFE\" rel=\"author\">YFE<\/a><\/span><\/span><span class=\"fusion-inline-sep\">|<\/span><span class=\"updated\" style=\"display:none;\">2019-01-19T10:56:44+00:00<\/span><span>September 19th, 2017<\/span><span class=\"fusion-inline-sep\">|<\/span>Categories: <a href=\"https:\/\/www.yoga-federation.eu\/cz\/category\/activity\/\" rel=\"category tag\">Activity<\/a>, <a href=\"https:\/\/www.yoga-federation.eu\/cz\/category\/aktivity-v-roce-2017\/\" rel=\"category tag\">Aktivity v roce 2017<\/a>, <a href=\"https:\/\/www.yoga-federation.eu\/cz\/category\/joga-50-plus\/\" rel=\"category tag\">J\u00f3ga - 50 plus<\/a>, <a href=\"https:\/\/www.yoga-federation.eu\/cz\/category\/projekty\/\" rel=\"category tag\">Projekty<\/a><span class=\"fusion-inline-sep\">|<\/span><span class=\"fusion-comments\"><a href=\"https:\/\/www.yoga-federation.eu\/cz\/projekt-joga-50-plus\/#respond\">0 Comments<\/a><\/span><\/div><div class=\"fusion-alignright\"><a class=\"fusion-read-more\" href=\"https:\/\/www.yoga-federation.eu\/cz\/projekt-joga-50-plus\/\">Read More<\/a><\/div><\/div><\/article>\n<\/div><\/div><div class=\"fusion-clearfix\"><\/div><\/div><\/div><\/div><\/div>\n","protected":false},"excerpt":{"rendered":"","protected":false},"author":6,"featured_media":3842,"parent":0,"menu_order":0,"comment_status":"closed","ping_status":"closed","template":"","meta":{"footnotes":""},"class_list":["post-3860","page","type-page","status-publish","has-post-thumbnail","hentry"],"yoast_head":"<!-- This site is optimized with the Yoast SEO plugin v27.4 - https:\/\/yoast.com\/product\/yoast-seo-wordpress\/ -->\n<title>J\u00f3ga \u2013 50 plus - Yoga Federation of Europe<\/title>\n<meta name=\"robots\" content=\"index, follow, max-snippet:-1, max-image-preview:large, max-video-preview:-1\" \/>\n<link rel=\"canonical\" href=\"https:\/\/www.yoga-federation.eu\/cz\/joga-50-plus\/\" \/>\n<meta property=\"og:locale\" content=\"en_US\" \/>\n<meta property=\"og:type\" content=\"article\" \/>\n<meta property=\"og:title\" content=\"J\u00f3ga \u2013 50 plus - Yoga Federation of Europe\" \/>\n<meta property=\"og:url\" content=\"https:\/\/www.yoga-federation.eu\/cz\/joga-50-plus\/\" \/>\n<meta property=\"og:site_name\" content=\"Yoga Federation of Europe\" \/>\n<meta property=\"article:modified_time\" content=\"2024-03-06T18:03:49+00:00\" \/>\n<meta property=\"og:image\" content=\"http:\/\/www.yoga-federation.eu\/wp-content\/uploads\/2018\/10\/Yoga-for-Healthy-Aging.jpg\" \/>\n\t<meta property=\"og:image:width\" content=\"1600\" \/>\n\t<meta property=\"og:image:height\" content=\"820\" \/>\n\t<meta property=\"og:image:type\" content=\"image\/jpeg\" \/>\n<meta name=\"twitter:card\" content=\"summary_large_image\" \/>\n<meta name=\"twitter:label1\" content=\"Est. reading time\" \/>\n\t<meta name=\"twitter:data1\" content=\"2 minutes\" \/>\n<script type=\"application\/ld+json\" class=\"yoast-schema-graph\">{\"@context\":\"https:\\\/\\\/schema.org\",\"@graph\":[{\"@type\":\"WebPage\",\"@id\":\"https:\\\/\\\/www.yoga-federation.eu\\\/cz\\\/joga-50-plus\\\/\",\"url\":\"https:\\\/\\\/www.yoga-federation.eu\\\/cz\\\/joga-50-plus\\\/\",\"name\":\"J\u00f3ga \u2013 50 plus - Yoga Federation of Europe\",\"isPartOf\":{\"@id\":\"https:\\\/\\\/www.yoga-federation.eu\\\/#website\"},\"primaryImageOfPage\":{\"@id\":\"https:\\\/\\\/www.yoga-federation.eu\\\/cz\\\/joga-50-plus\\\/#primaryimage\"},\"image\":{\"@id\":\"https:\\\/\\\/www.yoga-federation.eu\\\/cz\\\/joga-50-plus\\\/#primaryimage\"},\"thumbnailUrl\":\"https:\\\/\\\/www.yoga-federation.eu\\\/wp-content\\\/uploads\\\/2018\\\/10\\\/Yoga-for-Healthy-Aging.jpg\",\"datePublished\":\"2018-10-16T15:00:12+00:00\",\"dateModified\":\"2024-03-06T18:03:49+00:00\",\"breadcrumb\":{\"@id\":\"https:\\\/\\\/www.yoga-federation.eu\\\/cz\\\/joga-50-plus\\\/#breadcrumb\"},\"inLanguage\":\"cz-CZ\",\"potentialAction\":[{\"@type\":\"ReadAction\",\"target\":[\"https:\\\/\\\/www.yoga-federation.eu\\\/cz\\\/joga-50-plus\\\/\"]}]},{\"@type\":\"ImageObject\",\"inLanguage\":\"cz-CZ\",\"@id\":\"https:\\\/\\\/www.yoga-federation.eu\\\/cz\\\/joga-50-plus\\\/#primaryimage\",\"url\":\"https:\\\/\\\/www.yoga-federation.eu\\\/wp-content\\\/uploads\\\/2018\\\/10\\\/Yoga-for-Healthy-Aging.jpg\",\"contentUrl\":\"https:\\\/\\\/www.yoga-federation.eu\\\/wp-content\\\/uploads\\\/2018\\\/10\\\/Yoga-for-Healthy-Aging.jpg\",\"width\":1600,\"height\":820,\"caption\":\"Joga \u2013 50 plus\"},{\"@type\":\"BreadcrumbList\",\"@id\":\"https:\\\/\\\/www.yoga-federation.eu\\\/cz\\\/joga-50-plus\\\/#breadcrumb\",\"itemListElement\":[{\"@type\":\"ListItem\",\"position\":1,\"name\":\"Home\",\"item\":\"https:\\\/\\\/www.yoga-federation.eu\\\/cz\\\/\"},{\"@type\":\"ListItem\",\"position\":2,\"name\":\"J\u00f3ga \u2013 50 plus\"}]},{\"@type\":\"WebSite\",\"@id\":\"https:\\\/\\\/www.yoga-federation.eu\\\/#website\",\"url\":\"https:\\\/\\\/www.yoga-federation.eu\\\/\",\"name\":\"Yoga Federation of Europe\",\"description\":\"Yoga in Europe\",\"potentialAction\":[{\"@type\":\"SearchAction\",\"target\":{\"@type\":\"EntryPoint\",\"urlTemplate\":\"https:\\\/\\\/www.yoga-federation.eu\\\/?s={search_term_string}\"},\"query-input\":{\"@type\":\"PropertyValueSpecification\",\"valueRequired\":true,\"valueName\":\"search_term_string\"}}],\"inLanguage\":\"cz-CZ\"}]}<\/script>\n<!-- \/ Yoast SEO plugin. -->","yoast_head_json":{"title":"J\u00f3ga \u2013 50 plus - Yoga Federation of Europe","robots":{"index":"index","follow":"follow","max-snippet":"max-snippet:-1","max-image-preview":"max-image-preview:large","max-video-preview":"max-video-preview:-1"},"canonical":"https:\/\/www.yoga-federation.eu\/cz\/joga-50-plus\/","og_locale":"en_US","og_type":"article","og_title":"J\u00f3ga \u2013 50 plus - Yoga Federation of Europe","og_url":"https:\/\/www.yoga-federation.eu\/cz\/joga-50-plus\/","og_site_name":"Yoga Federation of Europe","article_modified_time":"2024-03-06T18:03:49+00:00","og_image":[{"width":1600,"height":820,"url":"http:\/\/www.yoga-federation.eu\/wp-content\/uploads\/2018\/10\/Yoga-for-Healthy-Aging.jpg","type":"image\/jpeg"}],"twitter_card":"summary_large_image","twitter_misc":{"Est. reading time":"2 minutes"},"schema":{"@context":"https:\/\/schema.org","@graph":[{"@type":"WebPage","@id":"https:\/\/www.yoga-federation.eu\/cz\/joga-50-plus\/","url":"https:\/\/www.yoga-federation.eu\/cz\/joga-50-plus\/","name":"J\u00f3ga \u2013 50 plus - Yoga Federation of Europe","isPartOf":{"@id":"https:\/\/www.yoga-federation.eu\/#website"},"primaryImageOfPage":{"@id":"https:\/\/www.yoga-federation.eu\/cz\/joga-50-plus\/#primaryimage"},"image":{"@id":"https:\/\/www.yoga-federation.eu\/cz\/joga-50-plus\/#primaryimage"},"thumbnailUrl":"https:\/\/www.yoga-federation.eu\/wp-content\/uploads\/2018\/10\/Yoga-for-Healthy-Aging.jpg","datePublished":"2018-10-16T15:00:12+00:00","dateModified":"2024-03-06T18:03:49+00:00","breadcrumb":{"@id":"https:\/\/www.yoga-federation.eu\/cz\/joga-50-plus\/#breadcrumb"},"inLanguage":"cz-CZ","potentialAction":[{"@type":"ReadAction","target":["https:\/\/www.yoga-federation.eu\/cz\/joga-50-plus\/"]}]},{"@type":"ImageObject","inLanguage":"cz-CZ","@id":"https:\/\/www.yoga-federation.eu\/cz\/joga-50-plus\/#primaryimage","url":"https:\/\/www.yoga-federation.eu\/wp-content\/uploads\/2018\/10\/Yoga-for-Healthy-Aging.jpg","contentUrl":"https:\/\/www.yoga-federation.eu\/wp-content\/uploads\/2018\/10\/Yoga-for-Healthy-Aging.jpg","width":1600,"height":820,"caption":"Joga \u2013 50 plus"},{"@type":"BreadcrumbList","@id":"https:\/\/www.yoga-federation.eu\/cz\/joga-50-plus\/#breadcrumb","itemListElement":[{"@type":"ListItem","position":1,"name":"Home","item":"https:\/\/www.yoga-federation.eu\/cz\/"},{"@type":"ListItem","position":2,"name":"J\u00f3ga \u2013 50 plus"}]},{"@type":"WebSite","@id":"https:\/\/www.yoga-federation.eu\/#website","url":"https:\/\/www.yoga-federation.eu\/","name":"Yoga Federation of Europe","description":"Yoga in Europe","potentialAction":[{"@type":"SearchAction","target":{"@type":"EntryPoint","urlTemplate":"https:\/\/www.yoga-federation.eu\/?s={search_term_string}"},"query-input":{"@type":"PropertyValueSpecification","valueRequired":true,"valueName":"search_term_string"}}],"inLanguage":"cz-CZ"}]}},"_links":{"self":[{"href":"https:\/\/www.yoga-federation.eu\/cz\/wp-json\/wp\/v2\/pages\/3860","targetHints":{"allow":["GET"]}}],"collection":[{"href":"https:\/\/www.yoga-federation.eu\/cz\/wp-json\/wp\/v2\/pages"}],"about":[{"href":"https:\/\/www.yoga-federation.eu\/cz\/wp-json\/wp\/v2\/types\/page"}],"author":[{"embeddable":true,"href":"https:\/\/www.yoga-federation.eu\/cz\/wp-json\/wp\/v2\/users\/6"}],"replies":[{"embeddable":true,"href":"https:\/\/www.yoga-federation.eu\/cz\/wp-json\/wp\/v2\/comments?post=3860"}],"version-history":[{"count":1,"href":"https:\/\/www.yoga-federation.eu\/cz\/wp-json\/wp\/v2\/pages\/3860\/revisions"}],"predecessor-version":[{"id":7011,"href":"https:\/\/www.yoga-federation.eu\/cz\/wp-json\/wp\/v2\/pages\/3860\/revisions\/7011"}],"wp:featuredmedia":[{"embeddable":true,"href":"https:\/\/www.yoga-federation.eu\/cz\/wp-json\/wp\/v2\/media\/3842"}],"wp:attachment":[{"href":"https:\/\/www.yoga-federation.eu\/cz\/wp-json\/wp\/v2\/media?parent=3860"}],"curies":[{"name":"wp","href":"https:\/\/api.w.org\/{rel}","templated":true}]}}