{"id":3852,"date":"2018-10-16T14:36:22","date_gmt":"2018-10-16T14:36:22","guid":{"rendered":"https:\/\/www.yoga-federation.eu\/?page_id=3852"},"modified":"2018-10-16T14:44:19","modified_gmt":"2018-10-16T14:44:19","slug":"joga-prace-2019","status":"publish","type":"page","link":"https:\/\/www.yoga-federation.eu\/cz\/joga-prace-2019\/","title":{"rendered":"J\u00f3ga pr\u00e1ce"},"content":{"rendered":"<div class=\"fusion-fullwidth fullwidth-box fusion-builder-row-1 nonhundred-percent-fullwidth non-hundred-percent-height-scrolling\" style=\"background-color: rgba(255,255,255,0);background-position: center center;background-repeat: no-repeat;padding-top:0px;padding-right:0px;padding-bottom:0px;padding-left:0px;margin-bottom: 0px;margin-top: 0px;border-width: 0px 0px 0px 0px;border-color:#eae9e9;border-style:solid;\" ><div class=\"fusion-builder-row fusion-row\"><div class=\"fusion-layout-column fusion_builder_column fusion-builder-column-0 fusion_builder_column_1_1 1_1 fusion-one-full fusion-column-first fusion-column-last\" style=\"margin-top:0px;margin-bottom:20px;\"><div class=\"fusion-column-wrapper fusion-flex-column-wrapper-legacy\" style=\"background-position:left top;background-repeat:no-repeat;-webkit-background-size:cover;-moz-background-size:cover;-o-background-size:cover;background-size:cover;padding: 0px 0px 0px 0px;\"><div class=\"fusion-text fusion-text-1\"><p style=\"text-align: center;\"><strong>Podpora slu\u017eeb Evropsk\u00e9 federace j\u00f3gy\u00a0p\u0159i hled\u00e1n\u00ed pr\u00e1ce pro instruktory j\u00f3gy<\/strong><\/p>\n<p style=\"text-align: center;\">PRACOVN\u00cd P\u0158\u00cdLE\u017dITOSTI PRO INSTRUKTORY J\u00d3GY (V R\u00c1MCI EVROPSK\u00c9 UNIE)<\/p>\n<p>Z d\u016fvod\u016f st\u00e1le se zvy\u0161uj\u00edc\u00ed pot\u0159eby iniciovala Evropsk\u00e1 federace j\u00f3gy slu\u017ebu, kter\u00e1 podpo\u0159\u00ed mobilitu a v\u00fdm\u011bnu odborn\u00fdch znalost\u00ed a zku\u0161enost\u00ed instruktor\u016f j\u00f3gy nap\u0159\u00ed\u010d celou Evropskou uni\u00ed. Podpora slu\u017eeb Evropsk\u00e9 federace j\u00f3gy p\u0159i hled\u00e1n\u00ed zam\u011bstn\u00e1n\u00ed pro instruktory je zdarma. Na tomto port\u00e1lu najdete seznam v\u00fdb\u011brov\u00fdch \u0159\u00edzen\u00ed, stejn\u011b jako pracovn\u00ed podm\u00ednky.<\/p>\n<p><strong>P\u0159edpoklady<\/strong><\/p>\n<p>Vedle obecn\u00fdch pr\u00e1vn\u00edch p\u0159edpoklad\u016f t\u00fdkaj\u00edc\u00edch se pr\u00e1va na pr\u00e1ci je zapot\u0159eb\u00ed, aby v\u0161ichni kandid\u00e1ti m\u011bli na v\u011bdom\u00ed n\u00e1sleduj\u00edc\u00ed. K tomu, abyste se mohl\/a p\u0159ihl\u00e1sit na n\u011bkter\u00fd z n\u00e1sleduj\u00edc\u00edch kurz\u016f, mus\u00edte:<br \/>\n&#8211; vlastnit certifik\u00e1t\/diplom\/potvrzen\u00ed o tom, \u017ee jste absolvoval\/a kurz pro instruktory j\u00f3gy (200\u2013240 hodin). P\u0159\u00edslu\u0161n\u00fd dokument vyd\u00e1v\u00e1 organizace (\u0161kola), kter\u00e1 m\u00e1 n\u00e1rodn\u00ed akreditaci (schv\u00e1len\u00ed p\u0159\u00edslu\u0161n\u00e9ho ministerstva) pro veden\u00ed vzd\u011bl\u00e1v\u00e1n\u00ed v oblasti j\u00f3gy.<br \/>\n&#8211; m\u00edt zdravotn\u00ed zp\u016fsobilost.<\/p>\n<p><a href=\"https:\/\/www.yoga-federation.eu\/wp-content\/uploads\/2017\/10\/lekce-jogy-praha.jpg\"><img loading=\"lazy\" decoding=\"async\" class=\"lazyload size-large wp-image-2494 aligncenter\" src=\"https:\/\/www.yoga-federation.eu\/wp-content\/uploads\/2017\/10\/lekce-jogy-praha-1024x391.jpg\" data-orig-src=\"https:\/\/www.yoga-federation.eu\/wp-content\/uploads\/2017\/10\/lekce-jogy-praha-1024x391.jpg\" alt=\"\" width=\"1024\" height=\"391\" srcset=\"data:image\/svg+xml,%3Csvg%20xmlns%3D%27http%3A%2F%2Fwww.w3.org%2F2000%2Fsvg%27%20width%3D%271024%27%20height%3D%27391%27%20viewBox%3D%270%200%201024%20391%27%3E%3Crect%20width%3D%271024%27%20height%3D%273391%27%20fill-opacity%3D%220%22%2F%3E%3C%2Fsvg%3E\" data-srcset=\"https:\/\/www.yoga-federation.eu\/wp-content\/uploads\/2017\/10\/lekce-jogy-praha-200x76.jpg 200w, https:\/\/www.yoga-federation.eu\/wp-content\/uploads\/2017\/10\/lekce-jogy-praha-300x115.jpg 300w, https:\/\/www.yoga-federation.eu\/wp-content\/uploads\/2017\/10\/lekce-jogy-praha-400x153.jpg 400w, https:\/\/www.yoga-federation.eu\/wp-content\/uploads\/2017\/10\/lekce-jogy-praha-600x229.jpg 600w, https:\/\/www.yoga-federation.eu\/wp-content\/uploads\/2017\/10\/lekce-jogy-praha-768x293.jpg 768w, https:\/\/www.yoga-federation.eu\/wp-content\/uploads\/2017\/10\/lekce-jogy-praha-800x306.jpg 800w, https:\/\/www.yoga-federation.eu\/wp-content\/uploads\/2017\/10\/lekce-jogy-praha-1024x391.jpg 1024w, https:\/\/www.yoga-federation.eu\/wp-content\/uploads\/2017\/10\/lekce-jogy-praha-1200x458.jpg 1200w, https:\/\/www.yoga-federation.eu\/wp-content\/uploads\/2017\/10\/lekce-jogy-praha.jpg 1600w\" data-sizes=\"auto\" data-orig-sizes=\"auto, (max-width: 1024px) 100vw, 1024px\" \/><\/a><\/p>\n<p><strong>Protokol:<\/strong><\/p>\n<ul>\n<li>Dob\u0159e si pro\u010dt\u011bte podm\u00ednky v\u00fdb\u011brov\u00e9ho \u0159\u00edzen\u00ed, napi\u0161te motiva\u010dn\u00ed dopis (v n\u011bm uve\u010fte, na kter\u00e9 v\u00fdb\u011brov\u00e9 \u0159\u00edzen\u00ed se hl\u00e1s\u00edte), p\u0159ilo\u017ete naskenovan\u00fd diplom a \u017eivotopis (Curriculum vitae). <strong>Ve stanoven\u00e9 lh\u016ft\u011b pak za\u0161lete prost\u0159ednictv\u00edm e-mailu na adresu: yoga.yfe@gmail.com<\/strong><\/li>\n<li>Do 15 dn\u016f obdr\u017e\u00edte odpov\u011b\u010f, zdali jste byli p\u0159\u00edslu\u0161n\u00fdm zam\u011bstnavatelem pozv\u00e1ni do druh\u00e9ho kola v\u00fdb\u011brov\u00e9ho \u0159\u00edzen\u00ed.<\/li>\n<li>V druh\u00e9m kole se spoj\u00edte se zam\u011bstnavatelem formou pohovoru p\u0159es Skype, v jeho\u017e pr\u016fb\u011bhu se, ji\u017e bez na\u0161eho dal\u0161\u00edho z\u00e1sahu, m\u016f\u017eete doty\u010dn\u00e9 osoby zeptat na ot\u00e1zky, kter\u00e9 V\u00e1s budou zaj\u00edmat. Tento pohovor zam\u011bstnavateli pom\u016f\u017ee p\u0159i rozhodov\u00e1n\u00ed, koho si na volnou pozici zvol\u00ed. Upozor\u0148ujeme, \u017ee pohovor je jedine\u010dn\u00fd prostor k tomu, abyste se i Vy sezn\u00e1mili s \u0159adou podstatn\u00fdch fakt\u016f, kup\u0159. s podm\u00ednkami p\u0159ijet\u00ed, se zam\u011bstnavatelem a jeho referencemi, vizemi, pl\u00e1ny do budoucna, uvid\u00edte, jak na V\u00e1s zam\u011bstnavatel p\u016fsob\u00ed jako \u010dlov\u011bk apod., co\u017e V\u00e1m velkou m\u011brou usnadn\u00ed Va\u0161e rozhodov\u00e1n\u00ed. Nezapome\u0148te na to, \u017ee iniciujete rozhovor o v\u00fd\u0161i Va\u0161eho platu a m\u00ed\u0159e Va\u0161eho pracovn\u00edho nasazen\u00ed. Proto doporu\u010dujeme, abyste od zam\u011bstnavatele vy\u017eadovali n\u00e1vrh smlouvy, kter\u00fd je n\u00e1sledn\u011b zapot\u0159eb\u00ed n\u011bkolikr\u00e1t pozorn\u011b prostudovat. Smlouva je n\u00e1vrh, tedy i Vy m\u00e1te pr\u00e1vo debatovat o podm\u00ednk\u00e1ch a po\u017eadavc\u00edch uveden\u00fdch v tomto dokumentu.\u00a0Ve smlouv\u011b mus\u00ed b\u00fdt uvedena \u010d\u00e1stka \u010dist\u00e9ho zisku (honor\u00e1\u0159), po\u010det hodin, kter\u00fd mus\u00edte odpracovat za jeden m\u011bs\u00edc, a term\u00edn n\u00e1stupu.<\/li>\n<li>Po podeps\u00e1n\u00ed smlouvy n\u00e1s, pros\u00edm, informujte o tom, \u017ee jste za\u010dal\/a pracovat, stejn\u011b jako o tom, jsou-li podm\u00ednky, na nich\u017e jste se dohodli, poctiv\u011b dodr\u017eov\u00e1ny.<\/li>\n<\/ul>\n<\/div><div class=\"fusion-text fusion-text-2\"><h3 style=\"text-align: center;\"><a href=\"https:\/\/www.yoga-federation.eu\/yoga-jobs\/\"><span style=\"color: #0000ff;\"><strong>V\u00edce informac\u00ed viz: <span style=\"color: #0000ff;\">NAB\u00cdDKA ZAM\u011aSTN\u00c1N\u00cd PRO INSTRUKTORY J\u00d3GY (V R\u00c1MCI EVROPSK\u00c9 UNIE)<\/span><\/strong><\/span><\/a><\/h3>\n<\/div><div class=\"fusion-clearfix\"><\/div><\/div><\/div><\/div><\/div>\n","protected":false},"excerpt":{"rendered":"","protected":false},"author":6,"featured_media":2494,"parent":0,"menu_order":0,"comment_status":"closed","ping_status":"closed","template":"","meta":{"footnotes":""},"class_list":["post-3852","page","type-page","status-publish","has-post-thumbnail","hentry"],"yoast_head":"<!-- This site is optimized with the Yoast SEO plugin v27.4 - https:\/\/yoast.com\/product\/yoast-seo-wordpress\/ -->\n<title>J\u00f3ga pr\u00e1ce - Yoga Federation of Europe<\/title>\n<meta name=\"description\" content=\"Podpora slu\u017eeb Evropsk\u00e9 federace j\u00f3gy p\u0159i hled\u00e1n\u00ed pr\u00e1ce pro instruktory j\u00f3gy\" \/>\n<meta name=\"robots\" content=\"index, follow, max-snippet:-1, max-image-preview:large, max-video-preview:-1\" \/>\n<link rel=\"canonical\" href=\"https:\/\/www.yoga-federation.eu\/cz\/joga-prace-2019\/\" \/>\n<meta property=\"og:locale\" content=\"en_US\" \/>\n<meta property=\"og:type\" content=\"article\" \/>\n<meta property=\"og:title\" content=\"J\u00f3ga pr\u00e1ce - Yoga Federation of Europe\" \/>\n<meta property=\"og:description\" content=\"Podpora slu\u017eeb Evropsk\u00e9 federace j\u00f3gy p\u0159i hled\u00e1n\u00ed pr\u00e1ce pro instruktory j\u00f3gy\" \/>\n<meta property=\"og:url\" content=\"https:\/\/www.yoga-federation.eu\/cz\/joga-prace-2019\/\" \/>\n<meta property=\"og:site_name\" content=\"Yoga Federation of Europe\" \/>\n<meta property=\"article:modified_time\" content=\"2018-10-16T14:44:19+00:00\" \/>\n<meta property=\"og:image\" content=\"https:\/\/www.yoga-federation.eu\/wp-content\/uploads\/2017\/10\/lekce-jogy-praha.jpg\" \/>\n\t<meta property=\"og:image:width\" content=\"1600\" \/>\n\t<meta property=\"og:image:height\" content=\"611\" \/>\n\t<meta property=\"og:image:type\" content=\"image\/jpeg\" \/>\n<meta name=\"twitter:card\" content=\"summary_large_image\" \/>\n<meta name=\"twitter:label1\" content=\"Est. reading time\" \/>\n\t<meta name=\"twitter:data1\" content=\"4 minutes\" \/>\n<script type=\"application\/ld+json\" class=\"yoast-schema-graph\">{\"@context\":\"https:\\\/\\\/schema.org\",\"@graph\":[{\"@type\":\"WebPage\",\"@id\":\"https:\\\/\\\/www.yoga-federation.eu\\\/cz\\\/joga-prace-2019\\\/\",\"url\":\"https:\\\/\\\/www.yoga-federation.eu\\\/cz\\\/joga-prace-2019\\\/\",\"name\":\"J\u00f3ga pr\u00e1ce - Yoga Federation of Europe\",\"isPartOf\":{\"@id\":\"https:\\\/\\\/www.yoga-federation.eu\\\/#website\"},\"primaryImageOfPage\":{\"@id\":\"https:\\\/\\\/www.yoga-federation.eu\\\/cz\\\/joga-prace-2019\\\/#primaryimage\"},\"image\":{\"@id\":\"https:\\\/\\\/www.yoga-federation.eu\\\/cz\\\/joga-prace-2019\\\/#primaryimage\"},\"thumbnailUrl\":\"https:\\\/\\\/www.yoga-federation.eu\\\/wp-content\\\/uploads\\\/2017\\\/10\\\/lekce-jogy-praha.jpg\",\"datePublished\":\"2018-10-16T14:36:22+00:00\",\"dateModified\":\"2018-10-16T14:44:19+00:00\",\"description\":\"Podpora slu\u017eeb Evropsk\u00e9 federace j\u00f3gy p\u0159i hled\u00e1n\u00ed pr\u00e1ce pro instruktory j\u00f3gy\",\"breadcrumb\":{\"@id\":\"https:\\\/\\\/www.yoga-federation.eu\\\/cz\\\/joga-prace-2019\\\/#breadcrumb\"},\"inLanguage\":\"cz-CZ\",\"potentialAction\":[{\"@type\":\"ReadAction\",\"target\":[\"https:\\\/\\\/www.yoga-federation.eu\\\/cz\\\/joga-prace-2019\\\/\"]}]},{\"@type\":\"ImageObject\",\"inLanguage\":\"cz-CZ\",\"@id\":\"https:\\\/\\\/www.yoga-federation.eu\\\/cz\\\/joga-prace-2019\\\/#primaryimage\",\"url\":\"https:\\\/\\\/www.yoga-federation.eu\\\/wp-content\\\/uploads\\\/2017\\\/10\\\/lekce-jogy-praha.jpg\",\"contentUrl\":\"https:\\\/\\\/www.yoga-federation.eu\\\/wp-content\\\/uploads\\\/2017\\\/10\\\/lekce-jogy-praha.jpg\",\"width\":1600,\"height\":611},{\"@type\":\"BreadcrumbList\",\"@id\":\"https:\\\/\\\/www.yoga-federation.eu\\\/cz\\\/joga-prace-2019\\\/#breadcrumb\",\"itemListElement\":[{\"@type\":\"ListItem\",\"position\":1,\"name\":\"Home\",\"item\":\"https:\\\/\\\/www.yoga-federation.eu\\\/cz\\\/\"},{\"@type\":\"ListItem\",\"position\":2,\"name\":\"J\u00f3ga pr\u00e1ce\"}]},{\"@type\":\"WebSite\",\"@id\":\"https:\\\/\\\/www.yoga-federation.eu\\\/#website\",\"url\":\"https:\\\/\\\/www.yoga-federation.eu\\\/\",\"name\":\"Yoga Federation of Europe\",\"description\":\"Yoga in Europe\",\"potentialAction\":[{\"@type\":\"SearchAction\",\"target\":{\"@type\":\"EntryPoint\",\"urlTemplate\":\"https:\\\/\\\/www.yoga-federation.eu\\\/?s={search_term_string}\"},\"query-input\":{\"@type\":\"PropertyValueSpecification\",\"valueRequired\":true,\"valueName\":\"search_term_string\"}}],\"inLanguage\":\"cz-CZ\"}]}<\/script>\n<!-- \/ Yoast SEO plugin. -->","yoast_head_json":{"title":"J\u00f3ga pr\u00e1ce - Yoga Federation of Europe","description":"Podpora slu\u017eeb Evropsk\u00e9 federace j\u00f3gy p\u0159i hled\u00e1n\u00ed pr\u00e1ce pro instruktory j\u00f3gy","robots":{"index":"index","follow":"follow","max-snippet":"max-snippet:-1","max-image-preview":"max-image-preview:large","max-video-preview":"max-video-preview:-1"},"canonical":"https:\/\/www.yoga-federation.eu\/cz\/joga-prace-2019\/","og_locale":"en_US","og_type":"article","og_title":"J\u00f3ga pr\u00e1ce - Yoga Federation of Europe","og_description":"Podpora slu\u017eeb Evropsk\u00e9 federace j\u00f3gy p\u0159i hled\u00e1n\u00ed pr\u00e1ce pro instruktory j\u00f3gy","og_url":"https:\/\/www.yoga-federation.eu\/cz\/joga-prace-2019\/","og_site_name":"Yoga Federation of Europe","article_modified_time":"2018-10-16T14:44:19+00:00","og_image":[{"width":1600,"height":611,"url":"https:\/\/www.yoga-federation.eu\/wp-content\/uploads\/2017\/10\/lekce-jogy-praha.jpg","type":"image\/jpeg"}],"twitter_card":"summary_large_image","twitter_misc":{"Est. reading time":"4 minutes"},"schema":{"@context":"https:\/\/schema.org","@graph":[{"@type":"WebPage","@id":"https:\/\/www.yoga-federation.eu\/cz\/joga-prace-2019\/","url":"https:\/\/www.yoga-federation.eu\/cz\/joga-prace-2019\/","name":"J\u00f3ga pr\u00e1ce - Yoga Federation of Europe","isPartOf":{"@id":"https:\/\/www.yoga-federation.eu\/#website"},"primaryImageOfPage":{"@id":"https:\/\/www.yoga-federation.eu\/cz\/joga-prace-2019\/#primaryimage"},"image":{"@id":"https:\/\/www.yoga-federation.eu\/cz\/joga-prace-2019\/#primaryimage"},"thumbnailUrl":"https:\/\/www.yoga-federation.eu\/wp-content\/uploads\/2017\/10\/lekce-jogy-praha.jpg","datePublished":"2018-10-16T14:36:22+00:00","dateModified":"2018-10-16T14:44:19+00:00","description":"Podpora slu\u017eeb Evropsk\u00e9 federace j\u00f3gy p\u0159i hled\u00e1n\u00ed pr\u00e1ce pro instruktory j\u00f3gy","breadcrumb":{"@id":"https:\/\/www.yoga-federation.eu\/cz\/joga-prace-2019\/#breadcrumb"},"inLanguage":"cz-CZ","potentialAction":[{"@type":"ReadAction","target":["https:\/\/www.yoga-federation.eu\/cz\/joga-prace-2019\/"]}]},{"@type":"ImageObject","inLanguage":"cz-CZ","@id":"https:\/\/www.yoga-federation.eu\/cz\/joga-prace-2019\/#primaryimage","url":"https:\/\/www.yoga-federation.eu\/wp-content\/uploads\/2017\/10\/lekce-jogy-praha.jpg","contentUrl":"https:\/\/www.yoga-federation.eu\/wp-content\/uploads\/2017\/10\/lekce-jogy-praha.jpg","width":1600,"height":611},{"@type":"BreadcrumbList","@id":"https:\/\/www.yoga-federation.eu\/cz\/joga-prace-2019\/#breadcrumb","itemListElement":[{"@type":"ListItem","position":1,"name":"Home","item":"https:\/\/www.yoga-federation.eu\/cz\/"},{"@type":"ListItem","position":2,"name":"J\u00f3ga pr\u00e1ce"}]},{"@type":"WebSite","@id":"https:\/\/www.yoga-federation.eu\/#website","url":"https:\/\/www.yoga-federation.eu\/","name":"Yoga Federation of Europe","description":"Yoga in Europe","potentialAction":[{"@type":"SearchAction","target":{"@type":"EntryPoint","urlTemplate":"https:\/\/www.yoga-federation.eu\/?s={search_term_string}"},"query-input":{"@type":"PropertyValueSpecification","valueRequired":true,"valueName":"search_term_string"}}],"inLanguage":"cz-CZ"}]}},"_links":{"self":[{"href":"https:\/\/www.yoga-federation.eu\/cz\/wp-json\/wp\/v2\/pages\/3852","targetHints":{"allow":["GET"]}}],"collection":[{"href":"https:\/\/www.yoga-federation.eu\/cz\/wp-json\/wp\/v2\/pages"}],"about":[{"href":"https:\/\/www.yoga-federation.eu\/cz\/wp-json\/wp\/v2\/types\/page"}],"author":[{"embeddable":true,"href":"https:\/\/www.yoga-federation.eu\/cz\/wp-json\/wp\/v2\/users\/6"}],"replies":[{"embeddable":true,"href":"https:\/\/www.yoga-federation.eu\/cz\/wp-json\/wp\/v2\/comments?post=3852"}],"version-history":[{"count":0,"href":"https:\/\/www.yoga-federation.eu\/cz\/wp-json\/wp\/v2\/pages\/3852\/revisions"}],"wp:featuredmedia":[{"embeddable":true,"href":"https:\/\/www.yoga-federation.eu\/cz\/wp-json\/wp\/v2\/media\/2494"}],"wp:attachment":[{"href":"https:\/\/www.yoga-federation.eu\/cz\/wp-json\/wp\/v2\/media?parent=3852"}],"curies":[{"name":"wp","href":"https:\/\/api.w.org\/{rel}","templated":true}]}}