{"id":3137,"date":"2018-05-02T22:54:18","date_gmt":"2018-05-02T22:54:18","guid":{"rendered":"https:\/\/www.yoga-federation.eu\/?page_id=3137"},"modified":"2018-10-16T14:53:28","modified_gmt":"2018-10-16T14:53:28","slug":"aktivity-v-roce-2018","status":"publish","type":"page","link":"https:\/\/www.yoga-federation.eu\/cz\/aktivity-v-roce-2018\/","title":{"rendered":"Aktivity v roce 2018"},"content":{"rendered":"<div class=\"fusion-fullwidth fullwidth-box fusion-builder-row-1 nonhundred-percent-fullwidth non-hundred-percent-height-scrolling\" style=\"background-color: rgba(255,255,255,0);background-position: center center;background-repeat: no-repeat;padding-top:0px;padding-right:0px;padding-bottom:0px;padding-left:0px;margin-bottom: 0px;margin-top: 0px;border-width: 0px 0px 0px 0px;border-color:#eae9e9;border-style:solid;\" ><div class=\"fusion-builder-row fusion-row\"><div class=\"fusion-layout-column fusion_builder_column fusion-builder-column-0 fusion_builder_column_1_1 1_1 fusion-one-full fusion-column-first fusion-column-last\" style=\"margin-top:0px;margin-bottom:20px;\"><div class=\"fusion-column-wrapper fusion-flex-column-wrapper-legacy\" style=\"background-position:left top;background-repeat:no-repeat;-webkit-background-size:cover;-moz-background-size:cover;-o-background-size:cover;background-size:cover;padding: 0px 0px 0px 0px;\"><div class=\"fusion-blog-shortcode fusion-blog-shortcode-1 fusion-blog-archive fusion-blog-layout-medium fusion-blog-pagination\"><div class=\"fusion-posts-container fusion-posts-container-pagination fusion-blog-rollover\" data-pages=\"2\"><article id=\"blog-1-post-3890\" class=\"fusion-post-medium post-3890 post type-post status-publish format-standard has-post-thumbnail hentry category-activity category-aktivity-v-roce-2018 category-aktivity-v-roce-2019 category-odborne-seminare category-uncategorized-cz\">\n\t<style type=\"text\/css\">\n\t\t\n\t\t\n\t\t\n\t\t\n\t\t\t<\/style>\n\n\n\t\t\t<div class=\"fusion-flexslider flexslider fusion-flexslider-loading fusion-post-slideshow\" style=\"\">\n\t\t<ul class=\"slides\">\n\t\t\t\n\t\t\t\t\t\t\t\t\t\t\t\t\t\t<li>\n\n<div  class=\"fusion-image-wrapper fusion-image-size-fixed\" aria-haspopup=\"true\">\n\t\n\t\n\t\t\n\t\t\t\t\t<img loading=\"lazy\" decoding=\"async\" width=\"320\" height=\"202\" src=\"https:\/\/www.yoga-federation.eu\/wp-content\/uploads\/2018\/10\/Korporativn\u00ed-j\u00f3ga-320x202.jpg\" class=\"attachment-blog-medium size-blog-medium lazyload wp-post-image\" alt=\"Korporativni joga\" srcset=\"data:image\/svg+xml,%3Csvg%20xmlns%3D%27http%3A%2F%2Fwww.w3.org%2F2000%2Fsvg%27%20width%3D%271600%27%20height%3D%271131%27%20viewBox%3D%270%200%201600%201131%27%3E%3Crect%20width%3D%271600%27%20height%3D%2731131%27%20fill-opacity%3D%220%22%2F%3E%3C%2Fsvg%3E\" data-orig-src=\"https:\/\/www.yoga-federation.eu\/wp-content\/uploads\/2018\/10\/Korporativn\u00ed-j\u00f3ga-320x202.jpg\" data-srcset=\"https:\/\/www.yoga-federation.eu\/wp-content\/uploads\/2018\/10\/Korporativn\u00ed-j\u00f3ga-320x202.jpg 320w, https:\/\/www.yoga-federation.eu\/wp-content\/uploads\/2018\/10\/Korporativn\u00ed-j\u00f3ga-700x441.jpg 700w\" data-sizes=\"auto\" \/>\n\t\n\n\t\t<div class=\"fusion-rollover\">\n\t<div class=\"fusion-rollover-content\">\n\n\t\t\t\t\t\t\t\t\t\t\t\t\t\t<a class=\"fusion-rollover-link\" href=\"https:\/\/www.yoga-federation.eu\/cz\/korporativni-joga-kurs-urceny-instruktorum-jogy\/\">Korporativn\u00ed j\u00f3ga \u2013 kurs ur\u010den\u00fd instruktor\u016fm j\u00f3gy<\/a>\n\t\t\t\n\t\t\t\t\t\t\t\t\n\t\t\t\t\n\t\t\t\t\t\t\t\t\t\t\t\t<h4 class=\"fusion-rollover-title\">\n\t\t\t\t\t<a class=\"fusion-rollover-title-link\" href=\"https:\/\/www.yoga-federation.eu\/cz\/korporativni-joga-kurs-urceny-instruktorum-jogy\/\">\n\t\t\t\t\t\tKorporativn\u00ed j\u00f3ga \u2013 kurs ur\u010den\u00fd instruktor\u016fm j\u00f3gy\t\t\t\t\t<\/a>\n\t\t\t\t<\/h4>\n\t\t\t\n\t\t\t\t\t\t\t\t\t\t\t\t\t\t<div class=\"fusion-rollover-categories\"><a href=\"https:\/\/www.yoga-federation.eu\/cz\/category\/activity\/\" rel=\"tag\">Activity<\/a>, <a href=\"https:\/\/www.yoga-federation.eu\/cz\/category\/aktivity-v-roce-2018\/\" rel=\"tag\">Aktivity v roce 2018<\/a>, <a href=\"https:\/\/www.yoga-federation.eu\/cz\/category\/aktivity-v-roce-2019\/\" rel=\"tag\">Aktivity v roce 2019<\/a>, <a href=\"https:\/\/www.yoga-federation.eu\/cz\/category\/odborne-seminare\/\" rel=\"tag\">Odborn\u00e9 semin\u00e1\u0159e<\/a>, <a href=\"https:\/\/www.yoga-federation.eu\/cz\/category\/uncategorized-cz\/\" rel=\"tag\">Uncategorized<\/a><\/div>\t\t\t\t\t\n\t\t\n\t\t\t\t<a class=\"fusion-link-wrapper\" href=\"https:\/\/www.yoga-federation.eu\/cz\/korporativni-joga-kurs-urceny-instruktorum-jogy\/\" aria-label=\"Korporativn\u00ed j\u00f3ga \u2013 kurs ur\u010den\u00fd instruktor\u016fm j\u00f3gy\"><\/a>\n\t<\/div>\n<\/div>\n\n\t\n<\/div>\n<\/li>\n\t\t\t\n\t\t\t\n\t\t\t\t\t\t\t\t\t\t\t\t\t\t\t\t\t\t\t\t\t\t\t\t\t\t\t\t\t\t\t\t\t\t\t\t\t\t\t\t\t\t\t\t\t\t\t\t\t\t\t\t\t\t\t\t\t\t\t\t\t\t\t\t\t\t\t\t<\/ul>\n\t<\/div>\n\t<div class=\"fusion-post-content post-content\"><h2 class=\"blog-shortcode-post-title entry-title\"><a href=\"https:\/\/www.yoga-federation.eu\/cz\/korporativni-joga-kurs-urceny-instruktorum-jogy\/\">Korporativn\u00ed j\u00f3ga \u2013 kurs ur\u010den\u00fd instruktor\u016fm j\u00f3gy<\/a><\/h2><div class=\"fusion-post-content-container\"><p> Specializovan\u00fd kurz:\u00a0Korporativn\u00ed j\u00f3ga \u2013 kurz ur\u010den\u00fd instruktor\u016fm j\u00f3gy Z\u00e1pis <a href=\"https:\/\/www.yoga-federation.eu\/cz\/korporativni-joga-kurs-urceny-instruktorum-jogy\/\"> [...]<\/a><\/p><\/div><\/div><div class=\"fusion-clearfix\"><\/div><div class=\"fusion-meta-info\"><div class=\"fusion-alignleft\">By <span class=\"vcard\"><span class=\"fn\"><a href=\"https:\/\/www.yoga-federation.eu\/cz\/author\/ana\/\" title=\"Posts by YFE\" rel=\"author\">YFE<\/a><\/span><\/span><span class=\"fusion-inline-sep\">|<\/span><span class=\"updated\" style=\"display:none;\">2019-05-23T21:59:35+00:00<\/span><span>May 23rd, 2019<\/span><span class=\"fusion-inline-sep\">|<\/span>Categories: <a href=\"https:\/\/www.yoga-federation.eu\/cz\/category\/activity\/\" rel=\"category tag\">Activity<\/a>, <a href=\"https:\/\/www.yoga-federation.eu\/cz\/category\/aktivity-v-roce-2018\/\" rel=\"category tag\">Aktivity v roce 2018<\/a>, <a href=\"https:\/\/www.yoga-federation.eu\/cz\/category\/aktivity-v-roce-2019\/\" rel=\"category tag\">Aktivity v roce 2019<\/a>, <a href=\"https:\/\/www.yoga-federation.eu\/cz\/category\/odborne-seminare\/\" rel=\"category tag\">Odborn\u00e9 semin\u00e1\u0159e<\/a>, <a href=\"https:\/\/www.yoga-federation.eu\/cz\/category\/uncategorized-cz\/\" rel=\"category tag\">Uncategorized<\/a><span class=\"fusion-inline-sep\">|<\/span><span class=\"fusion-comments\"><a href=\"https:\/\/www.yoga-federation.eu\/cz\/korporativni-joga-kurs-urceny-instruktorum-jogy\/#respond\">0 Comments<\/a><\/span><\/div><div class=\"fusion-alignright\"><a class=\"fusion-read-more\" href=\"https:\/\/www.yoga-federation.eu\/cz\/korporativni-joga-kurs-urceny-instruktorum-jogy\/\">Read More<\/a><\/div><\/div><\/article>\n<article id=\"blog-1-post-4077\" class=\"fusion-post-medium post-4077 post type-post status-publish format-standard has-post-thumbnail hentry category-activity category-aktivity-v-roce-2018\">\n\t<style type=\"text\/css\">\n\t\t\n\t\t\n\t\t\n\t\t\n\t\t\t<\/style>\n\n\n\t\t\t<div class=\"fusion-flexslider flexslider fusion-flexslider-loading fusion-post-slideshow\" style=\"\">\n\t\t<ul class=\"slides\">\n\t\t\t\n\t\t\t\t\t\t\t\t\t\t\t\t\t\t<li>\n\n<div  class=\"fusion-image-wrapper fusion-image-size-fixed\" aria-haspopup=\"true\">\n\t\n\t\n\t\t\n\t\t\t\t\t<img loading=\"lazy\" decoding=\"async\" width=\"320\" height=\"202\" src=\"https:\/\/www.yoga-federation.eu\/wp-content\/uploads\/2018\/12\/christmas-yoga-celebration-2018-2-320x202.jpg\" class=\"attachment-blog-medium size-blog-medium lazyload wp-post-image\" alt=\"christmas yoga celebration\" srcset=\"data:image\/svg+xml,%3Csvg%20xmlns%3D%27http%3A%2F%2Fwww.w3.org%2F2000%2Fsvg%27%20width%3D%271600%27%20height%3D%271283%27%20viewBox%3D%270%200%201600%201283%27%3E%3Crect%20width%3D%271600%27%20height%3D%2731283%27%20fill-opacity%3D%220%22%2F%3E%3C%2Fsvg%3E\" data-orig-src=\"https:\/\/www.yoga-federation.eu\/wp-content\/uploads\/2018\/12\/christmas-yoga-celebration-2018-2-320x202.jpg\" data-srcset=\"https:\/\/www.yoga-federation.eu\/wp-content\/uploads\/2018\/12\/christmas-yoga-celebration-2018-2-320x202.jpg 320w, https:\/\/www.yoga-federation.eu\/wp-content\/uploads\/2018\/12\/christmas-yoga-celebration-2018-2-700x441.jpg 700w\" data-sizes=\"auto\" \/>\n\t\n\n\t\t<div class=\"fusion-rollover\">\n\t<div class=\"fusion-rollover-content\">\n\n\t\t\t\t\t\t\t\t\t\t\t\t\t\t<a class=\"fusion-rollover-link\" href=\"https:\/\/www.yoga-federation.eu\/cz\/vanocni-joga-oslava-2018\/\">V\u00e1no\u010dn\u00ed j\u00f3ga oslava 2018<\/a>\n\t\t\t\n\t\t\t\t\t\t\t\t\n\t\t\t\t\n\t\t\t\t\t\t\t\t\t\t\t\t<h4 class=\"fusion-rollover-title\">\n\t\t\t\t\t<a class=\"fusion-rollover-title-link\" href=\"https:\/\/www.yoga-federation.eu\/cz\/vanocni-joga-oslava-2018\/\">\n\t\t\t\t\t\tV\u00e1no\u010dn\u00ed j\u00f3ga oslava 2018\t\t\t\t\t<\/a>\n\t\t\t\t<\/h4>\n\t\t\t\n\t\t\t\t\t\t\t\t\t\t\t\t\t\t<div class=\"fusion-rollover-categories\"><a href=\"https:\/\/www.yoga-federation.eu\/cz\/category\/activity\/\" rel=\"tag\">Activity<\/a>, <a href=\"https:\/\/www.yoga-federation.eu\/cz\/category\/aktivity-v-roce-2018\/\" rel=\"tag\">Aktivity v roce 2018<\/a><\/div>\t\t\t\t\t\n\t\t\n\t\t\t\t<a class=\"fusion-link-wrapper\" href=\"https:\/\/www.yoga-federation.eu\/cz\/vanocni-joga-oslava-2018\/\" aria-label=\"V\u00e1no\u010dn\u00ed j\u00f3ga oslava 2018\"><\/a>\n\t<\/div>\n<\/div>\n\n\t\n<\/div>\n<\/li>\n\t\t\t\n\t\t\t\n\t\t\t\t\t\t\t\t\t\t\t\t\t\t\t\t\t\t\t\t\t\t\t\t\t\t\t\t\t\t\t\t\t\t\t\t\t\t\t\t\t\t\t\t\t\t\t\t\t\t\t\t\t\t\t\t\t\t\t\t\t\t\t\t\t\t\t\t<\/ul>\n\t<\/div>\n\t<div class=\"fusion-post-content post-content\"><h2 class=\"blog-shortcode-post-title entry-title\"><a href=\"https:\/\/www.yoga-federation.eu\/cz\/vanocni-joga-oslava-2018\/\">V\u00e1no\u010dn\u00ed j\u00f3ga oslava 2018<\/a><\/h2><div class=\"fusion-post-content-container\"><p> Dne 15. prosince 2018 se konala tradi\u010dn\u00ed v\u00e1no\u010dn\u00ed j\u00f3ga <a href=\"https:\/\/www.yoga-federation.eu\/cz\/vanocni-joga-oslava-2018\/\"> [...]<\/a><\/p><\/div><\/div><div class=\"fusion-clearfix\"><\/div><div class=\"fusion-meta-info\"><div class=\"fusion-alignleft\">By <span class=\"vcard\"><span class=\"fn\"><a href=\"https:\/\/www.yoga-federation.eu\/cz\/author\/ana\/\" title=\"Posts by YFE\" rel=\"author\">YFE<\/a><\/span><\/span><span class=\"fusion-inline-sep\">|<\/span><span class=\"updated\" style=\"display:none;\">2019-05-08T12:34:03+00:00<\/span><span>December 19th, 2018<\/span><span class=\"fusion-inline-sep\">|<\/span>Categories: <a href=\"https:\/\/www.yoga-federation.eu\/cz\/category\/activity\/\" rel=\"category tag\">Activity<\/a>, <a href=\"https:\/\/www.yoga-federation.eu\/cz\/category\/aktivity-v-roce-2018\/\" rel=\"category tag\">Aktivity v roce 2018<\/a><span class=\"fusion-inline-sep\">|<\/span><span class=\"fusion-comments\"><a href=\"https:\/\/www.yoga-federation.eu\/cz\/vanocni-joga-oslava-2018\/#respond\">0 Comments<\/a><\/span><\/div><div class=\"fusion-alignright\"><a class=\"fusion-read-more\" href=\"https:\/\/www.yoga-federation.eu\/cz\/vanocni-joga-oslava-2018\/\">Read More<\/a><\/div><\/div><\/article>\n<article id=\"blog-1-post-3841\" class=\"fusion-post-medium post-3841 post type-post status-publish format-standard has-post-thumbnail hentry category-aktivity-v-roce-2018 category-joga-50-plus category-projekty\">\n\t<style type=\"text\/css\">\n\t\t\n\t\t\n\t\t\n\t\t\n\t\t\t<\/style>\n\n\n\t\t\t<div class=\"fusion-flexslider flexslider fusion-flexslider-loading fusion-post-slideshow\" style=\"\">\n\t\t<ul class=\"slides\">\n\t\t\t\n\t\t\t\t\t\t\t\t\t\t\t\t\t\t<li>\n\n<div  class=\"fusion-image-wrapper fusion-image-size-fixed\" aria-haspopup=\"true\">\n\t\n\t\n\t\t\n\t\t\t\t\t<img loading=\"lazy\" decoding=\"async\" width=\"320\" height=\"202\" src=\"https:\/\/www.yoga-federation.eu\/wp-content\/uploads\/2018\/10\/Yoga-for-Healthy-Aging-320x202.jpg\" class=\"attachment-blog-medium size-blog-medium lazyload wp-post-image\" alt=\"Joga \u2013 50 plus\" srcset=\"data:image\/svg+xml,%3Csvg%20xmlns%3D%27http%3A%2F%2Fwww.w3.org%2F2000%2Fsvg%27%20width%3D%271600%27%20height%3D%27820%27%20viewBox%3D%270%200%201600%20820%27%3E%3Crect%20width%3D%271600%27%20height%3D%273820%27%20fill-opacity%3D%220%22%2F%3E%3C%2Fsvg%3E\" data-orig-src=\"https:\/\/www.yoga-federation.eu\/wp-content\/uploads\/2018\/10\/Yoga-for-Healthy-Aging-320x202.jpg\" data-srcset=\"https:\/\/www.yoga-federation.eu\/wp-content\/uploads\/2018\/10\/Yoga-for-Healthy-Aging-320x202.jpg 320w, https:\/\/www.yoga-federation.eu\/wp-content\/uploads\/2018\/10\/Yoga-for-Healthy-Aging-700x441.jpg 700w\" data-sizes=\"auto\" \/>\n\t\n\n\t\t<div class=\"fusion-rollover\">\n\t<div class=\"fusion-rollover-content\">\n\n\t\t\t\t\t\t\t\t\t\t\t\t\t\t<a class=\"fusion-rollover-link\" href=\"https:\/\/www.yoga-federation.eu\/cz\/vstric-zdravemu-stari-2018-19\/\">ZDARMA: Vst\u0159\u00edc zdrav\u00e9mu st\u00e1\u0159\u00ed &#8211; 2018\/19<\/a>\n\t\t\t\n\t\t\t\t\t\t\t\t\n\t\t\t\t\n\t\t\t\t\t\t\t\t\t\t\t\t<h4 class=\"fusion-rollover-title\">\n\t\t\t\t\t<a class=\"fusion-rollover-title-link\" href=\"https:\/\/www.yoga-federation.eu\/cz\/vstric-zdravemu-stari-2018-19\/\">\n\t\t\t\t\t\tZDARMA: Vst\u0159\u00edc zdrav\u00e9mu st\u00e1\u0159\u00ed &#8211; 2018\/19\t\t\t\t\t<\/a>\n\t\t\t\t<\/h4>\n\t\t\t\n\t\t\t\t\t\t\t\t\t\t\t\t\t\t<div class=\"fusion-rollover-categories\"><a href=\"https:\/\/www.yoga-federation.eu\/cz\/category\/aktivity-v-roce-2018\/\" rel=\"tag\">Aktivity v roce 2018<\/a>, <a href=\"https:\/\/www.yoga-federation.eu\/cz\/category\/joga-50-plus\/\" rel=\"tag\">J\u00f3ga - 50 plus<\/a>, <a href=\"https:\/\/www.yoga-federation.eu\/cz\/category\/projekty\/\" rel=\"tag\">Projekty<\/a><\/div>\t\t\t\t\t\n\t\t\n\t\t\t\t<a class=\"fusion-link-wrapper\" href=\"https:\/\/www.yoga-federation.eu\/cz\/vstric-zdravemu-stari-2018-19\/\" aria-label=\"ZDARMA: Vst\u0159\u00edc zdrav\u00e9mu st\u00e1\u0159\u00ed &#8211; 2018\/19\"><\/a>\n\t<\/div>\n<\/div>\n\n\t\n<\/div>\n<\/li>\n\t\t\t\n\t\t\t\n\t\t\t\t\t\t\t\t\t\t\t\t\t\t\t\t\t\t\t\t\t\t\t\t\t\t\t\t\t\t\t\t\t\t\t\t\t\t\t\t\t\t\t\t\t\t\t\t\t\t\t\t\t\t\t\t\t\t\t\t\t\t\t\t\t\t\t\t<\/ul>\n\t<\/div>\n\t<div class=\"fusion-post-content post-content\"><h2 class=\"blog-shortcode-post-title entry-title\"><a href=\"https:\/\/www.yoga-federation.eu\/cz\/vstric-zdravemu-stari-2018-19\/\">ZDARMA: Vst\u0159\u00edc zdrav\u00e9mu st\u00e1\u0159\u00ed &#8211; 2018\/19<\/a><\/h2><div class=\"fusion-post-content-container\"><p> ZDARMA: J\u00f3ga \u2013 50 plus Nep\u0159est\u00e1v\u00e1me cvi\u010dit proto, \u017ee <a href=\"https:\/\/www.yoga-federation.eu\/cz\/vstric-zdravemu-stari-2018-19\/\"> [...]<\/a><\/p><\/div><\/div><div class=\"fusion-clearfix\"><\/div><div class=\"fusion-meta-info\"><div class=\"fusion-alignleft\">By <span class=\"vcard\"><span class=\"fn\"><a href=\"https:\/\/www.yoga-federation.eu\/cz\/author\/ana\/\" title=\"Posts by YFE\" rel=\"author\">YFE<\/a><\/span><\/span><span class=\"fusion-inline-sep\">|<\/span><span class=\"updated\" style=\"display:none;\">2019-06-25T13:33:48+00:00<\/span><span>October 16th, 2018<\/span><span class=\"fusion-inline-sep\">|<\/span>Categories: <a href=\"https:\/\/www.yoga-federation.eu\/cz\/category\/aktivity-v-roce-2018\/\" rel=\"category tag\">Aktivity v roce 2018<\/a>, <a href=\"https:\/\/www.yoga-federation.eu\/cz\/category\/joga-50-plus\/\" rel=\"category tag\">J\u00f3ga - 50 plus<\/a>, <a href=\"https:\/\/www.yoga-federation.eu\/cz\/category\/projekty\/\" rel=\"category tag\">Projekty<\/a><span class=\"fusion-inline-sep\">|<\/span><span class=\"fusion-comments\"><a href=\"https:\/\/www.yoga-federation.eu\/cz\/vstric-zdravemu-stari-2018-19\/#respond\">0 Comments<\/a><\/span><\/div><div class=\"fusion-alignright\"><a class=\"fusion-read-more\" href=\"https:\/\/www.yoga-federation.eu\/cz\/vstric-zdravemu-stari-2018-19\/\">Read More<\/a><\/div><\/div><\/article>\n<article id=\"blog-1-post-3968\" class=\"fusion-post-medium post-3968 post type-post status-publish format-standard has-post-thumbnail hentry category-activity category-aktivity-v-roce-2018\">\n\t<style type=\"text\/css\">\n\t\t\n\t\t\n\t\t\n\t\t\n\t\t\t<\/style>\n\n\n\t\t\t<div class=\"fusion-flexslider flexslider fusion-flexslider-loading fusion-post-slideshow\" style=\"\">\n\t\t<ul class=\"slides\">\n\t\t\t\n\t\t\t\t\t\t\t\t\t\t\t\t\t\t<li>\n\n<div  class=\"fusion-image-wrapper fusion-image-size-fixed\" aria-haspopup=\"true\">\n\t\n\t\n\t\t\n\t\t\t\t\t<img loading=\"lazy\" decoding=\"async\" width=\"320\" height=\"202\" src=\"https:\/\/www.yoga-federation.eu\/wp-content\/uploads\/2018\/11\/Jogove-cviceni-pro-rodice-s-detmi-320x202.jpg\" class=\"attachment-blog-medium size-blog-medium lazyload wp-post-image\" alt=\"Jogove cviceni pro rodice s detmi\" srcset=\"data:image\/svg+xml,%3Csvg%20xmlns%3D%27http%3A%2F%2Fwww.w3.org%2F2000%2Fsvg%27%20width%3D%27960%27%20height%3D%27685%27%20viewBox%3D%270%200%20960%20685%27%3E%3Crect%20width%3D%27960%27%20height%3D%273685%27%20fill-opacity%3D%220%22%2F%3E%3C%2Fsvg%3E\" data-orig-src=\"https:\/\/www.yoga-federation.eu\/wp-content\/uploads\/2018\/11\/Jogove-cviceni-pro-rodice-s-detmi-320x202.jpg\" data-srcset=\"https:\/\/www.yoga-federation.eu\/wp-content\/uploads\/2018\/11\/Jogove-cviceni-pro-rodice-s-detmi-320x202.jpg 320w, https:\/\/www.yoga-federation.eu\/wp-content\/uploads\/2018\/11\/Jogove-cviceni-pro-rodice-s-detmi-700x441.jpg 700w\" data-sizes=\"auto\" \/>\n\t\n\n\t\t<div class=\"fusion-rollover\">\n\t<div class=\"fusion-rollover-content\">\n\n\t\t\t\t\t\t\t\t\t\t\t\t\t\t<a class=\"fusion-rollover-link\" href=\"https:\/\/www.yoga-federation.eu\/cz\/jogove-cviceni-pro-rodice-s-detmi\/\">J\u00f3gov\u00e9 cvi\u010den\u00ed pro rodi\u010de s d\u011btm\u00ed<\/a>\n\t\t\t\n\t\t\t\t\t\t\t\t\n\t\t\t\t\n\t\t\t\t\t\t\t\t\t\t\t\t<h4 class=\"fusion-rollover-title\">\n\t\t\t\t\t<a class=\"fusion-rollover-title-link\" href=\"https:\/\/www.yoga-federation.eu\/cz\/jogove-cviceni-pro-rodice-s-detmi\/\">\n\t\t\t\t\t\tJ\u00f3gov\u00e9 cvi\u010den\u00ed pro rodi\u010de s d\u011btm\u00ed\t\t\t\t\t<\/a>\n\t\t\t\t<\/h4>\n\t\t\t\n\t\t\t\t\t\t\t\t\t\t\t\t\t\t<div class=\"fusion-rollover-categories\"><a href=\"https:\/\/www.yoga-federation.eu\/cz\/category\/activity\/\" rel=\"tag\">Activity<\/a>, <a href=\"https:\/\/www.yoga-federation.eu\/cz\/category\/aktivity-v-roce-2018\/\" rel=\"tag\">Aktivity v roce 2018<\/a><\/div>\t\t\t\t\t\n\t\t\n\t\t\t\t<a class=\"fusion-link-wrapper\" href=\"https:\/\/www.yoga-federation.eu\/cz\/jogove-cviceni-pro-rodice-s-detmi\/\" aria-label=\"J\u00f3gov\u00e9 cvi\u010den\u00ed pro rodi\u010de s d\u011btm\u00ed\"><\/a>\n\t<\/div>\n<\/div>\n\n\t\n<\/div>\n<\/li>\n\t\t\t\n\t\t\t\n\t\t\t\t\t\t\t\t\t\t\t\t\t\t\t\t\t\t\t\t\t\t\t\t\t\t\t\t\t\t\t\t\t\t\t\t\t\t\t\t\t\t\t\t\t\t\t\t\t\t\t\t\t\t\t\t\t\t\t\t\t\t\t\t\t\t\t\t<\/ul>\n\t<\/div>\n\t<div class=\"fusion-post-content post-content\"><h2 class=\"blog-shortcode-post-title entry-title\"><a href=\"https:\/\/www.yoga-federation.eu\/cz\/jogove-cviceni-pro-rodice-s-detmi\/\">J\u00f3gov\u00e9 cvi\u010den\u00ed pro rodi\u010de s d\u011btm\u00ed<\/a><\/h2><div class=\"fusion-post-content-container\"><p>    <\/p><\/div><\/div><div class=\"fusion-clearfix\"><\/div><div class=\"fusion-meta-info\"><div class=\"fusion-alignleft\">By <span class=\"vcard\"><span class=\"fn\"><a href=\"https:\/\/www.yoga-federation.eu\/cz\/author\/ana\/\" title=\"Posts by YFE\" rel=\"author\">YFE<\/a><\/span><\/span><span class=\"fusion-inline-sep\">|<\/span><span class=\"updated\" style=\"display:none;\">2018-11-03T09:16:17+00:00<\/span><span>October 3rd, 2018<\/span><span class=\"fusion-inline-sep\">|<\/span>Categories: <a href=\"https:\/\/www.yoga-federation.eu\/cz\/category\/activity\/\" rel=\"category tag\">Activity<\/a>, <a href=\"https:\/\/www.yoga-federation.eu\/cz\/category\/aktivity-v-roce-2018\/\" rel=\"category tag\">Aktivity v roce 2018<\/a><span class=\"fusion-inline-sep\">|<\/span><span class=\"fusion-comments\"><a href=\"https:\/\/www.yoga-federation.eu\/cz\/jogove-cviceni-pro-rodice-s-detmi\/#respond\">0 Comments<\/a><\/span><\/div><div class=\"fusion-alignright\"><a class=\"fusion-read-more\" href=\"https:\/\/www.yoga-federation.eu\/cz\/jogove-cviceni-pro-rodice-s-detmi\/\">Read More<\/a><\/div><\/div><\/article>\n<article id=\"blog-1-post-3834\" class=\"fusion-post-medium post-3834 post type-post status-publish format-standard has-post-thumbnail hentry category-activities-2018-cz category-aktivity-v-roce-2018 category-uncategorized-cz category-yoga-camps-cz category-yoga-retreats-by-the-sea-cz\">\n\t<style type=\"text\/css\">\n\t\t\n\t\t\n\t\t\n\t\t\n\t\t\t<\/style>\n\n\n\t\t\t<div class=\"fusion-flexslider flexslider fusion-flexslider-loading fusion-post-slideshow\" style=\"\">\n\t\t<ul class=\"slides\">\n\t\t\t\n\t\t\t\t\t\t\t\t\t\t\t\t\t\t<li>\n\n<div  class=\"fusion-image-wrapper fusion-image-size-fixed\" aria-haspopup=\"true\">\n\t\n\t\n\t\t\n\t\t\t\t\t<img loading=\"lazy\" decoding=\"async\" width=\"320\" height=\"202\" src=\"https:\/\/www.yoga-federation.eu\/wp-content\/uploads\/2018\/07\/Yoga-Retreat-Palma-de-Mallorca-2018-4-320x202.jpg\" class=\"attachment-blog-medium size-blog-medium lazyload wp-post-image\" alt=\"Yoga Retreat Palma de Mallorca 2018\" srcset=\"data:image\/svg+xml,%3Csvg%20xmlns%3D%27http%3A%2F%2Fwww.w3.org%2F2000%2Fsvg%27%20width%3D%271099%27%20height%3D%271420%27%20viewBox%3D%270%200%201099%201420%27%3E%3Crect%20width%3D%271099%27%20height%3D%2731420%27%20fill-opacity%3D%220%22%2F%3E%3C%2Fsvg%3E\" data-orig-src=\"https:\/\/www.yoga-federation.eu\/wp-content\/uploads\/2018\/07\/Yoga-Retreat-Palma-de-Mallorca-2018-4-320x202.jpg\" data-srcset=\"https:\/\/www.yoga-federation.eu\/wp-content\/uploads\/2018\/07\/Yoga-Retreat-Palma-de-Mallorca-2018-4-320x202.jpg 320w, https:\/\/www.yoga-federation.eu\/wp-content\/uploads\/2018\/07\/Yoga-Retreat-Palma-de-Mallorca-2018-4-700x441.jpg 700w\" data-sizes=\"auto\" \/>\n\t\n\n\t\t<div class=\"fusion-rollover\">\n\t<div class=\"fusion-rollover-content\">\n\n\t\t\t\t\t\t\t\t\t\t\t\t\t\t<a class=\"fusion-rollover-link\" href=\"https:\/\/www.yoga-federation.eu\/cz\/yoga-retreat-palma-de-mallorca-2018\/\">Yoga Retreat &#8211; Palma de Mallorca 2018<\/a>\n\t\t\t\n\t\t\t\t\t\t\t\t\n\t\t\t\t\n\t\t\t\t\t\t\t\t\t\t\t\t<h4 class=\"fusion-rollover-title\">\n\t\t\t\t\t<a class=\"fusion-rollover-title-link\" href=\"https:\/\/www.yoga-federation.eu\/cz\/yoga-retreat-palma-de-mallorca-2018\/\">\n\t\t\t\t\t\tYoga Retreat &#8211; Palma de Mallorca 2018\t\t\t\t\t<\/a>\n\t\t\t\t<\/h4>\n\t\t\t\n\t\t\t\t\t\t\t\t\t\t\t\t\t\t<div class=\"fusion-rollover-categories\"><a href=\"https:\/\/www.yoga-federation.eu\/cz\/category\/activities-2018-cz\/\" rel=\"tag\">Activities 2018<\/a>, <a href=\"https:\/\/www.yoga-federation.eu\/cz\/category\/aktivity-v-roce-2018\/\" rel=\"tag\">Aktivity v roce 2018<\/a>, <a href=\"https:\/\/www.yoga-federation.eu\/cz\/category\/uncategorized-cz\/\" rel=\"tag\">Uncategorized<\/a>, <a href=\"https:\/\/www.yoga-federation.eu\/cz\/category\/yoga-camps-cz\/\" rel=\"tag\">Yoga Camps<\/a>, <a href=\"https:\/\/www.yoga-federation.eu\/cz\/category\/yoga-retreats-by-the-sea-cz\/\" rel=\"tag\">Yoga Retreats by the Sea<\/a><\/div>\t\t\t\t\t\n\t\t\n\t\t\t\t<a class=\"fusion-link-wrapper\" href=\"https:\/\/www.yoga-federation.eu\/cz\/yoga-retreat-palma-de-mallorca-2018\/\" aria-label=\"Yoga Retreat &#8211; Palma de Mallorca 2018\"><\/a>\n\t<\/div>\n<\/div>\n\n\t\n<\/div>\n<\/li>\n\t\t\t\n\t\t\t\n\t\t\t\t\t\t\t\t\t\t\t\t\t\t\t\t\t\t\t\t\t\t\t\t\t\t\n\t\t\t\t\t\n\t\t\t\t\t\t\t\t\t\t\t<li>\n\t\t\t\t\t\t\t<div class=\"fusion-image-wrapper\">\n\t\t\t\t\t\t\t\t<a href=\"https:\/\/www.yoga-federation.eu\/cz\/yoga-retreat-palma-de-mallorca-2018\/\" aria-label=\"Yoga Retreat &#8211; Palma de Mallorca 2018\">\n\t\t\t\t\t\t\t\t\t<img loading=\"lazy\" decoding=\"async\" width=\"320\" height=\"202\" src=\"https:\/\/www.yoga-federation.eu\/wp-content\/uploads\/2018\/07\/Yoga-Retreat-Palma-de-Mallorca-2018-320x202.jpg\" data-orig-src=\"https:\/\/www.yoga-federation.eu\/wp-content\/uploads\/2018\/07\/Yoga-Retreat-Palma-de-Mallorca-2018-320x202.jpg\" alt=\"Yoga Retreat Palma de Mallorca 2018\" class=\"lazyload wp-image-3791\" role=\"presentation\" srcset=\"data:image\/svg+xml,%3Csvg%20xmlns%3D%27http%3A%2F%2Fwww.w3.org%2F2000%2Fsvg%27%20width%3D%27320%27%20height%3D%27202%27%20viewBox%3D%270%200%20320%20202%27%3E%3Crect%20width%3D%27320%27%20height%3D%273202%27%20fill-opacity%3D%220%22%2F%3E%3C%2Fsvg%3E\" data-srcset=\"https:\/\/www.yoga-federation.eu\/wp-content\/uploads\/2018\/07\/Yoga-Retreat-Palma-de-Mallorca-2018-320x202.jpg 320w, https:\/\/www.yoga-federation.eu\/wp-content\/uploads\/2018\/07\/Yoga-Retreat-Palma-de-Mallorca-2018-700x441.jpg 700w\" data-sizes=\"auto\" data-orig-sizes=\"auto, (max-width: 320px) 100vw, 320px\" \/>\t\t\t\t\t\t\t\t<\/a>\n\t\t\t\t\t\t\t\t<a style=\"display:none;\" href=\"https:\/\/www.yoga-federation.eu\/wp-content\/uploads\/2018\/07\/Yoga-Retreat-Palma-de-Mallorca-2018.jpg\" data-rel=\"iLightbox[gallery3834]\"  title=\"\" data-title=\"Yoga Retreat Palma de Mallorca 2018\" data-caption=\"\">\n\t\t\t\t\t\t\t\t\t\t\t\t\t\t\t\t\t\t\t<img style=\"display:none;\" alt=\"Yoga Retreat Palma de Mallorca 2018\" role=\"presentation\" \/>\n\t\t\t\t\t\t\t\t\t\t\t\t\t\t\t\t\t<\/a>\n\t\t\t\t\t\t\t<\/div>\n\t\t\t\t\t\t<\/li>\n\t\t\t\t\t\t\t\t\t\t\t\t\t\t\t\t\t\t\t\t\t\t\t\t\t\t\t\t\t\t\t\t\t\t\t\t\t\t\t\t\t\t\t\t\t\t\t\t\t\t\t<\/ul>\n\t<\/div>\n\t<div class=\"fusion-post-content post-content\"><h2 class=\"blog-shortcode-post-title entry-title\"><a href=\"https:\/\/www.yoga-federation.eu\/cz\/yoga-retreat-palma-de-mallorca-2018\/\">Yoga Retreat &#8211; Palma de Mallorca 2018<\/a><\/h2><div class=\"fusion-post-content-container\"><p> J\u00f3ga Retreat - Palma de Mallorca 2018 Sv\u011btlost j\u00f3gy\u00a0- <a href=\"https:\/\/www.yoga-federation.eu\/cz\/yoga-retreat-palma-de-mallorca-2018\/\"> [...]<\/a><\/p><\/div><\/div><div class=\"fusion-clearfix\"><\/div><div class=\"fusion-meta-info\"><div class=\"fusion-alignleft\">By <span class=\"vcard\"><span class=\"fn\"><a href=\"https:\/\/www.yoga-federation.eu\/cz\/author\/ana\/\" title=\"Posts by YFE\" rel=\"author\">YFE<\/a><\/span><\/span><span class=\"fusion-inline-sep\">|<\/span><span class=\"updated\" style=\"display:none;\">2018-08-19T01:00:06+00:00<\/span><span>July 23rd, 2018<\/span><span class=\"fusion-inline-sep\">|<\/span>Categories: <a href=\"https:\/\/www.yoga-federation.eu\/cz\/category\/activities-2018-cz\/\" rel=\"category tag\">Activities 2018<\/a>, <a href=\"https:\/\/www.yoga-federation.eu\/cz\/category\/aktivity-v-roce-2018\/\" rel=\"category tag\">Aktivity v roce 2018<\/a>, <a href=\"https:\/\/www.yoga-federation.eu\/cz\/category\/uncategorized-cz\/\" rel=\"category tag\">Uncategorized<\/a>, <a href=\"https:\/\/www.yoga-federation.eu\/cz\/category\/yoga-camps-cz\/\" rel=\"category tag\">Yoga Camps<\/a>, <a href=\"https:\/\/www.yoga-federation.eu\/cz\/category\/yoga-retreats-by-the-sea-cz\/\" rel=\"category tag\">Yoga Retreats by the Sea<\/a><span class=\"fusion-inline-sep\">|<\/span><span class=\"fusion-comments\"><a href=\"https:\/\/www.yoga-federation.eu\/cz\/yoga-retreat-palma-de-mallorca-2018\/#respond\">0 Comments<\/a><\/span><\/div><div class=\"fusion-alignright\"><a class=\"fusion-read-more\" href=\"https:\/\/www.yoga-federation.eu\/cz\/yoga-retreat-palma-de-mallorca-2018\/\">Read More<\/a><\/div><\/div><\/article>\n<article id=\"blog-1-post-3744\" class=\"fusion-post-medium post-3744 post type-post status-publish format-standard has-post-thumbnail hentry category-aktivity-v-roce-2018 category-jogove-predstaveni category-uncategorized-cz\">\n\t<style type=\"text\/css\">\n\t\t\n\t\t\n\t\t\n\t\t\n\t\t\t<\/style>\n\n\n\t\t\t<div class=\"fusion-flexslider flexslider fusion-flexslider-loading fusion-post-slideshow\" style=\"\">\n\t\t<ul class=\"slides\">\n\t\t\t\n\t\t\t\t\t\t\t\t\t\t\t\t\t\t<li>\n\n<div  class=\"fusion-image-wrapper fusion-image-size-fixed\" aria-haspopup=\"true\">\n\t\n\t\n\t\t\n\t\t\t\t\t<img loading=\"lazy\" decoding=\"async\" width=\"320\" height=\"202\" src=\"https:\/\/www.yoga-federation.eu\/wp-content\/uploads\/2018\/06\/internation-day-of-yoga-Prague-3-320x202.jpg\" class=\"attachment-blog-medium size-blog-medium lazyload wp-post-image\" alt=\"international day of yoga Prague\" srcset=\"data:image\/svg+xml,%3Csvg%20xmlns%3D%27http%3A%2F%2Fwww.w3.org%2F2000%2Fsvg%27%20width%3D%271600%27%20height%3D%271066%27%20viewBox%3D%270%200%201600%201066%27%3E%3Crect%20width%3D%271600%27%20height%3D%2731066%27%20fill-opacity%3D%220%22%2F%3E%3C%2Fsvg%3E\" data-orig-src=\"https:\/\/www.yoga-federation.eu\/wp-content\/uploads\/2018\/06\/internation-day-of-yoga-Prague-3-320x202.jpg\" data-srcset=\"https:\/\/www.yoga-federation.eu\/wp-content\/uploads\/2018\/06\/internation-day-of-yoga-Prague-3-320x202.jpg 320w, https:\/\/www.yoga-federation.eu\/wp-content\/uploads\/2018\/06\/internation-day-of-yoga-Prague-3-700x441.jpg 700w\" data-sizes=\"auto\" \/>\n\t\n\n\t\t<div class=\"fusion-rollover\">\n\t<div class=\"fusion-rollover-content\">\n\n\t\t\t\t\t\t\t\t\t\t\t\t\t\t<a class=\"fusion-rollover-link\" href=\"https:\/\/www.yoga-federation.eu\/cz\/mezinarodni-den-jogy-v-praze-2018\/\">Mezin\u00e1rodn\u00ed den j\u00f3gy v Praze, 2018<\/a>\n\t\t\t\n\t\t\t\t\t\t\t\t\n\t\t\t\t\n\t\t\t\t\t\t\t\t\t\t\t\t<h4 class=\"fusion-rollover-title\">\n\t\t\t\t\t<a class=\"fusion-rollover-title-link\" href=\"https:\/\/www.yoga-federation.eu\/cz\/mezinarodni-den-jogy-v-praze-2018\/\">\n\t\t\t\t\t\tMezin\u00e1rodn\u00ed den j\u00f3gy v Praze, 2018\t\t\t\t\t<\/a>\n\t\t\t\t<\/h4>\n\t\t\t\n\t\t\t\t\t\t\t\t\t\t\t\t\t\t<div class=\"fusion-rollover-categories\"><a href=\"https:\/\/www.yoga-federation.eu\/cz\/category\/aktivity-v-roce-2018\/\" rel=\"tag\">Aktivity v roce 2018<\/a>, <a href=\"https:\/\/www.yoga-federation.eu\/cz\/category\/jogove-predstaveni\/\" rel=\"tag\">J\u00f3gov\u00e9 p\u0159edstaven\u00ed<\/a>, <a href=\"https:\/\/www.yoga-federation.eu\/cz\/category\/uncategorized-cz\/\" rel=\"tag\">Uncategorized<\/a><\/div>\t\t\t\t\t\n\t\t\n\t\t\t\t<a class=\"fusion-link-wrapper\" href=\"https:\/\/www.yoga-federation.eu\/cz\/mezinarodni-den-jogy-v-praze-2018\/\" aria-label=\"Mezin\u00e1rodn\u00ed den j\u00f3gy v Praze, 2018\"><\/a>\n\t<\/div>\n<\/div>\n\n\t\n<\/div>\n<\/li>\n\t\t\t\n\t\t\t\n\t\t\t\t\t\t\t\t\t\t\t\n\t\t\t\t\t\n\t\t\t\t\t\t\t\t\t\t\t<li>\n\t\t\t\t\t\t\t<div class=\"fusion-image-wrapper\">\n\t\t\t\t\t\t\t\t<a href=\"https:\/\/www.yoga-federation.eu\/cz\/mezinarodni-den-jogy-v-praze-2018\/\" aria-label=\"Mezin\u00e1rodn\u00ed den j\u00f3gy v Praze, 2018\">\n\t\t\t\t\t\t\t\t\t<img loading=\"lazy\" decoding=\"async\" width=\"320\" height=\"202\" src=\"https:\/\/www.yoga-federation.eu\/wp-content\/uploads\/2018\/06\/internation-day-of-yoga-Prague-10-320x202.jpg\" data-orig-src=\"https:\/\/www.yoga-federation.eu\/wp-content\/uploads\/2018\/06\/internation-day-of-yoga-Prague-10-320x202.jpg\" alt=\"international day of yoga Prague\" class=\"lazyload wp-image-3737\" role=\"presentation\" srcset=\"data:image\/svg+xml,%3Csvg%20xmlns%3D%27http%3A%2F%2Fwww.w3.org%2F2000%2Fsvg%27%20width%3D%27320%27%20height%3D%27202%27%20viewBox%3D%270%200%20320%20202%27%3E%3Crect%20width%3D%27320%27%20height%3D%273202%27%20fill-opacity%3D%220%22%2F%3E%3C%2Fsvg%3E\" data-srcset=\"https:\/\/www.yoga-federation.eu\/wp-content\/uploads\/2018\/06\/internation-day-of-yoga-Prague-10-320x202.jpg 320w, https:\/\/www.yoga-federation.eu\/wp-content\/uploads\/2018\/06\/internation-day-of-yoga-Prague-10-700x441.jpg 700w\" data-sizes=\"auto\" data-orig-sizes=\"auto, (max-width: 320px) 100vw, 320px\" \/>\t\t\t\t\t\t\t\t<\/a>\n\t\t\t\t\t\t\t\t<a style=\"display:none;\" href=\"https:\/\/www.yoga-federation.eu\/wp-content\/uploads\/2018\/06\/internation-day-of-yoga-Prague-10.jpg\" data-rel=\"iLightbox[gallery3744]\"  title=\"\" data-title=\"internationalal-day-of-yoga-Prague-10\" data-caption=\"\">\n\t\t\t\t\t\t\t\t\t\t\t\t\t\t\t\t\t\t\t<img style=\"display:none;\" alt=\"international day of yoga Prague\" role=\"presentation\" \/>\n\t\t\t\t\t\t\t\t\t\t\t\t\t\t\t\t\t<\/a>\n\t\t\t\t\t\t\t<\/div>\n\t\t\t\t\t\t<\/li>\n\t\t\t\t\t\t\t\t\t\t\t\t\t\t\t\t\t\t\t\t\t\t\t\t\n\t\t\t\t\t\n\t\t\t\t\t\t\t\t\t\t\t<li>\n\t\t\t\t\t\t\t<div class=\"fusion-image-wrapper\">\n\t\t\t\t\t\t\t\t<a href=\"https:\/\/www.yoga-federation.eu\/cz\/mezinarodni-den-jogy-v-praze-2018\/\" aria-label=\"Mezin\u00e1rodn\u00ed den j\u00f3gy v Praze, 2018\">\n\t\t\t\t\t\t\t\t\t<img loading=\"lazy\" decoding=\"async\" width=\"320\" height=\"202\" src=\"https:\/\/www.yoga-federation.eu\/wp-content\/uploads\/2018\/06\/internation-day-of-yoga-Prague-5-320x202.jpg\" data-orig-src=\"https:\/\/www.yoga-federation.eu\/wp-content\/uploads\/2018\/06\/internation-day-of-yoga-Prague-5-320x202.jpg\" alt=\"international day of yoga Prague\" class=\"lazyload wp-image-3722\" role=\"presentation\" srcset=\"data:image\/svg+xml,%3Csvg%20xmlns%3D%27http%3A%2F%2Fwww.w3.org%2F2000%2Fsvg%27%20width%3D%27320%27%20height%3D%27202%27%20viewBox%3D%270%200%20320%20202%27%3E%3Crect%20width%3D%27320%27%20height%3D%273202%27%20fill-opacity%3D%220%22%2F%3E%3C%2Fsvg%3E\" data-srcset=\"https:\/\/www.yoga-federation.eu\/wp-content\/uploads\/2018\/06\/internation-day-of-yoga-Prague-5-320x202.jpg 320w, https:\/\/www.yoga-federation.eu\/wp-content\/uploads\/2018\/06\/internation-day-of-yoga-Prague-5-700x441.jpg 700w\" data-sizes=\"auto\" data-orig-sizes=\"auto, (max-width: 320px) 100vw, 320px\" \/>\t\t\t\t\t\t\t\t<\/a>\n\t\t\t\t\t\t\t\t<a style=\"display:none;\" href=\"https:\/\/www.yoga-federation.eu\/wp-content\/uploads\/2018\/06\/internation-day-of-yoga-Prague-5.jpg\" data-rel=\"iLightbox[gallery3744]\"  title=\"\" data-title=\"international-day-of-yoga-Prague-5\" data-caption=\"\">\n\t\t\t\t\t\t\t\t\t\t\t\t\t\t\t\t\t\t\t<img style=\"display:none;\" alt=\"international day of yoga Prague\" role=\"presentation\" \/>\n\t\t\t\t\t\t\t\t\t\t\t\t\t\t\t\t\t<\/a>\n\t\t\t\t\t\t\t<\/div>\n\t\t\t\t\t\t<\/li>\n\t\t\t\t\t\t\t\t\t\t\t\t\t\t\t\t\t\t\t\t\t\t\t\t\t\t\t\t\t\t\t\t\t\t\t\t\t\t\t\t\t\t\t\t\t\t\t\t\t\t\t<\/ul>\n\t<\/div>\n\t<div class=\"fusion-post-content post-content\"><h2 class=\"blog-shortcode-post-title entry-title\"><a href=\"https:\/\/www.yoga-federation.eu\/cz\/mezinarodni-den-jogy-v-praze-2018\/\">Mezin\u00e1rodn\u00ed den j\u00f3gy v Praze, 2018<\/a><\/h2><div class=\"fusion-post-content-container\"><p> Velk\u00e9 Evropsk\u00e9 j\u00f3gov\u00e9 p\u0159edstaven\u00ed p\u0159i p\u0159\u00edle\u017eitosti MEZIN\u00c1RODN\u00cdHO DNE J\u00d3GY\u00a0 <a href=\"https:\/\/www.yoga-federation.eu\/cz\/mezinarodni-den-jogy-v-praze-2018\/\"> [...]<\/a><\/p><\/div><\/div><div class=\"fusion-clearfix\"><\/div><div class=\"fusion-meta-info\"><div class=\"fusion-alignleft\">By <span class=\"vcard\"><span class=\"fn\"><a href=\"https:\/\/www.yoga-federation.eu\/cz\/author\/ana\/\" title=\"Posts by YFE\" rel=\"author\">YFE<\/a><\/span><\/span><span class=\"fusion-inline-sep\">|<\/span><span class=\"updated\" style=\"display:none;\">2019-05-08T12:57:40+00:00<\/span><span>June 22nd, 2018<\/span><span class=\"fusion-inline-sep\">|<\/span>Categories: <a href=\"https:\/\/www.yoga-federation.eu\/cz\/category\/aktivity-v-roce-2018\/\" rel=\"category tag\">Aktivity v roce 2018<\/a>, <a href=\"https:\/\/www.yoga-federation.eu\/cz\/category\/jogove-predstaveni\/\" rel=\"category tag\">J\u00f3gov\u00e9 p\u0159edstaven\u00ed<\/a>, <a href=\"https:\/\/www.yoga-federation.eu\/cz\/category\/uncategorized-cz\/\" rel=\"category tag\">Uncategorized<\/a><span class=\"fusion-inline-sep\">|<\/span><span class=\"fusion-comments\"><a href=\"https:\/\/www.yoga-federation.eu\/cz\/mezinarodni-den-jogy-v-praze-2018\/#respond\">0 Comments<\/a><\/span><\/div><div class=\"fusion-alignright\"><a class=\"fusion-read-more\" href=\"https:\/\/www.yoga-federation.eu\/cz\/mezinarodni-den-jogy-v-praze-2018\/\">Read More<\/a><\/div><\/div><\/article>\n<article id=\"blog-1-post-3661\" class=\"fusion-post-medium post-3661 post type-post status-publish format-standard has-post-thumbnail hentry category-aktivity-v-roce-2018 category-cvicte-jogu-s-nami category-projekty category-uncategorized-cz\">\n\t<style type=\"text\/css\">\n\t\t\n\t\t\n\t\t\n\t\t\n\t\t\t<\/style>\n\n\n\t\t\t<div class=\"fusion-flexslider flexslider fusion-flexslider-loading fusion-post-slideshow\" style=\"\">\n\t\t<ul class=\"slides\">\n\t\t\t\n\t\t\t\t\t\t\t\t\t\t\t\t\t\t<li>\n\n<div  class=\"fusion-image-wrapper fusion-image-size-fixed\" aria-haspopup=\"true\">\n\t\n\t\n\t\t\n\t\t\t\t\t<img loading=\"lazy\" decoding=\"async\" width=\"320\" height=\"202\" src=\"https:\/\/www.yoga-federation.eu\/wp-content\/uploads\/2018\/06\/Joga-v-Parku-na-Kampe-1-320x202.jpg\" class=\"attachment-blog-medium size-blog-medium lazyload wp-post-image\" alt=\"Joga v Parku na Kampe\" srcset=\"data:image\/svg+xml,%3Csvg%20xmlns%3D%27http%3A%2F%2Fwww.w3.org%2F2000%2Fsvg%27%20width%3D%271600%27%20height%3D%271067%27%20viewBox%3D%270%200%201600%201067%27%3E%3Crect%20width%3D%271600%27%20height%3D%2731067%27%20fill-opacity%3D%220%22%2F%3E%3C%2Fsvg%3E\" data-orig-src=\"https:\/\/www.yoga-federation.eu\/wp-content\/uploads\/2018\/06\/Joga-v-Parku-na-Kampe-1-320x202.jpg\" data-srcset=\"https:\/\/www.yoga-federation.eu\/wp-content\/uploads\/2018\/06\/Joga-v-Parku-na-Kampe-1-320x202.jpg 320w, https:\/\/www.yoga-federation.eu\/wp-content\/uploads\/2018\/06\/Joga-v-Parku-na-Kampe-1-700x441.jpg 700w\" data-sizes=\"auto\" \/>\n\t\n\n\t\t<div class=\"fusion-rollover\">\n\t<div class=\"fusion-rollover-content\">\n\n\t\t\t\t\t\t\t\t\t\t\t\t\t\t<a class=\"fusion-rollover-link\" href=\"https:\/\/www.yoga-federation.eu\/cz\/zahajeni-projektu-joga-v-parku-na-kampe-cvicte-jogu-s-nami-2018\/\">Zah\u00e1jen\u00ed projektu: J\u00f3ga v Parku na Kamp\u011b &#8211; Cvi\u010dte j\u00f3gu s n\u00e1mi 2018<\/a>\n\t\t\t\n\t\t\t\t\t\t\t\t\n\t\t\t\t\n\t\t\t\t\t\t\t\t\t\t\t\t<h4 class=\"fusion-rollover-title\">\n\t\t\t\t\t<a class=\"fusion-rollover-title-link\" href=\"https:\/\/www.yoga-federation.eu\/cz\/zahajeni-projektu-joga-v-parku-na-kampe-cvicte-jogu-s-nami-2018\/\">\n\t\t\t\t\t\tZah\u00e1jen\u00ed projektu: J\u00f3ga v Parku na Kamp\u011b &#8211; Cvi\u010dte j\u00f3gu s n\u00e1mi 2018\t\t\t\t\t<\/a>\n\t\t\t\t<\/h4>\n\t\t\t\n\t\t\t\t\t\t\t\t\t\t\t\t\t\t<div class=\"fusion-rollover-categories\"><a href=\"https:\/\/www.yoga-federation.eu\/cz\/category\/aktivity-v-roce-2018\/\" rel=\"tag\">Aktivity v roce 2018<\/a>, <a href=\"https:\/\/www.yoga-federation.eu\/cz\/category\/cvicte-jogu-s-nami\/\" rel=\"tag\">Cvi\u010dte j\u00f3gu s n\u00e1mi<\/a>, <a href=\"https:\/\/www.yoga-federation.eu\/cz\/category\/projekty\/\" rel=\"tag\">Projekty<\/a>, <a href=\"https:\/\/www.yoga-federation.eu\/cz\/category\/uncategorized-cz\/\" rel=\"tag\">Uncategorized<\/a><\/div>\t\t\t\t\t\n\t\t\n\t\t\t\t<a class=\"fusion-link-wrapper\" href=\"https:\/\/www.yoga-federation.eu\/cz\/zahajeni-projektu-joga-v-parku-na-kampe-cvicte-jogu-s-nami-2018\/\" aria-label=\"Zah\u00e1jen\u00ed projektu: J\u00f3ga v Parku na Kamp\u011b &#8211; Cvi\u010dte j\u00f3gu s n\u00e1mi 2018\"><\/a>\n\t<\/div>\n<\/div>\n\n\t\n<\/div>\n<\/li>\n\t\t\t\n\t\t\t\n\t\t\t\t\t\t\t\t\t\t\t\n\t\t\t\t\t\n\t\t\t\t\t\t\t\t\t\t\t<li>\n\t\t\t\t\t\t\t<div class=\"fusion-image-wrapper\">\n\t\t\t\t\t\t\t\t<a href=\"https:\/\/www.yoga-federation.eu\/cz\/zahajeni-projektu-joga-v-parku-na-kampe-cvicte-jogu-s-nami-2018\/\" aria-label=\"Zah\u00e1jen\u00ed projektu: J\u00f3ga v Parku na Kamp\u011b &#8211; Cvi\u010dte j\u00f3gu s n\u00e1mi 2018\">\n\t\t\t\t\t\t\t\t\t<img loading=\"lazy\" decoding=\"async\" width=\"320\" height=\"202\" src=\"https:\/\/www.yoga-federation.eu\/wp-content\/uploads\/2018\/06\/Joga-v-Parku-na-Kampe-4-320x202.jpg\" data-orig-src=\"https:\/\/www.yoga-federation.eu\/wp-content\/uploads\/2018\/06\/Joga-v-Parku-na-Kampe-4-320x202.jpg\" alt=\"Joga v Parku na Kampe\" class=\"lazyload wp-image-3671\" role=\"presentation\" srcset=\"data:image\/svg+xml,%3Csvg%20xmlns%3D%27http%3A%2F%2Fwww.w3.org%2F2000%2Fsvg%27%20width%3D%27320%27%20height%3D%27202%27%20viewBox%3D%270%200%20320%20202%27%3E%3Crect%20width%3D%27320%27%20height%3D%273202%27%20fill-opacity%3D%220%22%2F%3E%3C%2Fsvg%3E\" data-srcset=\"https:\/\/www.yoga-federation.eu\/wp-content\/uploads\/2018\/06\/Joga-v-Parku-na-Kampe-4-320x202.jpg 320w, https:\/\/www.yoga-federation.eu\/wp-content\/uploads\/2018\/06\/Joga-v-Parku-na-Kampe-4-700x441.jpg 700w\" data-sizes=\"auto\" data-orig-sizes=\"auto, (max-width: 320px) 100vw, 320px\" \/>\t\t\t\t\t\t\t\t<\/a>\n\t\t\t\t\t\t\t\t<a style=\"display:none;\" href=\"https:\/\/www.yoga-federation.eu\/wp-content\/uploads\/2018\/06\/Joga-v-Parku-na-Kampe-4.jpg\" data-rel=\"iLightbox[gallery3661]\"  title=\"\" data-title=\"Joga v Parku na Kampe-4\" data-caption=\"\">\n\t\t\t\t\t\t\t\t\t\t\t\t\t\t\t\t\t\t\t<img style=\"display:none;\" alt=\"Joga v Parku na Kampe\" role=\"presentation\" \/>\n\t\t\t\t\t\t\t\t\t\t\t\t\t\t\t\t\t<\/a>\n\t\t\t\t\t\t\t<\/div>\n\t\t\t\t\t\t<\/li>\n\t\t\t\t\t\t\t\t\t\t\t\t\t\t\t\t\t\t\t\t\t\t\t\t\t\t\t\t\t\t\t\t\t\t\t\t\t\t\t\t\t\t\t\t\t\t\t\t\t\t\t\t\t\t\t\t\t\t\t\t\t\t\t\t\t\t<\/ul>\n\t<\/div>\n\t<div class=\"fusion-post-content post-content\"><h2 class=\"blog-shortcode-post-title entry-title\"><a href=\"https:\/\/www.yoga-federation.eu\/cz\/zahajeni-projektu-joga-v-parku-na-kampe-cvicte-jogu-s-nami-2018\/\">Zah\u00e1jen\u00ed projektu: J\u00f3ga v Parku na Kamp\u011b &#8211; Cvi\u010dte j\u00f3gu s n\u00e1mi 2018<\/a><\/h2><div class=\"fusion-post-content-container\"><p> \u00dasp\u011b\u0161n\u00e9 zah\u00e1jen\u00ed projektu: J\u00f3ga v Parku na Kamp\u011b, 3. <a href=\"https:\/\/www.yoga-federation.eu\/cz\/zahajeni-projektu-joga-v-parku-na-kampe-cvicte-jogu-s-nami-2018\/\"> [...]<\/a><\/p><\/div><\/div><div class=\"fusion-clearfix\"><\/div><div class=\"fusion-meta-info\"><div class=\"fusion-alignleft\">By <span class=\"vcard\"><span class=\"fn\"><a href=\"https:\/\/www.yoga-federation.eu\/cz\/author\/ana\/\" title=\"Posts by YFE\" rel=\"author\">YFE<\/a><\/span><\/span><span class=\"fusion-inline-sep\">|<\/span><span class=\"updated\" style=\"display:none;\">2019-05-08T13:00:47+00:00<\/span><span>June 5th, 2018<\/span><span class=\"fusion-inline-sep\">|<\/span>Categories: <a href=\"https:\/\/www.yoga-federation.eu\/cz\/category\/aktivity-v-roce-2018\/\" rel=\"category tag\">Aktivity v roce 2018<\/a>, <a href=\"https:\/\/www.yoga-federation.eu\/cz\/category\/cvicte-jogu-s-nami\/\" rel=\"category tag\">Cvi\u010dte j\u00f3gu s n\u00e1mi<\/a>, <a href=\"https:\/\/www.yoga-federation.eu\/cz\/category\/projekty\/\" rel=\"category tag\">Projekty<\/a>, <a href=\"https:\/\/www.yoga-federation.eu\/cz\/category\/uncategorized-cz\/\" rel=\"category tag\">Uncategorized<\/a><span class=\"fusion-inline-sep\">|<\/span><span class=\"fusion-comments\"><a href=\"https:\/\/www.yoga-federation.eu\/cz\/zahajeni-projektu-joga-v-parku-na-kampe-cvicte-jogu-s-nami-2018\/#respond\">0 Comments<\/a><\/span><\/div><div class=\"fusion-alignright\"><a class=\"fusion-read-more\" href=\"https:\/\/www.yoga-federation.eu\/cz\/zahajeni-projektu-joga-v-parku-na-kampe-cvicte-jogu-s-nami-2018\/\">Read More<\/a><\/div><\/div><\/article>\n<article id=\"blog-1-post-3130\" class=\"fusion-post-medium post-3130 post type-post status-publish format-standard has-post-thumbnail hentry category-aktivity-v-roce-2018 category-cvicte-jogu-s-nami category-projekty category-uncategorized-cz\">\n\t<style type=\"text\/css\">\n\t\t\n\t\t\n\t\t\n\t\t\n\t\t\t<\/style>\n\n\n\t\t\t<div class=\"fusion-flexslider flexslider fusion-flexslider-loading fusion-post-slideshow\" style=\"\">\n\t\t<ul class=\"slides\">\n\t\t\t\n\t\t\t\t\t\t\t\t\t\t\t\t\t\t<li>\n\n<div  class=\"fusion-image-wrapper fusion-image-size-fixed\" aria-haspopup=\"true\">\n\t\n\t\n\t\t\n\t\t\t\t\t<img loading=\"lazy\" decoding=\"async\" width=\"320\" height=\"202\" src=\"https:\/\/www.yoga-federation.eu\/wp-content\/uploads\/2017\/09\/Cvicte-jogu-s-nami-v-Parku-na-Kampe-2017-5-320x202.jpg\" class=\"attachment-blog-medium size-blog-medium lazyload wp-post-image\" alt=\"Cvicte-jogu-s-nami-v-Parku-na-Kampe\" srcset=\"data:image\/svg+xml,%3Csvg%20xmlns%3D%27http%3A%2F%2Fwww.w3.org%2F2000%2Fsvg%27%20width%3D%271043%27%20height%3D%27761%27%20viewBox%3D%270%200%201043%20761%27%3E%3Crect%20width%3D%271043%27%20height%3D%273761%27%20fill-opacity%3D%220%22%2F%3E%3C%2Fsvg%3E\" data-orig-src=\"https:\/\/www.yoga-federation.eu\/wp-content\/uploads\/2017\/09\/Cvicte-jogu-s-nami-v-Parku-na-Kampe-2017-5-320x202.jpg\" data-srcset=\"https:\/\/www.yoga-federation.eu\/wp-content\/uploads\/2017\/09\/Cvicte-jogu-s-nami-v-Parku-na-Kampe-2017-5-320x202.jpg 320w, https:\/\/www.yoga-federation.eu\/wp-content\/uploads\/2017\/09\/Cvicte-jogu-s-nami-v-Parku-na-Kampe-2017-5-700x441.jpg 700w\" data-sizes=\"auto\" \/>\n\t\n\n\t\t<div class=\"fusion-rollover\">\n\t<div class=\"fusion-rollover-content\">\n\n\t\t\t\t\t\t\t\t\t\t\t\t\t\t<a class=\"fusion-rollover-link\" href=\"https:\/\/www.yoga-federation.eu\/cz\/joga-v-parku-na-kampe-cvicte-jogu-s-nami-2018\/\">J\u00f3ga v Parku na Kamp\u011b \u2013 Cvi\u010dte j\u00f3gu s n\u00e1mi 2018<\/a>\n\t\t\t\n\t\t\t\t\t\t\t\t\n\t\t\t\t\n\t\t\t\t\t\t\t\t\t\t\t\t<h4 class=\"fusion-rollover-title\">\n\t\t\t\t\t<a class=\"fusion-rollover-title-link\" href=\"https:\/\/www.yoga-federation.eu\/cz\/joga-v-parku-na-kampe-cvicte-jogu-s-nami-2018\/\">\n\t\t\t\t\t\tJ\u00f3ga v Parku na Kamp\u011b \u2013 Cvi\u010dte j\u00f3gu s n\u00e1mi 2018\t\t\t\t\t<\/a>\n\t\t\t\t<\/h4>\n\t\t\t\n\t\t\t\t\t\t\t\t\t\t\t\t\t\t<div class=\"fusion-rollover-categories\"><a href=\"https:\/\/www.yoga-federation.eu\/cz\/category\/aktivity-v-roce-2018\/\" rel=\"tag\">Aktivity v roce 2018<\/a>, <a href=\"https:\/\/www.yoga-federation.eu\/cz\/category\/cvicte-jogu-s-nami\/\" rel=\"tag\">Cvi\u010dte j\u00f3gu s n\u00e1mi<\/a>, <a href=\"https:\/\/www.yoga-federation.eu\/cz\/category\/projekty\/\" rel=\"tag\">Projekty<\/a>, <a href=\"https:\/\/www.yoga-federation.eu\/cz\/category\/uncategorized-cz\/\" rel=\"tag\">Uncategorized<\/a><\/div>\t\t\t\t\t\n\t\t\n\t\t\t\t<a class=\"fusion-link-wrapper\" href=\"https:\/\/www.yoga-federation.eu\/cz\/joga-v-parku-na-kampe-cvicte-jogu-s-nami-2018\/\" aria-label=\"J\u00f3ga v Parku na Kamp\u011b \u2013 Cvi\u010dte j\u00f3gu s n\u00e1mi 2018\"><\/a>\n\t<\/div>\n<\/div>\n\n\t\n<\/div>\n<\/li>\n\t\t\t\n\t\t\t\n\t\t\t\t\t\t\t\t\t\t\t\n\t\t\t\t\t\n\t\t\t\t\t\t\t\t\t\t\t<li>\n\t\t\t\t\t\t\t<div class=\"fusion-image-wrapper\">\n\t\t\t\t\t\t\t\t<a href=\"https:\/\/www.yoga-federation.eu\/cz\/joga-v-parku-na-kampe-cvicte-jogu-s-nami-2018\/\" aria-label=\"J\u00f3ga v Parku na Kamp\u011b \u2013 Cvi\u010dte j\u00f3gu s n\u00e1mi 2018\">\n\t\t\t\t\t\t\t\t\t<img loading=\"lazy\" decoding=\"async\" width=\"320\" height=\"202\" src=\"https:\/\/www.yoga-federation.eu\/wp-content\/uploads\/2017\/09\/Cvicte-jogu-s-nami-v-Parku-na-Kampe-2017-2-320x202.jpg\" data-orig-src=\"https:\/\/www.yoga-federation.eu\/wp-content\/uploads\/2017\/09\/Cvicte-jogu-s-nami-v-Parku-na-Kampe-2017-2-320x202.jpg\" alt=\"Cvicte-jogu-s-nami-v-Parku-na-Kampe\" class=\"lazyload wp-image-2312\" role=\"presentation\" srcset=\"data:image\/svg+xml,%3Csvg%20xmlns%3D%27http%3A%2F%2Fwww.w3.org%2F2000%2Fsvg%27%20width%3D%27320%27%20height%3D%27202%27%20viewBox%3D%270%200%20320%20202%27%3E%3Crect%20width%3D%27320%27%20height%3D%273202%27%20fill-opacity%3D%220%22%2F%3E%3C%2Fsvg%3E\" data-srcset=\"https:\/\/www.yoga-federation.eu\/wp-content\/uploads\/2017\/09\/Cvicte-jogu-s-nami-v-Parku-na-Kampe-2017-2-320x202.jpg 320w, https:\/\/www.yoga-federation.eu\/wp-content\/uploads\/2017\/09\/Cvicte-jogu-s-nami-v-Parku-na-Kampe-2017-2-700x441.jpg 700w\" data-sizes=\"auto\" data-orig-sizes=\"auto, (max-width: 320px) 100vw, 320px\" \/>\t\t\t\t\t\t\t\t<\/a>\n\t\t\t\t\t\t\t\t<a style=\"display:none;\" href=\"https:\/\/www.yoga-federation.eu\/wp-content\/uploads\/2017\/09\/Cvicte-jogu-s-nami-v-Parku-na-Kampe-2017-2.jpg\" data-rel=\"iLightbox[gallery3130]\"  title=\"\" data-title=\"Cvicte-jogu-s-nami-v-Parku-na-Kampe-2017-2\" data-caption=\"\">\n\t\t\t\t\t\t\t\t\t\t\t\t\t\t\t\t\t\t\t<img style=\"display:none;\" alt=\"Cvicte-jogu-s-nami-v-Parku-na-Kampe\" role=\"presentation\" \/>\n\t\t\t\t\t\t\t\t\t\t\t\t\t\t\t\t\t<\/a>\n\t\t\t\t\t\t\t<\/div>\n\t\t\t\t\t\t<\/li>\n\t\t\t\t\t\t\t\t\t\t\t\t\t\t\t\t\t\t\t\t\t\t\t\t\n\t\t\t\t\t\n\t\t\t\t\t\t\t\t\t\t\t<li>\n\t\t\t\t\t\t\t<div class=\"fusion-image-wrapper\">\n\t\t\t\t\t\t\t\t<a href=\"https:\/\/www.yoga-federation.eu\/cz\/joga-v-parku-na-kampe-cvicte-jogu-s-nami-2018\/\" aria-label=\"J\u00f3ga v Parku na Kamp\u011b \u2013 Cvi\u010dte j\u00f3gu s n\u00e1mi 2018\">\n\t\t\t\t\t\t\t\t\t<img loading=\"lazy\" decoding=\"async\" width=\"320\" height=\"202\" src=\"https:\/\/www.yoga-federation.eu\/wp-content\/uploads\/2017\/09\/Cvicte-jogu-s-nami-v-Parku-na-Kampe-2017-3-320x202.jpg\" data-orig-src=\"https:\/\/www.yoga-federation.eu\/wp-content\/uploads\/2017\/09\/Cvicte-jogu-s-nami-v-Parku-na-Kampe-2017-3-320x202.jpg\" alt=\"Cvicte-jogu-s-nami-v-Parku-na-Kampe\" class=\"lazyload wp-image-2315\" role=\"presentation\" srcset=\"data:image\/svg+xml,%3Csvg%20xmlns%3D%27http%3A%2F%2Fwww.w3.org%2F2000%2Fsvg%27%20width%3D%27320%27%20height%3D%27202%27%20viewBox%3D%270%200%20320%20202%27%3E%3Crect%20width%3D%27320%27%20height%3D%273202%27%20fill-opacity%3D%220%22%2F%3E%3C%2Fsvg%3E\" data-srcset=\"https:\/\/www.yoga-federation.eu\/wp-content\/uploads\/2017\/09\/Cvicte-jogu-s-nami-v-Parku-na-Kampe-2017-3-320x202.jpg 320w, https:\/\/www.yoga-federation.eu\/wp-content\/uploads\/2017\/09\/Cvicte-jogu-s-nami-v-Parku-na-Kampe-2017-3-700x441.jpg 700w\" data-sizes=\"auto\" data-orig-sizes=\"auto, (max-width: 320px) 100vw, 320px\" \/>\t\t\t\t\t\t\t\t<\/a>\n\t\t\t\t\t\t\t\t<a style=\"display:none;\" href=\"https:\/\/www.yoga-federation.eu\/wp-content\/uploads\/2017\/09\/Cvicte-jogu-s-nami-v-Parku-na-Kampe-2017-3.jpg\" data-rel=\"iLightbox[gallery3130]\"  title=\"\" data-title=\"Cvicte-jogu-s-nami-v-Parku-na-Kampe-2017-3\" data-caption=\"\">\n\t\t\t\t\t\t\t\t\t\t\t\t\t\t\t\t\t\t\t<img style=\"display:none;\" alt=\"Cvicte-jogu-s-nami-v-Parku-na-Kampe\" role=\"presentation\" \/>\n\t\t\t\t\t\t\t\t\t\t\t\t\t\t\t\t\t<\/a>\n\t\t\t\t\t\t\t<\/div>\n\t\t\t\t\t\t<\/li>\n\t\t\t\t\t\t\t\t\t\t\t\t\t\t\t\t\t\t\t\t\t\t\t\t\t\t\t\t\t\t\t\t\t\t\t\t\t\t\t\t\t\t\t\t\t\t\t\t\t\t\t<\/ul>\n\t<\/div>\n\t<div class=\"fusion-post-content post-content\"><h2 class=\"blog-shortcode-post-title entry-title\"><a href=\"https:\/\/www.yoga-federation.eu\/cz\/joga-v-parku-na-kampe-cvicte-jogu-s-nami-2018\/\">J\u00f3ga v Parku na Kamp\u011b \u2013 Cvi\u010dte j\u00f3gu s n\u00e1mi 2018<\/a><\/h2><div class=\"fusion-post-content-container\"><p> EVROPSK\u00c1 FEDERACE J\u00d3GY V\u00c1S ZVE K \u00da\u010cASTI NA BEZPLATN\u00c9 <a href=\"https:\/\/www.yoga-federation.eu\/cz\/joga-v-parku-na-kampe-cvicte-jogu-s-nami-2018\/\"> [...]<\/a><\/p><\/div><\/div><div class=\"fusion-clearfix\"><\/div><div class=\"fusion-meta-info\"><div class=\"fusion-alignleft\">By <span class=\"vcard\"><span class=\"fn\"><a href=\"https:\/\/www.yoga-federation.eu\/cz\/author\/ana\/\" title=\"Posts by YFE\" rel=\"author\">YFE<\/a><\/span><\/span><span class=\"fusion-inline-sep\">|<\/span><span class=\"updated\" style=\"display:none;\">2019-05-08T13:03:28+00:00<\/span><span>May 27th, 2018<\/span><span class=\"fusion-inline-sep\">|<\/span>Categories: <a href=\"https:\/\/www.yoga-federation.eu\/cz\/category\/aktivity-v-roce-2018\/\" rel=\"category tag\">Aktivity v roce 2018<\/a>, <a href=\"https:\/\/www.yoga-federation.eu\/cz\/category\/cvicte-jogu-s-nami\/\" rel=\"category tag\">Cvi\u010dte j\u00f3gu s n\u00e1mi<\/a>, <a href=\"https:\/\/www.yoga-federation.eu\/cz\/category\/projekty\/\" rel=\"category tag\">Projekty<\/a>, <a href=\"https:\/\/www.yoga-federation.eu\/cz\/category\/uncategorized-cz\/\" rel=\"category tag\">Uncategorized<\/a><span class=\"fusion-inline-sep\">|<\/span><span class=\"fusion-comments\"><a href=\"https:\/\/www.yoga-federation.eu\/cz\/joga-v-parku-na-kampe-cvicte-jogu-s-nami-2018\/#respond\">0 Comments<\/a><\/span><\/div><div class=\"fusion-alignright\"><a class=\"fusion-read-more\" href=\"https:\/\/www.yoga-federation.eu\/cz\/joga-v-parku-na-kampe-cvicte-jogu-s-nami-2018\/\">Read More<\/a><\/div><\/div><\/article>\n<article id=\"blog-1-post-3550\" class=\"fusion-post-medium post-3550 post type-post status-publish format-standard has-post-thumbnail hentry category-aktivity-v-roce-2018 category-cvicte-jogu-s-nami category-projekty\">\n\t<style type=\"text\/css\">\n\t\t\n\t\t\n\t\t\n\t\t\n\t\t\t<\/style>\n\n\n\t\t\t<div class=\"fusion-flexslider flexslider fusion-flexslider-loading fusion-post-slideshow\" style=\"\">\n\t\t<ul class=\"slides\">\n\t\t\t\n\t\t\t\t\t\t\t\t\t\t\t\t\t\t<li>\n\n<div  class=\"fusion-image-wrapper fusion-image-size-fixed\" aria-haspopup=\"true\">\n\t\n\t\n\t\t\n\t\t\t\t\t<img loading=\"lazy\" decoding=\"async\" width=\"320\" height=\"202\" src=\"https:\/\/www.yoga-federation.eu\/wp-content\/uploads\/2018\/05\/Cvicte-jogu-s-nami-v-Brne-2018-320x202.jpg\" class=\"attachment-blog-medium size-blog-medium lazyload wp-post-image\" alt=\"Cvicte jogu s nami v Brne 2018\" srcset=\"data:image\/svg+xml,%3Csvg%20xmlns%3D%27http%3A%2F%2Fwww.w3.org%2F2000%2Fsvg%27%20width%3D%27960%27%20height%3D%27540%27%20viewBox%3D%270%200%20960%20540%27%3E%3Crect%20width%3D%27960%27%20height%3D%273540%27%20fill-opacity%3D%220%22%2F%3E%3C%2Fsvg%3E\" data-orig-src=\"https:\/\/www.yoga-federation.eu\/wp-content\/uploads\/2018\/05\/Cvicte-jogu-s-nami-v-Brne-2018-320x202.jpg\" data-srcset=\"https:\/\/www.yoga-federation.eu\/wp-content\/uploads\/2018\/05\/Cvicte-jogu-s-nami-v-Brne-2018-320x202.jpg 320w, https:\/\/www.yoga-federation.eu\/wp-content\/uploads\/2018\/05\/Cvicte-jogu-s-nami-v-Brne-2018-700x441.jpg 700w\" data-sizes=\"auto\" \/>\n\t\n\n\t\t<div class=\"fusion-rollover\">\n\t<div class=\"fusion-rollover-content\">\n\n\t\t\t\t\t\t\t\t\t\t\t\t\t\t<a class=\"fusion-rollover-link\" href=\"https:\/\/www.yoga-federation.eu\/cz\/cvicte-jogu-s-nami-v-brne-2018\/\">Cvi\u010dte j\u00f3gu s n\u00e1mi v Brn\u011b 2018<\/a>\n\t\t\t\n\t\t\t\t\t\t\t\t\n\t\t\t\t\n\t\t\t\t\t\t\t\t\t\t\t\t<h4 class=\"fusion-rollover-title\">\n\t\t\t\t\t<a class=\"fusion-rollover-title-link\" href=\"https:\/\/www.yoga-federation.eu\/cz\/cvicte-jogu-s-nami-v-brne-2018\/\">\n\t\t\t\t\t\tCvi\u010dte j\u00f3gu s n\u00e1mi v Brn\u011b 2018\t\t\t\t\t<\/a>\n\t\t\t\t<\/h4>\n\t\t\t\n\t\t\t\t\t\t\t\t\t\t\t\t\t\t<div class=\"fusion-rollover-categories\"><a href=\"https:\/\/www.yoga-federation.eu\/cz\/category\/aktivity-v-roce-2018\/\" rel=\"tag\">Aktivity v roce 2018<\/a>, <a href=\"https:\/\/www.yoga-federation.eu\/cz\/category\/cvicte-jogu-s-nami\/\" rel=\"tag\">Cvi\u010dte j\u00f3gu s n\u00e1mi<\/a>, <a href=\"https:\/\/www.yoga-federation.eu\/cz\/category\/projekty\/\" rel=\"tag\">Projekty<\/a><\/div>\t\t\t\t\t\n\t\t\n\t\t\t\t<a class=\"fusion-link-wrapper\" href=\"https:\/\/www.yoga-federation.eu\/cz\/cvicte-jogu-s-nami-v-brne-2018\/\" aria-label=\"Cvi\u010dte j\u00f3gu s n\u00e1mi v Brn\u011b 2018\"><\/a>\n\t<\/div>\n<\/div>\n\n\t\n<\/div>\n<\/li>\n\t\t\t\n\t\t\t\n\t\t\t\t\t\t\t\t\t\t\t\t\t\t\t\t\t\t\t\t\t\t\t\t\t\t\t\t\t\t\t\t\t\t\t\t\t\t\t\t\t\t\t\t\t\t\t\t\t\t\t\t\t\t\t\t\t\t\t\t\t\t\t\t\t\t\t\t<\/ul>\n\t<\/div>\n\t<div class=\"fusion-post-content post-content\"><h2 class=\"blog-shortcode-post-title entry-title\"><a href=\"https:\/\/www.yoga-federation.eu\/cz\/cvicte-jogu-s-nami-v-brne-2018\/\">Cvi\u010dte j\u00f3gu s n\u00e1mi v Brn\u011b 2018<\/a><\/h2><div class=\"fusion-post-content-container\"><p> V r\u00e1mci projektu\u00a0Cvi\u010dte j\u00f3gu s n\u00e1mi\u00a0v parku Lu\u017e\u00e1nky, instrukto\u0159i <a href=\"https:\/\/www.yoga-federation.eu\/cz\/cvicte-jogu-s-nami-v-brne-2018\/\"> [...]<\/a><\/p><\/div><\/div><div class=\"fusion-clearfix\"><\/div><div class=\"fusion-meta-info\"><div class=\"fusion-alignleft\">By <span class=\"vcard\"><span class=\"fn\"><a href=\"https:\/\/www.yoga-federation.eu\/cz\/author\/ana\/\" title=\"Posts by YFE\" rel=\"author\">YFE<\/a><\/span><\/span><span class=\"fusion-inline-sep\">|<\/span><span class=\"updated\" style=\"display:none;\">2019-05-08T13:05:10+00:00<\/span><span>May 27th, 2018<\/span><span class=\"fusion-inline-sep\">|<\/span>Categories: <a href=\"https:\/\/www.yoga-federation.eu\/cz\/category\/aktivity-v-roce-2018\/\" rel=\"category tag\">Aktivity v roce 2018<\/a>, <a href=\"https:\/\/www.yoga-federation.eu\/cz\/category\/cvicte-jogu-s-nami\/\" rel=\"category tag\">Cvi\u010dte j\u00f3gu s n\u00e1mi<\/a>, <a href=\"https:\/\/www.yoga-federation.eu\/cz\/category\/projekty\/\" rel=\"category tag\">Projekty<\/a><span class=\"fusion-inline-sep\">|<\/span><span class=\"fusion-comments\"><a href=\"https:\/\/www.yoga-federation.eu\/cz\/cvicte-jogu-s-nami-v-brne-2018\/#respond\">0 Comments<\/a><\/span><\/div><div class=\"fusion-alignright\"><a class=\"fusion-read-more\" href=\"https:\/\/www.yoga-federation.eu\/cz\/cvicte-jogu-s-nami-v-brne-2018\/\">Read More<\/a><\/div><\/div><\/article>\n<article id=\"blog-1-post-3424\" class=\"fusion-post-medium post-3424 post type-post status-publish format-standard has-post-thumbnail hentry category-aktivity-v-roce-2018 category-odborne-seminare category-professional-seminars-cz\">\n\t<style type=\"text\/css\">\n\t\t\n\t\t\n\t\t\n\t\t\n\t\t\t<\/style>\n\n\n\t\t\t<div class=\"fusion-flexslider flexslider fusion-flexslider-loading fusion-post-slideshow\" style=\"\">\n\t\t<ul class=\"slides\">\n\t\t\t\n\t\t\t\t\t\t\t\t\t\t\t\t\t\t<li>\n\n<div  class=\"fusion-image-wrapper fusion-image-size-fixed\" aria-haspopup=\"true\">\n\t\n\t\n\t\t\n\t\t\t\t\t<img loading=\"lazy\" decoding=\"async\" width=\"320\" height=\"202\" src=\"https:\/\/www.yoga-federation.eu\/wp-content\/uploads\/2017\/10\/yfe-korporativni-joga-320x202.jpg\" class=\"attachment-blog-medium size-blog-medium lazyload wp-post-image\" alt=\"yfe korporativni joga\" srcset=\"data:image\/svg+xml,%3Csvg%20xmlns%3D%27http%3A%2F%2Fwww.w3.org%2F2000%2Fsvg%27%20width%3D%271000%27%20height%3D%27631%27%20viewBox%3D%270%200%201000%20631%27%3E%3Crect%20width%3D%271000%27%20height%3D%273631%27%20fill-opacity%3D%220%22%2F%3E%3C%2Fsvg%3E\" data-orig-src=\"https:\/\/www.yoga-federation.eu\/wp-content\/uploads\/2017\/10\/yfe-korporativni-joga-320x202.jpg\" data-srcset=\"https:\/\/www.yoga-federation.eu\/wp-content\/uploads\/2017\/10\/yfe-korporativni-joga-200x126.jpg 200w, https:\/\/www.yoga-federation.eu\/wp-content\/uploads\/2017\/10\/yfe-korporativni-joga-300x189.jpg 300w, https:\/\/www.yoga-federation.eu\/wp-content\/uploads\/2017\/10\/yfe-korporativni-joga-320x202.jpg 320w, https:\/\/www.yoga-federation.eu\/wp-content\/uploads\/2017\/10\/yfe-korporativni-joga-400x252.jpg 400w, https:\/\/www.yoga-federation.eu\/wp-content\/uploads\/2017\/10\/yfe-korporativni-joga-600x379.jpg 600w, https:\/\/www.yoga-federation.eu\/wp-content\/uploads\/2017\/10\/yfe-korporativni-joga-700x441.jpg 700w, https:\/\/www.yoga-federation.eu\/wp-content\/uploads\/2017\/10\/yfe-korporativni-joga-768x485.jpg 768w, https:\/\/www.yoga-federation.eu\/wp-content\/uploads\/2017\/10\/yfe-korporativni-joga-800x505.jpg 800w, https:\/\/www.yoga-federation.eu\/wp-content\/uploads\/2017\/10\/yfe-korporativni-joga.jpg 1000w\" data-sizes=\"auto\" \/>\n\t\n\n\t\t<div class=\"fusion-rollover\">\n\t<div class=\"fusion-rollover-content\">\n\n\t\t\t\t\t\t\t\t\t\t\t\t\t\t<a class=\"fusion-rollover-link\" href=\"https:\/\/www.yoga-federation.eu\/cz\/joga-pro-zamestnane\/\">J\u00f3ga pro zam\u011bstnan\u00e9 &#8211; korporativn\u00ed j\u00f3ga<\/a>\n\t\t\t\n\t\t\t\t\t\t\t\t\n\t\t\t\t\n\t\t\t\t\t\t\t\t\t\t\t\t<h4 class=\"fusion-rollover-title\">\n\t\t\t\t\t<a class=\"fusion-rollover-title-link\" href=\"https:\/\/www.yoga-federation.eu\/cz\/joga-pro-zamestnane\/\">\n\t\t\t\t\t\tJ\u00f3ga pro zam\u011bstnan\u00e9 &#8211; korporativn\u00ed j\u00f3ga\t\t\t\t\t<\/a>\n\t\t\t\t<\/h4>\n\t\t\t\n\t\t\t\t\t\t\t\t\t\t\t\t\t\t<div class=\"fusion-rollover-categories\"><a href=\"https:\/\/www.yoga-federation.eu\/cz\/category\/aktivity-v-roce-2018\/\" rel=\"tag\">Aktivity v roce 2018<\/a>, <a href=\"https:\/\/www.yoga-federation.eu\/cz\/category\/odborne-seminare\/\" rel=\"tag\">Odborn\u00e9 semin\u00e1\u0159e<\/a>, <a href=\"https:\/\/www.yoga-federation.eu\/cz\/category\/professional-seminars-cz\/\" rel=\"tag\">Professional seminars<\/a><\/div>\t\t\t\t\t\n\t\t\n\t\t\t\t<a class=\"fusion-link-wrapper\" href=\"https:\/\/www.yoga-federation.eu\/cz\/joga-pro-zamestnane\/\" aria-label=\"J\u00f3ga pro zam\u011bstnan\u00e9 &#8211; korporativn\u00ed j\u00f3ga\"><\/a>\n\t<\/div>\n<\/div>\n\n\t\n<\/div>\n<\/li>\n\t\t\t\n\t\t\t\n\t\t\t\t\t\t\t\t\t\t\t\t\t\t\t\t\t\t\t\t\t\t\t\t\t\t\t\t\t\t\t\t\t\t\t\t\t\t\t\t\t\t\t\t\t\t\t\t\t\t\t\t\t\t\t\t\t\t\t\t\t\t\t\t\t\t\t\t<\/ul>\n\t<\/div>\n\t<div class=\"fusion-post-content post-content\"><h2 class=\"blog-shortcode-post-title entry-title\"><a href=\"https:\/\/www.yoga-federation.eu\/cz\/joga-pro-zamestnane\/\">J\u00f3ga pro zam\u011bstnan\u00e9 &#8211; korporativn\u00ed j\u00f3ga<\/a><\/h2><div class=\"fusion-post-content-container\"><p> DAL\u0160\u00cd VZD\u011aL\u00c1V\u00c1N\u00cd INSTRUKTOR\u016e J\u00d3GY J\u00d3GA PRO ZAM\u011aSTNAN\u00c9 \u2013 KORPORATIVN\u00cd <a href=\"https:\/\/www.yoga-federation.eu\/cz\/joga-pro-zamestnane\/\"> [...]<\/a><\/p><\/div><\/div><div class=\"fusion-clearfix\"><\/div><div class=\"fusion-meta-info\"><div class=\"fusion-alignleft\">By <span class=\"vcard\"><span class=\"fn\"><a href=\"https:\/\/www.yoga-federation.eu\/cz\/author\/ana\/\" title=\"Posts by YFE\" rel=\"author\">YFE<\/a><\/span><\/span><span class=\"fusion-inline-sep\">|<\/span><span class=\"updated\" style=\"display:none;\">2018-10-23T17:50:29+00:00<\/span><span>May 18th, 2018<\/span><span class=\"fusion-inline-sep\">|<\/span>Categories: <a href=\"https:\/\/www.yoga-federation.eu\/cz\/category\/aktivity-v-roce-2018\/\" rel=\"category tag\">Aktivity v roce 2018<\/a>, <a href=\"https:\/\/www.yoga-federation.eu\/cz\/category\/odborne-seminare\/\" rel=\"category tag\">Odborn\u00e9 semin\u00e1\u0159e<\/a>, <a href=\"https:\/\/www.yoga-federation.eu\/cz\/category\/professional-seminars-cz\/\" rel=\"category tag\">Professional seminars<\/a><span class=\"fusion-inline-sep\">|<\/span><span class=\"fusion-comments\"><a href=\"https:\/\/www.yoga-federation.eu\/cz\/joga-pro-zamestnane\/#respond\">0 Comments<\/a><\/span><\/div><div class=\"fusion-alignright\"><a class=\"fusion-read-more\" href=\"https:\/\/www.yoga-federation.eu\/cz\/joga-pro-zamestnane\/\">Read More<\/a><\/div><\/div><\/article>\n<article id=\"blog-1-post-3174\" class=\"fusion-post-medium post-3174 post type-post status-publish format-standard has-post-thumbnail hentry category-aktivity-v-roce-2018 category-jogove-predstaveni\">\n\t<style type=\"text\/css\">\n\t\t\n\t\t\n\t\t\n\t\t\n\t\t\t<\/style>\n\n\n\t\t\t<div class=\"fusion-flexslider flexslider fusion-flexslider-loading fusion-post-slideshow\" style=\"\">\n\t\t<ul class=\"slides\">\n\t\t\t\n\t\t\t\t\t\t\t\t\t\t\t\t\t\t<li>\n\n<div  class=\"fusion-image-wrapper fusion-image-size-fixed\" aria-haspopup=\"true\">\n\t\n\t\n\t\t\n\t\t\t\t\t<img loading=\"lazy\" decoding=\"async\" width=\"320\" height=\"202\" src=\"https:\/\/www.yoga-federation.eu\/wp-content\/uploads\/2017\/06\/Jogove-predstaveni-2017-320x202.jpg\" class=\"attachment-blog-medium size-blog-medium lazyload wp-post-image\" alt=\"Jogove predstaveni-2017\" srcset=\"data:image\/svg+xml,%3Csvg%20xmlns%3D%27http%3A%2F%2Fwww.w3.org%2F2000%2Fsvg%27%20width%3D%271433%27%20height%3D%271008%27%20viewBox%3D%270%200%201433%201008%27%3E%3Crect%20width%3D%271433%27%20height%3D%2731008%27%20fill-opacity%3D%220%22%2F%3E%3C%2Fsvg%3E\" data-orig-src=\"https:\/\/www.yoga-federation.eu\/wp-content\/uploads\/2017\/06\/Jogove-predstaveni-2017-320x202.jpg\" data-srcset=\"https:\/\/www.yoga-federation.eu\/wp-content\/uploads\/2017\/06\/Jogove-predstaveni-2017-320x202.jpg 320w, https:\/\/www.yoga-federation.eu\/wp-content\/uploads\/2017\/06\/Jogove-predstaveni-2017-700x441.jpg 700w\" data-sizes=\"auto\" \/>\n\t\n\n\t\t<div class=\"fusion-rollover\">\n\t<div class=\"fusion-rollover-content\">\n\n\t\t\t\t\t\t\t\t\t\t\t\t\t\t<a class=\"fusion-rollover-link\" href=\"https:\/\/www.yoga-federation.eu\/cz\/velke-evropske-jogove-predstaveni-v-praze-2018\/\">Velk\u00e9 evropsk\u00e9 j\u00f3gov\u00e9 p\u0159edstaven\u00ed v Praze, 2018<\/a>\n\t\t\t\n\t\t\t\t\t\t\t\t\n\t\t\t\t\n\t\t\t\t\t\t\t\t\t\t\t\t<h4 class=\"fusion-rollover-title\">\n\t\t\t\t\t<a class=\"fusion-rollover-title-link\" href=\"https:\/\/www.yoga-federation.eu\/cz\/velke-evropske-jogove-predstaveni-v-praze-2018\/\">\n\t\t\t\t\t\tVelk\u00e9 evropsk\u00e9 j\u00f3gov\u00e9 p\u0159edstaven\u00ed v Praze, 2018\t\t\t\t\t<\/a>\n\t\t\t\t<\/h4>\n\t\t\t\n\t\t\t\t\t\t\t\t\t\t\t\t\t\t<div class=\"fusion-rollover-categories\"><a href=\"https:\/\/www.yoga-federation.eu\/cz\/category\/aktivity-v-roce-2018\/\" rel=\"tag\">Aktivity v roce 2018<\/a>, <a href=\"https:\/\/www.yoga-federation.eu\/cz\/category\/jogove-predstaveni\/\" rel=\"tag\">J\u00f3gov\u00e9 p\u0159edstaven\u00ed<\/a><\/div>\t\t\t\t\t\n\t\t\n\t\t\t\t<a class=\"fusion-link-wrapper\" href=\"https:\/\/www.yoga-federation.eu\/cz\/velke-evropske-jogove-predstaveni-v-praze-2018\/\" aria-label=\"Velk\u00e9 evropsk\u00e9 j\u00f3gov\u00e9 p\u0159edstaven\u00ed v Praze, 2018\"><\/a>\n\t<\/div>\n<\/div>\n\n\t\n<\/div>\n<\/li>\n\t\t\t\n\t\t\t\n\t\t\t\t\t\t\t\t\t\t\t\n\t\t\t\t\t\n\t\t\t\t\t\t\t\t\t\t\t<li>\n\t\t\t\t\t\t\t<div class=\"fusion-image-wrapper\">\n\t\t\t\t\t\t\t\t<a href=\"https:\/\/www.yoga-federation.eu\/cz\/velke-evropske-jogove-predstaveni-v-praze-2018\/\" aria-label=\"Velk\u00e9 evropsk\u00e9 j\u00f3gov\u00e9 p\u0159edstaven\u00ed v Praze, 2018\">\n\t\t\t\t\t\t\t\t\t<img loading=\"lazy\" decoding=\"async\" width=\"320\" height=\"202\" src=\"https:\/\/www.yoga-federation.eu\/wp-content\/uploads\/2016\/09\/yoga-federation-of-europe-art-joga1-320x202.jpg\" data-orig-src=\"https:\/\/www.yoga-federation.eu\/wp-content\/uploads\/2016\/09\/yoga-federation-of-europe-art-joga1-320x202.jpg\" alt=\"yoga federation of europe art joga\" class=\"lazyload wp-image-2691\" role=\"presentation\" srcset=\"data:image\/svg+xml,%3Csvg%20xmlns%3D%27http%3A%2F%2Fwww.w3.org%2F2000%2Fsvg%27%20width%3D%27320%27%20height%3D%27202%27%20viewBox%3D%270%200%20320%20202%27%3E%3Crect%20width%3D%27320%27%20height%3D%273202%27%20fill-opacity%3D%220%22%2F%3E%3C%2Fsvg%3E\" data-srcset=\"https:\/\/www.yoga-federation.eu\/wp-content\/uploads\/2016\/09\/yoga-federation-of-europe-art-joga1-320x202.jpg 320w, https:\/\/www.yoga-federation.eu\/wp-content\/uploads\/2016\/09\/yoga-federation-of-europe-art-joga1-700x441.jpg 700w\" data-sizes=\"auto\" data-orig-sizes=\"auto, (max-width: 320px) 100vw, 320px\" \/>\t\t\t\t\t\t\t\t<\/a>\n\t\t\t\t\t\t\t\t<a style=\"display:none;\" href=\"https:\/\/www.yoga-federation.eu\/wp-content\/uploads\/2016\/09\/yoga-federation-of-europe-art-joga1.jpg\" data-rel=\"iLightbox[gallery3174]\"  title=\"\" data-title=\"yoga federation of europe art joga1\" data-caption=\"\">\n\t\t\t\t\t\t\t\t\t\t\t\t\t\t\t\t\t\t\t<img style=\"display:none;\" alt=\"yoga federation of europe art joga\" role=\"presentation\" \/>\n\t\t\t\t\t\t\t\t\t\t\t\t\t\t\t\t\t<\/a>\n\t\t\t\t\t\t\t<\/div>\n\t\t\t\t\t\t<\/li>\n\t\t\t\t\t\t\t\t\t\t\t\t\t\t\t\t\t\t\t\t\t\t\t\t\n\t\t\t\t\t\n\t\t\t\t\t\t\t\t\t\t\t<li>\n\t\t\t\t\t\t\t<div class=\"fusion-image-wrapper\">\n\t\t\t\t\t\t\t\t<a href=\"https:\/\/www.yoga-federation.eu\/cz\/velke-evropske-jogove-predstaveni-v-praze-2018\/\" aria-label=\"Velk\u00e9 evropsk\u00e9 j\u00f3gov\u00e9 p\u0159edstaven\u00ed v Praze, 2018\">\n\t\t\t\t\t\t\t\t\t<img loading=\"lazy\" decoding=\"async\" width=\"320\" height=\"202\" src=\"https:\/\/www.yoga-federation.eu\/wp-content\/uploads\/2018\/05\/Velke-evropske-jogove-predstaveni-v-Praze-2018-320x202.jpg\" data-orig-src=\"https:\/\/www.yoga-federation.eu\/wp-content\/uploads\/2018\/05\/Velke-evropske-jogove-predstaveni-v-Praze-2018-320x202.jpg\" alt=\"\" class=\"lazyload wp-image-3183\" role=\"presentation\" srcset=\"data:image\/svg+xml,%3Csvg%20xmlns%3D%27http%3A%2F%2Fwww.w3.org%2F2000%2Fsvg%27%20width%3D%27320%27%20height%3D%27202%27%20viewBox%3D%270%200%20320%20202%27%3E%3Crect%20width%3D%27320%27%20height%3D%273202%27%20fill-opacity%3D%220%22%2F%3E%3C%2Fsvg%3E\" data-srcset=\"https:\/\/www.yoga-federation.eu\/wp-content\/uploads\/2018\/05\/Velke-evropske-jogove-predstaveni-v-Praze-2018-320x202.jpg 320w, https:\/\/www.yoga-federation.eu\/wp-content\/uploads\/2018\/05\/Velke-evropske-jogove-predstaveni-v-Praze-2018-700x441.jpg 700w\" data-sizes=\"auto\" data-orig-sizes=\"auto, (max-width: 320px) 100vw, 320px\" \/>\t\t\t\t\t\t\t\t<\/a>\n\t\t\t\t\t\t\t\t<a style=\"display:none;\" href=\"https:\/\/www.yoga-federation.eu\/wp-content\/uploads\/2018\/05\/Velke-evropske-jogove-predstaveni-v-Praze-2018.jpg\" data-rel=\"iLightbox[gallery3174]\"  title=\"\" data-title=\"Velke evropske jogove predstaveni v Praze, 2018\" data-caption=\"\">\n\t\t\t\t\t\t\t\t\t\t\t\t\t\t\t\t\t<\/a>\n\t\t\t\t\t\t\t<\/div>\n\t\t\t\t\t\t<\/li>\n\t\t\t\t\t\t\t\t\t\t\t\t\t\t\t\t\t\t\t\t\t\t\t\t\t\t\t\t\t\t\t\t\t\t\t\t\t\t\t\t\t\t\t\t\t\t\t\t\t\t\t<\/ul>\n\t<\/div>\n\t<div class=\"fusion-post-content post-content\"><h2 class=\"blog-shortcode-post-title entry-title\"><a href=\"https:\/\/www.yoga-federation.eu\/cz\/velke-evropske-jogove-predstaveni-v-praze-2018\/\">Velk\u00e9 evropsk\u00e9 j\u00f3gov\u00e9 p\u0159edstaven\u00ed v Praze, 2018<\/a><\/h2><div class=\"fusion-post-content-container\"><p> EVROPSK\u00c1 FEDERACE J\u00d3GY V\u00c1S ZVE K \u00da\u010cASTI NA VELK\u00c9 <a href=\"https:\/\/www.yoga-federation.eu\/cz\/velke-evropske-jogove-predstaveni-v-praze-2018\/\"> [...]<\/a><\/p><\/div><\/div><div class=\"fusion-clearfix\"><\/div><div class=\"fusion-meta-info\"><div class=\"fusion-alignleft\">By <span class=\"vcard\"><span class=\"fn\"><a href=\"https:\/\/www.yoga-federation.eu\/cz\/author\/ana\/\" title=\"Posts by YFE\" rel=\"author\">YFE<\/a><\/span><\/span><span class=\"fusion-inline-sep\">|<\/span><span class=\"updated\" style=\"display:none;\">2019-01-19T10:40:33+00:00<\/span><span>May 10th, 2018<\/span><span class=\"fusion-inline-sep\">|<\/span>Categories: <a href=\"https:\/\/www.yoga-federation.eu\/cz\/category\/aktivity-v-roce-2018\/\" rel=\"category tag\">Aktivity v roce 2018<\/a>, <a href=\"https:\/\/www.yoga-federation.eu\/cz\/category\/jogove-predstaveni\/\" rel=\"category tag\">J\u00f3gov\u00e9 p\u0159edstaven\u00ed<\/a><span class=\"fusion-inline-sep\">|<\/span><span class=\"fusion-comments\"><a href=\"https:\/\/www.yoga-federation.eu\/cz\/velke-evropske-jogove-predstaveni-v-praze-2018\/#respond\">0 Comments<\/a><\/span><\/div><div class=\"fusion-alignright\"><a class=\"fusion-read-more\" href=\"https:\/\/www.yoga-federation.eu\/cz\/velke-evropske-jogove-predstaveni-v-praze-2018\/\">Read More<\/a><\/div><\/div><\/article>\n<article id=\"blog-1-post-3454\" class=\"fusion-post-medium post-3454 post type-post status-publish format-standard has-post-thumbnail hentry category-aktivity-v-roce-2018 category-projekty\">\n\t<style type=\"text\/css\">\n\t\t\n\t\t\n\t\t\n\t\t\n\t\t\t<\/style>\n\n\n\t\t\t<div class=\"fusion-flexslider flexslider fusion-flexslider-loading fusion-post-slideshow\" style=\"\">\n\t\t<ul class=\"slides\">\n\t\t\t\n\t\t\t\t\t\t\t\t\t\t\t\t\t\t<li>\n\n<div  class=\"fusion-image-wrapper fusion-image-size-fixed\" aria-haspopup=\"true\">\n\t\n\t\n\t\t\n\t\t\t\t\t<img loading=\"lazy\" decoding=\"async\" width=\"320\" height=\"202\" src=\"https:\/\/www.yoga-federation.eu\/wp-content\/uploads\/2018\/05\/Yoga-Servis-mobility-Evropske-federace-jogy-SMYFE-320x202.jpg\" class=\"attachment-blog-medium size-blog-medium lazyload wp-post-image\" alt=\"Yoga Servis mobility Evropske federace jogy SMYFE\" srcset=\"data:image\/svg+xml,%3Csvg%20xmlns%3D%27http%3A%2F%2Fwww.w3.org%2F2000%2Fsvg%27%20width%3D%271600%27%20height%3D%271067%27%20viewBox%3D%270%200%201600%201067%27%3E%3Crect%20width%3D%271600%27%20height%3D%2731067%27%20fill-opacity%3D%220%22%2F%3E%3C%2Fsvg%3E\" data-orig-src=\"https:\/\/www.yoga-federation.eu\/wp-content\/uploads\/2018\/05\/Yoga-Servis-mobility-Evropske-federace-jogy-SMYFE-320x202.jpg\" data-srcset=\"https:\/\/www.yoga-federation.eu\/wp-content\/uploads\/2018\/05\/Yoga-Servis-mobility-Evropske-federace-jogy-SMYFE-320x202.jpg 320w, https:\/\/www.yoga-federation.eu\/wp-content\/uploads\/2018\/05\/Yoga-Servis-mobility-Evropske-federace-jogy-SMYFE-700x441.jpg 700w\" data-sizes=\"auto\" \/>\n\t\n\n\t\t<div class=\"fusion-rollover\">\n\t<div class=\"fusion-rollover-content\">\n\n\t\t\t\t\t\t\t\t\t\t\t\t\t\t<a class=\"fusion-rollover-link\" href=\"https:\/\/www.yoga-federation.eu\/cz\/mobilita-studentu-a-instruktoru-jogy\/\">Mobilita student\u016f a instruktor\u016f j\u00f3gy<\/a>\n\t\t\t\n\t\t\t\t\t\t\t\t\n\t\t\t\t\n\t\t\t\t\t\t\t\t\t\t\t\t<h4 class=\"fusion-rollover-title\">\n\t\t\t\t\t<a class=\"fusion-rollover-title-link\" href=\"https:\/\/www.yoga-federation.eu\/cz\/mobilita-studentu-a-instruktoru-jogy\/\">\n\t\t\t\t\t\tMobilita student\u016f a instruktor\u016f j\u00f3gy\t\t\t\t\t<\/a>\n\t\t\t\t<\/h4>\n\t\t\t\n\t\t\t\t\t\t\t\t\t\t\t\t\t\t<div class=\"fusion-rollover-categories\"><a href=\"https:\/\/www.yoga-federation.eu\/cz\/category\/aktivity-v-roce-2018\/\" rel=\"tag\">Aktivity v roce 2018<\/a>, <a href=\"https:\/\/www.yoga-federation.eu\/cz\/category\/projekty\/\" rel=\"tag\">Projekty<\/a><\/div>\t\t\t\t\t\n\t\t\n\t\t\t\t<a class=\"fusion-link-wrapper\" href=\"https:\/\/www.yoga-federation.eu\/cz\/mobilita-studentu-a-instruktoru-jogy\/\" aria-label=\"Mobilita student\u016f a instruktor\u016f j\u00f3gy\"><\/a>\n\t<\/div>\n<\/div>\n\n\t\n<\/div>\n<\/li>\n\t\t\t\n\t\t\t\n\t\t\t\t\t\t\t\t\t\t\t\t\t\t\t\t\t\t\t\t\t\t\t\t\t\t\t\t\t\t\t\t\t\t\t\t\t\t\t\t\t\t\t\t\t\t\t\t\t\t\t\t\t\t\t\t\t\t\t\t\t\t\t\t\t\t\t\t<\/ul>\n\t<\/div>\n\t<div class=\"fusion-post-content post-content\"><h2 class=\"blog-shortcode-post-title entry-title\"><a href=\"https:\/\/www.yoga-federation.eu\/cz\/mobilita-studentu-a-instruktoru-jogy\/\">Mobilita student\u016f a instruktor\u016f j\u00f3gy<\/a><\/h2><div class=\"fusion-post-content-container\"><p> MOBILITA \u2013 V\u00ddM\u011aNN\u00c9 POBYTY STUDENT\u016e A INSTRUKTOR\u016e J\u00d3GY SMYFE <a href=\"https:\/\/www.yoga-federation.eu\/cz\/mobilita-studentu-a-instruktoru-jogy\/\"> [...]<\/a><\/p><\/div><\/div><div class=\"fusion-clearfix\"><\/div><div class=\"fusion-meta-info\"><div class=\"fusion-alignleft\">By <span class=\"vcard\"><span class=\"fn\"><a href=\"https:\/\/www.yoga-federation.eu\/cz\/author\/ana\/\" title=\"Posts by YFE\" rel=\"author\">YFE<\/a><\/span><\/span><span class=\"fusion-inline-sep\">|<\/span><span class=\"updated\" style=\"display:none;\">2018-10-23T17:59:51+00:00<\/span><span>May 1st, 2018<\/span><span class=\"fusion-inline-sep\">|<\/span>Categories: <a href=\"https:\/\/www.yoga-federation.eu\/cz\/category\/aktivity-v-roce-2018\/\" rel=\"category tag\">Aktivity v roce 2018<\/a>, <a href=\"https:\/\/www.yoga-federation.eu\/cz\/category\/projekty\/\" rel=\"category tag\">Projekty<\/a><span class=\"fusion-inline-sep\">|<\/span><span class=\"fusion-comments\"><a href=\"https:\/\/www.yoga-federation.eu\/cz\/mobilita-studentu-a-instruktoru-jogy\/#respond\">0 Comments<\/a><\/span><\/div><div class=\"fusion-alignright\"><a class=\"fusion-read-more\" href=\"https:\/\/www.yoga-federation.eu\/cz\/mobilita-studentu-a-instruktoru-jogy\/\">Read More<\/a><\/div><\/div><\/article>\n<article id=\"blog-1-post-3443\" class=\"fusion-post-medium post-3443 post type-post status-publish format-standard has-post-thumbnail hentry category-aktivity-v-roce-2018 category-projekty\">\n\t<style type=\"text\/css\">\n\t\t\n\t\t\n\t\t\n\t\t\n\t\t\t<\/style>\n\n\n\t\t\t<div class=\"fusion-flexslider flexslider fusion-flexslider-loading fusion-post-slideshow\" style=\"\">\n\t\t<ul class=\"slides\">\n\t\t\t\n\t\t\t\t\t\t\t\t\t\t\t\t\t\t<li>\n\n<div  class=\"fusion-image-wrapper fusion-image-size-fixed\" aria-haspopup=\"true\">\n\t\n\t\n\t\t\n\t\t\t\t\t<img loading=\"lazy\" decoding=\"async\" width=\"320\" height=\"202\" src=\"https:\/\/www.yoga-federation.eu\/wp-content\/uploads\/2017\/05\/joga-intenziv-kveten-2017-4-320x202.jpg\" class=\"attachment-blog-medium size-blog-medium lazyload wp-post-image\" alt=\"joga intenziv evropska federace jogi\" srcset=\"data:image\/svg+xml,%3Csvg%20xmlns%3D%27http%3A%2F%2Fwww.w3.org%2F2000%2Fsvg%27%20width%3D%271138%27%20height%3D%27843%27%20viewBox%3D%270%200%201138%20843%27%3E%3Crect%20width%3D%271138%27%20height%3D%273843%27%20fill-opacity%3D%220%22%2F%3E%3C%2Fsvg%3E\" data-orig-src=\"https:\/\/www.yoga-federation.eu\/wp-content\/uploads\/2017\/05\/joga-intenziv-kveten-2017-4-320x202.jpg\" data-srcset=\"https:\/\/www.yoga-federation.eu\/wp-content\/uploads\/2017\/05\/joga-intenziv-kveten-2017-4-320x202.jpg 320w, https:\/\/www.yoga-federation.eu\/wp-content\/uploads\/2017\/05\/joga-intenziv-kveten-2017-4-700x441.jpg 700w\" data-sizes=\"auto\" \/>\n\t\n\n\t\t<div class=\"fusion-rollover\">\n\t<div class=\"fusion-rollover-content\">\n\n\t\t\t\t\t\t\t\t\t\t\t\t\t\t<a class=\"fusion-rollover-link\" href=\"https:\/\/www.yoga-federation.eu\/cz\/joga-jako-pomocna-ruka\/\">J\u00f3ga jako &#8221; Pomocn\u00e1 ruka &#8220;<\/a>\n\t\t\t\n\t\t\t\t\t\t\t\t\n\t\t\t\t\n\t\t\t\t\t\t\t\t\t\t\t\t<h4 class=\"fusion-rollover-title\">\n\t\t\t\t\t<a class=\"fusion-rollover-title-link\" href=\"https:\/\/www.yoga-federation.eu\/cz\/joga-jako-pomocna-ruka\/\">\n\t\t\t\t\t\tJ\u00f3ga jako &#8221; Pomocn\u00e1 ruka &#8220;\t\t\t\t\t<\/a>\n\t\t\t\t<\/h4>\n\t\t\t\n\t\t\t\t\t\t\t\t\t\t\t\t\t\t<div class=\"fusion-rollover-categories\"><a href=\"https:\/\/www.yoga-federation.eu\/cz\/category\/aktivity-v-roce-2018\/\" rel=\"tag\">Aktivity v roce 2018<\/a>, <a href=\"https:\/\/www.yoga-federation.eu\/cz\/category\/projekty\/\" rel=\"tag\">Projekty<\/a><\/div>\t\t\t\t\t\n\t\t\n\t\t\t\t<a class=\"fusion-link-wrapper\" href=\"https:\/\/www.yoga-federation.eu\/cz\/joga-jako-pomocna-ruka\/\" aria-label=\"J\u00f3ga jako &#8221; Pomocn\u00e1 ruka &#8220;\"><\/a>\n\t<\/div>\n<\/div>\n\n\t\n<\/div>\n<\/li>\n\t\t\t\n\t\t\t\n\t\t\t\t\t\t\t\t\t\t\t\t\t\t\t\t\t\t\t\t\t\t\t\t\t\t\t\t\t\t\t\t\t\t\t\t\t\t\t\t\t\t\t\t\t\t\t\t\t\t\t\t\t\t\t\t\t\t\t\t\t\t\t\t\t\t\t\t<\/ul>\n\t<\/div>\n\t<div class=\"fusion-post-content post-content\"><h2 class=\"blog-shortcode-post-title entry-title\"><a href=\"https:\/\/www.yoga-federation.eu\/cz\/joga-jako-pomocna-ruka\/\">J\u00f3ga jako &#8221; Pomocn\u00e1 ruka &#8220;<\/a><\/h2><div class=\"fusion-post-content-container\"><p> V r\u00e1mci projektu s n\u00e1zvem Komunitn\u00ed centrum \u00a8 Pomocn\u00e1 <a href=\"https:\/\/www.yoga-federation.eu\/cz\/joga-jako-pomocna-ruka\/\"> [...]<\/a><\/p><\/div><\/div><div class=\"fusion-clearfix\"><\/div><div class=\"fusion-meta-info\"><div class=\"fusion-alignleft\">By <span class=\"vcard\"><span class=\"fn\"><a href=\"https:\/\/www.yoga-federation.eu\/cz\/author\/ana\/\" title=\"Posts by YFE\" rel=\"author\">YFE<\/a><\/span><\/span><span class=\"fusion-inline-sep\">|<\/span><span class=\"updated\" style=\"display:none;\">2018-10-23T18:12:24+00:00<\/span><span>May 1st, 2018<\/span><span class=\"fusion-inline-sep\">|<\/span>Categories: <a href=\"https:\/\/www.yoga-federation.eu\/cz\/category\/aktivity-v-roce-2018\/\" rel=\"category tag\">Aktivity v roce 2018<\/a>, <a href=\"https:\/\/www.yoga-federation.eu\/cz\/category\/projekty\/\" rel=\"category tag\">Projekty<\/a><span class=\"fusion-inline-sep\">|<\/span><span class=\"fusion-comments\"><a href=\"https:\/\/www.yoga-federation.eu\/cz\/joga-jako-pomocna-ruka\/#respond\">0 Comments<\/a><\/span><\/div><div class=\"fusion-alignright\"><a class=\"fusion-read-more\" href=\"https:\/\/www.yoga-federation.eu\/cz\/joga-jako-pomocna-ruka\/\">Read More<\/a><\/div><\/div><\/article>\n<article id=\"blog-1-post-3106\" class=\"fusion-post-medium post-3106 post type-post status-publish format-standard has-post-thumbnail hentry category-aktivity-v-roce-2018 category-projekty\">\n\t<style type=\"text\/css\">\n\t\t\n\t\t\n\t\t\n\t\t\n\t\t\t<\/style>\n\n\n\t\t\t<div class=\"fusion-flexslider flexslider fusion-flexslider-loading fusion-post-slideshow\" style=\"\">\n\t\t<ul class=\"slides\">\n\t\t\t\n\t\t\t\t\t\t\t\t\t\t\t\t\t\t<li>\n\n<div  class=\"fusion-image-wrapper fusion-image-size-fixed\" aria-haspopup=\"true\">\n\t\n\t\n\t\t\n\t\t\t\t\t<img loading=\"lazy\" decoding=\"async\" width=\"320\" height=\"202\" src=\"https:\/\/www.yoga-federation.eu\/wp-content\/uploads\/2018\/04\/Rekvalifikacni-kurz-Instruktor-jogy-320x202.jpg\" class=\"attachment-blog-medium size-blog-medium lazyload wp-post-image\" alt=\"Rekvalifikacni kurz Instruktor jogy\" srcset=\"data:image\/svg+xml,%3Csvg%20xmlns%3D%27http%3A%2F%2Fwww.w3.org%2F2000%2Fsvg%27%20width%3D%27994%27%20height%3D%27581%27%20viewBox%3D%270%200%20994%20581%27%3E%3Crect%20width%3D%27994%27%20height%3D%273581%27%20fill-opacity%3D%220%22%2F%3E%3C%2Fsvg%3E\" data-orig-src=\"https:\/\/www.yoga-federation.eu\/wp-content\/uploads\/2018\/04\/Rekvalifikacni-kurz-Instruktor-jogy-320x202.jpg\" data-srcset=\"https:\/\/www.yoga-federation.eu\/wp-content\/uploads\/2018\/04\/Rekvalifikacni-kurz-Instruktor-jogy-320x202.jpg 320w, https:\/\/www.yoga-federation.eu\/wp-content\/uploads\/2018\/04\/Rekvalifikacni-kurz-Instruktor-jogy-700x441.jpg 700w\" data-sizes=\"auto\" \/>\n\t\n\n\t\t<div class=\"fusion-rollover\">\n\t<div class=\"fusion-rollover-content\">\n\n\t\t\t\t\t\t\t\t\t\t\t\t\t\t<a class=\"fusion-rollover-link\" href=\"https:\/\/www.yoga-federation.eu\/cz\/rekvalifikacni-kurz-instruktor-jogy-v-ramci-projektu-program-na-podporu-pracovniho-uplatneni-rodicu-deti-do-15-let\/\">Rekvalifika\u010dn\u00ed kurz Instruktor j\u00f3gy v r\u00e1mci projektu \u201eProgram na podporu pracovn\u00edho uplatn\u011bn\u00ed rodi\u010d\u016f d\u011bt\u00ed do 15 let\u201c<\/a>\n\t\t\t\n\t\t\t\t\t\t\t\t\n\t\t\t\t\n\t\t\t\t\t\t\t\t\t\t\t\t<h4 class=\"fusion-rollover-title\">\n\t\t\t\t\t<a class=\"fusion-rollover-title-link\" href=\"https:\/\/www.yoga-federation.eu\/cz\/rekvalifikacni-kurz-instruktor-jogy-v-ramci-projektu-program-na-podporu-pracovniho-uplatneni-rodicu-deti-do-15-let\/\">\n\t\t\t\t\t\tRekvalifika\u010dn\u00ed kurz Instruktor j\u00f3gy v r\u00e1mci projektu \u201eProgram na podporu pracovn\u00edho uplatn\u011bn\u00ed rodi\u010d\u016f d\u011bt\u00ed do 15 let\u201c\t\t\t\t\t<\/a>\n\t\t\t\t<\/h4>\n\t\t\t\n\t\t\t\t\t\t\t\t\t\t\t\t\t\t<div class=\"fusion-rollover-categories\"><a href=\"https:\/\/www.yoga-federation.eu\/cz\/category\/aktivity-v-roce-2018\/\" rel=\"tag\">Aktivity v roce 2018<\/a>, <a href=\"https:\/\/www.yoga-federation.eu\/cz\/category\/projekty\/\" rel=\"tag\">Projekty<\/a><\/div>\t\t\t\t\t\n\t\t\n\t\t\t\t<a class=\"fusion-link-wrapper\" href=\"https:\/\/www.yoga-federation.eu\/cz\/rekvalifikacni-kurz-instruktor-jogy-v-ramci-projektu-program-na-podporu-pracovniho-uplatneni-rodicu-deti-do-15-let\/\" aria-label=\"Rekvalifika\u010dn\u00ed kurz Instruktor j\u00f3gy v r\u00e1mci projektu \u201eProgram na podporu pracovn\u00edho uplatn\u011bn\u00ed rodi\u010d\u016f d\u011bt\u00ed do 15 let\u201c\"><\/a>\n\t<\/div>\n<\/div>\n\n\t\n<\/div>\n<\/li>\n\t\t\t\n\t\t\t\n\t\t\t\t\t\t\t\t\t\t\t\t\t\t\t\t\t\t\t\t\t\t\t\t\t\t\t\t\t\t\t\t\t\t\t\t\t\t\t\t\t\t\t\t\t\t\t\t\t\t\t\t\t\t\t\t\t\t\t\t\t\t\t\t\t\t\t\t<\/ul>\n\t<\/div>\n\t<div class=\"fusion-post-content post-content\"><h2 class=\"blog-shortcode-post-title entry-title\"><a href=\"https:\/\/www.yoga-federation.eu\/cz\/rekvalifikacni-kurz-instruktor-jogy-v-ramci-projektu-program-na-podporu-pracovniho-uplatneni-rodicu-deti-do-15-let\/\">Rekvalifika\u010dn\u00ed kurz Instruktor j\u00f3gy v r\u00e1mci projektu \u201eProgram na podporu pracovn\u00edho uplatn\u011bn\u00ed rodi\u010d\u016f d\u011bt\u00ed do 15 let\u201c<\/a><\/h2><div class=\"fusion-post-content-container\"><p> K\u00a0realizaci projektu \u201eProgram na podporu pracovn\u00edho uplatn\u011bn\u00ed rodi\u010d\u016f d\u011bt\u00ed <a href=\"https:\/\/www.yoga-federation.eu\/cz\/rekvalifikacni-kurz-instruktor-jogy-v-ramci-projektu-program-na-podporu-pracovniho-uplatneni-rodicu-deti-do-15-let\/\"> [...]<\/a><\/p><\/div><\/div><div class=\"fusion-clearfix\"><\/div><div class=\"fusion-meta-info\"><div class=\"fusion-alignleft\">By <span class=\"vcard\"><span class=\"fn\"><a href=\"https:\/\/www.yoga-federation.eu\/cz\/author\/ana\/\" title=\"Posts by YFE\" rel=\"author\">YFE<\/a><\/span><\/span><span class=\"fusion-inline-sep\">|<\/span><span class=\"updated\" style=\"display:none;\">2018-10-23T18:29:44+00:00<\/span><span>April 19th, 2018<\/span><span class=\"fusion-inline-sep\">|<\/span>Categories: <a href=\"https:\/\/www.yoga-federation.eu\/cz\/category\/aktivity-v-roce-2018\/\" rel=\"category tag\">Aktivity v roce 2018<\/a>, <a href=\"https:\/\/www.yoga-federation.eu\/cz\/category\/projekty\/\" rel=\"category tag\">Projekty<\/a><span class=\"fusion-inline-sep\">|<\/span><span class=\"fusion-comments\"><a href=\"https:\/\/www.yoga-federation.eu\/cz\/rekvalifikacni-kurz-instruktor-jogy-v-ramci-projektu-program-na-podporu-pracovniho-uplatneni-rodicu-deti-do-15-let\/#respond\">0 Comments<\/a><\/span><\/div><div class=\"fusion-alignright\"><a class=\"fusion-read-more\" href=\"https:\/\/www.yoga-federation.eu\/cz\/rekvalifikacni-kurz-instruktor-jogy-v-ramci-projektu-program-na-podporu-pracovniho-uplatneni-rodicu-deti-do-15-let\/\">Read More<\/a><\/div><\/div><\/article>\n<article id=\"blog-1-post-3446\" class=\"fusion-post-medium post-3446 post type-post status-publish format-standard has-post-thumbnail hentry category-aktivity-v-roce-2018 category-projekty\">\n\t<style type=\"text\/css\">\n\t\t\n\t\t\n\t\t\n\t\t\n\t\t\t<\/style>\n\n\n\t\t\t<div class=\"fusion-flexslider flexslider fusion-flexslider-loading fusion-post-slideshow\" style=\"\">\n\t\t<ul class=\"slides\">\n\t\t\t\n\t\t\t\t\t\t\t\t\t\t\t\t\t\t<li>\n\n<div  class=\"fusion-image-wrapper fusion-image-size-fixed\" aria-haspopup=\"true\">\n\t\n\t\n\t\t\n\t\t\t\t\t<img loading=\"lazy\" decoding=\"async\" width=\"320\" height=\"202\" src=\"https:\/\/www.yoga-federation.eu\/wp-content\/uploads\/2017\/06\/joga-akademie-praha-4-320x202.jpg\" class=\"attachment-blog-medium size-blog-medium lazyload wp-post-image\" alt=\"\" srcset=\"data:image\/svg+xml,%3Csvg%20xmlns%3D%27http%3A%2F%2Fwww.w3.org%2F2000%2Fsvg%27%20width%3D%27982%27%20height%3D%27833%27%20viewBox%3D%270%200%20982%20833%27%3E%3Crect%20width%3D%27982%27%20height%3D%273833%27%20fill-opacity%3D%220%22%2F%3E%3C%2Fsvg%3E\" data-orig-src=\"https:\/\/www.yoga-federation.eu\/wp-content\/uploads\/2017\/06\/joga-akademie-praha-4-320x202.jpg\" data-srcset=\"https:\/\/www.yoga-federation.eu\/wp-content\/uploads\/2017\/06\/joga-akademie-praha-4-320x202.jpg 320w, https:\/\/www.yoga-federation.eu\/wp-content\/uploads\/2017\/06\/joga-akademie-praha-4-700x441.jpg 700w\" data-sizes=\"auto\" \/>\n\t\n\n\t\t<div class=\"fusion-rollover\">\n\t<div class=\"fusion-rollover-content\">\n\n\t\t\t\t\t\t\t\t\t\t\t\t\t\t<a class=\"fusion-rollover-link\" href=\"https:\/\/www.yoga-federation.eu\/cz\/rekvalifikacni-kurz-instruktor-jogy-v-ramci-projektu-novou-cestou\/\">Rekvalifika\u010dn\u00ed kurz Instruktor j\u00f3gy v r\u00e1mci projektu \u201e Novou cestou \u201c<\/a>\n\t\t\t\n\t\t\t\t\t\t\t\t\n\t\t\t\t\n\t\t\t\t\t\t\t\t\t\t\t\t<h4 class=\"fusion-rollover-title\">\n\t\t\t\t\t<a class=\"fusion-rollover-title-link\" href=\"https:\/\/www.yoga-federation.eu\/cz\/rekvalifikacni-kurz-instruktor-jogy-v-ramci-projektu-novou-cestou\/\">\n\t\t\t\t\t\tRekvalifika\u010dn\u00ed kurz Instruktor j\u00f3gy v r\u00e1mci projektu \u201e Novou cestou \u201c\t\t\t\t\t<\/a>\n\t\t\t\t<\/h4>\n\t\t\t\n\t\t\t\t\t\t\t\t\t\t\t\t\t\t<div class=\"fusion-rollover-categories\"><a href=\"https:\/\/www.yoga-federation.eu\/cz\/category\/aktivity-v-roce-2018\/\" rel=\"tag\">Aktivity v roce 2018<\/a>, <a href=\"https:\/\/www.yoga-federation.eu\/cz\/category\/projekty\/\" rel=\"tag\">Projekty<\/a><\/div>\t\t\t\t\t\n\t\t\n\t\t\t\t<a class=\"fusion-link-wrapper\" href=\"https:\/\/www.yoga-federation.eu\/cz\/rekvalifikacni-kurz-instruktor-jogy-v-ramci-projektu-novou-cestou\/\" aria-label=\"Rekvalifika\u010dn\u00ed kurz Instruktor j\u00f3gy v r\u00e1mci projektu \u201e Novou cestou \u201c\"><\/a>\n\t<\/div>\n<\/div>\n\n\t\n<\/div>\n<\/li>\n\t\t\t\n\t\t\t\n\t\t\t\t\t\t\t\t\t\t\t\t\t\t\t\t\t\t\t\t\t\t\t\t\t\t\t\t\t\t\t\t\t\t\t\t\t\t\t\t\t\t\t\t\t\t\t\t\t\t\t\t\t\t\t\t\t\t\t\t\t\t\t\t\t\t\t\t<\/ul>\n\t<\/div>\n\t<div class=\"fusion-post-content post-content\"><h2 class=\"blog-shortcode-post-title entry-title\"><a href=\"https:\/\/www.yoga-federation.eu\/cz\/rekvalifikacni-kurz-instruktor-jogy-v-ramci-projektu-novou-cestou\/\">Rekvalifika\u010dn\u00ed kurz Instruktor j\u00f3gy v r\u00e1mci projektu \u201e Novou cestou \u201c<\/a><\/h2><div class=\"fusion-post-content-container\"><p> V r\u00e1mci \u00a0Opera\u010dn\u00edho programu Zam\u011bstnanost a projektu\u00a0\u201e Novou cestou <a href=\"https:\/\/www.yoga-federation.eu\/cz\/rekvalifikacni-kurz-instruktor-jogy-v-ramci-projektu-novou-cestou\/\"> [...]<\/a><\/p><\/div><\/div><div class=\"fusion-clearfix\"><\/div><div class=\"fusion-meta-info\"><div class=\"fusion-alignleft\">By <span class=\"vcard\"><span class=\"fn\"><a href=\"https:\/\/www.yoga-federation.eu\/cz\/author\/ana\/\" title=\"Posts by YFE\" rel=\"author\">YFE<\/a><\/span><\/span><span class=\"fusion-inline-sep\">|<\/span><span class=\"updated\" style=\"display:none;\">2018-10-23T18:33:59+00:00<\/span><span>March 25th, 2018<\/span><span class=\"fusion-inline-sep\">|<\/span>Categories: <a href=\"https:\/\/www.yoga-federation.eu\/cz\/category\/aktivity-v-roce-2018\/\" rel=\"category tag\">Aktivity v roce 2018<\/a>, <a href=\"https:\/\/www.yoga-federation.eu\/cz\/category\/projekty\/\" rel=\"category tag\">Projekty<\/a><span class=\"fusion-inline-sep\">|<\/span><span class=\"fusion-comments\"><a href=\"https:\/\/www.yoga-federation.eu\/cz\/rekvalifikacni-kurz-instruktor-jogy-v-ramci-projektu-novou-cestou\/#respond\">0 Comments<\/a><\/span><\/div><div class=\"fusion-alignright\"><a class=\"fusion-read-more\" href=\"https:\/\/www.yoga-federation.eu\/cz\/rekvalifikacni-kurz-instruktor-jogy-v-ramci-projektu-novou-cestou\/\">Read More<\/a><\/div><\/div><\/article>\n<article id=\"blog-1-post-3024\" class=\"fusion-post-medium post-3024 post type-post status-publish format-standard has-post-thumbnail hentry category-aktivity-v-roce-2018 category-projekty category-uncategorized-cz\">\n\t<style type=\"text\/css\">\n\t\t\n\t\t\n\t\t\n\t\t\n\t\t\t<\/style>\n\n\n\t\t\t<div class=\"fusion-flexslider flexslider fusion-flexslider-loading fusion-post-slideshow\" style=\"\">\n\t\t<ul class=\"slides\">\n\t\t\t\n\t\t\t\t\t\t\t\t\t\t\t\t\t\t<li>\n\n<div  class=\"fusion-image-wrapper fusion-image-size-fixed\" aria-haspopup=\"true\">\n\t\n\t\n\t\t\n\t\t\t\t\t<img loading=\"lazy\" decoding=\"async\" width=\"320\" height=\"202\" src=\"https:\/\/www.yoga-federation.eu\/wp-content\/uploads\/2017\/05\/J\u00f3ga-intenziv-5-320x202.jpg\" class=\"attachment-blog-medium size-blog-medium lazyload wp-post-image\" alt=\"joga intenziv evropska federace jogi\" srcset=\"data:image\/svg+xml,%3Csvg%20xmlns%3D%27http%3A%2F%2Fwww.w3.org%2F2000%2Fsvg%27%20width%3D%271555%27%20height%3D%27733%27%20viewBox%3D%270%200%201555%20733%27%3E%3Crect%20width%3D%271555%27%20height%3D%273733%27%20fill-opacity%3D%220%22%2F%3E%3C%2Fsvg%3E\" data-orig-src=\"https:\/\/www.yoga-federation.eu\/wp-content\/uploads\/2017\/05\/J\u00f3ga-intenziv-5-320x202.jpg\" data-srcset=\"https:\/\/www.yoga-federation.eu\/wp-content\/uploads\/2017\/05\/J\u00f3ga-intenziv-5-320x202.jpg 320w, https:\/\/www.yoga-federation.eu\/wp-content\/uploads\/2017\/05\/J\u00f3ga-intenziv-5-700x441.jpg 700w\" data-sizes=\"auto\" \/>\n\t\n\n\t\t<div class=\"fusion-rollover\">\n\t<div class=\"fusion-rollover-content\">\n\n\t\t\t\t\t\t\t\t\t\t\t\t\t\t<a class=\"fusion-rollover-link\" href=\"https:\/\/www.yoga-federation.eu\/cz\/rekvalifikacni-kurz-instruktor-jogy-v-ramci-projektu-operacni-program-zamestnanost\/\">Rekvalifika\u010dn\u00ed kurz Instruktor j\u00f3gy v r\u00e1mci projektu Opera\u010dn\u00ed program Zam\u011bstnanost<\/a>\n\t\t\t\n\t\t\t\t\t\t\t\t\n\t\t\t\t\n\t\t\t\t\t\t\t\t\t\t\t\t<h4 class=\"fusion-rollover-title\">\n\t\t\t\t\t<a class=\"fusion-rollover-title-link\" href=\"https:\/\/www.yoga-federation.eu\/cz\/rekvalifikacni-kurz-instruktor-jogy-v-ramci-projektu-operacni-program-zamestnanost\/\">\n\t\t\t\t\t\tRekvalifika\u010dn\u00ed kurz Instruktor j\u00f3gy v r\u00e1mci projektu Opera\u010dn\u00ed program Zam\u011bstnanost\t\t\t\t\t<\/a>\n\t\t\t\t<\/h4>\n\t\t\t\n\t\t\t\t\t\t\t\t\t\t\t\t\t\t<div class=\"fusion-rollover-categories\"><a href=\"https:\/\/www.yoga-federation.eu\/cz\/category\/aktivity-v-roce-2018\/\" rel=\"tag\">Aktivity v roce 2018<\/a>, <a href=\"https:\/\/www.yoga-federation.eu\/cz\/category\/projekty\/\" rel=\"tag\">Projekty<\/a>, <a href=\"https:\/\/www.yoga-federation.eu\/cz\/category\/uncategorized-cz\/\" rel=\"tag\">Uncategorized<\/a><\/div>\t\t\t\t\t\n\t\t\n\t\t\t\t<a class=\"fusion-link-wrapper\" href=\"https:\/\/www.yoga-federation.eu\/cz\/rekvalifikacni-kurz-instruktor-jogy-v-ramci-projektu-operacni-program-zamestnanost\/\" aria-label=\"Rekvalifika\u010dn\u00ed kurz Instruktor j\u00f3gy v r\u00e1mci projektu Opera\u010dn\u00ed program Zam\u011bstnanost\"><\/a>\n\t<\/div>\n<\/div>\n\n\t\n<\/div>\n<\/li>\n\t\t\t\n\t\t\t\n\t\t\t\t\t\t\t\t\t\t\t\t\t\t\t\t\t\t\t\t\t\t\t\t\t\t\t\t\t\t\t\t\t\t\t\t\t\t\t\t\t\t\t\t\t\t\t\t\t\t\t\t\t\t\t\t\t\t\t\t\t\t\t\t\t\t\t\t<\/ul>\n\t<\/div>\n\t<div class=\"fusion-post-content post-content\"><h2 class=\"blog-shortcode-post-title entry-title\"><a href=\"https:\/\/www.yoga-federation.eu\/cz\/rekvalifikacni-kurz-instruktor-jogy-v-ramci-projektu-operacni-program-zamestnanost\/\">Rekvalifika\u010dn\u00ed kurz Instruktor j\u00f3gy v r\u00e1mci projektu Opera\u010dn\u00ed program Zam\u011bstnanost<\/a><\/h2><div class=\"fusion-post-content-container\"><p>  V r\u00e1mci projektu Opera\u010dn\u00ed program Zam\u011bstnanost CZ.03.1.48\/0.0\/0.0\/15_121\/0000597 - <a href=\"https:\/\/www.yoga-federation.eu\/cz\/rekvalifikacni-kurz-instruktor-jogy-v-ramci-projektu-operacni-program-zamestnanost\/\"> [...]<\/a><\/p><\/div><\/div><div class=\"fusion-clearfix\"><\/div><div class=\"fusion-meta-info\"><div class=\"fusion-alignleft\">By <span class=\"vcard\"><span class=\"fn\"><a href=\"https:\/\/www.yoga-federation.eu\/cz\/author\/ana\/\" title=\"Posts by YFE\" rel=\"author\">YFE<\/a><\/span><\/span><span class=\"fusion-inline-sep\">|<\/span><span class=\"updated\" style=\"display:none;\">2018-10-23T18:35:53+00:00<\/span><span>February 16th, 2018<\/span><span class=\"fusion-inline-sep\">|<\/span>Categories: <a href=\"https:\/\/www.yoga-federation.eu\/cz\/category\/aktivity-v-roce-2018\/\" rel=\"category tag\">Aktivity v roce 2018<\/a>, <a href=\"https:\/\/www.yoga-federation.eu\/cz\/category\/projekty\/\" rel=\"category tag\">Projekty<\/a>, <a href=\"https:\/\/www.yoga-federation.eu\/cz\/category\/uncategorized-cz\/\" rel=\"category tag\">Uncategorized<\/a><span class=\"fusion-inline-sep\">|<\/span><span class=\"fusion-comments\"><a href=\"https:\/\/www.yoga-federation.eu\/cz\/rekvalifikacni-kurz-instruktor-jogy-v-ramci-projektu-operacni-program-zamestnanost\/#respond\">0 Comments<\/a><\/span><\/div><div class=\"fusion-alignright\"><a class=\"fusion-read-more\" href=\"https:\/\/www.yoga-federation.eu\/cz\/rekvalifikacni-kurz-instruktor-jogy-v-ramci-projektu-operacni-program-zamestnanost\/\">Read More<\/a><\/div><\/div><\/article>\n<\/div><div class=\"pagination clearfix\"><span class=\"current\">1<\/span><a href=\"https:\/\/www.yoga-federation.eu\/cz\/wp-json\/wp\/v2\/pages\/3137\/page\/2\/\" class=\"inactive\">2<\/a><a class=\"pagination-next\" rel=\"next\" href=\"https:\/\/www.yoga-federation.eu\/cz\/wp-json\/wp\/v2\/pages\/3137\/page\/2\/\"><span class=\"page-text\">Next<\/span><span class=\"page-next\"><\/span><\/a><\/div><div class=\"fusion-clearfix\"><\/div><\/div><div class=\"fusion-clearfix\"><\/div><\/div><\/div><\/div><\/div>\n","protected":false},"excerpt":{"rendered":"","protected":false},"author":6,"featured_media":0,"parent":0,"menu_order":0,"comment_status":"closed","ping_status":"closed","template":"","meta":{"footnotes":""},"class_list":["post-3137","page","type-page","status-publish","hentry"],"yoast_head":"<!-- This site is optimized with the Yoast SEO plugin v27.4 - https:\/\/yoast.com\/product\/yoast-seo-wordpress\/ -->\n<title>Aktivity v roce 2018 - Yoga Federation of Europe<\/title>\n<meta name=\"robots\" content=\"index, follow, max-snippet:-1, max-image-preview:large, max-video-preview:-1\" \/>\n<link rel=\"canonical\" href=\"https:\/\/www.yoga-federation.eu\/cz\/aktivity-v-roce-2018\/\" \/>\n<meta property=\"og:locale\" content=\"en_US\" \/>\n<meta property=\"og:type\" content=\"article\" \/>\n<meta property=\"og:title\" content=\"Aktivity v roce 2018 - Yoga Federation of Europe\" \/>\n<meta property=\"og:url\" content=\"https:\/\/www.yoga-federation.eu\/cz\/aktivity-v-roce-2018\/\" \/>\n<meta property=\"og:site_name\" content=\"Yoga Federation of Europe\" \/>\n<meta property=\"article:modified_time\" content=\"2018-10-16T14:53:28+00:00\" \/>\n<meta property=\"og:image\" content=\"https:\/\/www.yoga-federation.eu\/wp-content\/uploads\/2017\/03\/yoga-federation-of-europe.jpg\" \/>\n\t<meta property=\"og:image:width\" content=\"1600\" \/>\n\t<meta property=\"og:image:height\" content=\"1052\" \/>\n\t<meta property=\"og:image:type\" content=\"image\/jpeg\" \/>\n<meta name=\"twitter:card\" content=\"summary_large_image\" \/>\n<meta name=\"twitter:label1\" content=\"Est. reading time\" \/>\n\t<meta name=\"twitter:data1\" content=\"1 minute\" \/>\n<script type=\"application\/ld+json\" class=\"yoast-schema-graph\">{\"@context\":\"https:\\\/\\\/schema.org\",\"@graph\":[{\"@type\":\"WebPage\",\"@id\":\"https:\\\/\\\/www.yoga-federation.eu\\\/cz\\\/aktivity-v-roce-2018\\\/\",\"url\":\"https:\\\/\\\/www.yoga-federation.eu\\\/cz\\\/aktivity-v-roce-2018\\\/\",\"name\":\"Aktivity v roce 2018 - Yoga Federation of Europe\",\"isPartOf\":{\"@id\":\"https:\\\/\\\/www.yoga-federation.eu\\\/#website\"},\"datePublished\":\"2018-05-02T22:54:18+00:00\",\"dateModified\":\"2018-10-16T14:53:28+00:00\",\"breadcrumb\":{\"@id\":\"https:\\\/\\\/www.yoga-federation.eu\\\/cz\\\/aktivity-v-roce-2018\\\/#breadcrumb\"},\"inLanguage\":\"cz-CZ\",\"potentialAction\":[{\"@type\":\"ReadAction\",\"target\":[\"https:\\\/\\\/www.yoga-federation.eu\\\/cz\\\/aktivity-v-roce-2018\\\/\"]}]},{\"@type\":\"BreadcrumbList\",\"@id\":\"https:\\\/\\\/www.yoga-federation.eu\\\/cz\\\/aktivity-v-roce-2018\\\/#breadcrumb\",\"itemListElement\":[{\"@type\":\"ListItem\",\"position\":1,\"name\":\"Home\",\"item\":\"https:\\\/\\\/www.yoga-federation.eu\\\/cz\\\/\"},{\"@type\":\"ListItem\",\"position\":2,\"name\":\"Aktivity v roce 2018\"}]},{\"@type\":\"WebSite\",\"@id\":\"https:\\\/\\\/www.yoga-federation.eu\\\/#website\",\"url\":\"https:\\\/\\\/www.yoga-federation.eu\\\/\",\"name\":\"Yoga Federation of Europe\",\"description\":\"Yoga in Europe\",\"potentialAction\":[{\"@type\":\"SearchAction\",\"target\":{\"@type\":\"EntryPoint\",\"urlTemplate\":\"https:\\\/\\\/www.yoga-federation.eu\\\/?s={search_term_string}\"},\"query-input\":{\"@type\":\"PropertyValueSpecification\",\"valueRequired\":true,\"valueName\":\"search_term_string\"}}],\"inLanguage\":\"cz-CZ\"}]}<\/script>\n<!-- \/ Yoast SEO plugin. -->","yoast_head_json":{"title":"Aktivity v roce 2018 - Yoga Federation of Europe","robots":{"index":"index","follow":"follow","max-snippet":"max-snippet:-1","max-image-preview":"max-image-preview:large","max-video-preview":"max-video-preview:-1"},"canonical":"https:\/\/www.yoga-federation.eu\/cz\/aktivity-v-roce-2018\/","og_locale":"en_US","og_type":"article","og_title":"Aktivity v roce 2018 - Yoga Federation of Europe","og_url":"https:\/\/www.yoga-federation.eu\/cz\/aktivity-v-roce-2018\/","og_site_name":"Yoga Federation of Europe","article_modified_time":"2018-10-16T14:53:28+00:00","og_image":[{"width":1600,"height":1052,"url":"https:\/\/www.yoga-federation.eu\/wp-content\/uploads\/2017\/03\/yoga-federation-of-europe.jpg","type":"image\/jpeg"}],"twitter_card":"summary_large_image","twitter_misc":{"Est. reading time":"1 minute"},"schema":{"@context":"https:\/\/schema.org","@graph":[{"@type":"WebPage","@id":"https:\/\/www.yoga-federation.eu\/cz\/aktivity-v-roce-2018\/","url":"https:\/\/www.yoga-federation.eu\/cz\/aktivity-v-roce-2018\/","name":"Aktivity v roce 2018 - Yoga Federation of Europe","isPartOf":{"@id":"https:\/\/www.yoga-federation.eu\/#website"},"datePublished":"2018-05-02T22:54:18+00:00","dateModified":"2018-10-16T14:53:28+00:00","breadcrumb":{"@id":"https:\/\/www.yoga-federation.eu\/cz\/aktivity-v-roce-2018\/#breadcrumb"},"inLanguage":"cz-CZ","potentialAction":[{"@type":"ReadAction","target":["https:\/\/www.yoga-federation.eu\/cz\/aktivity-v-roce-2018\/"]}]},{"@type":"BreadcrumbList","@id":"https:\/\/www.yoga-federation.eu\/cz\/aktivity-v-roce-2018\/#breadcrumb","itemListElement":[{"@type":"ListItem","position":1,"name":"Home","item":"https:\/\/www.yoga-federation.eu\/cz\/"},{"@type":"ListItem","position":2,"name":"Aktivity v roce 2018"}]},{"@type":"WebSite","@id":"https:\/\/www.yoga-federation.eu\/#website","url":"https:\/\/www.yoga-federation.eu\/","name":"Yoga Federation of Europe","description":"Yoga in Europe","potentialAction":[{"@type":"SearchAction","target":{"@type":"EntryPoint","urlTemplate":"https:\/\/www.yoga-federation.eu\/?s={search_term_string}"},"query-input":{"@type":"PropertyValueSpecification","valueRequired":true,"valueName":"search_term_string"}}],"inLanguage":"cz-CZ"}]}},"_links":{"self":[{"href":"https:\/\/www.yoga-federation.eu\/cz\/wp-json\/wp\/v2\/pages\/3137","targetHints":{"allow":["GET"]}}],"collection":[{"href":"https:\/\/www.yoga-federation.eu\/cz\/wp-json\/wp\/v2\/pages"}],"about":[{"href":"https:\/\/www.yoga-federation.eu\/cz\/wp-json\/wp\/v2\/types\/page"}],"author":[{"embeddable":true,"href":"https:\/\/www.yoga-federation.eu\/cz\/wp-json\/wp\/v2\/users\/6"}],"replies":[{"embeddable":true,"href":"https:\/\/www.yoga-federation.eu\/cz\/wp-json\/wp\/v2\/comments?post=3137"}],"version-history":[{"count":0,"href":"https:\/\/www.yoga-federation.eu\/cz\/wp-json\/wp\/v2\/pages\/3137\/revisions"}],"wp:attachment":[{"href":"https:\/\/www.yoga-federation.eu\/cz\/wp-json\/wp\/v2\/media?parent=3137"}],"curies":[{"name":"wp","href":"https:\/\/api.w.org\/{rel}","templated":true}]}}