{"id":1403,"date":"2016-09-01T21:52:47","date_gmt":"2016-09-01T21:52:47","guid":{"rendered":"https:\/\/www.yoga-federation.eu\/cz\/?page_id=1403"},"modified":"2018-01-29T19:05:13","modified_gmt":"2018-01-29T19:05:13","slug":"joga-retreat-u-more","status":"publish","type":"page","link":"https:\/\/www.yoga-federation.eu\/cz\/joga-retreat-u-more\/","title":{"rendered":"J\u00f3ga retreat u mo\u0159e"},"content":{"rendered":"<div class=\"fusion-fullwidth fullwidth-box fusion-builder-row-1 hundred-percent-fullwidth non-hundred-percent-height-scrolling\" style=\"background-color: rgba(255,255,255,0);background-position: center center;background-repeat: no-repeat;padding-top:0px;padding-right:0px;padding-bottom:0px;padding-left:0px;margin-bottom: 0px;margin-top: 0px;border-width: 0px 0px 0px 0px;border-color:#eae9e9;border-style:solid;\" ><div class=\"fusion-builder-row fusion-row\"><div class=\"fusion-layout-column fusion_builder_column fusion-builder-column-0 fusion_builder_column_1_1 1_1 fusion-one-full fusion-column-first fusion-column-last\" style=\"margin-top:0px;margin-bottom:20px;\"><div class=\"fusion-column-wrapper fusion-flex-column-wrapper-legacy\" style=\"background-position:left top;background-repeat:no-repeat;-webkit-background-size:cover;-moz-background-size:cover;-o-background-size:cover;background-size:cover;padding: 0px 0px 0px 0px;\"><div class=\"fusion-text fusion-text-1\"><p>K\u00e1\u017ed\u00fd rok Evropsk\u00e1 federace j\u00f3gy po\u0159\u00e1d\u00e1 j\u00f3ga retreat u mo\u0159e. Program zahrnuje j\u00f3gov\u00e9 meditace, relaxace a p\u0159\u00edjemn\u00fd \u010das str\u00e1ven\u00fd na pl\u00e1\u017e\u00edch. Vr\u00e1t\u00edme se zp\u011bt k na\u0161im povinnostem spokojeni a obnoven\u00ed energiemi. P\u0159\u00edmo\u0159sk\u00e9 prost\u0159ed\u00ed: dlouh\u00e9 pl\u00e1\u017ee, \u010dist\u00e9 mo\u0159e, z\u00e1toky, st\u0159edomo\u0159sk\u00e1 vegetace a v\u00fdhledy p\u0159isp\u011bj\u00ed k nezapomenuteln\u00e9 dovolen\u00e9 se cvi\u010den\u00edm j\u00f3gy. Tepl\u00e9 mo\u0159e, zvuk vln, soumrak i sv\u00edt\u00e1n\u00ed,\u2026 j\u00f3gov\u00e1 meditace v m\u011bs\u00ed\u010dn\u00edm sv\u011btle d\u00e1 t\u00e9to dovolen\u00e9 zvl\u00e1\u0161tn\u00ed kouzlo. To je \u010das, kter\u00fd v\u011bnujeme sami sob\u011b v hlubok\u00e9 meditaci. B\u011bhem medita\u010dn\u00edch proch\u00e1zek si budeme v\u0161\u00edmat sv\u00fdch mo\u017enost\u00ed pro osobn\u00ed rozvoj. Kouzlo p\u0159\u00edmo\u0159sk\u00e9ho prost\u0159ed\u00ed, vlny, kter\u00e9 p\u0159ich\u00e1z\u00ed a jemn\u011b om\u00fdvaj\u00ed pob\u0159e\u017e\u00ed \u2013 to v\u0161e u\u010din\u00ed spole\u010dn\u011b s j\u00f3gov\u00fdmi technikami na\u0161e meditace hlub\u0161\u00ed a rozj\u00edm\u00e1n\u00ed radostn\u011bj\u0161\u00ed.<\/p>\n<\/div><div class=\"fusion-clearfix\"><\/div><\/div><\/div><div class=\"fusion-layout-column fusion_builder_column fusion-builder-column-1 fusion_builder_column_1_1 1_1 fusion-one-full fusion-column-first fusion-column-last\" style=\"margin-top:0px;margin-bottom:20px;\"><div class=\"fusion-column-wrapper fusion-flex-column-wrapper-legacy\" style=\"background-position:left top;background-repeat:no-repeat;-webkit-background-size:cover;-moz-background-size:cover;-o-background-size:cover;background-size:cover;padding: 0px 0px 0px 0px;\"><div class=\"fusion-blog-shortcode fusion-blog-shortcode-1 fusion-blog-archive fusion-blog-layout-medium fusion-blog-pagination\"><div class=\"fusion-posts-container fusion-posts-container-pagination fusion-no-meta-info fusion-blog-rollover\" data-pages=\"2\"><article id=\"blog-1-post-6288\" class=\"fusion-post-medium post-6288 post type-post status-publish format-standard has-post-thumbnail hentry category-activities-2023 category-aktivity-v-roce-2023 category-joga-tabor category-yoga-camps category-joga-retreat category-joga-retreat-u-more category-yoga-retreats-cz\">\n\t<style type=\"text\/css\">\n\t\t\n\t\t\n\t\t\n\t\t\n\t\t\t<\/style>\n\n\n\t\t\t<div class=\"fusion-flexslider flexslider fusion-flexslider-loading fusion-post-slideshow\" style=\"\">\n\t\t<ul class=\"slides\">\n\t\t\t\n\t\t\t\t\t\t\t\t\t\t\t\t\t\t<li>\n\n<div  class=\"fusion-image-wrapper fusion-image-size-fixed\" aria-haspopup=\"true\">\n\t\n\t\n\t\t\n\t\t\t\t\t<img loading=\"lazy\" decoding=\"async\" width=\"320\" height=\"202\" src=\"https:\/\/www.yoga-federation.eu\/wp-content\/uploads\/2023\/01\/yoga-retreat-cosmic-dance-yfe-2023-320x202.jpg\" class=\"attachment-blog-medium size-blog-medium lazyload wp-post-image\" alt=\"yoga-retreat-cosmic-dance\" srcset=\"data:image\/svg+xml,%3Csvg%20xmlns%3D%27http%3A%2F%2Fwww.w3.org%2F2000%2Fsvg%27%20width%3D%271128%27%20height%3D%27645%27%20viewBox%3D%270%200%201128%20645%27%3E%3Crect%20width%3D%271128%27%20height%3D%273645%27%20fill-opacity%3D%220%22%2F%3E%3C%2Fsvg%3E\" data-orig-src=\"https:\/\/www.yoga-federation.eu\/wp-content\/uploads\/2023\/01\/yoga-retreat-cosmic-dance-yfe-2023-320x202.jpg\" data-srcset=\"https:\/\/www.yoga-federation.eu\/wp-content\/uploads\/2023\/01\/yoga-retreat-cosmic-dance-yfe-2023-320x202.jpg 320w, https:\/\/www.yoga-federation.eu\/wp-content\/uploads\/2023\/01\/yoga-retreat-cosmic-dance-yfe-2023-700x441.jpg 700w\" data-sizes=\"auto\" \/>\n\t\n\n\t\t<div class=\"fusion-rollover\">\n\t<div class=\"fusion-rollover-content\">\n\n\t\t\t\t\t\t\t\t\t\t\t\t\t\t<a class=\"fusion-rollover-link\" href=\"https:\/\/www.yoga-federation.eu\/cz\/international-yoga-camp-cosmic-dance\/\">J\u00f3ga &#8211; \u017divot je tanec &#8211; Kosmick\u00fd tanec<\/a>\n\t\t\t\n\t\t\t\t\t\t\t\t\n\t\t\t\t\n\t\t\t\t\t\t\t\t\t\t\t\t<h4 class=\"fusion-rollover-title\">\n\t\t\t\t\t<a class=\"fusion-rollover-title-link\" href=\"https:\/\/www.yoga-federation.eu\/cz\/international-yoga-camp-cosmic-dance\/\">\n\t\t\t\t\t\tJ\u00f3ga &#8211; \u017divot je tanec &#8211; Kosmick\u00fd tanec\t\t\t\t\t<\/a>\n\t\t\t\t<\/h4>\n\t\t\t\n\t\t\t\t\t\t\t\t\t\t\t\t\t\t<div class=\"fusion-rollover-categories\"><a href=\"https:\/\/www.yoga-federation.eu\/category\/activities-2023\/\" rel=\"tag\">Activities 2023<\/a>, <a href=\"https:\/\/www.yoga-federation.eu\/cz\/category\/aktivity-v-roce-2023\/\" rel=\"tag\">Aktivity v roce 2023<\/a>, <a href=\"https:\/\/www.yoga-federation.eu\/cz\/category\/joga-tabor\/\" rel=\"tag\">j\u00f3ga t\u00e1bor<\/a>, <a href=\"https:\/\/www.yoga-federation.eu\/category\/yoga-camps\/\" rel=\"tag\">Yoga Camps<\/a>, <a href=\"https:\/\/www.yoga-federation.eu\/cz\/category\/joga-retreat\/\" rel=\"tag\">Yoga retreat<\/a>, <a href=\"https:\/\/www.yoga-federation.eu\/cz\/category\/joga-retreat-u-more\/\" rel=\"tag\">Yoga retreat<\/a>, <a href=\"https:\/\/www.yoga-federation.eu\/cz\/category\/yoga-retreats-cz\/\" rel=\"tag\">Yoga retreats<\/a><\/div>\t\t\t\t\t\n\t\t\n\t\t\t\t<a class=\"fusion-link-wrapper\" href=\"https:\/\/www.yoga-federation.eu\/cz\/international-yoga-camp-cosmic-dance\/\" aria-label=\"J\u00f3ga &#8211; \u017divot je tanec &#8211; Kosmick\u00fd tanec\"><\/a>\n\t<\/div>\n<\/div>\n\n\t\n<\/div>\n<\/li>\n\t\t\t\n\t\t\t\n\t\t\t\t\t\t\t\t\t\t\t\t\t\t\t\t\t\t\t\t\t\t\t\t\t\t\t\t\t\t\t\t\t\t\t\t\t\t\t\t\t\t\t\t\t\t\t\t\t\t\t\t\t\t\t\t\t\t\t\t\t\t\t\t\t\t\t\t<\/ul>\n\t<\/div>\n\t<div class=\"fusion-post-content post-content\"><h2 class=\"blog-shortcode-post-title entry-title\"><a href=\"https:\/\/www.yoga-federation.eu\/cz\/international-yoga-camp-cosmic-dance\/\">J\u00f3ga &#8211; \u017divot je tanec &#8211; Kosmick\u00fd tanec<\/a><\/h2><div class=\"fusion-post-content-container\"><p> J\u00f3ga - \u017divot je tanec - Kosmick\u00fd tanec S ohledem na d\u016fle\u017eitost pohybu a prvotn\u00ed sklon k harmonii a rytmu hudby je leto\u0161n\u00ed t\u00e1bor tematicky zam\u011b\u0159en na rozvojov\u00e9 dimenze tance. Pohyby t\u011bla povzbuzuj\u00ed pulsaci <a href=\"https:\/\/www.yoga-federation.eu\/cz\/international-yoga-camp-cosmic-dance\/\"> [...]<\/a><\/p><\/div><\/div><div class=\"fusion-clearfix\"><\/div><\/article>\n<article id=\"blog-1-post-6363\" class=\"fusion-post-medium post-6363 post type-post status-publish format-standard has-post-thumbnail hentry category-activities-2023-cz category-joga-tabor category-uncategorized-cz category-yoga-camps-cz category-joga-retreat category-joga-retreat-u-more\">\n\t<style type=\"text\/css\">\n\t\t\n\t\t\n\t\t\n\t\t\n\t\t\t<\/style>\n\n\n\t\t\t<div class=\"fusion-flexslider flexslider fusion-flexslider-loading fusion-post-slideshow\" style=\"\">\n\t\t<ul class=\"slides\">\n\t\t\t\n\t\t\t\t\t\t\t\t\t\t\t\t\t\t<li>\n\n<div  class=\"fusion-image-wrapper fusion-image-size-fixed\" aria-haspopup=\"true\">\n\t\n\t\n\t\t\n\t\t\t\t\t<img loading=\"lazy\" decoding=\"async\" width=\"320\" height=\"202\" src=\"https:\/\/www.yoga-federation.eu\/wp-content\/uploads\/2023\/01\/yoga-retreat-for-artists-yfe-320x202.jpg\" class=\"attachment-blog-medium size-blog-medium lazyload wp-post-image\" alt=\"yoga-retreat-for-artists\" srcset=\"data:image\/svg+xml,%3Csvg%20xmlns%3D%27http%3A%2F%2Fwww.w3.org%2F2000%2Fsvg%27%20width%3D%271066%27%20height%3D%271600%27%20viewBox%3D%270%200%201066%201600%27%3E%3Crect%20width%3D%271066%27%20height%3D%2731600%27%20fill-opacity%3D%220%22%2F%3E%3C%2Fsvg%3E\" data-orig-src=\"https:\/\/www.yoga-federation.eu\/wp-content\/uploads\/2023\/01\/yoga-retreat-for-artists-yfe-320x202.jpg\" data-srcset=\"https:\/\/www.yoga-federation.eu\/wp-content\/uploads\/2023\/01\/yoga-retreat-for-artists-yfe-320x202.jpg 320w, https:\/\/www.yoga-federation.eu\/wp-content\/uploads\/2023\/01\/yoga-retreat-for-artists-yfe-700x441.jpg 700w\" data-sizes=\"auto\" \/>\n\t\n\n\t\t<div class=\"fusion-rollover\">\n\t<div class=\"fusion-rollover-content\">\n\n\t\t\t\t\t\t\t\t\t\t\t\t\t\t<a class=\"fusion-rollover-link\" href=\"https:\/\/www.yoga-federation.eu\/cz\/joga-tabor-pro-umelce\/\">J\u00f3ga pro um\u011blce a znalce um\u011bn\u00ed<\/a>\n\t\t\t\n\t\t\t\t\t\t\t\t\n\t\t\t\t\n\t\t\t\t\t\t\t\t\t\t\t\t<h4 class=\"fusion-rollover-title\">\n\t\t\t\t\t<a class=\"fusion-rollover-title-link\" href=\"https:\/\/www.yoga-federation.eu\/cz\/joga-tabor-pro-umelce\/\">\n\t\t\t\t\t\tJ\u00f3ga pro um\u011blce a znalce um\u011bn\u00ed\t\t\t\t\t<\/a>\n\t\t\t\t<\/h4>\n\t\t\t\n\t\t\t\t\t\t\t\t\t\t\t\t\t\t<div class=\"fusion-rollover-categories\"><a href=\"https:\/\/www.yoga-federation.eu\/cz\/category\/activities-2023-cz\/\" rel=\"tag\">Activities 2023<\/a>, <a href=\"https:\/\/www.yoga-federation.eu\/cz\/category\/joga-tabor\/\" rel=\"tag\">j\u00f3ga t\u00e1bor<\/a>, <a href=\"https:\/\/www.yoga-federation.eu\/cz\/category\/uncategorized-cz\/\" rel=\"tag\">Uncategorized<\/a>, <a href=\"https:\/\/www.yoga-federation.eu\/cz\/category\/yoga-camps-cz\/\" rel=\"tag\">Yoga Camps<\/a>, <a href=\"https:\/\/www.yoga-federation.eu\/cz\/category\/joga-retreat\/\" rel=\"tag\">Yoga retreat<\/a>, <a href=\"https:\/\/www.yoga-federation.eu\/cz\/category\/joga-retreat-u-more\/\" rel=\"tag\">Yoga retreat<\/a><\/div>\t\t\t\t\t\n\t\t\n\t\t\t\t<a class=\"fusion-link-wrapper\" href=\"https:\/\/www.yoga-federation.eu\/cz\/joga-tabor-pro-umelce\/\" aria-label=\"J\u00f3ga pro um\u011blce a znalce um\u011bn\u00ed\"><\/a>\n\t<\/div>\n<\/div>\n\n\t\n<\/div>\n<\/li>\n\t\t\t\n\t\t\t\n\t\t\t\t\t\t\t\t\t\t\t\t\t\t\t\t\t\t\t\t\t\t\t\t\t\t\t\t\t\t\t\t\t\t\t\t\t\t\t\t\t\t\t\t\t\t\t\t\t\t\t\t\t\t\t\t\t\t\t\t\t\t\t\t\t\t\t\t<\/ul>\n\t<\/div>\n\t<div class=\"fusion-post-content post-content\"><h2 class=\"blog-shortcode-post-title entry-title\"><a href=\"https:\/\/www.yoga-federation.eu\/cz\/joga-tabor-pro-umelce\/\">J\u00f3ga pro um\u011blce a znalce um\u011bn\u00ed<\/a><\/h2><div class=\"fusion-post-content-container\"><p> V\u00fdhradn\u011b pro um\u011blce a znalce um\u011bn\u00ed Um\u011blec jako mision\u00e1\u0159 Inovativn\u00ed projekt zam\u011b\u0159en\u00fd na um\u011blce, kte\u0159\u00ed jsou na cest\u011b nebo ji\u017e um\u011bleckou profes\u00ed \u017eij\u00ed. Klade si za c\u00edl p\u0159edstavit k aplikaci roz\u0161\u00ed\u0159enou a komplexn\u00ed koncepci <a href=\"https:\/\/www.yoga-federation.eu\/cz\/joga-tabor-pro-umelce\/\"> [...]<\/a><\/p><\/div><\/div><div class=\"fusion-clearfix\"><\/div><\/article>\n<article id=\"blog-1-post-4946\" class=\"fusion-post-medium post-4946 post type-post status-publish format-standard has-post-thumbnail hentry category-aktivity-v-roce-2020 category-joga-tabor category-joga-retreat category-joga-retreat-u-more category-yoga-retreats-cz category-yoga-retreats-by-the-sea-cz\">\n\t<style type=\"text\/css\">\n\t\t\n\t\t\n\t\t\n\t\t\n\t\t\t<\/style>\n\n\n\t\t\t<div class=\"fusion-flexslider flexslider fusion-flexslider-loading fusion-post-slideshow\" style=\"\">\n\t\t<ul class=\"slides\">\n\t\t\t\n\t\t\t\t\t\t\t\t\t\t\t\t\t\t<li>\n\n<div  class=\"fusion-image-wrapper fusion-image-size-fixed\" aria-haspopup=\"true\">\n\t\n\t\n\t\t\n\t\t\t\t\t<img loading=\"lazy\" decoding=\"async\" width=\"320\" height=\"202\" src=\"https:\/\/www.yoga-federation.eu\/wp-content\/uploads\/2019\/09\/scalar-yoga-retreat-1-320x202.jpg\" class=\"attachment-blog-medium size-blog-medium lazyload wp-post-image\" alt=\"\" srcset=\"data:image\/svg+xml,%3Csvg%20xmlns%3D%27http%3A%2F%2Fwww.w3.org%2F2000%2Fsvg%27%20width%3D%27808%27%20height%3D%27506%27%20viewBox%3D%270%200%20808%20506%27%3E%3Crect%20width%3D%27808%27%20height%3D%273506%27%20fill-opacity%3D%220%22%2F%3E%3C%2Fsvg%3E\" data-orig-src=\"https:\/\/www.yoga-federation.eu\/wp-content\/uploads\/2019\/09\/scalar-yoga-retreat-1-320x202.jpg\" data-srcset=\"https:\/\/www.yoga-federation.eu\/wp-content\/uploads\/2019\/09\/scalar-yoga-retreat-1-200x125.jpg 200w, https:\/\/www.yoga-federation.eu\/wp-content\/uploads\/2019\/09\/scalar-yoga-retreat-1-300x188.jpg 300w, https:\/\/www.yoga-federation.eu\/wp-content\/uploads\/2019\/09\/scalar-yoga-retreat-1-320x202.jpg 320w, https:\/\/www.yoga-federation.eu\/wp-content\/uploads\/2019\/09\/scalar-yoga-retreat-1-600x376.jpg 600w, https:\/\/www.yoga-federation.eu\/wp-content\/uploads\/2019\/09\/scalar-yoga-retreat-1-700x441.jpg 700w\" data-sizes=\"auto\" \/>\n\t\n\n\t\t<div class=\"fusion-rollover\">\n\t<div class=\"fusion-rollover-content\">\n\n\t\t\t\t\t\t\t\t\t\t\t\t\t\t<a class=\"fusion-rollover-link\" href=\"https:\/\/www.yoga-federation.eu\/cz\/co-je-joga-retreat\/\">Co je \u201ej\u00f3ga retreat\u201c?<\/a>\n\t\t\t\n\t\t\t\t\t\t\t\t\n\t\t\t\t\n\t\t\t\t\t\t\t\t\t\t\t\t<h4 class=\"fusion-rollover-title\">\n\t\t\t\t\t<a class=\"fusion-rollover-title-link\" href=\"https:\/\/www.yoga-federation.eu\/cz\/co-je-joga-retreat\/\">\n\t\t\t\t\t\tCo je \u201ej\u00f3ga retreat\u201c?\t\t\t\t\t<\/a>\n\t\t\t\t<\/h4>\n\t\t\t\n\t\t\t\t\t\t\t\t\t\t\t\t\t\t<div class=\"fusion-rollover-categories\"><a href=\"https:\/\/www.yoga-federation.eu\/cz\/category\/aktivity-v-roce-2020\/\" rel=\"tag\">Aktivity v roce 2020<\/a>, <a href=\"https:\/\/www.yoga-federation.eu\/cz\/category\/joga-tabor\/\" rel=\"tag\">j\u00f3ga t\u00e1bor<\/a>, <a href=\"https:\/\/www.yoga-federation.eu\/cz\/category\/joga-retreat\/\" rel=\"tag\">Yoga retreat<\/a>, <a href=\"https:\/\/www.yoga-federation.eu\/cz\/category\/joga-retreat-u-more\/\" rel=\"tag\">Yoga retreat<\/a>, <a href=\"https:\/\/www.yoga-federation.eu\/cz\/category\/yoga-retreats-cz\/\" rel=\"tag\">Yoga retreats<\/a>, <a href=\"https:\/\/www.yoga-federation.eu\/cz\/category\/yoga-retreats-by-the-sea-cz\/\" rel=\"tag\">Yoga Retreats by the Sea<\/a><\/div>\t\t\t\t\t\n\t\t\n\t\t\t\t<a class=\"fusion-link-wrapper\" href=\"https:\/\/www.yoga-federation.eu\/cz\/co-je-joga-retreat\/\" aria-label=\"Co je \u201ej\u00f3ga retreat\u201c?\"><\/a>\n\t<\/div>\n<\/div>\n\n\t\n<\/div>\n<\/li>\n\t\t\t\n\t\t\t\n\t\t\t\t\t\t\t\t\t\t\t\t\t\t\t\t\t\t\t\t\t\t\t\t\t\t\t\t\t\t\t\t\t\t\t\t\t\t\t\t\t\t\t\t\t\t\t\t\t\t\t\t\t\t\t\t\t\t\t\t\t\t\t\t\t\t\t\t<\/ul>\n\t<\/div>\n\t<div class=\"fusion-post-content post-content\"><h2 class=\"blog-shortcode-post-title entry-title\"><a href=\"https:\/\/www.yoga-federation.eu\/cz\/co-je-joga-retreat\/\">Co je \u201ej\u00f3ga retreat\u201c?<\/a><\/h2><div class=\"fusion-post-content-container\"><p> Co je \u201ej\u00f3ga retreat\u201c? Slovo \u201eretreat\u201c ji\u017e v \u0159ad\u00e1ch t\u011bch, kte\u0159\u00ed se zab\u00fdvaj\u00ed j\u00f3gou, zdom\u00e1cn\u011blo a ozna\u010duje rozhodnut\u00ed do\u010dasn\u00e9ho opro\u0161t\u011bn\u00ed se od ka\u017edodenn\u00edho \u017eivota; je to jak\u00e1si odchylka od v\u0161ednosti b\u011b\u017en\u00e9ho \u017eit\u00ed; \u00fat\u011bk do <a href=\"https:\/\/www.yoga-federation.eu\/cz\/co-je-joga-retreat\/\"> [...]<\/a><\/p><\/div><\/div><div class=\"fusion-clearfix\"><\/div><\/article>\n<article id=\"blog-1-post-4575\" class=\"fusion-post-medium post-4575 post type-post status-publish format-standard has-post-thumbnail hentry category-activities-2019-cz category-joga-tabor category-yoga-camps-cz category-joga-retreat-u-more category-yoga-retreats-by-the-sea-cz\">\n\t<style type=\"text\/css\">\n\t\t\n\t\t\n\t\t\n\t\t\n\t\t\t<\/style>\n\n\n\t\t\t<div class=\"fusion-flexslider flexslider fusion-flexslider-loading fusion-post-slideshow\" style=\"\">\n\t\t<ul class=\"slides\">\n\t\t\t\n\t\t\t\t\t\t\t\t\t\t\t\t\t\t<li>\n\n<div  class=\"fusion-image-wrapper fusion-image-size-fixed\" aria-haspopup=\"true\">\n\t\n\t\n\t\t\n\t\t\t\t\t<img loading=\"lazy\" decoding=\"async\" width=\"320\" height=\"202\" src=\"https:\/\/www.yoga-federation.eu\/wp-content\/uploads\/2019\/06\/yoga-retreat-spain-2019-320x202.jpg\" class=\"attachment-blog-medium size-blog-medium lazyload wp-post-image\" alt=\"yoga retreat spain 2019\" srcset=\"data:image\/svg+xml,%3Csvg%20xmlns%3D%27http%3A%2F%2Fwww.w3.org%2F2000%2Fsvg%27%20width%3D%271600%27%20height%3D%27998%27%20viewBox%3D%270%200%201600%20998%27%3E%3Crect%20width%3D%271600%27%20height%3D%273998%27%20fill-opacity%3D%220%22%2F%3E%3C%2Fsvg%3E\" data-orig-src=\"https:\/\/www.yoga-federation.eu\/wp-content\/uploads\/2019\/06\/yoga-retreat-spain-2019-320x202.jpg\" data-srcset=\"https:\/\/www.yoga-federation.eu\/wp-content\/uploads\/2019\/06\/yoga-retreat-spain-2019-200x125.jpg 200w, https:\/\/www.yoga-federation.eu\/wp-content\/uploads\/2019\/06\/yoga-retreat-spain-2019-320x202.jpg 320w, https:\/\/www.yoga-federation.eu\/wp-content\/uploads\/2019\/06\/yoga-retreat-spain-2019-700x441.jpg 700w\" data-sizes=\"auto\" \/>\n\t\n\n\t\t<div class=\"fusion-rollover\">\n\t<div class=\"fusion-rollover-content\">\n\n\t\t\t\t\t\t\t\t\t\t\t\t\t\t<a class=\"fusion-rollover-link\" href=\"https:\/\/www.yoga-federation.eu\/cz\/joga-retreat-spanelsko-2019\/\">J\u00f3ga retreat &#8211; \u0160pan\u011blsko 2019<\/a>\n\t\t\t\n\t\t\t\t\t\t\t\t\n\t\t\t\t\n\t\t\t\t\t\t\t\t\t\t\t\t<h4 class=\"fusion-rollover-title\">\n\t\t\t\t\t<a class=\"fusion-rollover-title-link\" href=\"https:\/\/www.yoga-federation.eu\/cz\/joga-retreat-spanelsko-2019\/\">\n\t\t\t\t\t\tJ\u00f3ga retreat &#8211; \u0160pan\u011blsko 2019\t\t\t\t\t<\/a>\n\t\t\t\t<\/h4>\n\t\t\t\n\t\t\t\t\t\t\t\t\t\t\t\t\t\t<div class=\"fusion-rollover-categories\"><a href=\"https:\/\/www.yoga-federation.eu\/cz\/category\/activities-2019-cz\/\" rel=\"tag\">Activities 2019<\/a>, <a href=\"https:\/\/www.yoga-federation.eu\/cz\/category\/joga-tabor\/\" rel=\"tag\">j\u00f3ga t\u00e1bor<\/a>, <a href=\"https:\/\/www.yoga-federation.eu\/cz\/category\/yoga-camps-cz\/\" rel=\"tag\">Yoga Camps<\/a>, <a href=\"https:\/\/www.yoga-federation.eu\/cz\/category\/joga-retreat-u-more\/\" rel=\"tag\">Yoga retreat<\/a>, <a href=\"https:\/\/www.yoga-federation.eu\/cz\/category\/yoga-retreats-by-the-sea-cz\/\" rel=\"tag\">Yoga Retreats by the Sea<\/a><\/div>\t\t\t\t\t\n\t\t\n\t\t\t\t<a class=\"fusion-link-wrapper\" href=\"https:\/\/www.yoga-federation.eu\/cz\/joga-retreat-spanelsko-2019\/\" aria-label=\"J\u00f3ga retreat &#8211; \u0160pan\u011blsko 2019\"><\/a>\n\t<\/div>\n<\/div>\n\n\t\n<\/div>\n<\/li>\n\t\t\t\n\t\t\t\n\t\t\t\t\t\t\t\t\t\t\t\n\t\t\t\t\t\n\t\t\t\t\t\t\t\t\t\t\t<li>\n\t\t\t\t\t\t\t<div class=\"fusion-image-wrapper\">\n\t\t\t\t\t\t\t\t<a href=\"https:\/\/www.yoga-federation.eu\/cz\/joga-retreat-spanelsko-2019\/\" aria-label=\"J\u00f3ga retreat &#8211; \u0160pan\u011blsko 2019\">\n\t\t\t\t\t\t\t\t\t<img loading=\"lazy\" decoding=\"async\" width=\"320\" height=\"202\" src=\"https:\/\/www.yoga-federation.eu\/wp-content\/uploads\/2019\/06\/yoga-retreat-spain-2019-1-320x202.jpg\" data-orig-src=\"https:\/\/www.yoga-federation.eu\/wp-content\/uploads\/2019\/06\/yoga-retreat-spain-2019-1-320x202.jpg\" alt=\"yoga retreat spain 2019\" class=\"lazyload wp-image-4552\" role=\"presentation\" srcset=\"data:image\/svg+xml,%3Csvg%20xmlns%3D%27http%3A%2F%2Fwww.w3.org%2F2000%2Fsvg%27%20width%3D%27320%27%20height%3D%27202%27%20viewBox%3D%270%200%20320%20202%27%3E%3Crect%20width%3D%27320%27%20height%3D%273202%27%20fill-opacity%3D%220%22%2F%3E%3C%2Fsvg%3E\" data-srcset=\"https:\/\/www.yoga-federation.eu\/wp-content\/uploads\/2019\/06\/yoga-retreat-spain-2019-1-320x202.jpg 320w, https:\/\/www.yoga-federation.eu\/wp-content\/uploads\/2019\/06\/yoga-retreat-spain-2019-1-700x441.jpg 700w\" data-sizes=\"auto\" data-orig-sizes=\"auto, (max-width: 320px) 100vw, 320px\" \/>\t\t\t\t\t\t\t\t<\/a>\n\t\t\t\t\t\t\t\t<a style=\"display:none;\" href=\"https:\/\/www.yoga-federation.eu\/wp-content\/uploads\/2019\/06\/yoga-retreat-spain-2019-1.jpg\" data-rel=\"iLightbox[gallery4575]\"  title=\"\" data-title=\"yoga retreat spain 2019-1\" data-caption=\"\">\n\t\t\t\t\t\t\t\t\t\t\t\t\t\t\t\t\t\t\t<img style=\"display:none;\" alt=\"yoga retreat spain 2019\" role=\"presentation\" \/>\n\t\t\t\t\t\t\t\t\t\t\t\t\t\t\t\t\t<\/a>\n\t\t\t\t\t\t\t<\/div>\n\t\t\t\t\t\t<\/li>\n\t\t\t\t\t\t\t\t\t\t\t\t\t\t\t\t\t\t\t\t\t\t\t\t\n\t\t\t\t\t\n\t\t\t\t\t\t\t\t\t\t\t<li>\n\t\t\t\t\t\t\t<div class=\"fusion-image-wrapper\">\n\t\t\t\t\t\t\t\t<a href=\"https:\/\/www.yoga-federation.eu\/cz\/joga-retreat-spanelsko-2019\/\" aria-label=\"J\u00f3ga retreat &#8211; \u0160pan\u011blsko 2019\">\n\t\t\t\t\t\t\t\t\t<img loading=\"lazy\" decoding=\"async\" width=\"320\" height=\"202\" src=\"https:\/\/www.yoga-federation.eu\/wp-content\/uploads\/2019\/06\/yoga-retreat-spain-2019-5-320x202.jpg\" data-orig-src=\"https:\/\/www.yoga-federation.eu\/wp-content\/uploads\/2019\/06\/yoga-retreat-spain-2019-5-320x202.jpg\" alt=\"yoga retreat spain 2019\" class=\"lazyload wp-image-4564\" role=\"presentation\" srcset=\"data:image\/svg+xml,%3Csvg%20xmlns%3D%27http%3A%2F%2Fwww.w3.org%2F2000%2Fsvg%27%20width%3D%27320%27%20height%3D%27202%27%20viewBox%3D%270%200%20320%20202%27%3E%3Crect%20width%3D%27320%27%20height%3D%273202%27%20fill-opacity%3D%220%22%2F%3E%3C%2Fsvg%3E\" data-srcset=\"https:\/\/www.yoga-federation.eu\/wp-content\/uploads\/2019\/06\/yoga-retreat-spain-2019-5-320x202.jpg 320w, https:\/\/www.yoga-federation.eu\/wp-content\/uploads\/2019\/06\/yoga-retreat-spain-2019-5-700x441.jpg 700w\" data-sizes=\"auto\" data-orig-sizes=\"auto, (max-width: 320px) 100vw, 320px\" \/>\t\t\t\t\t\t\t\t<\/a>\n\t\t\t\t\t\t\t\t<a style=\"display:none;\" href=\"https:\/\/www.yoga-federation.eu\/wp-content\/uploads\/2019\/06\/yoga-retreat-spain-2019-5.jpg\" data-rel=\"iLightbox[gallery4575]\"  title=\"\" data-title=\"yoga retreat spain 2019\" data-caption=\"\">\n\t\t\t\t\t\t\t\t\t\t\t\t\t\t\t\t\t\t\t<img style=\"display:none;\" alt=\"yoga retreat spain 2019\" role=\"presentation\" \/>\n\t\t\t\t\t\t\t\t\t\t\t\t\t\t\t\t\t<\/a>\n\t\t\t\t\t\t\t<\/div>\n\t\t\t\t\t\t<\/li>\n\t\t\t\t\t\t\t\t\t\t\t\t\t\t\t\t\t\t\t\t\t\t\t\t\t\t\t\t\t\t\t\t\t\t\t\t\t\t\t\t\t\t\t\t\t\t\t\t\t\t\t<\/ul>\n\t<\/div>\n\t<div class=\"fusion-post-content post-content\"><h2 class=\"blog-shortcode-post-title entry-title\"><a href=\"https:\/\/www.yoga-federation.eu\/cz\/joga-retreat-spanelsko-2019\/\">J\u00f3ga retreat &#8211; \u0160pan\u011blsko 2019<\/a><\/h2><div class=\"fusion-post-content-container\"><p> J\u00d3GA RETREAT 2019 J\u00d3GA \u2013 ODPO\u010cINEK \u2013 MO\u0158E 28. kv\u011btna \u2013 7. \u010dervna 2019 EVROPSK\u00c1 FEDERACE J\u00d3GY\u00a0 J\u00d3GA\u00a0 RETREAT\u00a0\u00a0VE \u0160PAN\u011aLSKU\u00a0 VILAFORTUNY,\u00a0CAMBRILIS,\u00a0COSTA DORADA J\u00f3ga Retreat 2019 se odehr\u00e1val v o\u00e1ze kr\u00e1sn\u00e9 a nezapomenuteln\u00e9 p\u0159\u00edrody s <a href=\"https:\/\/www.yoga-federation.eu\/cz\/joga-retreat-spanelsko-2019\/\"> [...]<\/a><\/p><\/div><\/div><div class=\"fusion-clearfix\"><\/div><\/article>\n<article id=\"blog-1-post-4080\" class=\"fusion-post-medium post-4080 post type-post status-publish format-standard has-post-thumbnail hentry category-aktivity-v-roce-2019 category-joga-tabor category-joga-retreat category-joga-retreat-u-more\">\n\t<style type=\"text\/css\">\n\t\t\n\t\t\n\t\t\n\t\t\n\t\t\t<\/style>\n\n\n\t\t\t<div class=\"fusion-flexslider flexslider fusion-flexslider-loading fusion-post-slideshow\" style=\"\">\n\t\t<ul class=\"slides\">\n\t\t\t\n\t\t\t\t\t\t\t\t\t\t\t\t\t\t<li>\n\n<div  class=\"fusion-image-wrapper fusion-image-size-fixed\" aria-haspopup=\"true\">\n\t\n\t\n\t\t\n\t\t\t\t\t<img loading=\"lazy\" decoding=\"async\" width=\"320\" height=\"202\" src=\"https:\/\/www.yoga-federation.eu\/wp-content\/uploads\/2018\/12\/Yoga-Retreat-Spain-2019-320x202.jpg\" class=\"attachment-blog-medium size-blog-medium lazyload wp-post-image\" alt=\"Yoga-Retreat-Spain-2019\" srcset=\"data:image\/svg+xml,%3Csvg%20xmlns%3D%27http%3A%2F%2Fwww.w3.org%2F2000%2Fsvg%27%20width%3D%271280%27%20height%3D%27906%27%20viewBox%3D%270%200%201280%20906%27%3E%3Crect%20width%3D%271280%27%20height%3D%273906%27%20fill-opacity%3D%220%22%2F%3E%3C%2Fsvg%3E\" data-orig-src=\"https:\/\/www.yoga-federation.eu\/wp-content\/uploads\/2018\/12\/Yoga-Retreat-Spain-2019-320x202.jpg\" data-srcset=\"https:\/\/www.yoga-federation.eu\/wp-content\/uploads\/2018\/12\/Yoga-Retreat-Spain-2019-320x202.jpg 320w, https:\/\/www.yoga-federation.eu\/wp-content\/uploads\/2018\/12\/Yoga-Retreat-Spain-2019-700x441.jpg 700w\" data-sizes=\"auto\" \/>\n\t\n\n\t\t<div class=\"fusion-rollover\">\n\t<div class=\"fusion-rollover-content\">\n\n\t\t\t\t\t\t\t\t\t\t\t\t\t\t<a class=\"fusion-rollover-link\" href=\"https:\/\/www.yoga-federation.eu\/cz\/joga-retreat-ve-spanelsku-2019\/\">J\u00f3ga retreat ve \u0160pan\u011blsku 2019<\/a>\n\t\t\t\n\t\t\t\t\t\t\t\t\n\t\t\t\t\n\t\t\t\t\t\t\t\t\t\t\t\t<h4 class=\"fusion-rollover-title\">\n\t\t\t\t\t<a class=\"fusion-rollover-title-link\" href=\"https:\/\/www.yoga-federation.eu\/cz\/joga-retreat-ve-spanelsku-2019\/\">\n\t\t\t\t\t\tJ\u00f3ga retreat ve \u0160pan\u011blsku 2019\t\t\t\t\t<\/a>\n\t\t\t\t<\/h4>\n\t\t\t\n\t\t\t\t\t\t\t\t\t\t\t\t\t\t<div class=\"fusion-rollover-categories\"><a href=\"https:\/\/www.yoga-federation.eu\/cz\/category\/aktivity-v-roce-2019\/\" rel=\"tag\">Aktivity v roce 2019<\/a>, <a href=\"https:\/\/www.yoga-federation.eu\/cz\/category\/joga-tabor\/\" rel=\"tag\">j\u00f3ga t\u00e1bor<\/a>, <a href=\"https:\/\/www.yoga-federation.eu\/cz\/category\/joga-retreat\/\" rel=\"tag\">Yoga retreat<\/a>, <a href=\"https:\/\/www.yoga-federation.eu\/cz\/category\/joga-retreat-u-more\/\" rel=\"tag\">Yoga retreat<\/a><\/div>\t\t\t\t\t\n\t\t\n\t\t\t\t<a class=\"fusion-link-wrapper\" href=\"https:\/\/www.yoga-federation.eu\/cz\/joga-retreat-ve-spanelsku-2019\/\" aria-label=\"J\u00f3ga retreat ve \u0160pan\u011blsku 2019\"><\/a>\n\t<\/div>\n<\/div>\n\n\t\n<\/div>\n<\/li>\n\t\t\t\n\t\t\t\n\t\t\t\t\t\t\t\t\t\t\t\t\t\t\t\t\t\t\t\t\t\t\t\t\t\t\t\t\t\t\t\t\t\t\t\t\t\t\t\t\t\t\t\t\t\t\t\t\t\t\t\t\t\t\t\t\t\t\t\t\t\t\t\t\t\t\t\t<\/ul>\n\t<\/div>\n\t<div class=\"fusion-post-content post-content\"><h2 class=\"blog-shortcode-post-title entry-title\"><a href=\"https:\/\/www.yoga-federation.eu\/cz\/joga-retreat-ve-spanelsku-2019\/\">J\u00f3ga retreat ve \u0160pan\u011blsku 2019<\/a><\/h2><div class=\"fusion-post-content-container\"><p> J\u00d3GA DOVOLEN\u00c1 VE\u00a0\u0160PAN\u011aLSKU J\u00d3GA RETREAT 2019 J\u00d3GA \u2013 ODPO\u010cINEK \u2013 MO\u0158E 28. kv\u011btna \u2013 7. \u010dervna 2019 EVROPSK\u00c1 FEDERACE J\u00d3GY\u00a0 V\u00c1S ZVE NA\u00a0J\u00d3GA\u00a0 RETREAT\u00a0\u00a0VE \u0160PAN\u011aLSKU\u00a0 VILAFORTUNY,\u00a0CAMBRILIS,\u00a0COSTA DORADA \u00da\u010dast\u00ed na j\u00f3ga semin\u00e1\u0159i obnov\u00edte sv\u00e9 zdrav\u00ed <a href=\"https:\/\/www.yoga-federation.eu\/cz\/joga-retreat-ve-spanelsku-2019\/\"> [...]<\/a><\/p><\/div><\/div><div class=\"fusion-clearfix\"><\/div><\/article>\n<article id=\"blog-1-post-2921\" class=\"fusion-post-medium post-2921 post type-post status-publish format-standard has-post-thumbnail hentry category-aktivity-v-roce-2018 category-joga-tabor category-uncategorized-cz category-joga-retreat category-joga-retreat-u-more\">\n\t<style type=\"text\/css\">\n\t\t\n\t\t\n\t\t\n\t\t\n\t\t\t<\/style>\n\n\n\t\t\t<div class=\"fusion-flexslider flexslider fusion-flexslider-loading fusion-post-slideshow\" style=\"\">\n\t\t<ul class=\"slides\">\n\t\t\t\n\t\t\t\t\t\t\t\t\t\t\t\t\t\t<li>\n\n<div  class=\"fusion-image-wrapper fusion-image-size-fixed\" aria-haspopup=\"true\">\n\t\n\t\n\t\t\n\t\t\t\t\t<img loading=\"lazy\" decoding=\"async\" width=\"320\" height=\"202\" src=\"https:\/\/www.yoga-federation.eu\/wp-content\/uploads\/2018\/01\/joga-retreat-palma-de-mallorca-2018-320x202.jpg\" class=\"attachment-blog-medium size-blog-medium lazyload wp-post-image\" alt=\"\" srcset=\"data:image\/svg+xml,%3Csvg%20xmlns%3D%27http%3A%2F%2Fwww.w3.org%2F2000%2Fsvg%27%20width%3D%271600%27%20height%3D%27841%27%20viewBox%3D%270%200%201600%20841%27%3E%3Crect%20width%3D%271600%27%20height%3D%273841%27%20fill-opacity%3D%220%22%2F%3E%3C%2Fsvg%3E\" data-orig-src=\"https:\/\/www.yoga-federation.eu\/wp-content\/uploads\/2018\/01\/joga-retreat-palma-de-mallorca-2018-320x202.jpg\" data-srcset=\"https:\/\/www.yoga-federation.eu\/wp-content\/uploads\/2018\/01\/joga-retreat-palma-de-mallorca-2018-320x202.jpg 320w, https:\/\/www.yoga-federation.eu\/wp-content\/uploads\/2018\/01\/joga-retreat-palma-de-mallorca-2018-700x441.jpg 700w\" data-sizes=\"auto\" \/>\n\t\n\n\t\t<div class=\"fusion-rollover\">\n\t<div class=\"fusion-rollover-content\">\n\n\t\t\t\t\t\t\t\t\t\t\t\t\t\t<a class=\"fusion-rollover-link\" href=\"https:\/\/www.yoga-federation.eu\/cz\/retreat-svetlost-jogy-palma-de-mallorca\/\">Retreat Sv\u011btlost j\u00f3gy \u2013 Palma de Mallorca<\/a>\n\t\t\t\n\t\t\t\t\t\t\t\t\n\t\t\t\t\n\t\t\t\t\t\t\t\t\t\t\t\t<h4 class=\"fusion-rollover-title\">\n\t\t\t\t\t<a class=\"fusion-rollover-title-link\" href=\"https:\/\/www.yoga-federation.eu\/cz\/retreat-svetlost-jogy-palma-de-mallorca\/\">\n\t\t\t\t\t\tRetreat Sv\u011btlost j\u00f3gy \u2013 Palma de Mallorca\t\t\t\t\t<\/a>\n\t\t\t\t<\/h4>\n\t\t\t\n\t\t\t\t\t\t\t\t\t\t\t\t\t\t<div class=\"fusion-rollover-categories\"><a href=\"https:\/\/www.yoga-federation.eu\/cz\/category\/aktivity-v-roce-2018\/\" rel=\"tag\">Aktivity v roce 2018<\/a>, <a href=\"https:\/\/www.yoga-federation.eu\/cz\/category\/joga-tabor\/\" rel=\"tag\">j\u00f3ga t\u00e1bor<\/a>, <a href=\"https:\/\/www.yoga-federation.eu\/cz\/category\/uncategorized-cz\/\" rel=\"tag\">Uncategorized<\/a>, <a href=\"https:\/\/www.yoga-federation.eu\/cz\/category\/joga-retreat\/\" rel=\"tag\">Yoga retreat<\/a>, <a href=\"https:\/\/www.yoga-federation.eu\/cz\/category\/joga-retreat-u-more\/\" rel=\"tag\">Yoga retreat<\/a><\/div>\t\t\t\t\t\n\t\t\n\t\t\t\t<a class=\"fusion-link-wrapper\" href=\"https:\/\/www.yoga-federation.eu\/cz\/retreat-svetlost-jogy-palma-de-mallorca\/\" aria-label=\"Retreat Sv\u011btlost j\u00f3gy \u2013 Palma de Mallorca\"><\/a>\n\t<\/div>\n<\/div>\n\n\t\n<\/div>\n<\/li>\n\t\t\t\n\t\t\t\n\t\t\t\t\t\t\t\t\t\t\t\n\t\t\t\t\t\n\t\t\t\t\t\t\t\t\t\t\t<li>\n\t\t\t\t\t\t\t<div class=\"fusion-image-wrapper\">\n\t\t\t\t\t\t\t\t<a href=\"https:\/\/www.yoga-federation.eu\/cz\/retreat-svetlost-jogy-palma-de-mallorca\/\" aria-label=\"Retreat Sv\u011btlost j\u00f3gy \u2013 Palma de Mallorca\">\n\t\t\t\t\t\t\t\t\t<img loading=\"lazy\" decoding=\"async\" width=\"320\" height=\"202\" src=\"https:\/\/www.yoga-federation.eu\/wp-content\/uploads\/2013\/10\/Greece-320x202.jpg\" data-orig-src=\"https:\/\/www.yoga-federation.eu\/wp-content\/uploads\/2013\/10\/Greece-320x202.jpg\" alt=\"yoga retreat\" class=\"lazyload wp-image-1555\" role=\"presentation\" srcset=\"data:image\/svg+xml,%3Csvg%20xmlns%3D%27http%3A%2F%2Fwww.w3.org%2F2000%2Fsvg%27%20width%3D%27320%27%20height%3D%27202%27%20viewBox%3D%270%200%20320%20202%27%3E%3Crect%20width%3D%27320%27%20height%3D%273202%27%20fill-opacity%3D%220%22%2F%3E%3C%2Fsvg%3E\" data-srcset=\"https:\/\/www.yoga-federation.eu\/wp-content\/uploads\/2013\/10\/Greece-320x202.jpg 320w, https:\/\/www.yoga-federation.eu\/wp-content\/uploads\/2013\/10\/Greece-700x441.jpg 700w\" data-sizes=\"auto\" data-orig-sizes=\"auto, (max-width: 320px) 100vw, 320px\" \/>\t\t\t\t\t\t\t\t<\/a>\n\t\t\t\t\t\t\t\t<a style=\"display:none;\" href=\"https:\/\/www.yoga-federation.eu\/wp-content\/uploads\/2013\/10\/Greece.jpg\" data-rel=\"iLightbox[gallery2921]\"  title=\"\" data-title=\"Greece\" data-caption=\"\">\n\t\t\t\t\t\t\t\t\t\t\t\t\t\t\t\t\t\t\t<img style=\"display:none;\" alt=\"yoga retreat\" role=\"presentation\" \/>\n\t\t\t\t\t\t\t\t\t\t\t\t\t\t\t\t\t<\/a>\n\t\t\t\t\t\t\t<\/div>\n\t\t\t\t\t\t<\/li>\n\t\t\t\t\t\t\t\t\t\t\t\t\t\t\t\t\t\t\t\t\t\t\t\t\n\t\t\t\t\t\n\t\t\t\t\t\t\t\t\t\t\t<li>\n\t\t\t\t\t\t\t<div class=\"fusion-image-wrapper\">\n\t\t\t\t\t\t\t\t<a href=\"https:\/\/www.yoga-federation.eu\/cz\/retreat-svetlost-jogy-palma-de-mallorca\/\" aria-label=\"Retreat Sv\u011btlost j\u00f3gy \u2013 Palma de Mallorca\">\n\t\t\t\t\t\t\t\t\t<img loading=\"lazy\" decoding=\"async\" width=\"320\" height=\"202\" src=\"https:\/\/www.yoga-federation.eu\/wp-content\/uploads\/2018\/01\/yoga-retreat-320x202.jpg\" data-orig-src=\"https:\/\/www.yoga-federation.eu\/wp-content\/uploads\/2018\/01\/yoga-retreat-320x202.jpg\" alt=\"yoga retreat\" class=\"lazyload wp-image-3049\" role=\"presentation\" srcset=\"data:image\/svg+xml,%3Csvg%20xmlns%3D%27http%3A%2F%2Fwww.w3.org%2F2000%2Fsvg%27%20width%3D%27320%27%20height%3D%27202%27%20viewBox%3D%270%200%20320%20202%27%3E%3Crect%20width%3D%27320%27%20height%3D%273202%27%20fill-opacity%3D%220%22%2F%3E%3C%2Fsvg%3E\" data-srcset=\"https:\/\/www.yoga-federation.eu\/wp-content\/uploads\/2018\/01\/yoga-retreat-320x202.jpg 320w, https:\/\/www.yoga-federation.eu\/wp-content\/uploads\/2018\/01\/yoga-retreat-700x441.jpg 700w\" data-sizes=\"auto\" data-orig-sizes=\"auto, (max-width: 320px) 100vw, 320px\" \/>\t\t\t\t\t\t\t\t<\/a>\n\t\t\t\t\t\t\t\t<a style=\"display:none;\" href=\"https:\/\/www.yoga-federation.eu\/wp-content\/uploads\/2018\/01\/yoga-retreat.jpg\" data-rel=\"iLightbox[gallery2921]\"  title=\"\" data-title=\"yoga retreat\" data-caption=\"\">\n\t\t\t\t\t\t\t\t\t\t\t\t\t\t\t\t\t\t\t<img style=\"display:none;\" alt=\"yoga retreat\" role=\"presentation\" \/>\n\t\t\t\t\t\t\t\t\t\t\t\t\t\t\t\t\t<\/a>\n\t\t\t\t\t\t\t<\/div>\n\t\t\t\t\t\t<\/li>\n\t\t\t\t\t\t\t\t\t\t\t\t\t\t\t\t\t\t\t\t\t\t\t\t\t\t\t\t\t\t\t\t\t\t\t\t\t\t\t\t\t\t\t\t\t\t\t\t\t\t\t<\/ul>\n\t<\/div>\n\t<div class=\"fusion-post-content post-content\"><h2 class=\"blog-shortcode-post-title entry-title\"><a href=\"https:\/\/www.yoga-federation.eu\/cz\/retreat-svetlost-jogy-palma-de-mallorca\/\">Retreat Sv\u011btlost j\u00f3gy \u2013 Palma de Mallorca<\/a><\/h2><div class=\"fusion-post-content-container\"><p> SV\u011aTLOST J\u00d3GY \u2013 RETREAT EVROPSK\u00c1 FEDERACE J\u00d3GY V\u00c1S ZVE NA \u201ePR\u00c1ZDNINY J\u00d3GA DETOX\u201c VE \u0160PAN\u011aLSKU V PALMA DE MALLORCA J\u00d3GA \u2013 ODPO\u010cINEK \u2013 MO\u0158E 24. 6 - 3. 7. 2018   Can Pastilla, <a href=\"https:\/\/www.yoga-federation.eu\/cz\/retreat-svetlost-jogy-palma-de-mallorca\/\"> [...]<\/a><\/p><\/div><\/div><div class=\"fusion-clearfix\"><\/div><\/article>\n<\/div><div class=\"pagination clearfix\"><span class=\"current\">1<\/span><a href=\"https:\/\/www.yoga-federation.eu\/cz\/wp-json\/wp\/v2\/pages\/1403\/page\/2\/\" class=\"inactive\">2<\/a><a class=\"pagination-next\" rel=\"next\" href=\"https:\/\/www.yoga-federation.eu\/cz\/wp-json\/wp\/v2\/pages\/1403\/page\/2\/\"><span class=\"page-text\">Next<\/span><span class=\"page-next\"><\/span><\/a><\/div><div class=\"fusion-clearfix\"><\/div><\/div><div class=\"fusion-clearfix\"><\/div><\/div><\/div><\/div><style type=\"text\/css\">.fusion-fullwidth.fusion-builder-row-1 { overflow:visible; }<\/style><\/div>\n","protected":false},"excerpt":{"rendered":"","protected":false},"author":6,"featured_media":1334,"parent":0,"menu_order":0,"comment_status":"closed","ping_status":"closed","template":"","meta":{"footnotes":""},"class_list":["post-1403","page","type-page","status-publish","has-post-thumbnail","hentry"],"yoast_head":"<!-- This site is optimized with the Yoast SEO plugin v27.4 - https:\/\/yoast.com\/product\/yoast-seo-wordpress\/ -->\n<title>J\u00f3ga retreat u mo\u0159e | Evropsk\u00e1 federace j\u00f3gy<\/title>\n<meta name=\"description\" content=\"K\u00e1\u017ed\u00fd rok Evropsk\u00e1 federace j\u00f3gy po\u0159\u00e1d\u00e1 j\u00f3ga retreat u mo\u0159e. J\u00f3ga retreat u mo\u0159e zahrnuje j\u00f3gov\u00e9 meditace, relaxace a p\u0159\u00edjemn\u00fd \u010das str\u00e1ven\u00fd na pl\u00e1\u017e\u00edch...\" \/>\n<meta name=\"robots\" content=\"index, follow, max-snippet:-1, max-image-preview:large, max-video-preview:-1\" \/>\n<link rel=\"canonical\" href=\"https:\/\/www.yoga-federation.eu\/cz\/joga-retreat-u-more\/\" \/>\n<meta property=\"og:locale\" content=\"en_US\" \/>\n<meta property=\"og:type\" content=\"article\" \/>\n<meta property=\"og:title\" content=\"J\u00f3ga retreat u mo\u0159e | Evropsk\u00e1 federace j\u00f3gy\" \/>\n<meta property=\"og:description\" content=\"K\u00e1\u017ed\u00fd rok Evropsk\u00e1 federace j\u00f3gy po\u0159\u00e1d\u00e1 j\u00f3ga retreat u mo\u0159e. J\u00f3ga retreat u mo\u0159e zahrnuje j\u00f3gov\u00e9 meditace, relaxace a p\u0159\u00edjemn\u00fd \u010das str\u00e1ven\u00fd na pl\u00e1\u017e\u00edch...\" \/>\n<meta property=\"og:url\" content=\"https:\/\/www.yoga-federation.eu\/cz\/joga-retreat-u-more\/\" \/>\n<meta property=\"og:site_name\" content=\"Yoga Federation of Europe\" \/>\n<meta property=\"article:modified_time\" content=\"2018-01-29T19:05:13+00:00\" \/>\n<meta property=\"og:image\" content=\"https:\/\/www.yoga-federation.eu\/wp-content\/uploads\/2016\/09\/yoga-retreat-by-the-sea-r.jpg\" \/>\n\t<meta property=\"og:image:width\" content=\"1024\" \/>\n\t<meta property=\"og:image:height\" content=\"441\" \/>\n\t<meta property=\"og:image:type\" content=\"image\/jpeg\" \/>\n<meta name=\"twitter:card\" content=\"summary_large_image\" \/>\n<meta name=\"twitter:label1\" content=\"Est. reading time\" \/>\n\t<meta name=\"twitter:data1\" content=\"2 minutes\" \/>\n<script type=\"application\/ld+json\" class=\"yoast-schema-graph\">{\"@context\":\"https:\\\/\\\/schema.org\",\"@graph\":[{\"@type\":\"WebPage\",\"@id\":\"https:\\\/\\\/www.yoga-federation.eu\\\/cz\\\/joga-retreat-u-more\\\/\",\"url\":\"https:\\\/\\\/www.yoga-federation.eu\\\/cz\\\/joga-retreat-u-more\\\/\",\"name\":\"J\u00f3ga retreat u mo\u0159e | Evropsk\u00e1 federace j\u00f3gy\",\"isPartOf\":{\"@id\":\"https:\\\/\\\/www.yoga-federation.eu\\\/#website\"},\"primaryImageOfPage\":{\"@id\":\"https:\\\/\\\/www.yoga-federation.eu\\\/cz\\\/joga-retreat-u-more\\\/#primaryimage\"},\"image\":{\"@id\":\"https:\\\/\\\/www.yoga-federation.eu\\\/cz\\\/joga-retreat-u-more\\\/#primaryimage\"},\"thumbnailUrl\":\"https:\\\/\\\/www.yoga-federation.eu\\\/wp-content\\\/uploads\\\/2016\\\/09\\\/yoga-retreat-by-the-sea-r.jpg\",\"datePublished\":\"2016-09-01T21:52:47+00:00\",\"dateModified\":\"2018-01-29T19:05:13+00:00\",\"description\":\"K\u00e1\u017ed\u00fd rok Evropsk\u00e1 federace j\u00f3gy po\u0159\u00e1d\u00e1 j\u00f3ga retreat u mo\u0159e. J\u00f3ga retreat u mo\u0159e zahrnuje j\u00f3gov\u00e9 meditace, relaxace a p\u0159\u00edjemn\u00fd \u010das str\u00e1ven\u00fd na pl\u00e1\u017e\u00edch...\",\"breadcrumb\":{\"@id\":\"https:\\\/\\\/www.yoga-federation.eu\\\/cz\\\/joga-retreat-u-more\\\/#breadcrumb\"},\"inLanguage\":\"cz-CZ\",\"potentialAction\":[{\"@type\":\"ReadAction\",\"target\":[\"https:\\\/\\\/www.yoga-federation.eu\\\/cz\\\/joga-retreat-u-more\\\/\"]}]},{\"@type\":\"ImageObject\",\"inLanguage\":\"cz-CZ\",\"@id\":\"https:\\\/\\\/www.yoga-federation.eu\\\/cz\\\/joga-retreat-u-more\\\/#primaryimage\",\"url\":\"https:\\\/\\\/www.yoga-federation.eu\\\/wp-content\\\/uploads\\\/2016\\\/09\\\/yoga-retreat-by-the-sea-r.jpg\",\"contentUrl\":\"https:\\\/\\\/www.yoga-federation.eu\\\/wp-content\\\/uploads\\\/2016\\\/09\\\/yoga-retreat-by-the-sea-r.jpg\",\"width\":1024,\"height\":441,\"caption\":\"joga retreat u more\"},{\"@type\":\"BreadcrumbList\",\"@id\":\"https:\\\/\\\/www.yoga-federation.eu\\\/cz\\\/joga-retreat-u-more\\\/#breadcrumb\",\"itemListElement\":[{\"@type\":\"ListItem\",\"position\":1,\"name\":\"Home\",\"item\":\"https:\\\/\\\/www.yoga-federation.eu\\\/cz\\\/\"},{\"@type\":\"ListItem\",\"position\":2,\"name\":\"J\u00f3ga retreat u mo\u0159e\"}]},{\"@type\":\"WebSite\",\"@id\":\"https:\\\/\\\/www.yoga-federation.eu\\\/#website\",\"url\":\"https:\\\/\\\/www.yoga-federation.eu\\\/\",\"name\":\"Yoga Federation of Europe\",\"description\":\"Yoga in Europe\",\"potentialAction\":[{\"@type\":\"SearchAction\",\"target\":{\"@type\":\"EntryPoint\",\"urlTemplate\":\"https:\\\/\\\/www.yoga-federation.eu\\\/?s={search_term_string}\"},\"query-input\":{\"@type\":\"PropertyValueSpecification\",\"valueRequired\":true,\"valueName\":\"search_term_string\"}}],\"inLanguage\":\"cz-CZ\"}]}<\/script>\n<!-- \/ Yoast SEO plugin. -->","yoast_head_json":{"title":"J\u00f3ga retreat u mo\u0159e | Evropsk\u00e1 federace j\u00f3gy","description":"K\u00e1\u017ed\u00fd rok Evropsk\u00e1 federace j\u00f3gy po\u0159\u00e1d\u00e1 j\u00f3ga retreat u mo\u0159e. J\u00f3ga retreat u mo\u0159e zahrnuje j\u00f3gov\u00e9 meditace, relaxace a p\u0159\u00edjemn\u00fd \u010das str\u00e1ven\u00fd na pl\u00e1\u017e\u00edch...","robots":{"index":"index","follow":"follow","max-snippet":"max-snippet:-1","max-image-preview":"max-image-preview:large","max-video-preview":"max-video-preview:-1"},"canonical":"https:\/\/www.yoga-federation.eu\/cz\/joga-retreat-u-more\/","og_locale":"en_US","og_type":"article","og_title":"J\u00f3ga retreat u mo\u0159e | Evropsk\u00e1 federace j\u00f3gy","og_description":"K\u00e1\u017ed\u00fd rok Evropsk\u00e1 federace j\u00f3gy po\u0159\u00e1d\u00e1 j\u00f3ga retreat u mo\u0159e. J\u00f3ga retreat u mo\u0159e zahrnuje j\u00f3gov\u00e9 meditace, relaxace a p\u0159\u00edjemn\u00fd \u010das str\u00e1ven\u00fd na pl\u00e1\u017e\u00edch...","og_url":"https:\/\/www.yoga-federation.eu\/cz\/joga-retreat-u-more\/","og_site_name":"Yoga Federation of Europe","article_modified_time":"2018-01-29T19:05:13+00:00","og_image":[{"width":1024,"height":441,"url":"https:\/\/www.yoga-federation.eu\/wp-content\/uploads\/2016\/09\/yoga-retreat-by-the-sea-r.jpg","type":"image\/jpeg"}],"twitter_card":"summary_large_image","twitter_misc":{"Est. reading time":"2 minutes"},"schema":{"@context":"https:\/\/schema.org","@graph":[{"@type":"WebPage","@id":"https:\/\/www.yoga-federation.eu\/cz\/joga-retreat-u-more\/","url":"https:\/\/www.yoga-federation.eu\/cz\/joga-retreat-u-more\/","name":"J\u00f3ga retreat u mo\u0159e | Evropsk\u00e1 federace j\u00f3gy","isPartOf":{"@id":"https:\/\/www.yoga-federation.eu\/#website"},"primaryImageOfPage":{"@id":"https:\/\/www.yoga-federation.eu\/cz\/joga-retreat-u-more\/#primaryimage"},"image":{"@id":"https:\/\/www.yoga-federation.eu\/cz\/joga-retreat-u-more\/#primaryimage"},"thumbnailUrl":"https:\/\/www.yoga-federation.eu\/wp-content\/uploads\/2016\/09\/yoga-retreat-by-the-sea-r.jpg","datePublished":"2016-09-01T21:52:47+00:00","dateModified":"2018-01-29T19:05:13+00:00","description":"K\u00e1\u017ed\u00fd rok Evropsk\u00e1 federace j\u00f3gy po\u0159\u00e1d\u00e1 j\u00f3ga retreat u mo\u0159e. J\u00f3ga retreat u mo\u0159e zahrnuje j\u00f3gov\u00e9 meditace, relaxace a p\u0159\u00edjemn\u00fd \u010das str\u00e1ven\u00fd na pl\u00e1\u017e\u00edch...","breadcrumb":{"@id":"https:\/\/www.yoga-federation.eu\/cz\/joga-retreat-u-more\/#breadcrumb"},"inLanguage":"cz-CZ","potentialAction":[{"@type":"ReadAction","target":["https:\/\/www.yoga-federation.eu\/cz\/joga-retreat-u-more\/"]}]},{"@type":"ImageObject","inLanguage":"cz-CZ","@id":"https:\/\/www.yoga-federation.eu\/cz\/joga-retreat-u-more\/#primaryimage","url":"https:\/\/www.yoga-federation.eu\/wp-content\/uploads\/2016\/09\/yoga-retreat-by-the-sea-r.jpg","contentUrl":"https:\/\/www.yoga-federation.eu\/wp-content\/uploads\/2016\/09\/yoga-retreat-by-the-sea-r.jpg","width":1024,"height":441,"caption":"joga retreat u more"},{"@type":"BreadcrumbList","@id":"https:\/\/www.yoga-federation.eu\/cz\/joga-retreat-u-more\/#breadcrumb","itemListElement":[{"@type":"ListItem","position":1,"name":"Home","item":"https:\/\/www.yoga-federation.eu\/cz\/"},{"@type":"ListItem","position":2,"name":"J\u00f3ga retreat u mo\u0159e"}]},{"@type":"WebSite","@id":"https:\/\/www.yoga-federation.eu\/#website","url":"https:\/\/www.yoga-federation.eu\/","name":"Yoga Federation of Europe","description":"Yoga in Europe","potentialAction":[{"@type":"SearchAction","target":{"@type":"EntryPoint","urlTemplate":"https:\/\/www.yoga-federation.eu\/?s={search_term_string}"},"query-input":{"@type":"PropertyValueSpecification","valueRequired":true,"valueName":"search_term_string"}}],"inLanguage":"cz-CZ"}]}},"_links":{"self":[{"href":"https:\/\/www.yoga-federation.eu\/cz\/wp-json\/wp\/v2\/pages\/1403","targetHints":{"allow":["GET"]}}],"collection":[{"href":"https:\/\/www.yoga-federation.eu\/cz\/wp-json\/wp\/v2\/pages"}],"about":[{"href":"https:\/\/www.yoga-federation.eu\/cz\/wp-json\/wp\/v2\/types\/page"}],"author":[{"embeddable":true,"href":"https:\/\/www.yoga-federation.eu\/cz\/wp-json\/wp\/v2\/users\/6"}],"replies":[{"embeddable":true,"href":"https:\/\/www.yoga-federation.eu\/cz\/wp-json\/wp\/v2\/comments?post=1403"}],"version-history":[{"count":0,"href":"https:\/\/www.yoga-federation.eu\/cz\/wp-json\/wp\/v2\/pages\/1403\/revisions"}],"wp:featuredmedia":[{"embeddable":true,"href":"https:\/\/www.yoga-federation.eu\/cz\/wp-json\/wp\/v2\/media\/1334"}],"wp:attachment":[{"href":"https:\/\/www.yoga-federation.eu\/cz\/wp-json\/wp\/v2\/media?parent=1403"}],"curies":[{"name":"wp","href":"https:\/\/api.w.org\/{rel}","templated":true}]}}