{"id":1240,"date":"2016-08-27T20:20:21","date_gmt":"2016-08-27T20:20:21","guid":{"rendered":"https:\/\/www.yoga-federation.eu\/cz\/?page_id=1240"},"modified":"2017-10-04T13:51:42","modified_gmt":"2017-10-04T13:51:42","slug":"dulezita-data-v-roce-2016","status":"publish","type":"page","link":"https:\/\/www.yoga-federation.eu\/cz\/dulezita-data-v-roce-2016\/","title":{"rendered":"D\u016fle\u017eit\u00e1 data v roce 2016"},"content":{"rendered":"<div class=\"fusion-fullwidth fullwidth-box fusion-builder-row-1 hundred-percent-fullwidth non-hundred-percent-height-scrolling\" style=\"background-color: rgba(255,255,255,0);background-position: center center;background-repeat: no-repeat;padding-top:0px;padding-right:0px;padding-bottom:0px;padding-left:0px;margin-bottom: 0px;margin-top: 0px;border-width: 0px 0px 0px 0px;border-color:#eae9e9;border-style:solid;\" ><div class=\"fusion-builder-row fusion-row\"><div class=\"fusion-layout-column fusion_builder_column fusion-builder-column-0 fusion_builder_column_1_2 1_2 fusion-one-half fusion-column-first\" style=\"width:48%; margin-right: 4%;margin-top:0px;margin-bottom:20px;\"><div class=\"fusion-column-wrapper fusion-flex-column-wrapper-legacy\" style=\"background-position:left top;background-repeat:no-repeat;-webkit-background-size:cover;-moz-background-size:cover;-o-background-size:cover;background-size:cover;padding: 0px 0px 0px 0px;\"><div class=\"fusion-text fusion-text-1\"><h3><span style=\"color: #3366ff;\">Evropsk\u00e1 federace j\u00f3gy<\/span><\/h3>\n<p>DUBEN 2016<br \/>\n22. dubna 2016 \u2013 Sv\u011btov\u00e1 j\u00f3gov\u00e1 medita\u010dn\u00ed s\u00ed\u0165, spole\u010dn\u00e1 meditace v 22.30 h<\/p>\n<p>KV\u011aTEN 2016<br \/>\n25. kv\u011btna 2016 \u2013 Sv\u011btov\u00e1 j\u00f3gov\u00e1 medita\u010dn\u00ed s\u00ed\u0165, spole\u010dn\u00e1 meditace v 22.30 h<\/p>\n<p>\u010cERVEN 2016<br \/>\n18.\u201321. \u010dervna 2016 \u2013 Oslava mezin\u00e1rodn\u00edho dne j\u00f3gy, Velk\u00e9 evropsk\u00e9 j\u00f3gov\u00e9 p\u0159edstaven\u00ed ve V\u00eddni, po\u0159\u00e1d\u00e1 Evropsk\u00e1 federace j\u00f3gy<br \/>\n18.\u201321. \u010dervna \u2013 Oslava mezin\u00e1rodn\u00edho dne j\u00f3gy, Velk\u00e9 evropsk\u00e9 j\u00f3gov\u00e9 p\u0159edstaven\u00ed v Praze, po\u0159\u00e1d\u00e1 Evropsk\u00e1 federace j\u00f3gy<br \/>\n20. \u010dervna 2016 \u2013 Sv\u011btov\u00e1 j\u00f3gov\u00e1 medita\u010dn\u00ed s\u00ed\u0165, spole\u010dn\u00e1 meditace v 22.30 h<br \/>\n21. \u010dervna 2016 \u2013 Oslava mezin\u00e1rodn\u00edho dne j\u00f3gy, Velk\u00e9 evropsk\u00e9 j\u00f3gov\u00e9 p\u0159edstaven\u00ed v B\u011blehrad\u011b, pod z\u00e1\u0161titou Evropsk\u00e9 federace j\u00f3gy<\/p>\n<p>\u010cERVENEC 2016<br \/>\n2. \u010dervence 2016 \u2013 Velk\u00e9 evropsk\u00e9 j\u00f3gov\u00e9 p\u0159edstaven\u00ed, B\u011blehrad,v 18.00 h, pod z\u00e1\u0161titou Evropsk\u00e9 federace j\u00f3gy<br \/>\n9. \u010dervence 2016 \u2013 Velk\u00e9 evropsk\u00e9 j\u00f3gov\u00e9 p\u0159edstaven\u00ed, Novi Sad,v 18.00 h, pod z\u00e1\u0161titou Evropsk\u00e9 federace j\u00f3gy<br \/>\n20. \u010dervence 2016 \u2013 Sv\u011btov\u00e1 j\u00f3gov\u00e1 medita\u010dn\u00ed s\u00ed\u0165, spole\u010dn\u00e1 meditace v 22.30 h<br \/>\n23.\u201329. \u010dervence 2016 \u2013 Mezin\u00e1rodn\u00ed t\u00e1bor j\u00f3gy\u201eSAMYAMA\u201d, po\u0159\u00e1d\u00e1 Evropsk\u00e1 federace j\u00f3gy, K\u00fcstendorf<\/p>\n<p>SRPEN 2016<br \/>\n13.\u201314. srpna 2016 \u2013 Mezin\u00e1rodn\u00ed festival j\u00f3gy, pod z\u00e1\u0161titou Evropsk\u00e9 federace j\u00f3gy<br \/>\n18. srpna 2016\u2013 Sv\u011btov\u00e1 j\u00f3gov\u00e1 medita\u010dn\u00ed s\u00ed\u0165, spole\u010dn\u00e1 meditace v 22.30 h<\/p>\n<p>Z\u00c1\u0158\u00cd 2016<br \/>\n11.\u201320. z\u00e1\u0159\u00ed 2016 \u2013 j\u00f3ga retreat u mo\u0159e, po\u0159\u00e1d\u00e1 Evropsk\u00e1 federace j\u00f3gy, \u0158ecko<br \/>\n16. z\u00e1\u0159\u00ed 2016 \u2013 Sv\u011btov\u00e1 j\u00f3gov\u00e1 medita\u010dn\u00ed s\u00ed\u0165, spole\u010dn\u00e1 meditace v 22.30 h<\/p>\n<p>\u0158\u00cdJEN 2016<br \/>\n16. \u0159\u00edjna 2016 \u2013 Sv\u011btov\u00e1 j\u00f3gov\u00e1 medita\u010dn\u00ed s\u00ed\u0165, spole\u010dn\u00e1 meditace v 22.30 h<\/p>\n<p>LISTOPAD 2016<br \/>\n14. listopadu 2016 \u2013 Sv\u011btov\u00e1 j\u00f3gov\u00e1 medita\u010dn\u00ed s\u00ed\u0165, spole\u010dn\u00e1 meditace v 22.30 h<\/p>\n<p>PROSINEC 2016<br \/>\n14. prosince 2016 \u2013 Sv\u011btov\u00e1 j\u00f3gov\u00e1 medita\u010dn\u00ed s\u00ed\u0165, spole\u010dn\u00e1 meditace v 22.30 h<\/p>\n<\/div><div class=\"fusion-clearfix\"><\/div><\/div><\/div><div class=\"fusion-layout-column fusion_builder_column fusion-builder-column-1 fusion_builder_column_1_2 1_2 fusion-one-half fusion-column-last\" style=\"width:48%;margin-top:0px;margin-bottom:20px;\"><div class=\"fusion-column-wrapper fusion-flex-column-wrapper-legacy\" style=\"background-position:left top;background-repeat:no-repeat;-webkit-background-size:cover;-moz-background-size:cover;-o-background-size:cover;background-size:cover;padding: 0px 0px 0px 0px;\"><span class=\" fusion-imageframe imageframe-dropshadow imageframe-1 hover-type-zoomin\" style=\"-webkit-box-shadow: 3px 3px 7px rgba(0,0,0,0.3);box-shadow: 3px 3px 7px rgba(0,0,0,0.3);\"><img decoding=\"async\" width=\"225\" image_height=\"300\" image_id=\"1506\" alt=\"joga novinky\" title=\"joga-novinky\" src=\"https:\/\/www.yoga-federation.eu\/wp-content\/uploads\/2016\/08\/yoga-activities.jpg\" data-orig-src=\"https:\/\/www.yoga-federation.eu\/wp-content\/uploads\/2016\/08\/yoga-activities-225x300.jpg\" class=\"lazyload img-responsive wp-image-1506\" srcset=\"data:image\/svg+xml,%3Csvg%20xmlns%3D%27http%3A%2F%2Fwww.w3.org%2F2000%2Fsvg%27%20width%3D%271200%27%20height%3D%271600%27%20viewBox%3D%270%200%201200%201600%27%3E%3Crect%20width%3D%271200%27%20height%3D%2731600%27%20fill-opacity%3D%220%22%2F%3E%3C%2Fsvg%3E\" data-srcset=\"https:\/\/www.yoga-federation.eu\/wp-content\/uploads\/2016\/08\/yoga-activities-200x267.jpg 200w, https:\/\/www.yoga-federation.eu\/wp-content\/uploads\/2016\/08\/yoga-activities-400x533.jpg 400w, https:\/\/www.yoga-federation.eu\/wp-content\/uploads\/2016\/08\/yoga-activities-600x800.jpg 600w, https:\/\/www.yoga-federation.eu\/wp-content\/uploads\/2016\/08\/yoga-activities-800x1067.jpg 800w, https:\/\/www.yoga-federation.eu\/wp-content\/uploads\/2016\/08\/yoga-activities.jpg 1200w\" data-sizes=\"auto\" data-orig-sizes=\"(max-width: 800px) 100vw, 600px\" \/><\/span><div class=\"fusion-clearfix\"><\/div><\/div><\/div><\/div><style type=\"text\/css\">.fusion-fullwidth.fusion-builder-row-1 { overflow:visible; }<\/style><\/div>\n","protected":false},"excerpt":{"rendered":"","protected":false},"author":6,"featured_media":1107,"parent":0,"menu_order":0,"comment_status":"closed","ping_status":"open","template":"","meta":{"footnotes":""},"class_list":["post-1240","page","type-page","status-publish","has-post-thumbnail","hentry"],"yoast_head":"<!-- This site is optimized with the Yoast SEO plugin v27.4 - https:\/\/yoast.com\/product\/yoast-seo-wordpress\/ -->\n<title>D\u016fle\u017eit\u00e1 data v roce 2016 | Evropsk\u00e1 federace j\u00f3gy<\/title>\n<meta name=\"description\" content=\"D\u016fle\u017eit\u00e1 data v roce 2016, Evropsk\u00e1 federace j\u00f3gy\" \/>\n<meta name=\"robots\" content=\"index, follow, max-snippet:-1, max-image-preview:large, max-video-preview:-1\" \/>\n<link rel=\"canonical\" href=\"https:\/\/www.yoga-federation.eu\/cz\/dulezita-data-v-roce-2016\/\" \/>\n<meta property=\"og:locale\" content=\"en_US\" \/>\n<meta property=\"og:type\" content=\"article\" \/>\n<meta property=\"og:title\" content=\"D\u016fle\u017eit\u00e1 data v roce 2016 | Evropsk\u00e1 federace j\u00f3gy\" \/>\n<meta property=\"og:description\" content=\"D\u016fle\u017eit\u00e1 data v roce 2016, Evropsk\u00e1 federace j\u00f3gy\" \/>\n<meta property=\"og:url\" content=\"https:\/\/www.yoga-federation.eu\/cz\/dulezita-data-v-roce-2016\/\" \/>\n<meta property=\"og:site_name\" content=\"Yoga Federation of Europe\" \/>\n<meta property=\"article:modified_time\" content=\"2017-10-04T13:51:42+00:00\" \/>\n<meta property=\"og:image\" content=\"https:\/\/www.yoga-federation.eu\/wp-content\/uploads\/2016\/06\/Mezin\u00e1rodn\u00ed-den-j\u00f3gy-v-Praze-2016-2.jpg\" \/>\n\t<meta property=\"og:image:width\" content=\"1024\" \/>\n\t<meta property=\"og:image:height\" content=\"683\" \/>\n\t<meta property=\"og:image:type\" content=\"image\/jpeg\" \/>\n<meta name=\"twitter:card\" content=\"summary_large_image\" \/>\n<meta name=\"twitter:label1\" content=\"Est. reading time\" \/>\n\t<meta name=\"twitter:data1\" content=\"2 minutes\" \/>\n<script type=\"application\/ld+json\" class=\"yoast-schema-graph\">{\"@context\":\"https:\\\/\\\/schema.org\",\"@graph\":[{\"@type\":\"WebPage\",\"@id\":\"https:\\\/\\\/www.yoga-federation.eu\\\/cz\\\/dulezita-data-v-roce-2016\\\/\",\"url\":\"https:\\\/\\\/www.yoga-federation.eu\\\/cz\\\/dulezita-data-v-roce-2016\\\/\",\"name\":\"D\u016fle\u017eit\u00e1 data v roce 2016 | Evropsk\u00e1 federace j\u00f3gy\",\"isPartOf\":{\"@id\":\"https:\\\/\\\/www.yoga-federation.eu\\\/#website\"},\"primaryImageOfPage\":{\"@id\":\"https:\\\/\\\/www.yoga-federation.eu\\\/cz\\\/dulezita-data-v-roce-2016\\\/#primaryimage\"},\"image\":{\"@id\":\"https:\\\/\\\/www.yoga-federation.eu\\\/cz\\\/dulezita-data-v-roce-2016\\\/#primaryimage\"},\"thumbnailUrl\":\"https:\\\/\\\/www.yoga-federation.eu\\\/wp-content\\\/uploads\\\/2016\\\/06\\\/Mezin\u00e1rodn\u00ed-den-j\u00f3gy-v-Praze-2016-2.jpg\",\"datePublished\":\"2016-08-27T20:20:21+00:00\",\"dateModified\":\"2017-10-04T13:51:42+00:00\",\"description\":\"D\u016fle\u017eit\u00e1 data v roce 2016, Evropsk\u00e1 federace j\u00f3gy\",\"breadcrumb\":{\"@id\":\"https:\\\/\\\/www.yoga-federation.eu\\\/cz\\\/dulezita-data-v-roce-2016\\\/#breadcrumb\"},\"inLanguage\":\"cz-CZ\",\"potentialAction\":[{\"@type\":\"ReadAction\",\"target\":[\"https:\\\/\\\/www.yoga-federation.eu\\\/cz\\\/dulezita-data-v-roce-2016\\\/\"]}]},{\"@type\":\"ImageObject\",\"inLanguage\":\"cz-CZ\",\"@id\":\"https:\\\/\\\/www.yoga-federation.eu\\\/cz\\\/dulezita-data-v-roce-2016\\\/#primaryimage\",\"url\":\"https:\\\/\\\/www.yoga-federation.eu\\\/wp-content\\\/uploads\\\/2016\\\/06\\\/Mezin\u00e1rodn\u00ed-den-j\u00f3gy-v-Praze-2016-2.jpg\",\"contentUrl\":\"https:\\\/\\\/www.yoga-federation.eu\\\/wp-content\\\/uploads\\\/2016\\\/06\\\/Mezin\u00e1rodn\u00ed-den-j\u00f3gy-v-Praze-2016-2.jpg\",\"width\":1024,\"height\":683,\"caption\":\"Mezinarodni den jogy v Praze, 2016\"},{\"@type\":\"BreadcrumbList\",\"@id\":\"https:\\\/\\\/www.yoga-federation.eu\\\/cz\\\/dulezita-data-v-roce-2016\\\/#breadcrumb\",\"itemListElement\":[{\"@type\":\"ListItem\",\"position\":1,\"name\":\"Home\",\"item\":\"https:\\\/\\\/www.yoga-federation.eu\\\/cz\\\/\"},{\"@type\":\"ListItem\",\"position\":2,\"name\":\"D\u016fle\u017eit\u00e1 data v roce 2016\"}]},{\"@type\":\"WebSite\",\"@id\":\"https:\\\/\\\/www.yoga-federation.eu\\\/#website\",\"url\":\"https:\\\/\\\/www.yoga-federation.eu\\\/\",\"name\":\"Yoga Federation of Europe\",\"description\":\"Yoga in Europe\",\"potentialAction\":[{\"@type\":\"SearchAction\",\"target\":{\"@type\":\"EntryPoint\",\"urlTemplate\":\"https:\\\/\\\/www.yoga-federation.eu\\\/?s={search_term_string}\"},\"query-input\":{\"@type\":\"PropertyValueSpecification\",\"valueRequired\":true,\"valueName\":\"search_term_string\"}}],\"inLanguage\":\"cz-CZ\"}]}<\/script>\n<!-- \/ Yoast SEO plugin. -->","yoast_head_json":{"title":"D\u016fle\u017eit\u00e1 data v roce 2016 | Evropsk\u00e1 federace j\u00f3gy","description":"D\u016fle\u017eit\u00e1 data v roce 2016, Evropsk\u00e1 federace j\u00f3gy","robots":{"index":"index","follow":"follow","max-snippet":"max-snippet:-1","max-image-preview":"max-image-preview:large","max-video-preview":"max-video-preview:-1"},"canonical":"https:\/\/www.yoga-federation.eu\/cz\/dulezita-data-v-roce-2016\/","og_locale":"en_US","og_type":"article","og_title":"D\u016fle\u017eit\u00e1 data v roce 2016 | Evropsk\u00e1 federace j\u00f3gy","og_description":"D\u016fle\u017eit\u00e1 data v roce 2016, Evropsk\u00e1 federace j\u00f3gy","og_url":"https:\/\/www.yoga-federation.eu\/cz\/dulezita-data-v-roce-2016\/","og_site_name":"Yoga Federation of Europe","article_modified_time":"2017-10-04T13:51:42+00:00","og_image":[{"width":1024,"height":683,"url":"https:\/\/www.yoga-federation.eu\/wp-content\/uploads\/2016\/06\/Mezin\u00e1rodn\u00ed-den-j\u00f3gy-v-Praze-2016-2.jpg","type":"image\/jpeg"}],"twitter_card":"summary_large_image","twitter_misc":{"Est. reading time":"2 minutes"},"schema":{"@context":"https:\/\/schema.org","@graph":[{"@type":"WebPage","@id":"https:\/\/www.yoga-federation.eu\/cz\/dulezita-data-v-roce-2016\/","url":"https:\/\/www.yoga-federation.eu\/cz\/dulezita-data-v-roce-2016\/","name":"D\u016fle\u017eit\u00e1 data v roce 2016 | Evropsk\u00e1 federace j\u00f3gy","isPartOf":{"@id":"https:\/\/www.yoga-federation.eu\/#website"},"primaryImageOfPage":{"@id":"https:\/\/www.yoga-federation.eu\/cz\/dulezita-data-v-roce-2016\/#primaryimage"},"image":{"@id":"https:\/\/www.yoga-federation.eu\/cz\/dulezita-data-v-roce-2016\/#primaryimage"},"thumbnailUrl":"https:\/\/www.yoga-federation.eu\/wp-content\/uploads\/2016\/06\/Mezin\u00e1rodn\u00ed-den-j\u00f3gy-v-Praze-2016-2.jpg","datePublished":"2016-08-27T20:20:21+00:00","dateModified":"2017-10-04T13:51:42+00:00","description":"D\u016fle\u017eit\u00e1 data v roce 2016, Evropsk\u00e1 federace j\u00f3gy","breadcrumb":{"@id":"https:\/\/www.yoga-federation.eu\/cz\/dulezita-data-v-roce-2016\/#breadcrumb"},"inLanguage":"cz-CZ","potentialAction":[{"@type":"ReadAction","target":["https:\/\/www.yoga-federation.eu\/cz\/dulezita-data-v-roce-2016\/"]}]},{"@type":"ImageObject","inLanguage":"cz-CZ","@id":"https:\/\/www.yoga-federation.eu\/cz\/dulezita-data-v-roce-2016\/#primaryimage","url":"https:\/\/www.yoga-federation.eu\/wp-content\/uploads\/2016\/06\/Mezin\u00e1rodn\u00ed-den-j\u00f3gy-v-Praze-2016-2.jpg","contentUrl":"https:\/\/www.yoga-federation.eu\/wp-content\/uploads\/2016\/06\/Mezin\u00e1rodn\u00ed-den-j\u00f3gy-v-Praze-2016-2.jpg","width":1024,"height":683,"caption":"Mezinarodni den jogy v Praze, 2016"},{"@type":"BreadcrumbList","@id":"https:\/\/www.yoga-federation.eu\/cz\/dulezita-data-v-roce-2016\/#breadcrumb","itemListElement":[{"@type":"ListItem","position":1,"name":"Home","item":"https:\/\/www.yoga-federation.eu\/cz\/"},{"@type":"ListItem","position":2,"name":"D\u016fle\u017eit\u00e1 data v roce 2016"}]},{"@type":"WebSite","@id":"https:\/\/www.yoga-federation.eu\/#website","url":"https:\/\/www.yoga-federation.eu\/","name":"Yoga Federation of Europe","description":"Yoga in Europe","potentialAction":[{"@type":"SearchAction","target":{"@type":"EntryPoint","urlTemplate":"https:\/\/www.yoga-federation.eu\/?s={search_term_string}"},"query-input":{"@type":"PropertyValueSpecification","valueRequired":true,"valueName":"search_term_string"}}],"inLanguage":"cz-CZ"}]}},"_links":{"self":[{"href":"https:\/\/www.yoga-federation.eu\/cz\/wp-json\/wp\/v2\/pages\/1240","targetHints":{"allow":["GET"]}}],"collection":[{"href":"https:\/\/www.yoga-federation.eu\/cz\/wp-json\/wp\/v2\/pages"}],"about":[{"href":"https:\/\/www.yoga-federation.eu\/cz\/wp-json\/wp\/v2\/types\/page"}],"author":[{"embeddable":true,"href":"https:\/\/www.yoga-federation.eu\/cz\/wp-json\/wp\/v2\/users\/6"}],"replies":[{"embeddable":true,"href":"https:\/\/www.yoga-federation.eu\/cz\/wp-json\/wp\/v2\/comments?post=1240"}],"version-history":[{"count":0,"href":"https:\/\/www.yoga-federation.eu\/cz\/wp-json\/wp\/v2\/pages\/1240\/revisions"}],"wp:featuredmedia":[{"embeddable":true,"href":"https:\/\/www.yoga-federation.eu\/cz\/wp-json\/wp\/v2\/media\/1107"}],"wp:attachment":[{"href":"https:\/\/www.yoga-federation.eu\/cz\/wp-json\/wp\/v2\/media?parent=1240"}],"curies":[{"name":"wp","href":"https:\/\/api.w.org\/{rel}","templated":true}]}}