{"id":1128,"date":"2016-08-26T18:35:52","date_gmt":"2016-08-26T18:35:52","guid":{"rendered":"https:\/\/www.yoga-federation.eu\/cz\/?page_id=1128"},"modified":"2023-12-30T22:41:37","modified_gmt":"2023-12-30T22:41:37","slug":"evropska-federace-jogy","status":"publish","type":"page","link":"https:\/\/www.yoga-federation.eu\/cz\/","title":{"rendered":"Evropsk\u00e1 Federace J\u00f3gy"},"content":{"rendered":"<p><div class=\"fusion-fullwidth fullwidth-box fusion-builder-row-1 hundred-percent-fullwidth non-hundred-percent-height-scrolling\" style=\"background-color: rgba(255,255,255,0);background-position: center center;background-repeat: no-repeat;padding-top:0px;padding-right:30px;padding-bottom:0px;padding-left:30px;margin-bottom: 0px;margin-top: 0px;border-width: 0px 0px 0px 0px;border-color:#eae9e9;border-style:solid;\" ><div class=\"fusion-builder-row fusion-row\"><div class=\"fusion-layout-column fusion_builder_column fusion-builder-column-0 fusion_builder_column_1_1 1_1 fusion-one-full fusion-column-first fusion-column-last fusion-column-no-min-height\" style=\"margin-top:0px;margin-bottom:0px;\"><div class=\"fusion-column-wrapper fusion-flex-column-wrapper-legacy\" style=\"background-position:left top;background-repeat:no-repeat;-webkit-background-size:cover;-moz-background-size:cover;-o-background-size:cover;background-size:cover;padding: 0px 0px 0px 0px;\"><style type=\"text\/css\"><\/style><div class=\"fusion-title title fusion-title-1 fusion-title-center fusion-title-text fusion-title-size-one\" style=\"margin-top:0px;margin-bottom:5px;\"><div class=\"title-sep-container title-sep-container-left\"><div class=\"title-sep sep-double sep-solid\" style=\"border-color:#2906f9;\"><\/div><\/div><h1 class=\"title-heading-center\" style=\"margin:0;\"><span style=\"color: #2906f9;\">EVROPSK\u00c1 FEDERACE J\u00d3GY<\/span><\/h1><div class=\"title-sep-container title-sep-container-right\"><div class=\"title-sep sep-double sep-solid\" style=\"border-color:#2906f9;\"><\/div><\/div><\/div><div class=\"fusion-sep-clear\"><\/div><div class=\"fusion-separator fusion-full-width-sep\" style=\"margin-left: auto;margin-right: auto;margin-top:1px;width:100%;\"><\/div><div class=\"fusion-sep-clear\"><\/div><div class=\"fusion-clearfix\"><\/div><\/div><\/div><\/div><style type=\"text\/css\">.fusion-fullwidth.fusion-builder-row-1 { overflow:visible; }<\/style><\/div><div class=\"fusion-fullwidth fullwidth-box fusion-builder-row-2 nonhundred-percent-fullwidth non-hundred-percent-height-scrolling\" style=\"background-color: rgba(255,255,255,0);background-position: left top;background-repeat: no-repeat;padding-top:20px;padding-right:0px;padding-bottom:20px;padding-left:0px;margin-bottom: 0px;margin-top: 0px;border-width: 0px 0px 0px 0px;border-color:#eae9e9;border-style:solid;\" ><div class=\"fusion-builder-row fusion-row\"><div class=\"fusion-layout-column fusion_builder_column fusion-builder-column-1 fusion_builder_column_1_2 1_2 fusion-one-half fusion-column-first\" style=\"width:48%; margin-right: 4%;margin-top:0px;margin-bottom:20px;\"><div class=\"fusion-column-wrapper fusion-flex-column-wrapper-legacy\" style=\"background-position:left top;background-repeat:no-repeat;-webkit-background-size:cover;-moz-background-size:cover;-o-background-size:cover;background-size:cover;padding: 0px 0px 0px 0px;\"><div class=\"fusion-blog-shortcode fusion-blog-shortcode-1 fusion-blog-archive fusion-blog-layout-medium fusion-blog-infinite\"><div class=\"fusion-posts-container fusion-posts-container-infinite fusion-posts-container-load-more fusion-no-meta-info fusion-blog-rollover\" data-pages=\"7\"><article id=\"blog-1-post-3196\" class=\"fusion-post-medium post-3196 post type-post status-publish format-standard has-post-thumbnail hentry category-activities-2018-cz category-aktivity-v-roce-2023 category-uncategorized-cz category-vzdelavani\">\n\t<style type=\"text\/css\">\n\t\t\n\t\t\n\t\t\n\t\t\n\t\t\t<\/style>\n\n\n\t\t\t<div class=\"fusion-flexslider flexslider fusion-flexslider-loading fusion-post-slideshow\" style=\"\">\n\t\t<ul class=\"slides\">\n\t\t\t\n\t\t\t\t\t\t\t\t\t\t\t\t\t\t<li>\n\n<div  class=\"fusion-image-wrapper fusion-image-size-fixed\" aria-haspopup=\"true\">\n\t\n\t\n\t\t\n\t\t\t\t\t<img loading=\"lazy\" decoding=\"async\" width=\"320\" height=\"202\" src=\"https:\/\/www.yoga-federation.eu\/wp-content\/uploads\/2018\/10\/kurz-instruktor-jogy-praha-320x202.jpg\" class=\"attachment-blog-medium size-blog-medium lazyload wp-post-image\" alt=\"kurz instruktor jogy praha\" srcset=\"data:image\/svg+xml,%3Csvg%20xmlns%3D%27http%3A%2F%2Fwww.w3.org%2F2000%2Fsvg%27%20width%3D%27960%27%20height%3D%27442%27%20viewBox%3D%270%200%20960%20442%27%3E%3Crect%20width%3D%27960%27%20height%3D%273442%27%20fill-opacity%3D%220%22%2F%3E%3C%2Fsvg%3E\" data-orig-src=\"https:\/\/www.yoga-federation.eu\/wp-content\/uploads\/2018\/10\/kurz-instruktor-jogy-praha-320x202.jpg\" data-srcset=\"https:\/\/www.yoga-federation.eu\/wp-content\/uploads\/2018\/10\/kurz-instruktor-jogy-praha-320x202.jpg 320w, https:\/\/www.yoga-federation.eu\/wp-content\/uploads\/2018\/10\/kurz-instruktor-jogy-praha-700x441.jpg 700w\" data-sizes=\"auto\" \/>\n\t\n\n\t\t<div class=\"fusion-rollover\">\n\t<div class=\"fusion-rollover-content\">\n\n\t\t\t\t\t\t\t\t\t\t\t\t\t\t<a class=\"fusion-rollover-link\" href=\"https:\/\/www.yoga-federation.eu\/cz\/kurz-instruktor-jogy\/\">Kurz Instruktor j\u00f3gy 200 hodin<\/a>\n\t\t\t\n\t\t\t\t\t\t\t\t\n\t\t\t\t\n\t\t\t\t\t\t\t\t\t\t\t\t<h4 class=\"fusion-rollover-title\">\n\t\t\t\t\t<a class=\"fusion-rollover-title-link\" href=\"https:\/\/www.yoga-federation.eu\/cz\/kurz-instruktor-jogy\/\">\n\t\t\t\t\t\tKurz Instruktor j\u00f3gy 200 hodin\t\t\t\t\t<\/a>\n\t\t\t\t<\/h4>\n\t\t\t\n\t\t\t\t\t\t\t\t\t\t\t\t\t\t<div class=\"fusion-rollover-categories\"><a href=\"https:\/\/www.yoga-federation.eu\/cz\/category\/activities-2018-cz\/\" rel=\"tag\">Activities 2018<\/a>, <a href=\"https:\/\/www.yoga-federation.eu\/cz\/category\/aktivity-v-roce-2023\/\" rel=\"tag\">Aktivity v roce 2023<\/a>, <a href=\"https:\/\/www.yoga-federation.eu\/cz\/category\/uncategorized-cz\/\" rel=\"tag\">Uncategorized<\/a>, <a href=\"https:\/\/www.yoga-federation.eu\/cz\/category\/vzdelavani\/\" rel=\"tag\">Vzd\u011bl\u00e1v\u00e1n\u00ed<\/a><\/div>\t\t\t\t\t\n\t\t\n\t\t\t\t<a class=\"fusion-link-wrapper\" href=\"https:\/\/www.yoga-federation.eu\/cz\/kurz-instruktor-jogy\/\" aria-label=\"Kurz Instruktor j\u00f3gy 200 hodin\"><\/a>\n\t<\/div>\n<\/div>\n\n\t\n<\/div>\n<\/li>\n\t\t\t\n\t\t\t\n\t\t\t\t\t\t\t\t\t\t\t\n\t\t\t\t\t\n\t\t\t\t\t\t\t\t\t\t\t<li>\n\t\t\t\t\t\t\t<div class=\"fusion-image-wrapper\">\n\t\t\t\t\t\t\t\t<a href=\"https:\/\/www.yoga-federation.eu\/cz\/kurz-instruktor-jogy\/\" aria-label=\"Kurz Instruktor j\u00f3gy 200 hodin\">\n\t\t\t\t\t\t\t\t\t<img loading=\"lazy\" decoding=\"async\" width=\"320\" height=\"202\" src=\"https:\/\/www.yoga-federation.eu\/wp-content\/uploads\/2019\/01\/kurz-instruktor-jogy-praha-1-320x202.jpg\" data-orig-src=\"https:\/\/www.yoga-federation.eu\/wp-content\/uploads\/2019\/01\/kurz-instruktor-jogy-praha-1-320x202.jpg\" alt=\"kurz instruktor jogy praha\" class=\"lazyload wp-image-4123\" role=\"presentation\" srcset=\"data:image\/svg+xml,%3Csvg%20xmlns%3D%27http%3A%2F%2Fwww.w3.org%2F2000%2Fsvg%27%20width%3D%27320%27%20height%3D%27202%27%20viewBox%3D%270%200%20320%20202%27%3E%3Crect%20width%3D%27320%27%20height%3D%273202%27%20fill-opacity%3D%220%22%2F%3E%3C%2Fsvg%3E\" data-srcset=\"https:\/\/www.yoga-federation.eu\/wp-content\/uploads\/2019\/01\/kurz-instruktor-jogy-praha-1-320x202.jpg 320w, https:\/\/www.yoga-federation.eu\/wp-content\/uploads\/2019\/01\/kurz-instruktor-jogy-praha-1-700x441.jpg 700w\" data-sizes=\"auto\" data-orig-sizes=\"auto, (max-width: 320px) 100vw, 320px\" \/>\t\t\t\t\t\t\t\t<\/a>\n\t\t\t\t\t\t\t\t<a style=\"display:none;\" href=\"https:\/\/www.yoga-federation.eu\/wp-content\/uploads\/2019\/01\/kurz-instruktor-jogy-praha-1.jpg\" data-rel=\"iLightbox[gallery3196]\"  title=\"\" data-title=\"kurz-instruktor-jogy-praha\" data-caption=\"\">\n\t\t\t\t\t\t\t\t\t\t\t\t\t\t\t\t\t\t\t<img style=\"display:none;\" alt=\"kurz instruktor jogy praha\" role=\"presentation\" \/>\n\t\t\t\t\t\t\t\t\t\t\t\t\t\t\t\t\t<\/a>\n\t\t\t\t\t\t\t<\/div>\n\t\t\t\t\t\t<\/li>\n\t\t\t\t\t\t\t\t\t\t\t\t\t\t\t\t\t\t\t\t\t\t\t\t\n\t\t\t\t\t\n\t\t\t\t\t\t\t\t\t\t\t<li>\n\t\t\t\t\t\t\t<div class=\"fusion-image-wrapper\">\n\t\t\t\t\t\t\t\t<a href=\"https:\/\/www.yoga-federation.eu\/cz\/kurz-instruktor-jogy\/\" aria-label=\"Kurz Instruktor j\u00f3gy 200 hodin\">\n\t\t\t\t\t\t\t\t\t<img loading=\"lazy\" decoding=\"async\" width=\"320\" height=\"202\" src=\"https:\/\/www.yoga-federation.eu\/wp-content\/uploads\/2018\/10\/kurz-instruktor-jogy-1-320x202.jpg\" data-orig-src=\"https:\/\/www.yoga-federation.eu\/wp-content\/uploads\/2018\/10\/kurz-instruktor-jogy-1-320x202.jpg\" alt=\"kurz instruktor jogy\" class=\"lazyload wp-image-4155\" role=\"presentation\" srcset=\"data:image\/svg+xml,%3Csvg%20xmlns%3D%27http%3A%2F%2Fwww.w3.org%2F2000%2Fsvg%27%20width%3D%27320%27%20height%3D%27202%27%20viewBox%3D%270%200%20320%20202%27%3E%3Crect%20width%3D%27320%27%20height%3D%273202%27%20fill-opacity%3D%220%22%2F%3E%3C%2Fsvg%3E\" data-srcset=\"https:\/\/www.yoga-federation.eu\/wp-content\/uploads\/2018\/10\/kurz-instruktor-jogy-1-320x202.jpg 320w, https:\/\/www.yoga-federation.eu\/wp-content\/uploads\/2018\/10\/kurz-instruktor-jogy-1-700x441.jpg 700w\" data-sizes=\"auto\" data-orig-sizes=\"auto, (max-width: 320px) 100vw, 320px\" \/>\t\t\t\t\t\t\t\t<\/a>\n\t\t\t\t\t\t\t\t<a style=\"display:none;\" href=\"https:\/\/www.yoga-federation.eu\/wp-content\/uploads\/2018\/10\/kurz-instruktor-jogy-1.jpg\" data-rel=\"iLightbox[gallery3196]\"  title=\"\" data-title=\"kurz instruktor jogy\" data-caption=\"\">\n\t\t\t\t\t\t\t\t\t\t\t\t\t\t\t\t\t\t\t<img style=\"display:none;\" alt=\"kurz instruktor jogy\" role=\"presentation\" \/>\n\t\t\t\t\t\t\t\t\t\t\t\t\t\t\t\t\t<\/a>\n\t\t\t\t\t\t\t<\/div>\n\t\t\t\t\t\t<\/li>\n\t\t\t\t\t\t\t\t\t\t\t\t\t\t\t\t\t\t\t\t\t\t\t\t\n\t\t\t\t\t\n\t\t\t\t\t\t\t\t\t\t\t<li>\n\t\t\t\t\t\t\t<div class=\"fusion-image-wrapper\">\n\t\t\t\t\t\t\t\t<a href=\"https:\/\/www.yoga-federation.eu\/cz\/kurz-instruktor-jogy\/\" aria-label=\"Kurz Instruktor j\u00f3gy 200 hodin\">\n\t\t\t\t\t\t\t\t\t<img loading=\"lazy\" decoding=\"async\" width=\"320\" height=\"202\" src=\"https:\/\/www.yoga-federation.eu\/wp-content\/uploads\/2018\/10\/YTT-2019-1-320x202.jpg\" data-orig-src=\"https:\/\/www.yoga-federation.eu\/wp-content\/uploads\/2018\/10\/YTT-2019-1-320x202.jpg\" alt=\"kurz instruktor jogy praha\" class=\"lazyload wp-image-4132\" role=\"presentation\" srcset=\"data:image\/svg+xml,%3Csvg%20xmlns%3D%27http%3A%2F%2Fwww.w3.org%2F2000%2Fsvg%27%20width%3D%27320%27%20height%3D%27202%27%20viewBox%3D%270%200%20320%20202%27%3E%3Crect%20width%3D%27320%27%20height%3D%273202%27%20fill-opacity%3D%220%22%2F%3E%3C%2Fsvg%3E\" data-srcset=\"https:\/\/www.yoga-federation.eu\/wp-content\/uploads\/2018\/10\/YTT-2019-1-320x202.jpg 320w, https:\/\/www.yoga-federation.eu\/wp-content\/uploads\/2018\/10\/YTT-2019-1-700x441.jpg 700w\" data-sizes=\"auto\" data-orig-sizes=\"auto, (max-width: 320px) 100vw, 320px\" \/>\t\t\t\t\t\t\t\t<\/a>\n\t\t\t\t\t\t\t\t<a style=\"display:none;\" href=\"https:\/\/www.yoga-federation.eu\/wp-content\/uploads\/2018\/10\/YTT-2019-1.jpg\" data-rel=\"iLightbox[gallery3196]\"  title=\"\" data-title=\"Odincova 2\" data-caption=\"\">\n\t\t\t\t\t\t\t\t\t\t\t\t\t\t\t\t\t\t\t<img style=\"display:none;\" alt=\"kurz instruktor jogy praha\" role=\"presentation\" \/>\n\t\t\t\t\t\t\t\t\t\t\t\t\t\t\t\t\t<\/a>\n\t\t\t\t\t\t\t<\/div>\n\t\t\t\t\t\t<\/li>\n\t\t\t\t\t\t\t\t\t\t\t\t\t\t\t\t\t\t\t\t\t\t\t\t\t\t\t\t\t\t\t\t\t\t\t\t<\/ul>\n\t<\/div>\n\t<div class=\"fusion-post-content post-content\"><h2 class=\"blog-shortcode-post-title entry-title\"><a href=\"https:\/\/www.yoga-federation.eu\/cz\/kurz-instruktor-jogy\/\">Kurz Instruktor j\u00f3gy 200 hodin<\/a><\/h2><div class=\"fusion-post-content-container\"><p> P\u0159ipojte se k velk\u00e9 rodin\u011b odborn\u00edk\u016f <a href=\"https:\/\/www.yoga-federation.eu\/cz\/kurz-instruktor-jogy\/\"> [...]<\/a><\/p><\/div><\/div><div class=\"fusion-clearfix\"><\/div><\/article>\n<article id=\"blog-1-post-6872\" class=\"fusion-post-medium post-6872 post type-post status-publish format-standard has-post-thumbnail hentry category-aktivity-v-roce-2024 category-uncategorized-cz category-vzdelavani\">\n\t<style type=\"text\/css\">\n\t\t\n\t\t\n\t\t\n\t\t\n\t\t\t<\/style>\n\n\n\t\t\t<div class=\"fusion-flexslider flexslider fusion-flexslider-loading fusion-post-slideshow\" style=\"\">\n\t\t<ul class=\"slides\">\n\t\t\t\n\t\t\t\t\t\t\t\t\t\t\t\t\t\t<li>\n\n<div  class=\"fusion-image-wrapper fusion-image-size-fixed\" aria-haspopup=\"true\">\n\t\n\t\n\t\t\n\t\t\t\t\t<img loading=\"lazy\" decoding=\"async\" width=\"320\" height=\"202\" src=\"https:\/\/www.yoga-federation.eu\/wp-content\/uploads\/2023\/08\/Dum-svetla-jogy-Kurz-Instruktor-jogy-YFEIYA-320x202.jpg\" class=\"attachment-blog-medium size-blog-medium lazyload wp-post-image\" alt=\"yoga teacher training kurz instruktor jogy\" srcset=\"data:image\/svg+xml,%3Csvg%20xmlns%3D%27http%3A%2F%2Fwww.w3.org%2F2000%2Fsvg%27%20width%3D%271200%27%20height%3D%271600%27%20viewBox%3D%270%200%201200%201600%27%3E%3Crect%20width%3D%271200%27%20height%3D%2731600%27%20fill-opacity%3D%220%22%2F%3E%3C%2Fsvg%3E\" data-orig-src=\"https:\/\/www.yoga-federation.eu\/wp-content\/uploads\/2023\/08\/Dum-svetla-jogy-Kurz-Instruktor-jogy-YFEIYA-320x202.jpg\" data-srcset=\"https:\/\/www.yoga-federation.eu\/wp-content\/uploads\/2023\/08\/Dum-svetla-jogy-Kurz-Instruktor-jogy-YFEIYA-320x202.jpg 320w, https:\/\/www.yoga-federation.eu\/wp-content\/uploads\/2023\/08\/Dum-svetla-jogy-Kurz-Instruktor-jogy-YFEIYA-700x441.jpg 700w\" data-sizes=\"auto\" \/>\n\t\n\n\t\t<div class=\"fusion-rollover\">\n\t<div class=\"fusion-rollover-content\">\n\n\t\t\t\t\t\t\t\t\t\t\t\t\t\t<a class=\"fusion-rollover-link\" href=\"https:\/\/www.yoga-federation.eu\/cz\/intenzivni-kurz-ucitele-jogy-s-pobytem-v-asramu\/\">Intenzivn\u00ed kurz U\u010ditele j\u00f3gy s pobytem v \u00e1\u0161ramu<\/a>\n\t\t\t\n\t\t\t\t\t\t\t\t\n\t\t\t\t\n\t\t\t\t\t\t\t\t\t\t\t\t<h4 class=\"fusion-rollover-title\">\n\t\t\t\t\t<a class=\"fusion-rollover-title-link\" href=\"https:\/\/www.yoga-federation.eu\/cz\/intenzivni-kurz-ucitele-jogy-s-pobytem-v-asramu\/\">\n\t\t\t\t\t\tIntenzivn\u00ed kurz U\u010ditele j\u00f3gy s pobytem v \u00e1\u0161ramu\t\t\t\t\t<\/a>\n\t\t\t\t<\/h4>\n\t\t\t\n\t\t\t\t\t\t\t\t\t\t\t\t\t\t<div class=\"fusion-rollover-categories\"><a href=\"https:\/\/www.yoga-federation.eu\/cz\/category\/aktivity-v-roce-2024\/\" rel=\"tag\">Aktivity v roce 2024<\/a>, <a href=\"https:\/\/www.yoga-federation.eu\/cz\/category\/uncategorized-cz\/\" rel=\"tag\">Uncategorized<\/a>, <a href=\"https:\/\/www.yoga-federation.eu\/cz\/category\/vzdelavani\/\" rel=\"tag\">Vzd\u011bl\u00e1v\u00e1n\u00ed<\/a><\/div>\t\t\t\t\t\n\t\t\n\t\t\t\t<a class=\"fusion-link-wrapper\" href=\"https:\/\/www.yoga-federation.eu\/cz\/intenzivni-kurz-ucitele-jogy-s-pobytem-v-asramu\/\" aria-label=\"Intenzivn\u00ed kurz U\u010ditele j\u00f3gy s pobytem v \u00e1\u0161ramu\"><\/a>\n\t<\/div>\n<\/div>\n\n\t\n<\/div>\n<\/li>\n\t\t\t\n\t\t\t\n\t\t\t\t\t\t\t\t\t\t\t\n\t\t\t\t\t\n\t\t\t\t\t\t\t\t\t\t\t<li>\n\t\t\t\t\t\t\t<div class=\"fusion-image-wrapper\">\n\t\t\t\t\t\t\t\t<a href=\"https:\/\/www.yoga-federation.eu\/cz\/intenzivni-kurz-ucitele-jogy-s-pobytem-v-asramu\/\" aria-label=\"Intenzivn\u00ed kurz U\u010ditele j\u00f3gy s pobytem v \u00e1\u0161ramu\">\n\t\t\t\t\t\t\t\t\t<img loading=\"lazy\" decoding=\"async\" width=\"320\" height=\"202\" src=\"https:\/\/www.yoga-federation.eu\/wp-content\/uploads\/2023\/08\/Dum-svetla-jogy-Kurz-Instruktor-jogy-YFE-320x202.jpg\" data-orig-src=\"https:\/\/www.yoga-federation.eu\/wp-content\/uploads\/2023\/08\/Dum-svetla-jogy-Kurz-Instruktor-jogy-YFE-320x202.jpg\" alt=\"yoga teacher training kurz instruktor jogy\" class=\"lazyload wp-image-6416\" role=\"presentation\" srcset=\"data:image\/svg+xml,%3Csvg%20xmlns%3D%27http%3A%2F%2Fwww.w3.org%2F2000%2Fsvg%27%20width%3D%27320%27%20height%3D%27202%27%20viewBox%3D%270%200%20320%20202%27%3E%3Crect%20width%3D%27320%27%20height%3D%273202%27%20fill-opacity%3D%220%22%2F%3E%3C%2Fsvg%3E\" data-srcset=\"https:\/\/www.yoga-federation.eu\/wp-content\/uploads\/2023\/08\/Dum-svetla-jogy-Kurz-Instruktor-jogy-YFE-320x202.jpg 320w, https:\/\/www.yoga-federation.eu\/wp-content\/uploads\/2023\/08\/Dum-svetla-jogy-Kurz-Instruktor-jogy-YFE-700x441.jpg 700w\" data-sizes=\"auto\" data-orig-sizes=\"auto, (max-width: 320px) 100vw, 320px\" \/>\t\t\t\t\t\t\t\t<\/a>\n\t\t\t\t\t\t\t\t<a style=\"display:none;\" href=\"https:\/\/www.yoga-federation.eu\/wp-content\/uploads\/2023\/08\/Dum-svetla-jogy-Kurz-Instruktor-jogy-YFE.jpg\" data-rel=\"iLightbox[gallery6872]\"  title=\"\" data-title=\"Dum svetla jogy Kurz Instruktor jogy YFE\" data-caption=\"\">\n\t\t\t\t\t\t\t\t\t\t\t\t\t\t\t\t\t\t\t<img style=\"display:none;\" alt=\"yoga teacher training kurz instruktor jogy\" role=\"presentation\" \/>\n\t\t\t\t\t\t\t\t\t\t\t\t\t\t\t\t\t<\/a>\n\t\t\t\t\t\t\t<\/div>\n\t\t\t\t\t\t<\/li>\n\t\t\t\t\t\t\t\t\t\t\t\t\t\t\t\t\t\t\t\t\t\t\t\t\t\t\t\t\t\t\t\t\t\t\t\t\t\t\t\t\t\t\t\t\t\t\t\t\t\t\t\t\t\t\t\t\t\t\t\t\t\t\t\t\t\t<\/ul>\n\t<\/div>\n\t<div class=\"fusion-post-content post-content\"><h2 class=\"blog-shortcode-post-title entry-title\"><a href=\"https:\/\/www.yoga-federation.eu\/cz\/intenzivni-kurz-ucitele-jogy-s-pobytem-v-asramu\/\">Intenzivn\u00ed kurz U\u010ditele j\u00f3gy s pobytem v \u00e1\u0161ramu<\/a><\/h2><div class=\"fusion-post-content-container\"><p> Intenzivn\u00ed kurz U\u010ditele j\u00f3gy s pobytem <a href=\"https:\/\/www.yoga-federation.eu\/cz\/intenzivni-kurz-ucitele-jogy-s-pobytem-v-asramu\/\"> [...]<\/a><\/p><\/div><\/div><div class=\"fusion-clearfix\"><\/div><\/article>\n<article id=\"blog-1-post-7291\" class=\"fusion-post-medium post-7291 post type-post status-publish format-standard has-post-thumbnail hentry category-cvicte-jogu-s-nami category-projekty category-uncategorized-cz\">\n\t<style type=\"text\/css\">\n\t\t\n\t\t\n\t\t\n\t\t\n\t\t\t<\/style>\n\n\n\t\t\t<div class=\"fusion-flexslider flexslider fusion-flexslider-loading fusion-post-slideshow\" style=\"\">\n\t\t<ul class=\"slides\">\n\t\t\t\n\t\t\t\t\t\t\t\t\t\t\t\t\t\t<li>\n\n<div  class=\"fusion-image-wrapper fusion-image-size-fixed\" aria-haspopup=\"true\">\n\t\n\t\n\t\t\n\t\t\t\t\t<img loading=\"lazy\" decoding=\"async\" width=\"320\" height=\"202\" src=\"https:\/\/www.yoga-federation.eu\/wp-content\/uploads\/2021\/06\/CVICTE-JOGU-S-NAMI-KAMPA-PARK-2022-320x202.jpg\" class=\"attachment-blog-medium size-blog-medium lazyload wp-post-image\" alt=\"\" srcset=\"data:image\/svg+xml,%3Csvg%20xmlns%3D%27http%3A%2F%2Fwww.w3.org%2F2000%2Fsvg%27%20width%3D%271600%27%20height%3D%27782%27%20viewBox%3D%270%200%201600%20782%27%3E%3Crect%20width%3D%271600%27%20height%3D%273782%27%20fill-opacity%3D%220%22%2F%3E%3C%2Fsvg%3E\" data-orig-src=\"https:\/\/www.yoga-federation.eu\/wp-content\/uploads\/2021\/06\/CVICTE-JOGU-S-NAMI-KAMPA-PARK-2022-320x202.jpg\" data-srcset=\"https:\/\/www.yoga-federation.eu\/wp-content\/uploads\/2021\/06\/CVICTE-JOGU-S-NAMI-KAMPA-PARK-2022-320x202.jpg 320w, https:\/\/www.yoga-federation.eu\/wp-content\/uploads\/2021\/06\/CVICTE-JOGU-S-NAMI-KAMPA-PARK-2022-700x441.jpg 700w\" data-sizes=\"auto\" \/>\n\t\n\n\t\t<div class=\"fusion-rollover\">\n\t<div class=\"fusion-rollover-content\">\n\n\t\t\t\t\t\t\t\t\t\t\t\t\t\t<a class=\"fusion-rollover-link\" href=\"https:\/\/www.yoga-federation.eu\/cz\/joga-zdarma-na-kampe\/\">Pokra\u010dujeme v na\u0161ich lekc\u00edch j\u00f3gy zdarma na Kamp\u011b<\/a>\n\t\t\t\n\t\t\t\t\t\t\t\t\n\t\t\t\t\n\t\t\t\t\t\t\t\t\t\t\t\t<h4 class=\"fusion-rollover-title\">\n\t\t\t\t\t<a class=\"fusion-rollover-title-link\" href=\"https:\/\/www.yoga-federation.eu\/cz\/joga-zdarma-na-kampe\/\">\n\t\t\t\t\t\tPokra\u010dujeme v na\u0161ich lekc\u00edch j\u00f3gy zdarma na Kamp\u011b\t\t\t\t\t<\/a>\n\t\t\t\t<\/h4>\n\t\t\t\n\t\t\t\t\t\t\t\t\t\t\t\t\t\t<div class=\"fusion-rollover-categories\"><a href=\"https:\/\/www.yoga-federation.eu\/cz\/category\/cvicte-jogu-s-nami\/\" rel=\"tag\">Cvi\u010dte j\u00f3gu s n\u00e1mi<\/a>, <a href=\"https:\/\/www.yoga-federation.eu\/cz\/category\/projekty\/\" rel=\"tag\">Projekty<\/a>, <a href=\"https:\/\/www.yoga-federation.eu\/cz\/category\/uncategorized-cz\/\" rel=\"tag\">Uncategorized<\/a><\/div>\t\t\t\t\t\n\t\t\n\t\t\t\t<a class=\"fusion-link-wrapper\" href=\"https:\/\/www.yoga-federation.eu\/cz\/joga-zdarma-na-kampe\/\" aria-label=\"Pokra\u010dujeme v na\u0161ich lekc\u00edch j\u00f3gy zdarma na Kamp\u011b\"><\/a>\n\t<\/div>\n<\/div>\n\n\t\n<\/div>\n<\/li>\n\t\t\t\n\t\t\t\n\t\t\t\t\t\t\t\t\t\t\t\t\t\t\t\t\t\t\t\t\t\t\t\t\t\t\t\t\t\t\t\t\t\t\t\t\t\t\t\t\t\t\t\t\t\t\t\t\t\t\t\t\t\t\t\t\t\t\t\t\t\t\t\t\t\t\t\t<\/ul>\n\t<\/div>\n\t<div class=\"fusion-post-content post-content\"><h2 class=\"blog-shortcode-post-title entry-title\"><a href=\"https:\/\/www.yoga-federation.eu\/cz\/joga-zdarma-na-kampe\/\">Pokra\u010dujeme v na\u0161ich lekc\u00edch j\u00f3gy zdarma na Kamp\u011b<\/a><\/h2><div class=\"fusion-post-content-container\"><p> J\u00f3ga zdarma v Parku Na Kamp\u011b <a href=\"https:\/\/www.yoga-federation.eu\/cz\/joga-zdarma-na-kampe\/\"> [...]<\/a><\/p><\/div><\/div><div class=\"fusion-clearfix\"><\/div><\/article>\n<article id=\"blog-1-post-7216\" class=\"fusion-post-medium post-7216 post type-post status-publish format-standard has-post-thumbnail hentry category-activities-2024-cz category-uncategorized-cz category-vzdelavani\">\n\t<style type=\"text\/css\">\n\t\t\n\t\t\n\t\t\n\t\t\n\t\t\t<\/style>\n\n\n\t\t\t<div class=\"fusion-flexslider flexslider fusion-flexslider-loading fusion-post-slideshow\" style=\"\">\n\t\t<ul class=\"slides\">\n\t\t\t\n\t\t\t\t\t\t\t\t\t\t\t\t\t\t<li>\n\n<div  class=\"fusion-image-wrapper fusion-image-size-fixed\" aria-haspopup=\"true\">\n\t\n\t\n\t\t\n\t\t\t\t\t<img loading=\"lazy\" decoding=\"async\" width=\"320\" height=\"202\" src=\"https:\/\/www.yoga-federation.eu\/wp-content\/uploads\/2024\/11\/zlata_kundalini_joga_kurz_pro_ucitele_jogy_1-320x202.jpg\" class=\"attachment-blog-medium size-blog-medium lazyload wp-post-image\" alt=\"zlata_kundalini_joga_kurz_pro_ucitele_jogy_1\" srcset=\"data:image\/svg+xml,%3Csvg%20xmlns%3D%27http%3A%2F%2Fwww.w3.org%2F2000%2Fsvg%27%20width%3D%271366%27%20height%3D%27768%27%20viewBox%3D%270%200%201366%20768%27%3E%3Crect%20width%3D%271366%27%20height%3D%273768%27%20fill-opacity%3D%220%22%2F%3E%3C%2Fsvg%3E\" data-orig-src=\"https:\/\/www.yoga-federation.eu\/wp-content\/uploads\/2024\/11\/zlata_kundalini_joga_kurz_pro_ucitele_jogy_1-320x202.jpg\" data-srcset=\"https:\/\/www.yoga-federation.eu\/wp-content\/uploads\/2024\/11\/zlata_kundalini_joga_kurz_pro_ucitele_jogy_1-320x202.jpg 320w, https:\/\/www.yoga-federation.eu\/wp-content\/uploads\/2024\/11\/zlata_kundalini_joga_kurz_pro_ucitele_jogy_1-700x441.jpg 700w\" data-sizes=\"auto\" \/>\n\t\n\n\t\t<div class=\"fusion-rollover\">\n\t<div class=\"fusion-rollover-content\">\n\n\t\t\t\t\t\t\t\t\t\t\t\t\t\t<a class=\"fusion-rollover-link\" href=\"https:\/\/www.yoga-federation.eu\/cz\/zlata-kundalini-joga-skoleni-vyssi-urovne\/\">Zlat\u00e1 Kundalini J\u00f3ga &#8211; \u0161kolen\u00ed vy\u0161\u0161\u00ed \u00farovn\u011b<\/a>\n\t\t\t\n\t\t\t\t\t\t\t\t\n\t\t\t\t\n\t\t\t\t\t\t\t\t\t\t\t\t<h4 class=\"fusion-rollover-title\">\n\t\t\t\t\t<a class=\"fusion-rollover-title-link\" href=\"https:\/\/www.yoga-federation.eu\/cz\/zlata-kundalini-joga-skoleni-vyssi-urovne\/\">\n\t\t\t\t\t\tZlat\u00e1 Kundalini J\u00f3ga &#8211; \u0161kolen\u00ed vy\u0161\u0161\u00ed \u00farovn\u011b\t\t\t\t\t<\/a>\n\t\t\t\t<\/h4>\n\t\t\t\n\t\t\t\t\t\t\t\t\t\t\t\t\t\t<div class=\"fusion-rollover-categories\"><a href=\"https:\/\/www.yoga-federation.eu\/cz\/category\/activities-2024-cz\/\" rel=\"tag\">Activities 2024<\/a>, <a href=\"https:\/\/www.yoga-federation.eu\/cz\/category\/uncategorized-cz\/\" rel=\"tag\">Uncategorized<\/a>, <a href=\"https:\/\/www.yoga-federation.eu\/cz\/category\/vzdelavani\/\" rel=\"tag\">Vzd\u011bl\u00e1v\u00e1n\u00ed<\/a><\/div>\t\t\t\t\t\n\t\t\n\t\t\t\t<a class=\"fusion-link-wrapper\" href=\"https:\/\/www.yoga-federation.eu\/cz\/zlata-kundalini-joga-skoleni-vyssi-urovne\/\" aria-label=\"Zlat\u00e1 Kundalini J\u00f3ga &#8211; \u0161kolen\u00ed vy\u0161\u0161\u00ed \u00farovn\u011b\"><\/a>\n\t<\/div>\n<\/div>\n\n\t\n<\/div>\n<\/li>\n\t\t\t\n\t\t\t\n\t\t\t\t\t\t\t\t\t\t\t\n\t\t\t\t\t\n\t\t\t\t\t\t\t\t\t\t\t<li>\n\t\t\t\t\t\t\t<div class=\"fusion-image-wrapper\">\n\t\t\t\t\t\t\t\t<a href=\"https:\/\/www.yoga-federation.eu\/cz\/zlata-kundalini-joga-skoleni-vyssi-urovne\/\" aria-label=\"Zlat\u00e1 Kundalini J\u00f3ga &#8211; \u0161kolen\u00ed vy\u0161\u0161\u00ed \u00farovn\u011b\">\n\t\t\t\t\t\t\t\t\t<img loading=\"lazy\" decoding=\"async\" width=\"320\" height=\"202\" src=\"https:\/\/www.yoga-federation.eu\/wp-content\/uploads\/2024\/11\/zlata_kundalini_joga_kurz_pro_ucitele_jogy_5-320x202.jpg\" data-orig-src=\"https:\/\/www.yoga-federation.eu\/wp-content\/uploads\/2024\/11\/zlata_kundalini_joga_kurz_pro_ucitele_jogy_5-320x202.jpg\" alt=\"\" class=\"lazyload wp-image-7230\" role=\"presentation\" srcset=\"data:image\/svg+xml,%3Csvg%20xmlns%3D%27http%3A%2F%2Fwww.w3.org%2F2000%2Fsvg%27%20width%3D%27320%27%20height%3D%27202%27%20viewBox%3D%270%200%20320%20202%27%3E%3Crect%20width%3D%27320%27%20height%3D%273202%27%20fill-opacity%3D%220%22%2F%3E%3C%2Fsvg%3E\" data-srcset=\"https:\/\/www.yoga-federation.eu\/wp-content\/uploads\/2024\/11\/zlata_kundalini_joga_kurz_pro_ucitele_jogy_5-320x202.jpg 320w, https:\/\/www.yoga-federation.eu\/wp-content\/uploads\/2024\/11\/zlata_kundalini_joga_kurz_pro_ucitele_jogy_5-700x441.jpg 700w\" data-sizes=\"auto\" data-orig-sizes=\"auto, (max-width: 320px) 100vw, 320px\" \/>\t\t\t\t\t\t\t\t<\/a>\n\t\t\t\t\t\t\t\t<a style=\"display:none;\" href=\"https:\/\/www.yoga-federation.eu\/wp-content\/uploads\/2024\/11\/zlata_kundalini_joga_kurz_pro_ucitele_jogy_5.jpg\" data-rel=\"iLightbox[gallery7216]\"  title=\"\" data-title=\"zlata_kundalini_joga_kurz_pro_ucitele_jogy_5\" data-caption=\"\">\n\t\t\t\t\t\t\t\t\t\t\t\t\t\t\t\t\t<\/a>\n\t\t\t\t\t\t\t<\/div>\n\t\t\t\t\t\t<\/li>\n\t\t\t\t\t\t\t\t\t\t\t\t\t\t\t\t\t\t\t\t\t\t\t\t\t\t\t\t\t\t\t\t\t\t\t\t\t\t\t\t\t\t\t\t\t\t\t\t\t\t\t\t\t\t\t\t\t\t\t\t\t\t\t\t\t\t<\/ul>\n\t<\/div>\n\t<div class=\"fusion-post-content post-content\"><h2 class=\"blog-shortcode-post-title entry-title\"><a href=\"https:\/\/www.yoga-federation.eu\/cz\/zlata-kundalini-joga-skoleni-vyssi-urovne\/\">Zlat\u00e1 Kundalini J\u00f3ga &#8211; \u0161kolen\u00ed vy\u0161\u0161\u00ed \u00farovn\u011b<\/a><\/h2><div class=\"fusion-post-content-container\"><p> Zlat\u00e1 Kundalini j\u00f3ga je styl j\u00f3gy, <a href=\"https:\/\/www.yoga-federation.eu\/cz\/zlata-kundalini-joga-skoleni-vyssi-urovne\/\"> [...]<\/a><\/p><\/div><\/div><div class=\"fusion-clearfix\"><\/div><\/article>\n<article id=\"blog-1-post-7114\" class=\"fusion-post-medium post-7114 post type-post status-publish format-standard has-post-thumbnail hentry category-jogove-predstaveni category-projekty category-uncategorized-cz\">\n\t<style type=\"text\/css\">\n\t\t\n\t\t\n\t\t\n\t\t\n\t\t\t<\/style>\n\n\n\t\t\t<div class=\"fusion-flexslider flexslider fusion-flexslider-loading fusion-post-slideshow\" style=\"\">\n\t\t<ul class=\"slides\">\n\t\t\t\n\t\t\t\t\t\t\t\t\t\t\t\t\t\t<li>\n\n<div  class=\"fusion-image-wrapper fusion-image-size-fixed\" aria-haspopup=\"true\">\n\t\n\t\n\t\t\n\t\t\t\t\t<img loading=\"lazy\" decoding=\"async\" width=\"320\" height=\"202\" src=\"https:\/\/www.yoga-federation.eu\/wp-content\/uploads\/2024\/09\/Velke-jogove-predstaveni-2024-3-320x202.jpg\" class=\"attachment-blog-medium size-blog-medium lazyload wp-post-image\" alt=\"Velke _jogove_ predstaveni_2024-3\" srcset=\"data:image\/svg+xml,%3Csvg%20xmlns%3D%27http%3A%2F%2Fwww.w3.org%2F2000%2Fsvg%27%20width%3D%272048%27%20height%3D%271365%27%20viewBox%3D%270%200%202048%201365%27%3E%3Crect%20width%3D%272048%27%20height%3D%2731365%27%20fill-opacity%3D%220%22%2F%3E%3C%2Fsvg%3E\" data-orig-src=\"https:\/\/www.yoga-federation.eu\/wp-content\/uploads\/2024\/09\/Velke-jogove-predstaveni-2024-3-320x202.jpg\" data-srcset=\"https:\/\/www.yoga-federation.eu\/wp-content\/uploads\/2024\/09\/Velke-jogove-predstaveni-2024-3-320x202.jpg 320w, https:\/\/www.yoga-federation.eu\/wp-content\/uploads\/2024\/09\/Velke-jogove-predstaveni-2024-3-700x441.jpg 700w\" data-sizes=\"auto\" \/>\n\t\n\n\t\t<div class=\"fusion-rollover\">\n\t<div class=\"fusion-rollover-content\">\n\n\t\t\t\t\t\t\t\t\t\t\t\t\t\t<a class=\"fusion-rollover-link\" href=\"https:\/\/www.yoga-federation.eu\/cz\/konalo-se-velke-evropske-jogove-predstaveni-v-ceskych-budejovicich\/\">Konalo se Velk\u00e9 evropsk\u00e9 j\u00f3gov\u00e9 p\u0159edstaven\u00ed v \u010cesk\u00fdch Bud\u011bjovic\u00edch<\/a>\n\t\t\t\n\t\t\t\t\t\t\t\t\n\t\t\t\t\n\t\t\t\t\t\t\t\t\t\t\t\t<h4 class=\"fusion-rollover-title\">\n\t\t\t\t\t<a class=\"fusion-rollover-title-link\" href=\"https:\/\/www.yoga-federation.eu\/cz\/konalo-se-velke-evropske-jogove-predstaveni-v-ceskych-budejovicich\/\">\n\t\t\t\t\t\tKonalo se Velk\u00e9 evropsk\u00e9 j\u00f3gov\u00e9 p\u0159edstaven\u00ed v \u010cesk\u00fdch Bud\u011bjovic\u00edch\t\t\t\t\t<\/a>\n\t\t\t\t<\/h4>\n\t\t\t\n\t\t\t\t\t\t\t\t\t\t\t\t\t\t<div class=\"fusion-rollover-categories\"><a href=\"https:\/\/www.yoga-federation.eu\/cz\/category\/jogove-predstaveni\/\" rel=\"tag\">J\u00f3gov\u00e9 p\u0159edstaven\u00ed<\/a>, <a href=\"https:\/\/www.yoga-federation.eu\/cz\/category\/projekty\/\" rel=\"tag\">Projekty<\/a>, <a href=\"https:\/\/www.yoga-federation.eu\/cz\/category\/uncategorized-cz\/\" rel=\"tag\">Uncategorized<\/a><\/div>\t\t\t\t\t\n\t\t\n\t\t\t\t<a class=\"fusion-link-wrapper\" href=\"https:\/\/www.yoga-federation.eu\/cz\/konalo-se-velke-evropske-jogove-predstaveni-v-ceskych-budejovicich\/\" aria-label=\"Konalo se Velk\u00e9 evropsk\u00e9 j\u00f3gov\u00e9 p\u0159edstaven\u00ed v \u010cesk\u00fdch Bud\u011bjovic\u00edch\"><\/a>\n\t<\/div>\n<\/div>\n\n\t\n<\/div>\n<\/li>\n\t\t\t\n\t\t\t\n\t\t\t\t\t\t\t\t\t\t\t\t\t\t\t\t\t\t\t\t\t\t\t\t\t\t\t\t\t\t\t\t\t\t\t\t\t\t\t\t\t\t\t\t\t\t\t\t\t\t\t\t\t\t\t\t\t\t\t\t\t\t\t\t\t\t\t\t<\/ul>\n\t<\/div>\n\t<div class=\"fusion-post-content post-content\"><h2 class=\"blog-shortcode-post-title entry-title\"><a href=\"https:\/\/www.yoga-federation.eu\/cz\/konalo-se-velke-evropske-jogove-predstaveni-v-ceskych-budejovicich\/\">Konalo se Velk\u00e9 evropsk\u00e9 j\u00f3gov\u00e9 p\u0159edstaven\u00ed v \u010cesk\u00fdch Bud\u011bjovic\u00edch<\/a><\/h2><div class=\"fusion-post-content-container\"><p>Dne 7. \u010dervence 2024 se ve Sportovn\u00ed <a href=\"https:\/\/www.yoga-federation.eu\/cz\/konalo-se-velke-evropske-jogove-predstaveni-v-ceskych-budejovicich\/\"> [...]<\/a><\/p><\/div><\/div><div class=\"fusion-clearfix\"><\/div><\/article>\n<article id=\"blog-1-post-7086\" class=\"fusion-post-medium post-7086 post type-post status-publish format-standard has-post-thumbnail hentry category-jogove-predstaveni category-projekty category-uncategorized-cz\">\n\t<style type=\"text\/css\">\n\t\t\n\t\t\n\t\t\n\t\t\n\t\t\t<\/style>\n\n\n\t\t\t<div class=\"fusion-flexslider flexslider fusion-flexslider-loading fusion-post-slideshow\" style=\"\">\n\t\t<ul class=\"slides\">\n\t\t\t\n\t\t\t\t\t\t\t\t\t\t\t\t\t\t<li>\n\n<div  class=\"fusion-image-wrapper fusion-image-size-fixed\" aria-haspopup=\"true\">\n\t\n\t\n\t\t\n\t\t\t\t\t<img loading=\"lazy\" decoding=\"async\" width=\"320\" height=\"202\" src=\"https:\/\/www.yoga-federation.eu\/wp-content\/uploads\/2019\/05\/Velke-evropske-jogove-predstaveni-2019-2-320x202.jpg\" class=\"attachment-blog-medium size-blog-medium lazyload wp-post-image\" alt=\"Velke evropske jogove predstaveni 2019-5\" srcset=\"data:image\/svg+xml,%3Csvg%20xmlns%3D%27http%3A%2F%2Fwww.w3.org%2F2000%2Fsvg%27%20width%3D%271600%27%20height%3D%27950%27%20viewBox%3D%270%200%201600%20950%27%3E%3Crect%20width%3D%271600%27%20height%3D%273950%27%20fill-opacity%3D%220%22%2F%3E%3C%2Fsvg%3E\" data-orig-src=\"https:\/\/www.yoga-federation.eu\/wp-content\/uploads\/2019\/05\/Velke-evropske-jogove-predstaveni-2019-2-320x202.jpg\" data-srcset=\"https:\/\/www.yoga-federation.eu\/wp-content\/uploads\/2019\/05\/Velke-evropske-jogove-predstaveni-2019-2-320x202.jpg 320w, https:\/\/www.yoga-federation.eu\/wp-content\/uploads\/2019\/05\/Velke-evropske-jogove-predstaveni-2019-2-700x441.jpg 700w\" data-sizes=\"auto\" \/>\n\t\n\n\t\t<div class=\"fusion-rollover\">\n\t<div class=\"fusion-rollover-content\">\n\n\t\t\t\t\t\t\t\t\t\t\t\t\t\t<a class=\"fusion-rollover-link\" href=\"https:\/\/www.yoga-federation.eu\/cz\/velke-evropske-jogove-predstaveni-v-ceskych-budejovicich-2024\/\">Velk\u00e9 evropsk\u00e9 j\u00f3gov\u00e9 p\u0159edstaven\u00ed v \u010cesk\u00fdch Bud\u011bjovic\u00edch 2024<\/a>\n\t\t\t\n\t\t\t\t\t\t\t\t\n\t\t\t\t\n\t\t\t\t\t\t\t\t\t\t\t\t<h4 class=\"fusion-rollover-title\">\n\t\t\t\t\t<a class=\"fusion-rollover-title-link\" href=\"https:\/\/www.yoga-federation.eu\/cz\/velke-evropske-jogove-predstaveni-v-ceskych-budejovicich-2024\/\">\n\t\t\t\t\t\tVelk\u00e9 evropsk\u00e9 j\u00f3gov\u00e9 p\u0159edstaven\u00ed v \u010cesk\u00fdch Bud\u011bjovic\u00edch 2024\t\t\t\t\t<\/a>\n\t\t\t\t<\/h4>\n\t\t\t\n\t\t\t\t\t\t\t\t\t\t\t\t\t\t<div class=\"fusion-rollover-categories\"><a href=\"https:\/\/www.yoga-federation.eu\/cz\/category\/jogove-predstaveni\/\" rel=\"tag\">J\u00f3gov\u00e9 p\u0159edstaven\u00ed<\/a>, <a href=\"https:\/\/www.yoga-federation.eu\/cz\/category\/projekty\/\" rel=\"tag\">Projekty<\/a>, <a href=\"https:\/\/www.yoga-federation.eu\/cz\/category\/uncategorized-cz\/\" rel=\"tag\">Uncategorized<\/a><\/div>\t\t\t\t\t\n\t\t\n\t\t\t\t<a class=\"fusion-link-wrapper\" href=\"https:\/\/www.yoga-federation.eu\/cz\/velke-evropske-jogove-predstaveni-v-ceskych-budejovicich-2024\/\" aria-label=\"Velk\u00e9 evropsk\u00e9 j\u00f3gov\u00e9 p\u0159edstaven\u00ed v \u010cesk\u00fdch Bud\u011bjovic\u00edch 2024\"><\/a>\n\t<\/div>\n<\/div>\n\n\t\n<\/div>\n<\/li>\n\t\t\t\n\t\t\t\n\t\t\t\t\t\t\t\t\t\t\t\t\t\t\t\t\t\t\t\t\t\t\t\t\t\t\t\t\t\t\t\t\t\t\t\t\t\t\t\t\t\t\t\t\t\t\t\t\t\t\t\t\t\t\t\t\t\t\t\t\t\t\t\t\t\t\t\t<\/ul>\n\t<\/div>\n\t<div class=\"fusion-post-content post-content\"><h2 class=\"blog-shortcode-post-title entry-title\"><a href=\"https:\/\/www.yoga-federation.eu\/cz\/velke-evropske-jogove-predstaveni-v-ceskych-budejovicich-2024\/\">Velk\u00e9 evropsk\u00e9 j\u00f3gov\u00e9 p\u0159edstaven\u00ed v \u010cesk\u00fdch Bud\u011bjovic\u00edch 2024<\/a><\/h2><div class=\"fusion-post-content-container\"><p>Velk\u00e9 evropsk\u00e9 j\u00f3gov\u00e9 p\u0159edstaven\u00ed v \u010cesk\u00fdch Bud\u011bjovic\u00edch <a href=\"https:\/\/www.yoga-federation.eu\/cz\/velke-evropske-jogove-predstaveni-v-ceskych-budejovicich-2024\/\"> [...]<\/a><\/p><\/div><\/div><div class=\"fusion-clearfix\"><\/div><\/article>\n<article id=\"blog-1-post-6851\" class=\"fusion-post-medium post-6851 post type-post status-publish format-standard has-post-thumbnail hentry category-aktivity-v-roce-2024 category-cvicte-jogu-s-nami category-projekty\">\n\t<style type=\"text\/css\">\n\t\t\n\t\t\n\t\t\n\t\t\n\t\t\t<\/style>\n\n\n\t\t\t<div class=\"fusion-flexslider flexslider fusion-flexslider-loading fusion-post-slideshow\" style=\"\">\n\t\t<ul class=\"slides\">\n\t\t\t\n\t\t\t\t\t\t\t\t\t\t\t\t\t\t<li>\n\n<div  class=\"fusion-image-wrapper fusion-image-size-fixed\" aria-haspopup=\"true\">\n\t\n\t\n\t\t\n\t\t\t\t\t<img loading=\"lazy\" decoding=\"async\" width=\"320\" height=\"202\" src=\"https:\/\/www.yoga-federation.eu\/wp-content\/uploads\/2020\/06\/Lekce-j\u00f3gy-zdarma-v-Plzni-Cvi\u010dte-j\u00f3gu-s-n\u00e1mi-2020-320x202.jpg\" class=\"attachment-blog-medium size-blog-medium lazyload wp-post-image\" alt=\"Lekce jogy zdarma v Plzni - Cvicte jogu s nami 2020\" srcset=\"data:image\/svg+xml,%3Csvg%20xmlns%3D%27http%3A%2F%2Fwww.w3.org%2F2000%2Fsvg%27%20width%3D%271600%27%20height%3D%271067%27%20viewBox%3D%270%200%201600%201067%27%3E%3Crect%20width%3D%271600%27%20height%3D%2731067%27%20fill-opacity%3D%220%22%2F%3E%3C%2Fsvg%3E\" data-orig-src=\"https:\/\/www.yoga-federation.eu\/wp-content\/uploads\/2020\/06\/Lekce-j\u00f3gy-zdarma-v-Plzni-Cvi\u010dte-j\u00f3gu-s-n\u00e1mi-2020-320x202.jpg\" data-srcset=\"https:\/\/www.yoga-federation.eu\/wp-content\/uploads\/2020\/06\/Lekce-j\u00f3gy-zdarma-v-Plzni-Cvi\u010dte-j\u00f3gu-s-n\u00e1mi-2020-320x202.jpg 320w, https:\/\/www.yoga-federation.eu\/wp-content\/uploads\/2020\/06\/Lekce-j\u00f3gy-zdarma-v-Plzni-Cvi\u010dte-j\u00f3gu-s-n\u00e1mi-2020-700x441.jpg 700w\" data-sizes=\"auto\" \/>\n\t\n\n\t\t<div class=\"fusion-rollover\">\n\t<div class=\"fusion-rollover-content\">\n\n\t\t\t\t\t\t\t\t\t\t\t\t\t\t<a class=\"fusion-rollover-link\" href=\"https:\/\/www.yoga-federation.eu\/cz\/oznamujeme-ze-i-letos-budeme-cvicit-spolu-na-kampe\/\">Oznamujeme \u017ee i letos budeme cvi\u010dit spolu na Kamp\u011b<\/a>\n\t\t\t\n\t\t\t\t\t\t\t\t\n\t\t\t\t\n\t\t\t\t\t\t\t\t\t\t\t\t<h4 class=\"fusion-rollover-title\">\n\t\t\t\t\t<a class=\"fusion-rollover-title-link\" href=\"https:\/\/www.yoga-federation.eu\/cz\/oznamujeme-ze-i-letos-budeme-cvicit-spolu-na-kampe\/\">\n\t\t\t\t\t\tOznamujeme \u017ee i letos budeme cvi\u010dit spolu na Kamp\u011b\t\t\t\t\t<\/a>\n\t\t\t\t<\/h4>\n\t\t\t\n\t\t\t\t\t\t\t\t\t\t\t\t\t\t<div class=\"fusion-rollover-categories\"><a href=\"https:\/\/www.yoga-federation.eu\/cz\/category\/aktivity-v-roce-2024\/\" rel=\"tag\">Aktivity v roce 2024<\/a>, <a href=\"https:\/\/www.yoga-federation.eu\/cz\/category\/cvicte-jogu-s-nami\/\" rel=\"tag\">Cvi\u010dte j\u00f3gu s n\u00e1mi<\/a>, <a href=\"https:\/\/www.yoga-federation.eu\/cz\/category\/projekty\/\" rel=\"tag\">Projekty<\/a><\/div>\t\t\t\t\t\n\t\t\n\t\t\t\t<a class=\"fusion-link-wrapper\" href=\"https:\/\/www.yoga-federation.eu\/cz\/oznamujeme-ze-i-letos-budeme-cvicit-spolu-na-kampe\/\" aria-label=\"Oznamujeme \u017ee i letos budeme cvi\u010dit spolu na Kamp\u011b\"><\/a>\n\t<\/div>\n<\/div>\n\n\t\n<\/div>\n<\/li>\n\t\t\t\n\t\t\t\n\t\t\t\t\t\t\t\t\t\t\t\t\t\t\t\t\t\t\t\t\t\t\t\t\t\t\t\t\t\t\t\t\t\t\t\t\t\t\t\t\t\t\t\t\t\t\t\t\t\t\t\t\t\t\t\t\t\t\t\t\t\t\t\t\t\t\t\t<\/ul>\n\t<\/div>\n\t<div class=\"fusion-post-content post-content\"><h2 class=\"blog-shortcode-post-title entry-title\"><a href=\"https:\/\/www.yoga-federation.eu\/cz\/oznamujeme-ze-i-letos-budeme-cvicit-spolu-na-kampe\/\">Oznamujeme \u017ee i letos budeme cvi\u010dit spolu na Kamp\u011b<\/a><\/h2><div class=\"fusion-post-content-container\"><p> J\u00f3ga zdarma v Parku Na Kamp\u011b <a href=\"https:\/\/www.yoga-federation.eu\/cz\/oznamujeme-ze-i-letos-budeme-cvicit-spolu-na-kampe\/\"> [...]<\/a><\/p><\/div><\/div><div class=\"fusion-clearfix\"><\/div><\/article>\n<article id=\"blog-1-post-6831\" class=\"fusion-post-medium post-6831 post type-post status-publish format-standard has-post-thumbnail hentry category-aktivity-v-roce-2024 category-cvicte-jogu-s-nami category-projekty\">\n\t<style type=\"text\/css\">\n\t\t\n\t\t\n\t\t\n\t\t\n\t\t\t<\/style>\n\n\n\t\t\t<div class=\"fusion-flexslider flexslider fusion-flexslider-loading fusion-post-slideshow\" style=\"\">\n\t\t<ul class=\"slides\">\n\t\t\t\n\t\t\t\t\t\t\t\t\t\t\t\t\t\t<li>\n\n<div  class=\"fusion-image-wrapper fusion-image-size-fixed\" aria-haspopup=\"true\">\n\t\n\t\n\t\t\n\t\t\t\t\t<img loading=\"lazy\" decoding=\"async\" width=\"320\" height=\"202\" src=\"https:\/\/www.yoga-federation.eu\/wp-content\/uploads\/2024\/01\/lekce_jogy_zdarma_ceske_budejovice_2024-320x202.jpg\" class=\"attachment-blog-medium size-blog-medium lazyload wp-post-image\" alt=\"\" srcset=\"data:image\/svg+xml,%3Csvg%20xmlns%3D%27http%3A%2F%2Fwww.w3.org%2F2000%2Fsvg%27%20width%3D%271309%27%20height%3D%27655%27%20viewBox%3D%270%200%201309%20655%27%3E%3Crect%20width%3D%271309%27%20height%3D%273655%27%20fill-opacity%3D%220%22%2F%3E%3C%2Fsvg%3E\" data-orig-src=\"https:\/\/www.yoga-federation.eu\/wp-content\/uploads\/2024\/01\/lekce_jogy_zdarma_ceske_budejovice_2024-320x202.jpg\" data-srcset=\"https:\/\/www.yoga-federation.eu\/wp-content\/uploads\/2024\/01\/lekce_jogy_zdarma_ceske_budejovice_2024-320x202.jpg 320w, https:\/\/www.yoga-federation.eu\/wp-content\/uploads\/2024\/01\/lekce_jogy_zdarma_ceske_budejovice_2024-700x441.jpg 700w\" data-sizes=\"auto\" \/>\n\t\n\n\t\t<div class=\"fusion-rollover\">\n\t<div class=\"fusion-rollover-content\">\n\n\t\t\t\t\t\t\t\t\t\t\t\t\t\t<a class=\"fusion-rollover-link\" href=\"https:\/\/www.yoga-federation.eu\/cz\/joga-zdarma-v-ceskych-budejovicich-cvicte-jogu-s-nami-2024\/\">J\u00f3ga zdarma v \u010cesk\u00fdch Bud\u011bjovic\u00edch \u2013 Cvi\u010dte j\u00f3gu s n\u00e1mi 2024<\/a>\n\t\t\t\n\t\t\t\t\t\t\t\t\n\t\t\t\t\n\t\t\t\t\t\t\t\t\t\t\t\t<h4 class=\"fusion-rollover-title\">\n\t\t\t\t\t<a class=\"fusion-rollover-title-link\" href=\"https:\/\/www.yoga-federation.eu\/cz\/joga-zdarma-v-ceskych-budejovicich-cvicte-jogu-s-nami-2024\/\">\n\t\t\t\t\t\tJ\u00f3ga zdarma v \u010cesk\u00fdch Bud\u011bjovic\u00edch \u2013 Cvi\u010dte j\u00f3gu s n\u00e1mi 2024\t\t\t\t\t<\/a>\n\t\t\t\t<\/h4>\n\t\t\t\n\t\t\t\t\t\t\t\t\t\t\t\t\t\t<div class=\"fusion-rollover-categories\"><a href=\"https:\/\/www.yoga-federation.eu\/cz\/category\/aktivity-v-roce-2024\/\" rel=\"tag\">Aktivity v roce 2024<\/a>, <a href=\"https:\/\/www.yoga-federation.eu\/cz\/category\/cvicte-jogu-s-nami\/\" rel=\"tag\">Cvi\u010dte j\u00f3gu s n\u00e1mi<\/a>, <a href=\"https:\/\/www.yoga-federation.eu\/cz\/category\/projekty\/\" rel=\"tag\">Projekty<\/a><\/div>\t\t\t\t\t\n\t\t\n\t\t\t\t<a class=\"fusion-link-wrapper\" href=\"https:\/\/www.yoga-federation.eu\/cz\/joga-zdarma-v-ceskych-budejovicich-cvicte-jogu-s-nami-2024\/\" aria-label=\"J\u00f3ga zdarma v \u010cesk\u00fdch Bud\u011bjovic\u00edch \u2013 Cvi\u010dte j\u00f3gu s n\u00e1mi 2024\"><\/a>\n\t<\/div>\n<\/div>\n\n\t\n<\/div>\n<\/li>\n\t\t\t\n\t\t\t\n\t\t\t\t\t\t\t\t\t\t\t\t\t\t\t\t\t\t\t\t\t\t\t\t\t\t\t\t\t\t\t\t\t\t\t\t\t\t\t\t\t\t\t\t\t\t\t\t\t\t\t\t\t\t\t\t\t\t\t\t\t\t\t\t\t\t\t\t<\/ul>\n\t<\/div>\n\t<div class=\"fusion-post-content post-content\"><h2 class=\"blog-shortcode-post-title entry-title\"><a href=\"https:\/\/www.yoga-federation.eu\/cz\/joga-zdarma-v-ceskych-budejovicich-cvicte-jogu-s-nami-2024\/\">J\u00f3ga zdarma v \u010cesk\u00fdch Bud\u011bjovic\u00edch \u2013 Cvi\u010dte j\u00f3gu s n\u00e1mi 2024<\/a><\/h2><div class=\"fusion-post-content-container\"><p> V r\u00e1mci projektu \u201eCvi\u010dte j\u00f3gu s <a href=\"https:\/\/www.yoga-federation.eu\/cz\/joga-zdarma-v-ceskych-budejovicich-cvicte-jogu-s-nami-2024\/\"> [...]<\/a><\/p><\/div><\/div><div class=\"fusion-clearfix\"><\/div><\/article>\n<article id=\"blog-1-post-5975\" class=\"fusion-post-medium post-5975 post type-post status-publish format-standard has-post-thumbnail hentry category-aktivity-v-roce-2023 category-vzdelavani\">\n\t<style type=\"text\/css\">\n\t\t\n\t\t\n\t\t\n\t\t\n\t\t\t<\/style>\n\n\n\t\t\t<div class=\"fusion-flexslider flexslider fusion-flexslider-loading fusion-post-slideshow\" style=\"\">\n\t\t<ul class=\"slides\">\n\t\t\t\n\t\t\t\t\t\t\t\t\t\t\t\t\t\t<li>\n\n<div  class=\"fusion-image-wrapper fusion-image-size-fixed\" aria-haspopup=\"true\">\n\t\n\t\n\t\t\n\t\t\t\t\t<img loading=\"lazy\" decoding=\"async\" width=\"320\" height=\"202\" src=\"https:\/\/www.yoga-federation.eu\/wp-content\/uploads\/2023\/01\/Kurz-Ucitele-jogy-550-YFE-320x202.jpg\" class=\"attachment-blog-medium size-blog-medium lazyload wp-post-image\" alt=\"kurz-ucitel-jogy-550h\" srcset=\"data:image\/svg+xml,%3Csvg%20xmlns%3D%27http%3A%2F%2Fwww.w3.org%2F2000%2Fsvg%27%20width%3D%271600%27%20height%3D%271066%27%20viewBox%3D%270%200%201600%201066%27%3E%3Crect%20width%3D%271600%27%20height%3D%2731066%27%20fill-opacity%3D%220%22%2F%3E%3C%2Fsvg%3E\" data-orig-src=\"https:\/\/www.yoga-federation.eu\/wp-content\/uploads\/2023\/01\/Kurz-Ucitele-jogy-550-YFE-320x202.jpg\" data-srcset=\"https:\/\/www.yoga-federation.eu\/wp-content\/uploads\/2023\/01\/Kurz-Ucitele-jogy-550-YFE-320x202.jpg 320w, https:\/\/www.yoga-federation.eu\/wp-content\/uploads\/2023\/01\/Kurz-Ucitele-jogy-550-YFE-700x441.jpg 700w\" data-sizes=\"auto\" \/>\n\t\n\n\t\t<div class=\"fusion-rollover\">\n\t<div class=\"fusion-rollover-content\">\n\n\t\t\t\t\t\t\t\t\t\t\t\t\t\t<a class=\"fusion-rollover-link\" href=\"https:\/\/www.yoga-federation.eu\/cz\/kurz-ucitel-jogy-550-hodin\/\">Kurz U\u010ditel j\u00f3gy 550 hodin<\/a>\n\t\t\t\n\t\t\t\t\t\t\t\t\n\t\t\t\t\n\t\t\t\t\t\t\t\t\t\t\t\t<h4 class=\"fusion-rollover-title\">\n\t\t\t\t\t<a class=\"fusion-rollover-title-link\" href=\"https:\/\/www.yoga-federation.eu\/cz\/kurz-ucitel-jogy-550-hodin\/\">\n\t\t\t\t\t\tKurz U\u010ditel j\u00f3gy 550 hodin\t\t\t\t\t<\/a>\n\t\t\t\t<\/h4>\n\t\t\t\n\t\t\t\t\t\t\t\t\t\t\t\t\t\t<div class=\"fusion-rollover-categories\"><a href=\"https:\/\/www.yoga-federation.eu\/cz\/category\/aktivity-v-roce-2023\/\" rel=\"tag\">Aktivity v roce 2023<\/a>, <a href=\"https:\/\/www.yoga-federation.eu\/cz\/category\/vzdelavani\/\" rel=\"tag\">Vzd\u011bl\u00e1v\u00e1n\u00ed<\/a><\/div>\t\t\t\t\t\n\t\t\n\t\t\t\t<a class=\"fusion-link-wrapper\" href=\"https:\/\/www.yoga-federation.eu\/cz\/kurz-ucitel-jogy-550-hodin\/\" aria-label=\"Kurz U\u010ditel j\u00f3gy 550 hodin\"><\/a>\n\t<\/div>\n<\/div>\n\n\t\n<\/div>\n<\/li>\n\t\t\t\n\t\t\t\n\t\t\t\t\t\t\t\t\t\t\t\t\t\t\t\t\t\t\t\t\t\t\t\t\t\t\t\t\t\t\t\t\t\t\t\t\t\t\t\t\t\t\t\t\t\t\t\t\t\t\t\t\t\t\t\t\t\t\t\t\t\t\t\t\t\t\t\t<\/ul>\n\t<\/div>\n\t<div class=\"fusion-post-content post-content\"><h2 class=\"blog-shortcode-post-title entry-title\"><a href=\"https:\/\/www.yoga-federation.eu\/cz\/kurz-ucitel-jogy-550-hodin\/\">Kurz U\u010ditel j\u00f3gy 550 hodin<\/a><\/h2><div class=\"fusion-post-content-container\"><p> INTERNATIONAL YOGA ACADEMY PN KURZ PRO <a href=\"https:\/\/www.yoga-federation.eu\/cz\/kurz-ucitel-jogy-550-hodin\/\"> [...]<\/a><\/p><\/div><\/div><div class=\"fusion-clearfix\"><\/div><\/article>\n<\/div><div class=\"fusion-infinite-scroll-trigger\"><\/div><div class=\"pagination infinite-scroll clearfix\" style=\"display:none;\"><span class=\"current\">1<\/span><a href=\"https:\/\/www.yoga-federation.eu\/cz\/wp-json\/wp\/v2\/pages\/1128\/page\/2\/\" class=\"inactive\">2<\/a><a class=\"pagination-next\" rel=\"next\" href=\"https:\/\/www.yoga-federation.eu\/cz\/wp-json\/wp\/v2\/pages\/1128\/page\/2\/\"><span class=\"page-text\">Next<\/span><span class=\"page-next\"><\/span><\/a><\/div><div class=\"fusion-clearfix\"><\/div><div class=\"fusion-load-more-button fusion-blog-button fusion-clearfix\">Load More Posts<\/div><\/div><div class=\"fusion-clearfix\"><\/div><\/div><\/div><div class=\"fusion-layout-column fusion_builder_column fusion-builder-column-2 fusion_builder_column_1_2 1_2 fusion-one-half fusion-column-last\" style=\"width:48%;margin-top:0px;margin-bottom:20px;\"><div class=\"fusion-column-wrapper fusion-flex-column-wrapper-legacy\" style=\"background-position:left top;background-repeat:no-repeat;-webkit-background-size:cover;-moz-background-size:cover;-o-background-size:cover;background-size:cover;padding: 0px 0px 0px 0px;\"><div class=\"fusion-blog-shortcode fusion-blog-shortcode-2 fusion-blog-archive fusion-blog-layout-medium fusion-blog-infinite\"><div class=\"fusion-posts-container fusion-posts-container-infinite fusion-posts-container-load-more fusion-no-meta-info fusion-blog-rollover\" data-pages=\"7\"><article id=\"blog-2-post-7390\" class=\"fusion-post-medium post-7390 post type-post status-publish format-standard has-post-thumbnail hentry category-activity category-joga-tabor category-uncategorized-cz\">\n\t<style type=\"text\/css\">\n\t\t\n\t\t\n\t\t\n\t\t\n\t\t\t<\/style>\n\n\n\t\t\t<div class=\"fusion-flexslider flexslider fusion-flexslider-loading fusion-post-slideshow\" style=\"\">\n\t\t<ul class=\"slides\">\n\t\t\t\n\t\t\t\t\t\t\t\t\t\t\t\t\t\t<li>\n\n<div  class=\"fusion-image-wrapper fusion-image-size-fixed\" aria-haspopup=\"true\">\n\t\n\t\n\t\t\n\t\t\t\t\t<img loading=\"lazy\" decoding=\"async\" width=\"320\" height=\"202\" src=\"https:\/\/www.yoga-federation.eu\/wp-content\/uploads\/2026\/04\/yoga_retreats_ehoyl_0-320x202.jpg\" class=\"attachment-blog-medium size-blog-medium lazyload wp-post-image\" alt=\"yoga_retreats_ehoyl_0\" srcset=\"data:image\/svg+xml,%3Csvg%20xmlns%3D%27http%3A%2F%2Fwww.w3.org%2F2000%2Fsvg%27%20width%3D%271200%27%20height%3D%271200%27%20viewBox%3D%270%200%201200%201200%27%3E%3Crect%20width%3D%271200%27%20height%3D%2731200%27%20fill-opacity%3D%220%22%2F%3E%3C%2Fsvg%3E\" data-orig-src=\"https:\/\/www.yoga-federation.eu\/wp-content\/uploads\/2026\/04\/yoga_retreats_ehoyl_0-320x202.jpg\" data-srcset=\"https:\/\/www.yoga-federation.eu\/wp-content\/uploads\/2026\/04\/yoga_retreats_ehoyl_0-320x202.jpg 320w, https:\/\/www.yoga-federation.eu\/wp-content\/uploads\/2026\/04\/yoga_retreats_ehoyl_0-700x441.jpg 700w\" data-sizes=\"auto\" \/>\n\t\n\n\t\t<div class=\"fusion-rollover\">\n\t<div class=\"fusion-rollover-content\">\n\n\t\t\t\t\t\t\t\t\t\t\t\t\t\t<a class=\"fusion-rollover-link\" href=\"https:\/\/www.yoga-federation.eu\/cz\/skalarni-jogove-tabory-v-roce-2026\/\">Skal\u00e1rn\u00ed j\u00f3gov\u00e9 t\u00e1bory v roce 2026<\/a>\n\t\t\t\n\t\t\t\t\t\t\t\t\n\t\t\t\t\n\t\t\t\t\t\t\t\t\t\t\t\t<h4 class=\"fusion-rollover-title\">\n\t\t\t\t\t<a class=\"fusion-rollover-title-link\" href=\"https:\/\/www.yoga-federation.eu\/cz\/skalarni-jogove-tabory-v-roce-2026\/\">\n\t\t\t\t\t\tSkal\u00e1rn\u00ed j\u00f3gov\u00e9 t\u00e1bory v roce 2026\t\t\t\t\t<\/a>\n\t\t\t\t<\/h4>\n\t\t\t\n\t\t\t\t\t\t\t\t\t\t\t\t\t\t<div class=\"fusion-rollover-categories\"><a href=\"https:\/\/www.yoga-federation.eu\/cz\/category\/activity\/\" rel=\"tag\">Activity<\/a>, <a href=\"https:\/\/www.yoga-federation.eu\/cz\/category\/joga-tabor\/\" rel=\"tag\">j\u00f3ga t\u00e1bor<\/a>, <a href=\"https:\/\/www.yoga-federation.eu\/cz\/category\/uncategorized-cz\/\" rel=\"tag\">Uncategorized<\/a><\/div>\t\t\t\t\t\n\t\t\n\t\t\t\t<a class=\"fusion-link-wrapper\" href=\"https:\/\/www.yoga-federation.eu\/cz\/skalarni-jogove-tabory-v-roce-2026\/\" aria-label=\"Skal\u00e1rn\u00ed j\u00f3gov\u00e9 t\u00e1bory v roce 2026\"><\/a>\n\t<\/div>\n<\/div>\n\n\t\n<\/div>\n<\/li>\n\t\t\t\n\t\t\t\n\t\t\t\t\t\t\t\t\t\t\t\t\t\t\t\t\t\t\t\t\t\t\t\t\t\t\t\t\t\t\t\t\t\t\t\t\t\t\t\t\t\t\t\t\t\t\t\t\t\t\t\t\t\t\t\t\t\t\t\t\t\t\t\t\t\t\t\t<\/ul>\n\t<\/div>\n\t<div class=\"fusion-post-content post-content\"><h2 class=\"blog-shortcode-post-title entry-title\"><a href=\"https:\/\/www.yoga-federation.eu\/cz\/skalarni-jogove-tabory-v-roce-2026\/\">Skal\u00e1rn\u00ed j\u00f3gov\u00e9 t\u00e1bory v roce 2026<\/a><\/h2><div class=\"fusion-post-content-container\"><p> Pokud hled\u00e1te skute\u010dn\u011b hlubok\u00fd a transforma\u010dn\u00ed <a href=\"https:\/\/www.yoga-federation.eu\/cz\/skalarni-jogove-tabory-v-roce-2026\/\"> [...]<\/a><\/p><\/div><\/div><div class=\"fusion-clearfix\"><\/div><\/article>\n<article id=\"blog-2-post-6714\" class=\"fusion-post-medium post-6714 post type-post status-publish format-standard has-post-thumbnail hentry category-joga-tabor\">\n\t<style type=\"text\/css\">\n\t\t\n\t\t\n\t\t\n\t\t\n\t\t\t<\/style>\n\n\n\t\t\t<div class=\"fusion-flexslider flexslider fusion-flexslider-loading fusion-post-slideshow\" style=\"\">\n\t\t<ul class=\"slides\">\n\t\t\t\n\t\t\t\t\t\t\t\t\t\t\t\t\t\t<li>\n\n<div  class=\"fusion-image-wrapper fusion-image-size-fixed\" aria-haspopup=\"true\">\n\t\n\t\n\t\t\n\t\t\t\t\t<img loading=\"lazy\" decoding=\"async\" width=\"320\" height=\"202\" src=\"https:\/\/www.yoga-federation.eu\/wp-content\/uploads\/2023\/12\/MOKSHA-YOGA-RETREATS-2025-320x202.jpg\" class=\"attachment-blog-medium size-blog-medium lazyload wp-post-image\" alt=\"moksha_yoga_retraet\" srcset=\"data:image\/svg+xml,%3Csvg%20xmlns%3D%27http%3A%2F%2Fwww.w3.org%2F2000%2Fsvg%27%20width%3D%272560%27%20height%3D%271810%27%20viewBox%3D%270%200%202560%201810%27%3E%3Crect%20width%3D%272560%27%20height%3D%2731810%27%20fill-opacity%3D%220%22%2F%3E%3C%2Fsvg%3E\" data-orig-src=\"https:\/\/www.yoga-federation.eu\/wp-content\/uploads\/2023\/12\/MOKSHA-YOGA-RETREATS-2025-320x202.jpg\" data-srcset=\"https:\/\/www.yoga-federation.eu\/wp-content\/uploads\/2023\/12\/MOKSHA-YOGA-RETREATS-2025-320x202.jpg 320w, https:\/\/www.yoga-federation.eu\/wp-content\/uploads\/2023\/12\/MOKSHA-YOGA-RETREATS-2025-700x441.jpg 700w\" data-sizes=\"auto\" \/>\n\t\n\n\t\t<div class=\"fusion-rollover\">\n\t<div class=\"fusion-rollover-content\">\n\n\t\t\t\t\t\t\t\t\t\t\t\t\t\t<a class=\"fusion-rollover-link\" href=\"https:\/\/www.yoga-federation.eu\/cz\/skalarni-jogove-tabory\/\">Skal\u00e1rn\u00ed j\u00f3gov\u00e9 t\u00e1bory v roce 2025<\/a>\n\t\t\t\n\t\t\t\t\t\t\t\t\n\t\t\t\t\n\t\t\t\t\t\t\t\t\t\t\t\t<h4 class=\"fusion-rollover-title\">\n\t\t\t\t\t<a class=\"fusion-rollover-title-link\" href=\"https:\/\/www.yoga-federation.eu\/cz\/skalarni-jogove-tabory\/\">\n\t\t\t\t\t\tSkal\u00e1rn\u00ed j\u00f3gov\u00e9 t\u00e1bory v roce 2025\t\t\t\t\t<\/a>\n\t\t\t\t<\/h4>\n\t\t\t\n\t\t\t\t\t\t\t\t\t\t\t\t\t\t<div class=\"fusion-rollover-categories\"><a href=\"https:\/\/www.yoga-federation.eu\/cz\/category\/joga-tabor\/\" rel=\"tag\">j\u00f3ga t\u00e1bor<\/a><\/div>\t\t\t\t\t\n\t\t\n\t\t\t\t<a class=\"fusion-link-wrapper\" href=\"https:\/\/www.yoga-federation.eu\/cz\/skalarni-jogove-tabory\/\" aria-label=\"Skal\u00e1rn\u00ed j\u00f3gov\u00e9 t\u00e1bory v roce 2025\"><\/a>\n\t<\/div>\n<\/div>\n\n\t\n<\/div>\n<\/li>\n\t\t\t\n\t\t\t\n\t\t\t\t\t\t\t\t\t\t\t\t\t\t\t\t\t\t\t\t\t\t\t\t\t\t\t\t\t\t\t\t\t\t\t\t\t\t\t\t\t\t\t\t\t\t\t\t\t\t\t\t\t\t\t\t\t\t\t\t\t\t\t\t\t\t\t\t<\/ul>\n\t<\/div>\n\t<div class=\"fusion-post-content post-content\"><h2 class=\"blog-shortcode-post-title entry-title\"><a href=\"https:\/\/www.yoga-federation.eu\/cz\/skalarni-jogove-tabory\/\">Skal\u00e1rn\u00ed j\u00f3gov\u00e9 t\u00e1bory v roce 2025<\/a><\/h2><div class=\"fusion-post-content-container\"><p> Skal\u00e1rn\u00ed j\u00f3gov\u00e9 t\u00e1bory v roce 2025 <a href=\"https:\/\/www.yoga-federation.eu\/cz\/skalarni-jogove-tabory\/\"> [...]<\/a><\/p><\/div><\/div><div class=\"fusion-clearfix\"><\/div><\/article>\n<article id=\"blog-2-post-6772\" class=\"fusion-post-medium post-6772 post type-post status-publish format-standard has-post-thumbnail hentry category-aktivity-v-roce-2024 category-joga-tabor\">\n\t<style type=\"text\/css\">\n\t\t\n\t\t\n\t\t\n\t\t\n\t\t\t<\/style>\n\n\n\t\t\t<div class=\"fusion-flexslider flexslider fusion-flexslider-loading fusion-post-slideshow\" style=\"\">\n\t\t<ul class=\"slides\">\n\t\t\t\n\t\t\t\t\t\t\t\t\t\t\t\t\t\t<li>\n\n<div  class=\"fusion-image-wrapper fusion-image-size-fixed\" aria-haspopup=\"true\">\n\t\n\t\n\t\t\n\t\t\t\t\t<img loading=\"lazy\" decoding=\"async\" width=\"320\" height=\"202\" src=\"https:\/\/www.yoga-federation.eu\/wp-content\/uploads\/2023\/11\/20230430_110917-320x202.jpg\" class=\"attachment-blog-medium size-blog-medium lazyload wp-post-image\" alt=\"\" srcset=\"data:image\/svg+xml,%3Csvg%20xmlns%3D%27http%3A%2F%2Fwww.w3.org%2F2000%2Fsvg%27%20width%3D%272560%27%20height%3D%271440%27%20viewBox%3D%270%200%202560%201440%27%3E%3Crect%20width%3D%272560%27%20height%3D%2731440%27%20fill-opacity%3D%220%22%2F%3E%3C%2Fsvg%3E\" data-orig-src=\"https:\/\/www.yoga-federation.eu\/wp-content\/uploads\/2023\/11\/20230430_110917-320x202.jpg\" data-srcset=\"https:\/\/www.yoga-federation.eu\/wp-content\/uploads\/2023\/11\/20230430_110917-320x202.jpg 320w, https:\/\/www.yoga-federation.eu\/wp-content\/uploads\/2023\/11\/20230430_110917-700x441.jpg 700w\" data-sizes=\"auto\" \/>\n\t\n\n\t\t<div class=\"fusion-rollover\">\n\t<div class=\"fusion-rollover-content\">\n\n\t\t\t\t\t\t\t\t\t\t\t\t\t\t<a class=\"fusion-rollover-link\" href=\"https:\/\/www.yoga-federation.eu\/cz\/joga-pro-tymovou-spolupraci\/\">J\u00f3ga pro t\u00fdmovou spolupr\u00e1ci<\/a>\n\t\t\t\n\t\t\t\t\t\t\t\t\n\t\t\t\t\n\t\t\t\t\t\t\t\t\t\t\t\t<h4 class=\"fusion-rollover-title\">\n\t\t\t\t\t<a class=\"fusion-rollover-title-link\" href=\"https:\/\/www.yoga-federation.eu\/cz\/joga-pro-tymovou-spolupraci\/\">\n\t\t\t\t\t\tJ\u00f3ga pro t\u00fdmovou spolupr\u00e1ci\t\t\t\t\t<\/a>\n\t\t\t\t<\/h4>\n\t\t\t\n\t\t\t\t\t\t\t\t\t\t\t\t\t\t<div class=\"fusion-rollover-categories\"><a href=\"https:\/\/www.yoga-federation.eu\/cz\/category\/aktivity-v-roce-2024\/\" rel=\"tag\">Aktivity v roce 2024<\/a>, <a href=\"https:\/\/www.yoga-federation.eu\/cz\/category\/joga-tabor\/\" rel=\"tag\">j\u00f3ga t\u00e1bor<\/a><\/div>\t\t\t\t\t\n\t\t\n\t\t\t\t<a class=\"fusion-link-wrapper\" href=\"https:\/\/www.yoga-federation.eu\/cz\/joga-pro-tymovou-spolupraci\/\" aria-label=\"J\u00f3ga pro t\u00fdmovou spolupr\u00e1ci\"><\/a>\n\t<\/div>\n<\/div>\n\n\t\n<\/div>\n<\/li>\n\t\t\t\n\t\t\t\n\t\t\t\t\t\t\t\t\t\t\t\t\t\t\t\t\t\t\t\t\t\t\t\t\t\t\t\t\t\t\t\t\t\t\t\t\t\t\t\t\t\t\t\t\t\t\t\t\t\t\t\t\t\t\t\t\t\t\t\t\t\t\t\t\t\t\t\t<\/ul>\n\t<\/div>\n\t<div class=\"fusion-post-content post-content\"><h2 class=\"blog-shortcode-post-title entry-title\"><a href=\"https:\/\/www.yoga-federation.eu\/cz\/joga-pro-tymovou-spolupraci\/\">J\u00f3ga pro t\u00fdmovou spolupr\u00e1ci<\/a><\/h2><div class=\"fusion-post-content-container\"><p> V\u00e1\u0161 partner pro t\u00fdmovou spolupr\u00e1ci \u2013 <a href=\"https:\/\/www.yoga-federation.eu\/cz\/joga-pro-tymovou-spolupraci\/\"> [...]<\/a><\/p><\/div><\/div><div class=\"fusion-clearfix\"><\/div><\/article>\n<article id=\"blog-2-post-6679\" class=\"fusion-post-medium post-6679 post type-post status-publish format-standard has-post-thumbnail hentry category-aktivity-v-roce-2024 category-joga-tabor category-yoga-camps-cz\">\n\t<style type=\"text\/css\">\n\t\t\n\t\t\n\t\t\n\t\t\n\t\t\t<\/style>\n\n\n\t\t\t<div class=\"fusion-flexslider flexslider fusion-flexslider-loading fusion-post-slideshow\" style=\"\">\n\t\t<ul class=\"slides\">\n\t\t\t\n\t\t\t\t\t\t\t\t\t\t\t\t\t\t<li>\n\n<div  class=\"fusion-image-wrapper fusion-image-size-fixed\" aria-haspopup=\"true\">\n\t\n\t\n\t\t\n\t\t\t\t\t<img loading=\"lazy\" decoding=\"async\" width=\"320\" height=\"202\" src=\"https:\/\/www.yoga-federation.eu\/wp-content\/uploads\/2023\/11\/Golden-Yoga-Camp-2024-320x202.jpg\" class=\"attachment-blog-medium size-blog-medium lazyload wp-post-image\" alt=\"Golden Yoga Camp 2024\" srcset=\"data:image\/svg+xml,%3Csvg%20xmlns%3D%27http%3A%2F%2Fwww.w3.org%2F2000%2Fsvg%27%20width%3D%271920%27%20height%3D%272560%27%20viewBox%3D%270%200%201920%202560%27%3E%3Crect%20width%3D%271920%27%20height%3D%2732560%27%20fill-opacity%3D%220%22%2F%3E%3C%2Fsvg%3E\" data-orig-src=\"https:\/\/www.yoga-federation.eu\/wp-content\/uploads\/2023\/11\/Golden-Yoga-Camp-2024-320x202.jpg\" data-srcset=\"https:\/\/www.yoga-federation.eu\/wp-content\/uploads\/2023\/11\/Golden-Yoga-Camp-2024-320x202.jpg 320w, https:\/\/www.yoga-federation.eu\/wp-content\/uploads\/2023\/11\/Golden-Yoga-Camp-2024-700x441.jpg 700w\" data-sizes=\"auto\" \/>\n\t\n\n\t\t<div class=\"fusion-rollover\">\n\t<div class=\"fusion-rollover-content\">\n\n\t\t\t\t\t\t\t\t\t\t\t\t\t\t<a class=\"fusion-rollover-link\" href=\"https:\/\/www.yoga-federation.eu\/cz\/international-scalar-yoga-camp-mahasukha-2024\/\">Mezin\u00e1rodn\u00ed skal\u00e1rn\u00ed j\u00f3gov\u00fd t\u00e1bor Mah\u00e1sukha<\/a>\n\t\t\t\n\t\t\t\t\t\t\t\t\n\t\t\t\t\n\t\t\t\t\t\t\t\t\t\t\t\t<h4 class=\"fusion-rollover-title\">\n\t\t\t\t\t<a class=\"fusion-rollover-title-link\" href=\"https:\/\/www.yoga-federation.eu\/cz\/international-scalar-yoga-camp-mahasukha-2024\/\">\n\t\t\t\t\t\tMezin\u00e1rodn\u00ed skal\u00e1rn\u00ed j\u00f3gov\u00fd t\u00e1bor Mah\u00e1sukha\t\t\t\t\t<\/a>\n\t\t\t\t<\/h4>\n\t\t\t\n\t\t\t\t\t\t\t\t\t\t\t\t\t\t<div class=\"fusion-rollover-categories\"><a href=\"https:\/\/www.yoga-federation.eu\/cz\/category\/aktivity-v-roce-2024\/\" rel=\"tag\">Aktivity v roce 2024<\/a>, <a href=\"https:\/\/www.yoga-federation.eu\/cz\/category\/joga-tabor\/\" rel=\"tag\">j\u00f3ga t\u00e1bor<\/a>, <a href=\"https:\/\/www.yoga-federation.eu\/cz\/category\/yoga-camps-cz\/\" rel=\"tag\">Yoga Camps<\/a><\/div>\t\t\t\t\t\n\t\t\n\t\t\t\t<a class=\"fusion-link-wrapper\" href=\"https:\/\/www.yoga-federation.eu\/cz\/international-scalar-yoga-camp-mahasukha-2024\/\" aria-label=\"Mezin\u00e1rodn\u00ed skal\u00e1rn\u00ed j\u00f3gov\u00fd t\u00e1bor Mah\u00e1sukha\"><\/a>\n\t<\/div>\n<\/div>\n\n\t\n<\/div>\n<\/li>\n\t\t\t\n\t\t\t\n\t\t\t\t\t\t\t\t\t\t\t\t\t\t\t\t\t\t\t\t\t\t\t\t\t\t\t\t\t\t\t\t\t\t\t\t\t\t\t\t\t\t\t\t\t\t\t\t\t\t\t\t\t\t\t\t\t\t\t\t\t\t\t\t\t\t\t\t<\/ul>\n\t<\/div>\n\t<div class=\"fusion-post-content post-content\"><h2 class=\"blog-shortcode-post-title entry-title\"><a href=\"https:\/\/www.yoga-federation.eu\/cz\/international-scalar-yoga-camp-mahasukha-2024\/\">Mezin\u00e1rodn\u00ed skal\u00e1rn\u00ed j\u00f3gov\u00fd t\u00e1bor Mah\u00e1sukha<\/a><\/h2><div class=\"fusion-post-content-container\"><p> Mezin\u00e1rodn\u00ed skal\u00e1rn\u00ed j\u00f3gov\u00fd t\u00e1bor \u201cMah\u00e1sukha\u201c (\u092e\u0939\u093e\u0938\u0941\u0916) <a href=\"https:\/\/www.yoga-federation.eu\/cz\/international-scalar-yoga-camp-mahasukha-2024\/\"> [...]<\/a><\/p><\/div><\/div><div class=\"fusion-clearfix\"><\/div><\/article>\n<article id=\"blog-2-post-6288\" class=\"fusion-post-medium post-6288 post type-post status-publish format-standard has-post-thumbnail hentry category-activities-2023 category-aktivity-v-roce-2023 category-joga-tabor category-yoga-camps category-joga-retreat category-joga-retreat-u-more category-yoga-retreats-cz\">\n\t<style type=\"text\/css\">\n\t\t\n\t\t\n\t\t\n\t\t\n\t\t\t<\/style>\n\n\n\t\t\t<div class=\"fusion-flexslider flexslider fusion-flexslider-loading fusion-post-slideshow\" style=\"\">\n\t\t<ul class=\"slides\">\n\t\t\t\n\t\t\t\t\t\t\t\t\t\t\t\t\t\t<li>\n\n<div  class=\"fusion-image-wrapper fusion-image-size-fixed\" aria-haspopup=\"true\">\n\t\n\t\n\t\t\n\t\t\t\t\t<img loading=\"lazy\" decoding=\"async\" width=\"320\" height=\"202\" src=\"https:\/\/www.yoga-federation.eu\/wp-content\/uploads\/2023\/01\/yoga-retreat-cosmic-dance-yfe-2023-320x202.jpg\" class=\"attachment-blog-medium size-blog-medium lazyload wp-post-image\" alt=\"yoga-retreat-cosmic-dance\" srcset=\"data:image\/svg+xml,%3Csvg%20xmlns%3D%27http%3A%2F%2Fwww.w3.org%2F2000%2Fsvg%27%20width%3D%271128%27%20height%3D%27645%27%20viewBox%3D%270%200%201128%20645%27%3E%3Crect%20width%3D%271128%27%20height%3D%273645%27%20fill-opacity%3D%220%22%2F%3E%3C%2Fsvg%3E\" data-orig-src=\"https:\/\/www.yoga-federation.eu\/wp-content\/uploads\/2023\/01\/yoga-retreat-cosmic-dance-yfe-2023-320x202.jpg\" data-srcset=\"https:\/\/www.yoga-federation.eu\/wp-content\/uploads\/2023\/01\/yoga-retreat-cosmic-dance-yfe-2023-320x202.jpg 320w, https:\/\/www.yoga-federation.eu\/wp-content\/uploads\/2023\/01\/yoga-retreat-cosmic-dance-yfe-2023-700x441.jpg 700w\" data-sizes=\"auto\" \/>\n\t\n\n\t\t<div class=\"fusion-rollover\">\n\t<div class=\"fusion-rollover-content\">\n\n\t\t\t\t\t\t\t\t\t\t\t\t\t\t<a class=\"fusion-rollover-link\" href=\"https:\/\/www.yoga-federation.eu\/cz\/international-yoga-camp-cosmic-dance\/\">J\u00f3ga &#8211; \u017divot je tanec &#8211; Kosmick\u00fd tanec<\/a>\n\t\t\t\n\t\t\t\t\t\t\t\t\n\t\t\t\t\n\t\t\t\t\t\t\t\t\t\t\t\t<h4 class=\"fusion-rollover-title\">\n\t\t\t\t\t<a class=\"fusion-rollover-title-link\" href=\"https:\/\/www.yoga-federation.eu\/cz\/international-yoga-camp-cosmic-dance\/\">\n\t\t\t\t\t\tJ\u00f3ga &#8211; \u017divot je tanec &#8211; Kosmick\u00fd tanec\t\t\t\t\t<\/a>\n\t\t\t\t<\/h4>\n\t\t\t\n\t\t\t\t\t\t\t\t\t\t\t\t\t\t<div class=\"fusion-rollover-categories\"><a href=\"https:\/\/www.yoga-federation.eu\/category\/activities-2023\/\" rel=\"tag\">Activities 2023<\/a>, <a href=\"https:\/\/www.yoga-federation.eu\/cz\/category\/aktivity-v-roce-2023\/\" rel=\"tag\">Aktivity v roce 2023<\/a>, <a href=\"https:\/\/www.yoga-federation.eu\/cz\/category\/joga-tabor\/\" rel=\"tag\">j\u00f3ga t\u00e1bor<\/a>, <a href=\"https:\/\/www.yoga-federation.eu\/category\/yoga-camps\/\" rel=\"tag\">Yoga Camps<\/a>, <a href=\"https:\/\/www.yoga-federation.eu\/cz\/category\/joga-retreat\/\" rel=\"tag\">Yoga retreat<\/a>, <a href=\"https:\/\/www.yoga-federation.eu\/cz\/category\/joga-retreat-u-more\/\" rel=\"tag\">Yoga retreat<\/a>, <a href=\"https:\/\/www.yoga-federation.eu\/cz\/category\/yoga-retreats-cz\/\" rel=\"tag\">Yoga retreats<\/a><\/div>\t\t\t\t\t\n\t\t\n\t\t\t\t<a class=\"fusion-link-wrapper\" href=\"https:\/\/www.yoga-federation.eu\/cz\/international-yoga-camp-cosmic-dance\/\" aria-label=\"J\u00f3ga &#8211; \u017divot je tanec &#8211; Kosmick\u00fd tanec\"><\/a>\n\t<\/div>\n<\/div>\n\n\t\n<\/div>\n<\/li>\n\t\t\t\n\t\t\t\n\t\t\t\t\t\t\t\t\t\t\t\t\t\t\t\t\t\t\t\t\t\t\t\t\t\t\t\t\t\t\t\t\t\t\t\t\t\t\t\t\t\t\t\t\t\t\t\t\t\t\t\t\t\t\t\t\t\t\t\t\t\t\t\t\t\t\t\t<\/ul>\n\t<\/div>\n\t<div class=\"fusion-post-content post-content\"><h2 class=\"blog-shortcode-post-title entry-title\"><a href=\"https:\/\/www.yoga-federation.eu\/cz\/international-yoga-camp-cosmic-dance\/\">J\u00f3ga &#8211; \u017divot je tanec &#8211; Kosmick\u00fd tanec<\/a><\/h2><div class=\"fusion-post-content-container\"><p> J\u00f3ga - \u017divot je tanec - <a href=\"https:\/\/www.yoga-federation.eu\/cz\/international-yoga-camp-cosmic-dance\/\"> [...]<\/a><\/p><\/div><\/div><div class=\"fusion-clearfix\"><\/div><\/article>\n<article id=\"blog-2-post-6363\" class=\"fusion-post-medium post-6363 post type-post status-publish format-standard has-post-thumbnail hentry category-activities-2023-cz category-joga-tabor category-uncategorized-cz category-yoga-camps-cz category-joga-retreat category-joga-retreat-u-more\">\n\t<style type=\"text\/css\">\n\t\t\n\t\t\n\t\t\n\t\t\n\t\t\t<\/style>\n\n\n\t\t\t<div class=\"fusion-flexslider flexslider fusion-flexslider-loading fusion-post-slideshow\" style=\"\">\n\t\t<ul class=\"slides\">\n\t\t\t\n\t\t\t\t\t\t\t\t\t\t\t\t\t\t<li>\n\n<div  class=\"fusion-image-wrapper fusion-image-size-fixed\" aria-haspopup=\"true\">\n\t\n\t\n\t\t\n\t\t\t\t\t<img loading=\"lazy\" decoding=\"async\" width=\"320\" height=\"202\" src=\"https:\/\/www.yoga-federation.eu\/wp-content\/uploads\/2023\/01\/yoga-retreat-for-artists-yfe-320x202.jpg\" class=\"attachment-blog-medium size-blog-medium lazyload wp-post-image\" alt=\"yoga-retreat-for-artists\" srcset=\"data:image\/svg+xml,%3Csvg%20xmlns%3D%27http%3A%2F%2Fwww.w3.org%2F2000%2Fsvg%27%20width%3D%271066%27%20height%3D%271600%27%20viewBox%3D%270%200%201066%201600%27%3E%3Crect%20width%3D%271066%27%20height%3D%2731600%27%20fill-opacity%3D%220%22%2F%3E%3C%2Fsvg%3E\" data-orig-src=\"https:\/\/www.yoga-federation.eu\/wp-content\/uploads\/2023\/01\/yoga-retreat-for-artists-yfe-320x202.jpg\" data-srcset=\"https:\/\/www.yoga-federation.eu\/wp-content\/uploads\/2023\/01\/yoga-retreat-for-artists-yfe-320x202.jpg 320w, https:\/\/www.yoga-federation.eu\/wp-content\/uploads\/2023\/01\/yoga-retreat-for-artists-yfe-700x441.jpg 700w\" data-sizes=\"auto\" \/>\n\t\n\n\t\t<div class=\"fusion-rollover\">\n\t<div class=\"fusion-rollover-content\">\n\n\t\t\t\t\t\t\t\t\t\t\t\t\t\t<a class=\"fusion-rollover-link\" href=\"https:\/\/www.yoga-federation.eu\/cz\/joga-tabor-pro-umelce\/\">J\u00f3ga pro um\u011blce a znalce um\u011bn\u00ed<\/a>\n\t\t\t\n\t\t\t\t\t\t\t\t\n\t\t\t\t\n\t\t\t\t\t\t\t\t\t\t\t\t<h4 class=\"fusion-rollover-title\">\n\t\t\t\t\t<a class=\"fusion-rollover-title-link\" href=\"https:\/\/www.yoga-federation.eu\/cz\/joga-tabor-pro-umelce\/\">\n\t\t\t\t\t\tJ\u00f3ga pro um\u011blce a znalce um\u011bn\u00ed\t\t\t\t\t<\/a>\n\t\t\t\t<\/h4>\n\t\t\t\n\t\t\t\t\t\t\t\t\t\t\t\t\t\t<div class=\"fusion-rollover-categories\"><a href=\"https:\/\/www.yoga-federation.eu\/cz\/category\/activities-2023-cz\/\" rel=\"tag\">Activities 2023<\/a>, <a href=\"https:\/\/www.yoga-federation.eu\/cz\/category\/joga-tabor\/\" rel=\"tag\">j\u00f3ga t\u00e1bor<\/a>, <a href=\"https:\/\/www.yoga-federation.eu\/cz\/category\/uncategorized-cz\/\" rel=\"tag\">Uncategorized<\/a>, <a href=\"https:\/\/www.yoga-federation.eu\/cz\/category\/yoga-camps-cz\/\" rel=\"tag\">Yoga Camps<\/a>, <a href=\"https:\/\/www.yoga-federation.eu\/cz\/category\/joga-retreat\/\" rel=\"tag\">Yoga retreat<\/a>, <a href=\"https:\/\/www.yoga-federation.eu\/cz\/category\/joga-retreat-u-more\/\" rel=\"tag\">Yoga retreat<\/a><\/div>\t\t\t\t\t\n\t\t\n\t\t\t\t<a class=\"fusion-link-wrapper\" href=\"https:\/\/www.yoga-federation.eu\/cz\/joga-tabor-pro-umelce\/\" aria-label=\"J\u00f3ga pro um\u011blce a znalce um\u011bn\u00ed\"><\/a>\n\t<\/div>\n<\/div>\n\n\t\n<\/div>\n<\/li>\n\t\t\t\n\t\t\t\n\t\t\t\t\t\t\t\t\t\t\t\t\t\t\t\t\t\t\t\t\t\t\t\t\t\t\t\t\t\t\t\t\t\t\t\t\t\t\t\t\t\t\t\t\t\t\t\t\t\t\t\t\t\t\t\t\t\t\t\t\t\t\t\t\t\t\t\t<\/ul>\n\t<\/div>\n\t<div class=\"fusion-post-content post-content\"><h2 class=\"blog-shortcode-post-title entry-title\"><a href=\"https:\/\/www.yoga-federation.eu\/cz\/joga-tabor-pro-umelce\/\">J\u00f3ga pro um\u011blce a znalce um\u011bn\u00ed<\/a><\/h2><div class=\"fusion-post-content-container\"><p> V\u00fdhradn\u011b pro um\u011blce a znalce um\u011bn\u00ed <a href=\"https:\/\/www.yoga-federation.eu\/cz\/joga-tabor-pro-umelce\/\"> [...]<\/a><\/p><\/div><\/div><div class=\"fusion-clearfix\"><\/div><\/article>\n<article id=\"blog-2-post-6024\" class=\"fusion-post-medium post-6024 post type-post status-publish format-standard has-post-thumbnail hentry category-aktivity-v-roce-2023 category-joga-tabor category-joga-retreat\">\n\t<style type=\"text\/css\">\n\t\t\n\t\t\n\t\t\n\t\t\n\t\t\t<\/style>\n\n\n\t\t\t<div class=\"fusion-flexslider flexslider fusion-flexslider-loading fusion-post-slideshow\" style=\"\">\n\t\t<ul class=\"slides\">\n\t\t\t\n\t\t\t\t\t\t\t\t\t\t\t\t\t\t<li>\n\n<div  class=\"fusion-image-wrapper fusion-image-size-fixed\" aria-haspopup=\"true\">\n\t\n\t\n\t\t\n\t\t\t\t\t<img loading=\"lazy\" decoding=\"async\" width=\"320\" height=\"202\" src=\"https:\/\/www.yoga-federation.eu\/wp-content\/uploads\/2023\/01\/Jogovy-tabor-se-zviratky-pro-psi-mazlicky-320x202.jpg\" class=\"attachment-blog-medium size-blog-medium lazyload wp-post-image\" alt=\"Jogovy-tabor-se zviratky-pro-psi-mazlicky\" srcset=\"data:image\/svg+xml,%3Csvg%20xmlns%3D%27http%3A%2F%2Fwww.w3.org%2F2000%2Fsvg%27%20width%3D%271494%27%20height%3D%271600%27%20viewBox%3D%270%200%201494%201600%27%3E%3Crect%20width%3D%271494%27%20height%3D%2731600%27%20fill-opacity%3D%220%22%2F%3E%3C%2Fsvg%3E\" data-orig-src=\"https:\/\/www.yoga-federation.eu\/wp-content\/uploads\/2023\/01\/Jogovy-tabor-se-zviratky-pro-psi-mazlicky-320x202.jpg\" data-srcset=\"https:\/\/www.yoga-federation.eu\/wp-content\/uploads\/2023\/01\/Jogovy-tabor-se-zviratky-pro-psi-mazlicky-320x202.jpg 320w, https:\/\/www.yoga-federation.eu\/wp-content\/uploads\/2023\/01\/Jogovy-tabor-se-zviratky-pro-psi-mazlicky-700x441.jpg 700w\" data-sizes=\"auto\" \/>\n\t\n\n\t\t<div class=\"fusion-rollover\">\n\t<div class=\"fusion-rollover-content\">\n\n\t\t\t\t\t\t\t\t\t\t\t\t\t\t<a class=\"fusion-rollover-link\" href=\"https:\/\/www.yoga-federation.eu\/cz\/jogovy-tabor-se-zviratky-pro-psi-mazlicky\/\">J\u00f3gov\u00fd t\u00e1bor se zv\u00ed\u0159\u00e1tky &#8211; pro ps\u00ed mazl\u00ed\u010dky<\/a>\n\t\t\t\n\t\t\t\t\t\t\t\t\n\t\t\t\t\n\t\t\t\t\t\t\t\t\t\t\t\t<h4 class=\"fusion-rollover-title\">\n\t\t\t\t\t<a class=\"fusion-rollover-title-link\" href=\"https:\/\/www.yoga-federation.eu\/cz\/jogovy-tabor-se-zviratky-pro-psi-mazlicky\/\">\n\t\t\t\t\t\tJ\u00f3gov\u00fd t\u00e1bor se zv\u00ed\u0159\u00e1tky &#8211; pro ps\u00ed mazl\u00ed\u010dky\t\t\t\t\t<\/a>\n\t\t\t\t<\/h4>\n\t\t\t\n\t\t\t\t\t\t\t\t\t\t\t\t\t\t<div class=\"fusion-rollover-categories\"><a href=\"https:\/\/www.yoga-federation.eu\/cz\/category\/aktivity-v-roce-2023\/\" rel=\"tag\">Aktivity v roce 2023<\/a>, <a href=\"https:\/\/www.yoga-federation.eu\/cz\/category\/joga-tabor\/\" rel=\"tag\">j\u00f3ga t\u00e1bor<\/a>, <a href=\"https:\/\/www.yoga-federation.eu\/cz\/category\/joga-retreat\/\" rel=\"tag\">Yoga retreat<\/a><\/div>\t\t\t\t\t\n\t\t\n\t\t\t\t<a class=\"fusion-link-wrapper\" href=\"https:\/\/www.yoga-federation.eu\/cz\/jogovy-tabor-se-zviratky-pro-psi-mazlicky\/\" aria-label=\"J\u00f3gov\u00fd t\u00e1bor se zv\u00ed\u0159\u00e1tky &#8211; pro ps\u00ed mazl\u00ed\u010dky\"><\/a>\n\t<\/div>\n<\/div>\n\n\t\n<\/div>\n<\/li>\n\t\t\t\n\t\t\t\n\t\t\t\t\t\t\t\t\t\t\t\t\t\t\t\t\t\t\t\t\t\t\t\t\t\t\t\t\t\t\t\t\t\t\t\t\t\t\t\t\t\t\t\t\t\t\t\t\t\t\t\t\t\t\t\t\t\t\t\t\t\t\t\t\t\t\t\t<\/ul>\n\t<\/div>\n\t<div class=\"fusion-post-content post-content\"><h2 class=\"blog-shortcode-post-title entry-title\"><a href=\"https:\/\/www.yoga-federation.eu\/cz\/jogovy-tabor-se-zviratky-pro-psi-mazlicky\/\">J\u00f3gov\u00fd t\u00e1bor se zv\u00ed\u0159\u00e1tky &#8211; pro ps\u00ed mazl\u00ed\u010dky<\/a><\/h2><div class=\"fusion-post-content-container\"><p> Jedine\u010dn\u00fd z\u00e1\u017eitek 30. srpna - 1. <a href=\"https:\/\/www.yoga-federation.eu\/cz\/jogovy-tabor-se-zviratky-pro-psi-mazlicky\/\"> [...]<\/a><\/p><\/div><\/div><div class=\"fusion-clearfix\"><\/div><\/article>\n<article id=\"blog-2-post-6284\" class=\"fusion-post-medium post-6284 post type-post status-publish format-standard has-post-thumbnail hentry category-aktivity-v-roce-2023 category-joga-tabor category-uncategorized-cz category-joga-retreat\">\n\t<style type=\"text\/css\">\n\t\t\n\t\t\n\t\t\n\t\t\n\t\t\t<\/style>\n\n\n\t\t\t<div class=\"fusion-flexslider flexslider fusion-flexslider-loading fusion-post-slideshow\" style=\"\">\n\t\t<ul class=\"slides\">\n\t\t\t\n\t\t\t\t\t\t\t\t\t\t\t\t\t\t<li>\n\n<div  class=\"fusion-image-wrapper fusion-image-size-fixed\" aria-haspopup=\"true\">\n\t\n\t\n\t\t\n\t\t\t\t\t<img loading=\"lazy\" decoding=\"async\" width=\"320\" height=\"202\" src=\"https:\/\/www.yoga-federation.eu\/wp-content\/uploads\/2023\/02\/yoga-camp-seniors-2023-320x202.jpg\" class=\"attachment-blog-medium size-blog-medium lazyload wp-post-image\" alt=\"\" srcset=\"data:image\/svg+xml,%3Csvg%20xmlns%3D%27http%3A%2F%2Fwww.w3.org%2F2000%2Fsvg%27%20width%3D%271600%27%20height%3D%27920%27%20viewBox%3D%270%200%201600%20920%27%3E%3Crect%20width%3D%271600%27%20height%3D%273920%27%20fill-opacity%3D%220%22%2F%3E%3C%2Fsvg%3E\" data-orig-src=\"https:\/\/www.yoga-federation.eu\/wp-content\/uploads\/2023\/02\/yoga-camp-seniors-2023-320x202.jpg\" data-srcset=\"https:\/\/www.yoga-federation.eu\/wp-content\/uploads\/2023\/02\/yoga-camp-seniors-2023-320x202.jpg 320w, https:\/\/www.yoga-federation.eu\/wp-content\/uploads\/2023\/02\/yoga-camp-seniors-2023-700x441.jpg 700w\" data-sizes=\"auto\" \/>\n\t\n\n\t\t<div class=\"fusion-rollover\">\n\t<div class=\"fusion-rollover-content\">\n\n\t\t\t\t\t\t\t\t\t\t\t\t\t\t<a class=\"fusion-rollover-link\" href=\"https:\/\/www.yoga-federation.eu\/cz\/regeneracni-jogovy-tabor\/\">J\u00f3gou k regeneraci zdrav\u00ed &#8211; J\u00f3ga 50+<\/a>\n\t\t\t\n\t\t\t\t\t\t\t\t\n\t\t\t\t\n\t\t\t\t\t\t\t\t\t\t\t\t<h4 class=\"fusion-rollover-title\">\n\t\t\t\t\t<a class=\"fusion-rollover-title-link\" href=\"https:\/\/www.yoga-federation.eu\/cz\/regeneracni-jogovy-tabor\/\">\n\t\t\t\t\t\tJ\u00f3gou k regeneraci zdrav\u00ed &#8211; J\u00f3ga 50+\t\t\t\t\t<\/a>\n\t\t\t\t<\/h4>\n\t\t\t\n\t\t\t\t\t\t\t\t\t\t\t\t\t\t<div class=\"fusion-rollover-categories\"><a href=\"https:\/\/www.yoga-federation.eu\/cz\/category\/aktivity-v-roce-2023\/\" rel=\"tag\">Aktivity v roce 2023<\/a>, <a href=\"https:\/\/www.yoga-federation.eu\/cz\/category\/joga-tabor\/\" rel=\"tag\">j\u00f3ga t\u00e1bor<\/a>, <a href=\"https:\/\/www.yoga-federation.eu\/cz\/category\/uncategorized-cz\/\" rel=\"tag\">Uncategorized<\/a>, <a href=\"https:\/\/www.yoga-federation.eu\/cz\/category\/joga-retreat\/\" rel=\"tag\">Yoga retreat<\/a><\/div>\t\t\t\t\t\n\t\t\n\t\t\t\t<a class=\"fusion-link-wrapper\" href=\"https:\/\/www.yoga-federation.eu\/cz\/regeneracni-jogovy-tabor\/\" aria-label=\"J\u00f3gou k regeneraci zdrav\u00ed &#8211; J\u00f3ga 50+\"><\/a>\n\t<\/div>\n<\/div>\n\n\t\n<\/div>\n<\/li>\n\t\t\t\n\t\t\t\n\t\t\t\t\t\t\t\t\t\t\t\t\t\t\t\t\t\t\t\t\t\t\t\t\t\t\t\t\t\t\t\t\t\t\t\t\t\t\t\t\t\t\t\t\t\t\t\t\t\t\t\t\t\t\t\t\t\t\t\t\t\t\t\t\t\t\t\t<\/ul>\n\t<\/div>\n\t<div class=\"fusion-post-content post-content\"><h2 class=\"blog-shortcode-post-title entry-title\"><a href=\"https:\/\/www.yoga-federation.eu\/cz\/regeneracni-jogovy-tabor\/\">J\u00f3gou k regeneraci zdrav\u00ed &#8211; J\u00f3ga 50+<\/a><\/h2><div class=\"fusion-post-content-container\"><p> J\u00f3gou k regeneraci zdrav\u00ed - J\u00f3ga <a href=\"https:\/\/www.yoga-federation.eu\/cz\/regeneracni-jogovy-tabor\/\"> [...]<\/a><\/p><\/div><\/div><div class=\"fusion-clearfix\"><\/div><\/article>\n<article id=\"blog-2-post-6275\" class=\"fusion-post-medium post-6275 post type-post status-publish format-standard has-post-thumbnail hentry category-aktivity-v-roce-2023 category-joga-tabor category-uncategorized-cz category-yoga-camps category-joga-retreat\">\n\t<style type=\"text\/css\">\n\t\t\n\t\t\n\t\t\n\t\t\n\t\t\t<\/style>\n\n\n\t\t\t<div class=\"fusion-flexslider flexslider fusion-flexslider-loading fusion-post-slideshow\" style=\"\">\n\t\t<ul class=\"slides\">\n\t\t\t\n\t\t\t\t\t\t\t\t\t\t\t\t\t\t<li>\n\n<div  class=\"fusion-image-wrapper fusion-image-size-fixed\" aria-haspopup=\"true\">\n\t\n\t\n\t\t\n\t\t\t\t\t<img loading=\"lazy\" decoding=\"async\" width=\"320\" height=\"202\" src=\"https:\/\/www.yoga-federation.eu\/wp-content\/uploads\/2023\/01\/family-yoga-retreat-for-children-and-adults-2-320x202.jpg\" class=\"attachment-blog-medium size-blog-medium lazyload wp-post-image\" alt=\"family-yoga-retreat\" srcset=\"data:image\/svg+xml,%3Csvg%20xmlns%3D%27http%3A%2F%2Fwww.w3.org%2F2000%2Fsvg%27%20width%3D%27926%27%20height%3D%27926%27%20viewBox%3D%270%200%20926%20926%27%3E%3Crect%20width%3D%27926%27%20height%3D%273926%27%20fill-opacity%3D%220%22%2F%3E%3C%2Fsvg%3E\" data-orig-src=\"https:\/\/www.yoga-federation.eu\/wp-content\/uploads\/2023\/01\/family-yoga-retreat-for-children-and-adults-2-320x202.jpg\" data-srcset=\"https:\/\/www.yoga-federation.eu\/wp-content\/uploads\/2023\/01\/family-yoga-retreat-for-children-and-adults-2-320x202.jpg 320w, https:\/\/www.yoga-federation.eu\/wp-content\/uploads\/2023\/01\/family-yoga-retreat-for-children-and-adults-2-700x441.jpg 700w\" data-sizes=\"auto\" \/>\n\t\n\n\t\t<div class=\"fusion-rollover\">\n\t<div class=\"fusion-rollover-content\">\n\n\t\t\t\t\t\t\t\t\t\t\t\t\t\t<a class=\"fusion-rollover-link\" href=\"https:\/\/www.yoga-federation.eu\/cz\/international-family-yoga-camp-for-children-and-adults\/\">J\u00f3ga pro celou rodinu s d\u011btmi<\/a>\n\t\t\t\n\t\t\t\t\t\t\t\t\n\t\t\t\t\n\t\t\t\t\t\t\t\t\t\t\t\t<h4 class=\"fusion-rollover-title\">\n\t\t\t\t\t<a class=\"fusion-rollover-title-link\" href=\"https:\/\/www.yoga-federation.eu\/cz\/international-family-yoga-camp-for-children-and-adults\/\">\n\t\t\t\t\t\tJ\u00f3ga pro celou rodinu s d\u011btmi\t\t\t\t\t<\/a>\n\t\t\t\t<\/h4>\n\t\t\t\n\t\t\t\t\t\t\t\t\t\t\t\t\t\t<div class=\"fusion-rollover-categories\"><a href=\"https:\/\/www.yoga-federation.eu\/cz\/category\/aktivity-v-roce-2023\/\" rel=\"tag\">Aktivity v roce 2023<\/a>, <a href=\"https:\/\/www.yoga-federation.eu\/cz\/category\/joga-tabor\/\" rel=\"tag\">j\u00f3ga t\u00e1bor<\/a>, <a href=\"https:\/\/www.yoga-federation.eu\/cz\/category\/uncategorized-cz\/\" rel=\"tag\">Uncategorized<\/a>, <a href=\"https:\/\/www.yoga-federation.eu\/category\/yoga-camps\/\" rel=\"tag\">Yoga Camps<\/a>, <a href=\"https:\/\/www.yoga-federation.eu\/cz\/category\/joga-retreat\/\" rel=\"tag\">Yoga retreat<\/a><\/div>\t\t\t\t\t\n\t\t\n\t\t\t\t<a class=\"fusion-link-wrapper\" href=\"https:\/\/www.yoga-federation.eu\/cz\/international-family-yoga-camp-for-children-and-adults\/\" aria-label=\"J\u00f3ga pro celou rodinu s d\u011btmi\"><\/a>\n\t<\/div>\n<\/div>\n\n\t\n<\/div>\n<\/li>\n\t\t\t\n\t\t\t\n\t\t\t\t\t\t\t\t\t\t\t\t\t\t\t\t\t\t\t\t\t\t\t\t\t\t\t\t\t\t\t\t\t\t\t\t\t\t\t\t\t\t\t\t\t\t\t\t\t\t\t\t\t\t\t\t\t\t\t\t\t\t\t\t\t\t\t\t<\/ul>\n\t<\/div>\n\t<div class=\"fusion-post-content post-content\"><h2 class=\"blog-shortcode-post-title entry-title\"><a href=\"https:\/\/www.yoga-federation.eu\/cz\/international-family-yoga-camp-for-children-and-adults\/\">J\u00f3ga pro celou rodinu s d\u011btmi<\/a><\/h2><div class=\"fusion-post-content-container\"><p> J\u00f3ga pro d\u011bti i dosp\u011bl\u00e9  <a href=\"https:\/\/www.yoga-federation.eu\/cz\/international-family-yoga-camp-for-children-and-adults\/\"> [...]<\/a><\/p><\/div><\/div><div class=\"fusion-clearfix\"><\/div><\/article>\n<\/div><div class=\"fusion-infinite-scroll-trigger\"><\/div><div class=\"pagination infinite-scroll clearfix\" style=\"display:none;\"><span class=\"current\">1<\/span><a href=\"https:\/\/www.yoga-federation.eu\/cz\/wp-json\/wp\/v2\/pages\/1128\/page\/2\/\" class=\"inactive\">2<\/a><a class=\"pagination-next\" rel=\"next\" href=\"https:\/\/www.yoga-federation.eu\/cz\/wp-json\/wp\/v2\/pages\/1128\/page\/2\/\"><span class=\"page-text\">Next<\/span><span class=\"page-next\"><\/span><\/a><\/div><div class=\"fusion-clearfix\"><\/div><div class=\"fusion-load-more-button fusion-blog-button fusion-clearfix\">Load More Posts<\/div><\/div><div class=\"fusion-clearfix\"><\/div><\/div><\/div><\/div><\/div><div class=\"fusion-bg-parallax\" data-bg-align=\"left top\" data-direction=\"up\" data-mute=\"false\" data-opacity=\"100\" data-velocity=\"-0.3\" data-mobile-enabled=\"false\" data-break_parents=\"0\" data-bg-image=\"https:\/\/www.yoga-federation.eu\/wp-content\/uploads\/2016\/09\/prague.jpg\" data-bg-repeat=\"false\" ><\/div><div class=\"fusion-fullwidth fullwidth-box fusion-builder-row-3 fusion-parallax-up nonhundred-percent-fullwidth non-hundred-percent-height-scrolling lazyload\" style=\"background-color: rgba(255,255,255,0);background-position: left top;background-repeat: no-repeat;padding-top:50px;padding-right:0px;padding-bottom:50px;padding-left:0px;margin-bottom: 0px;margin-top: 0px;border-width: 2px 0px 2px 0px;border-color:#eae9e9;border-style:solid;-webkit-background-size:cover;-moz-background-size:cover;-o-background-size:cover;background-size:cover;\" data-bg=\"https:\/\/www.yoga-federation.eu\/wp-content\/uploads\/2016\/09\/prague.jpg\" ><div class=\"fusion-builder-row fusion-row\"><div class=\"fusion-layout-column fusion_builder_column fusion-builder-column-3 fusion_builder_column_1_1 1_1 fusion-one-full fusion-column-first fusion-column-last fusion-column-no-min-height\" style=\"margin-top:0px;margin-bottom:0px;\"><div class=\"fusion-column-wrapper fusion-flex-column-wrapper-legacy\" style=\"background-position:left top;background-repeat:no-repeat;-webkit-background-size:cover;-moz-background-size:cover;-o-background-size:cover;background-size:cover;padding: 0px 0px 0px 0px;\"><div class=\"fusion-text fusion-text-1\"><h1 style=\"text-align: center;\"><span style=\"color: #ffffff;\">EVROPSK\u00c1 FEDERACE J\u00d3GY<\/span><\/h1>\n<p><span id=\"render_title_container\" class=\"title\"><span id=\"snippet_title\">\u00a0<\/span><\/span><\/p>\n<\/div><div class=\"fusion-clearfix\"><\/div><\/div><\/div><\/div><\/div><\/p>\n","protected":false},"excerpt":{"rendered":"","protected":false},"author":4,"featured_media":0,"parent":0,"menu_order":0,"comment_status":"closed","ping_status":"closed","template":"100-width.php","meta":{"footnotes":""},"class_list":["post-1128","page","type-page","status-publish","hentry"],"yoast_head":"<!-- This site is optimized with the Yoast SEO plugin v27.4 - https:\/\/yoast.com\/product\/yoast-seo-wordpress\/ -->\n<title>Evropsk\u00e1 Federace J\u00f3gy | Yoga Federation of Europe<\/title>\n<meta name=\"description\" content=\"Evropsk\u00e1 Federace J\u00f3gy (Yoga Federation of Europe)\" \/>\n<meta name=\"robots\" content=\"index, follow, max-snippet:-1, max-image-preview:large, max-video-preview:-1\" \/>\n<link rel=\"canonical\" href=\"https:\/\/www.yoga-federation.eu\/cz\/\" \/>\n<meta property=\"og:locale\" content=\"en_US\" \/>\n<meta property=\"og:type\" content=\"article\" \/>\n<meta property=\"og:title\" content=\"Evropsk\u00e1 Federace J\u00f3gy | Yoga Federation of Europe\" \/>\n<meta property=\"og:description\" content=\"Evropsk\u00e1 Federace J\u00f3gy (Yoga Federation of Europe)\" \/>\n<meta property=\"og:url\" content=\"https:\/\/www.yoga-federation.eu\/cz\/\" \/>\n<meta property=\"og:site_name\" content=\"Yoga Federation of Europe\" \/>\n<meta property=\"article:modified_time\" content=\"2023-12-30T22:41:37+00:00\" \/>\n<meta property=\"og:image\" content=\"https:\/\/www.yoga-federation.eu\/wp-content\/uploads\/2017\/03\/yoga-federation-of-europe.jpg\" \/>\n\t<meta property=\"og:image:width\" content=\"1600\" \/>\n\t<meta property=\"og:image:height\" content=\"1052\" \/>\n\t<meta property=\"og:image:type\" content=\"image\/jpeg\" \/>\n<meta name=\"twitter:card\" content=\"summary_large_image\" \/>\n<meta name=\"twitter:label1\" content=\"Est. reading time\" \/>\n\t<meta name=\"twitter:data1\" content=\"2 minutes\" \/>\n<script type=\"application\/ld+json\" class=\"yoast-schema-graph\">{\"@context\":\"https:\\\/\\\/schema.org\",\"@graph\":[{\"@type\":\"WebPage\",\"@id\":\"https:\\\/\\\/www.yoga-federation.eu\\\/cz\\\/\",\"url\":\"https:\\\/\\\/www.yoga-federation.eu\\\/cz\\\/\",\"name\":\"Evropsk\u00e1 Federace J\u00f3gy | Yoga Federation of Europe\",\"isPartOf\":{\"@id\":\"https:\\\/\\\/www.yoga-federation.eu\\\/#website\"},\"datePublished\":\"2016-08-26T18:35:52+00:00\",\"dateModified\":\"2023-12-30T22:41:37+00:00\",\"description\":\"Evropsk\u00e1 Federace J\u00f3gy (Yoga Federation of Europe)\",\"breadcrumb\":{\"@id\":\"https:\\\/\\\/www.yoga-federation.eu\\\/cz\\\/#breadcrumb\"},\"inLanguage\":\"cz-CZ\",\"potentialAction\":[{\"@type\":\"ReadAction\",\"target\":[\"https:\\\/\\\/www.yoga-federation.eu\\\/cz\\\/\"]}]},{\"@type\":\"BreadcrumbList\",\"@id\":\"https:\\\/\\\/www.yoga-federation.eu\\\/cz\\\/#breadcrumb\",\"itemListElement\":[{\"@type\":\"ListItem\",\"position\":1,\"name\":\"Home\",\"item\":\"https:\\\/\\\/www.yoga-federation.eu\\\/cz\\\/\"},{\"@type\":\"ListItem\",\"position\":2,\"name\":\"Evropsk\u00e1 Federace J\u00f3gy\"}]},{\"@type\":\"WebSite\",\"@id\":\"https:\\\/\\\/www.yoga-federation.eu\\\/#website\",\"url\":\"https:\\\/\\\/www.yoga-federation.eu\\\/\",\"name\":\"Yoga Federation of Europe\",\"description\":\"Yoga in Europe\",\"potentialAction\":[{\"@type\":\"SearchAction\",\"target\":{\"@type\":\"EntryPoint\",\"urlTemplate\":\"https:\\\/\\\/www.yoga-federation.eu\\\/?s={search_term_string}\"},\"query-input\":{\"@type\":\"PropertyValueSpecification\",\"valueRequired\":true,\"valueName\":\"search_term_string\"}}],\"inLanguage\":\"cz-CZ\"}]}<\/script>\n<!-- \/ Yoast SEO plugin. -->","yoast_head_json":{"title":"Evropsk\u00e1 Federace J\u00f3gy | Yoga Federation of Europe","description":"Evropsk\u00e1 Federace J\u00f3gy (Yoga Federation of Europe)","robots":{"index":"index","follow":"follow","max-snippet":"max-snippet:-1","max-image-preview":"max-image-preview:large","max-video-preview":"max-video-preview:-1"},"canonical":"https:\/\/www.yoga-federation.eu\/cz\/","og_locale":"en_US","og_type":"article","og_title":"Evropsk\u00e1 Federace J\u00f3gy | Yoga Federation of Europe","og_description":"Evropsk\u00e1 Federace J\u00f3gy (Yoga Federation of Europe)","og_url":"https:\/\/www.yoga-federation.eu\/cz\/","og_site_name":"Yoga Federation of Europe","article_modified_time":"2023-12-30T22:41:37+00:00","og_image":[{"width":1600,"height":1052,"url":"https:\/\/www.yoga-federation.eu\/wp-content\/uploads\/2017\/03\/yoga-federation-of-europe.jpg","type":"image\/jpeg"}],"twitter_card":"summary_large_image","twitter_misc":{"Est. reading time":"2 minutes"},"schema":{"@context":"https:\/\/schema.org","@graph":[{"@type":"WebPage","@id":"https:\/\/www.yoga-federation.eu\/cz\/","url":"https:\/\/www.yoga-federation.eu\/cz\/","name":"Evropsk\u00e1 Federace J\u00f3gy | Yoga Federation of Europe","isPartOf":{"@id":"https:\/\/www.yoga-federation.eu\/#website"},"datePublished":"2016-08-26T18:35:52+00:00","dateModified":"2023-12-30T22:41:37+00:00","description":"Evropsk\u00e1 Federace J\u00f3gy (Yoga Federation of Europe)","breadcrumb":{"@id":"https:\/\/www.yoga-federation.eu\/cz\/#breadcrumb"},"inLanguage":"cz-CZ","potentialAction":[{"@type":"ReadAction","target":["https:\/\/www.yoga-federation.eu\/cz\/"]}]},{"@type":"BreadcrumbList","@id":"https:\/\/www.yoga-federation.eu\/cz\/#breadcrumb","itemListElement":[{"@type":"ListItem","position":1,"name":"Home","item":"https:\/\/www.yoga-federation.eu\/cz\/"},{"@type":"ListItem","position":2,"name":"Evropsk\u00e1 Federace J\u00f3gy"}]},{"@type":"WebSite","@id":"https:\/\/www.yoga-federation.eu\/#website","url":"https:\/\/www.yoga-federation.eu\/","name":"Yoga Federation of Europe","description":"Yoga in Europe","potentialAction":[{"@type":"SearchAction","target":{"@type":"EntryPoint","urlTemplate":"https:\/\/www.yoga-federation.eu\/?s={search_term_string}"},"query-input":{"@type":"PropertyValueSpecification","valueRequired":true,"valueName":"search_term_string"}}],"inLanguage":"cz-CZ"}]}},"_links":{"self":[{"href":"https:\/\/www.yoga-federation.eu\/cz\/wp-json\/wp\/v2\/pages\/1128","targetHints":{"allow":["GET"]}}],"collection":[{"href":"https:\/\/www.yoga-federation.eu\/cz\/wp-json\/wp\/v2\/pages"}],"about":[{"href":"https:\/\/www.yoga-federation.eu\/cz\/wp-json\/wp\/v2\/types\/page"}],"author":[{"embeddable":true,"href":"https:\/\/www.yoga-federation.eu\/cz\/wp-json\/wp\/v2\/users\/4"}],"replies":[{"embeddable":true,"href":"https:\/\/www.yoga-federation.eu\/cz\/wp-json\/wp\/v2\/comments?post=1128"}],"version-history":[{"count":0,"href":"https:\/\/www.yoga-federation.eu\/cz\/wp-json\/wp\/v2\/pages\/1128\/revisions"}],"wp:attachment":[{"href":"https:\/\/www.yoga-federation.eu\/cz\/wp-json\/wp\/v2\/media?parent=1128"}],"curies":[{"name":"wp","href":"https:\/\/api.w.org\/{rel}","templated":true}]}}